{"id":85853,"date":"2024-07-17T15:49:54","date_gmt":"2024-07-17T13:49:54","guid":{"rendered":"https:\/\/www.kontakt-elektro.hu\/?page_id=85853"},"modified":"2026-02-19T19:54:55","modified_gmt":"2026-02-19T18:54:55","slug":"leuze","status":"publish","type":"page","link":"https:\/\/www.kontakt-elektro.hu\/hu\/kereskedelem-kepviseletek\/leuze\/","title":{"rendered":"Leuze"},"content":{"rendered":"<div class=\"wpb-content-wrapper\"><p>[vc_row row_height_percent=&#8221;0&#8243; override_padding=&#8221;yes&#8221; h_padding=&#8221;2&#8243; top_padding=&#8221;3&#8243; bottom_padding=&#8221;3&#8243; overlay_alpha=&#8221;50&#8243; gutter_size=&#8221;3&#8243; column_width_percent=&#8221;100&#8243; shift_y=&#8221;0&#8243; z_index=&#8221;0&#8243;][vc_column width=&#8221;1\/2&#8243;][vc_column_text uncode_shortcode_id=&#8221;134153&#8243;]T\u00f6bb mint 60 \u00e9ves tapasztalata tette a Leuze-t az automatiz\u00e1l\u00e1si technol\u00f3gia innovat\u00edv \u00e9s hat\u00e9kony \u00e9rz\u00e9kel\u0151- \u00e9s biztons\u00e1gi megold\u00e1sainak igazi szak\u00e9rt\u0151j\u00e9v\u00e9. A Leuze szem\u00e9lyre szabott versenyel\u0151nyt k\u00edn\u00e1l \u00fcgyfeleinek az intuit\u00edv, megb\u00edzhat\u00f3 megold\u00e1sok r\u00e9v\u00e9n a biztons\u00e1gi \u00e9s hagyom\u00e1nyos poz\u00edci\u00f3\u00e9rz\u00e9kel\u00e9sekhez. A g\u00e9p\u00e9p\u00edt\u00e9s \u00e9s automatiz\u00e1l\u00e1s ter\u00e9n szerzett sz\u00e9lesk\u00f6r\u0171 \u00e9s m\u00e9lyrehat\u00f3 alkalmaz\u00e1si szak\u00e9rtelm\u00fcnknek k\u00f6sz\u00f6nhet\u0151en a Leuze \u00e9s a KONTAKT-Elektro az \u00d6n hozz\u00e1\u00e9rt\u0151 \u00e9s rugalmas partnere a sz\u00e9les k\u00f6r\u0171 ig\u00e9nyeinek kiel\u00e9g\u00edt\u00e9se kapcs\u00e1n.[\/vc_column_text][vc_column_text uncode_shortcode_id=&#8221;283914&#8243;]Ipar\u00e1gi p\u00e9ld\u00e1k (katt az ipar\u00e1gakra):<\/p>\n<ul>\n<li><strong><a href=\"https:\/\/www.kontakt-elektro.hu\/wp-content\/uploads\/2024\/07\/SEG_Industry_Information_intralogistics_2022_en_144dpi.pdf\" target=\"_blank\" rel=\"noopener\">Intralogisztika<\/a><\/strong><\/li>\n<li><strong><a href=\"https:\/\/www.kontakt-elektro.hu\/wp-content\/uploads\/2024\/07\/SEG_Industry_Information_Automotive_en_-1211-144dpi.pdf\" target=\"_blank\" rel=\"noopener\">Aut\u00f3ipar<\/a><\/strong><\/li>\n<li><strong><a href=\"https:\/\/www.kontakt-elektro.hu\/wp-content\/uploads\/2024\/07\/SEG_Industry_Information_packaging_technology_2023-06_en_144dpi.pdf\" target=\"_blank\" rel=\"noopener\">Csomagol\u00f3ipar<\/a><\/strong><\/li>\n<li><strong><a href=\"https:\/\/www.kontakt-elektro.hu\/wp-content\/uploads\/2024\/07\/SEG_Industry_Information_Machine_Tools_en_-1272_144dpi.pdf\" target=\"_blank\" rel=\"noopener\">G\u00e9pipar<\/a><\/strong><\/li>\n<li><strong><a href=\"https:\/\/www.kontakt-elektro.hu\/wp-content\/uploads\/2024\/07\/SEG_Industry_Information_Laboranalyse_en_144dpi.pdf\" target=\"_blank\" rel=\"noopener\">Laboralkalmaz\u00e1sok<\/a><\/strong><\/li>\n<li style=\"list-style-type: none;\"><\/li>\n<\/ul>\n<p>[\/vc_column_text][vc_column_text uncode_shortcode_id=&#8221;112572&#8243;]<strong>Term\u00e9kk\u00f6r\u00f6k:<\/strong><\/p>\n<ul>\n<li>kapcsol\u00f3 \u00e9rz\u00e9kel\u0151k\n<ul>\n<li>optikai \u00e9rz\u00e9kel\u0151k<\/li>\n<li>indukt\u00edv \u00e9rz\u00e9kel\u0151k<\/li>\n<li>kapacit\u00edv \u00e9rz\u00e9kel\u0151k<\/li>\n<li>ultrahangos \u00e9rz\u00e9kel\u0151k<\/li>\n<li>optikai sz\u00e1las \u00e9rz\u00e9kel\u0151k<\/li>\n<li>vill\u00e1s \u00e9rz\u00e9kel\u0151k<\/li>\n<li>f\u00e9nyf\u00fcgg\u00f6ny\u00f6k<\/li>\n<li>l\u00e9zerszkennerek<\/li>\n<li>ter\u00fcletszkennerek<\/li>\n<li>kontraszt\u00e9rz\u00e9kel\u0151k<\/li>\n<li>lumineszk\u00e1l\u00f3 \u00e9rz\u00e9kel\u0151k<\/li>\n<li>sz\u00edn\u00e9rz\u00e9kel\u0151k<\/li>\n<\/ul>\n<\/li>\n<li>m\u00e9r\u0151\u00e9rz\u00e9kel\u0151k\n<ul>\n<li>optikai t\u00e1vols\u00e1gm\u00e9r\u0151k<\/li>\n<li>ultrahangos t\u00e1vols\u00e1gm\u00e9r\u0151k<\/li>\n<li>poz\u00edcion\u00e1l\u00f3 szenzorok<\/li>\n<li>kont\u00farm\u00e9r\u0151 szenzorok<\/li>\n<li>m\u00e9r\u0151 f\u00e9nyf\u00fcgg\u00f6ny\u00f6k<\/li>\n<li>vill\u00e1s m\u00e9r\u0151szenzorok<\/li>\n<\/ul>\n<\/li>\n<li>biztons\u00e1gi \u00e9rz\u00e9kel\u0151k\n<ul>\n<li>biztons\u00e1gi l\u00e9zerszkennerek<\/li>\n<li>biztons\u00e1gi f\u00e9nyf\u00fcgg\u00f6ny\u00f6k<\/li>\n<li>biztons\u00e1gi radarrendszerek<\/li>\n<li>biztons\u00e1gi vonalk\u00f3dos poz\u00edcion\u00e1l\u00f3 rendszerek<\/li>\n<li>biztons\u00e1gi k\u00f6zel\u00edt\u00e9s \u00e9s mechanikus kapcsol\u00f3k<\/li>\n<li>biztons\u00e1gi z\u00e1rak<\/li>\n<li>biztons\u00e1gi vez\u00e9rl\u0151k<\/li>\n<li>biztons\u00e1gi rel\u00e9k<\/li>\n<\/ul>\n<\/li>\n<li>optikai adat\u00e1tviteli rendszerek<\/li>\n<li>gy\u0171jt\u0151k, csatolok\n<ul>\n<li>IO-link master<\/li>\n<li>akt\u00edv \u00e9s passz\u00edv gy\u0171jt\u0151k<\/li>\n<\/ul>\n<\/li>\n<li>azonos\u00edt\u00f3 eszk\u00f6z\u00f6k:\n<ul>\n<li>k\u00f3dolvas\u00f3k<\/li>\n<li>RFID<\/li>\n<\/ul>\n<\/li>\n<\/ul>\n<p>[\/vc_column_text][vc_empty_space empty_h=&#8221;2&#8243;][vc_button button_color=&#8221;color-775258&#8243; radius=&#8221;btn-circle&#8221; border_width=&#8221;0&#8243; icon_position=&#8221;right&#8221; display=&#8221;inline&#8221; scale_mobile=&#8221;no&#8221; link=&#8221;url:https%3A%2F%2Fwww.leuze.com%2Fen-int|target:_blank&#8221; icon=&#8221;fa fa-open&#8221; button_color_type=&#8221;uncode-palette&#8221; uncode_shortcode_id=&#8221;337878&#8243; width=&#8221;250&#8243;]Leuze honlap[\/vc_button][vc_button button_color=&#8221;color-775258&#8243; radius=&#8221;btn-circle&#8221; border_width=&#8221;0&#8243; icon_position=&#8221;right&#8221; display=&#8221;inline&#8221; scale_mobile=&#8221;no&#8221; link=&#8221;url:https%3A%2F%2Fwww.kontakt-elektro.hu%2Fwp-content%2Fuploads%2F2024%2F07%2FPOV_Product_overview_2023-2024_en_76dpi.pdf|target:_blank&#8221; icon=&#8221;fa fa-open&#8221; button_color_type=&#8221;uncode-palette&#8221; uncode_shortcode_id=&#8221;811339&#8243; width=&#8221;250&#8243;]Leuze katal\u00f3gus[\/vc_button][\/vc_column][vc_column width=&#8221;1\/2&#8243;][vc_single_image media=&#8221;85861&#8243; media_width_percent=&#8221;100&#8243; media_link=&#8221;url:https%3A%2F%2Fwww.youtube.com%2Fwatch%3Fv%3DNNZXKv2V7oA|target:_blank&#8221; uncode_shortcode_id=&#8221;190585&#8243;][vc_gallery el_id=&#8221;gallery-141379&#8243; medias=&#8221;85873,85870,85864,85867,85902,85905&#8243; gutter_size=&#8221;3&#8243; screen_lg=&#8221;1000&#8243; screen_md=&#8221;600&#8243; screen_sm=&#8221;480&#8243; single_overlay_opacity=&#8221;50&#8243; single_padding=&#8221;2&#8243; uncode_shortcode_id=&#8221;880827&#8243;][\/vc_column][\/vc_row][vc_row][vc_column column_width_percent=&#8221;100&#8243; gutter_size=&#8221;2&#8243; overlay_alpha=&#8221;50&#8243; shift_x=&#8221;0&#8243; shift_y=&#8221;0&#8243; shift_y_down=&#8221;0&#8243; z_index=&#8221;0&#8243; medium_width=&#8221;0&#8243; mobile_width=&#8221;0&#8243; width=&#8221;1\/1&#8243;][vc_separator sep_color=&#8221;color-133154&#8243; el_height=&#8221;1px&#8221;][vc_row_inner limit_content=&#8221;&#8221;][vc_column_inner width=&#8221;1\/2&#8243;][vc_custom_heading heading_semantic=&#8221;h3&#8243; text_size=&#8221;h3&#8243; text_weight=&#8221;700&#8243;]Oszd meg<br \/>\nismer\u0151seiddel![\/vc_custom_heading][\/vc_column_inner][vc_column_inner column_width_percent=&#8221;100&#8243; align_horizontal=&#8221;align_right&#8221; gutter_size=&#8221;3&#8243; overlay_alpha=&#8221;50&#8243; shift_x=&#8221;0&#8243; shift_y=&#8221;0&#8243; shift_y_down=&#8221;0&#8243; z_index=&#8221;0&#8243; medium_width=&#8221;0&#8243; mobile_width=&#8221;0&#8243; width=&#8221;1\/2&#8243;][uncode_share layout=&#8221;multiple&#8221; no_back=&#8221;yes&#8221;][\/vc_column_inner][\/vc_row_inner][\/vc_column][\/vc_row][vc_row][vc_column width=&#8221;1\/1&#8243;][uncode_block id=&#8221;83020&#8243;][\/vc_column][\/vc_row]<\/p>\n<\/div>","protected":false},"excerpt":{"rendered":"<p>[vc_row row_height_percent=&#8221;0&#8243; override_padding=&#8221;yes&#8221; h_padding=&#8221;2&#8243; top_padding=&#8221;3&#8243; bottom_padding=&#8221;3&#8243; overlay_alpha=&#8221;50&#8243; gutter_size=&#8221;3&#8243; column_width_percent=&#8221;100&#8243; shift_y=&#8221;0&#8243; z_index=&#8221;0&#8243;][vc_column width=&#8221;1\/2&#8243;][vc_column_text uncode_shortcode_id=&#8221;134153&#8243;]T\u00f6bb mint 60 \u00e9ves tapasztalata tette a Leuze-t [&hellip;]<\/p>\n","protected":false},"author":10,"featured_media":85916,"parent":591,"menu_order":0,"comment_status":"closed","ping_status":"closed","template":"","meta":{"_acf_changed":false,"footnotes":""},"class_list":["post-85853","page","type-page","status-publish","has-post-thumbnail","hentry","page_category-kepviseletek"],"acf":[],"yoast_head":"<!-- This site is optimized with the Yoast SEO plugin v27.5 - https:\/\/yoast.com\/product\/yoast-seo-wordpress\/ -->\n<title>Leuze - Kontakt Elektro<\/title>\n<meta name=\"robots\" content=\"index, follow, max-snippet:-1, max-image-preview:large, max-video-preview:-1\" \/>\n<link rel=\"canonical\" href=\"https:\/\/www.kontakt-elektro.hu\/kereskedelem-kepviseletek\/leuze\/\" \/>\n<meta property=\"og:locale\" content=\"hu_HU\" \/>\n<meta property=\"og:type\" content=\"article\" \/>\n<meta property=\"og:title\" content=\"Leuze - Kontakt Elektro\" \/>\n<meta property=\"og:description\" content=\"[vc_row row_height_percent=&#8221;0&#8243; override_padding=&#8221;yes&#8221; h_padding=&#8221;2&#8243; top_padding=&#8221;3&#8243; bottom_padding=&#8221;3&#8243; overlay_alpha=&#8221;50&#8243; gutter_size=&#8221;3&#8243; column_width_percent=&#8221;100&#8243; shift_y=&#8221;0&#8243; z_index=&#8221;0&#8243;][vc_column width=&#8221;1\/2&#8243;][vc_column_text uncode_shortcode_id=&#8221;134153&#8243;]T\u00f6bb mint 60 \u00e9ves tapasztalata tette a Leuze-t [&hellip;]\" \/>\n<meta property=\"og:url\" content=\"https:\/\/www.kontakt-elektro.hu\/kereskedelem-kepviseletek\/leuze\/\" \/>\n<meta property=\"og:site_name\" content=\"Kontakt Elektro\" \/>\n<meta property=\"article:publisher\" content=\"https:\/\/www.facebook.com\/KONTAKT.Elektro.Kft\/\" \/>\n<meta property=\"article:modified_time\" content=\"2026-02-19T18:54:55+00:00\" \/>\n<meta property=\"og:image\" content=\"https:\/\/www.kontakt-elektro.hu\/wp-content\/uploads\/2024\/07\/leuze-logo.png\" \/>\n\t<meta property=\"og:image:width\" content=\"225\" \/>\n\t<meta property=\"og:image:height\" content=\"225\" \/>\n\t<meta property=\"og:image:type\" content=\"image\/png\" \/>\n<meta name=\"twitter:card\" content=\"summary_large_image\" \/>\n<meta name=\"twitter:label1\" content=\"Becs\u00fclt olvas\u00e1si id\u0151\" \/>\n\t<meta name=\"twitter:data1\" content=\"3 perc\" \/>\n<script type=\"application\/ld+json\" class=\"yoast-schema-graph\">{\"@context\":\"https:\\\/\\\/schema.org\",\"@graph\":[{\"@type\":\"WebPage\",\"@id\":\"https:\\\/\\\/www.kontakt-elektro.hu\\\/kereskedelem-kepviseletek\\\/leuze\\\/\",\"url\":\"https:\\\/\\\/www.kontakt-elektro.hu\\\/kereskedelem-kepviseletek\\\/leuze\\\/\",\"name\":\"Leuze - Kontakt Elektro\",\"isPartOf\":{\"@id\":\"https:\\\/\\\/www.kontakt-elektro.hu\\\/#website\"},\"primaryImageOfPage\":{\"@id\":\"https:\\\/\\\/www.kontakt-elektro.hu\\\/kereskedelem-kepviseletek\\\/leuze\\\/#primaryimage\"},\"image\":{\"@id\":\"https:\\\/\\\/www.kontakt-elektro.hu\\\/kereskedelem-kepviseletek\\\/leuze\\\/#primaryimage\"},\"thumbnailUrl\":\"https:\\\/\\\/www.kontakt-elektro.hu\\\/wp-content\\\/uploads\\\/2024\\\/07\\\/leuze-logo.png\",\"datePublished\":\"2024-07-17T13:49:54+00:00\",\"dateModified\":\"2026-02-19T18:54:55+00:00\",\"breadcrumb\":{\"@id\":\"https:\\\/\\\/www.kontakt-elektro.hu\\\/kereskedelem-kepviseletek\\\/leuze\\\/#breadcrumb\"},\"inLanguage\":\"hu\",\"potentialAction\":[{\"@type\":\"ReadAction\",\"target\":[\"https:\\\/\\\/www.kontakt-elektro.hu\\\/kereskedelem-kepviseletek\\\/leuze\\\/\"]}]},{\"@type\":\"ImageObject\",\"inLanguage\":\"hu\",\"@id\":\"https:\\\/\\\/www.kontakt-elektro.hu\\\/kereskedelem-kepviseletek\\\/leuze\\\/#primaryimage\",\"url\":\"https:\\\/\\\/www.kontakt-elektro.hu\\\/wp-content\\\/uploads\\\/2024\\\/07\\\/leuze-logo.png\",\"contentUrl\":\"https:\\\/\\\/www.kontakt-elektro.hu\\\/wp-content\\\/uploads\\\/2024\\\/07\\\/leuze-logo.png\",\"width\":225,\"height\":225},{\"@type\":\"BreadcrumbList\",\"@id\":\"https:\\\/\\\/www.kontakt-elektro.hu\\\/kereskedelem-kepviseletek\\\/leuze\\\/#breadcrumb\",\"itemListElement\":[{\"@type\":\"ListItem\",\"position\":1,\"name\":\"kezd\u0151lap\",\"item\":\"https:\\\/\\\/www.kontakt-elektro.hu\\\/\"},{\"@type\":\"ListItem\",\"position\":2,\"name\":\"Kereskedelem, k\u00e9pviseletek\",\"item\":\"https:\\\/\\\/www.kontakt-elektro.hu\\\/kereskedelem-kepviseletek\\\/\"},{\"@type\":\"ListItem\",\"position\":3,\"name\":\"Leuze\"}]},{\"@type\":\"WebSite\",\"@id\":\"https:\\\/\\\/www.kontakt-elektro.hu\\\/#website\",\"url\":\"https:\\\/\\\/www.kontakt-elektro.hu\\\/\",\"name\":\"Kontakt Elektro\",\"description\":\"\",\"publisher\":{\"@id\":\"https:\\\/\\\/www.kontakt-elektro.hu\\\/#organization\"},\"potentialAction\":[{\"@type\":\"SearchAction\",\"target\":{\"@type\":\"EntryPoint\",\"urlTemplate\":\"https:\\\/\\\/www.kontakt-elektro.hu\\\/?s={search_term_string}\"},\"query-input\":{\"@type\":\"PropertyValueSpecification\",\"valueRequired\":true,\"valueName\":\"search_term_string\"}}],\"inLanguage\":\"hu\"},{\"@type\":\"Organization\",\"@id\":\"https:\\\/\\\/www.kontakt-elektro.hu\\\/#organization\",\"name\":\"Kontakt Elektro\",\"url\":\"https:\\\/\\\/www.kontakt-elektro.hu\\\/\",\"logo\":{\"@type\":\"ImageObject\",\"inLanguage\":\"hu\",\"@id\":\"https:\\\/\\\/www.kontakt-elektro.hu\\\/#\\\/schema\\\/logo\\\/image\\\/\",\"url\":\"https:\\\/\\\/www.kontakt-elektro.hu\\\/wp-content\\\/uploads\\\/2021\\\/05\\\/Kontakt-Elektro.jpg\",\"contentUrl\":\"https:\\\/\\\/www.kontakt-elektro.hu\\\/wp-content\\\/uploads\\\/2021\\\/05\\\/Kontakt-Elektro.jpg\",\"width\":1200,\"height\":630,\"caption\":\"Kontakt Elektro\"},\"image\":{\"@id\":\"https:\\\/\\\/www.kontakt-elektro.hu\\\/#\\\/schema\\\/logo\\\/image\\\/\"},\"sameAs\":[\"https:\\\/\\\/www.facebook.com\\\/KONTAKT.Elektro.Kft\\\/\",\"https:\\\/\\\/www.linkedin.com\\\/company\\\/kontakt-elektro-ltd.\"]}]}<\/script>\n<!-- \/ Yoast SEO plugin. -->","yoast_head_json":{"title":"Leuze - Kontakt Elektro","robots":{"index":"index","follow":"follow","max-snippet":"max-snippet:-1","max-image-preview":"max-image-preview:large","max-video-preview":"max-video-preview:-1"},"canonical":"https:\/\/www.kontakt-elektro.hu\/kereskedelem-kepviseletek\/leuze\/","og_locale":"hu_HU","og_type":"article","og_title":"Leuze - Kontakt Elektro","og_description":"[vc_row row_height_percent=&#8221;0&#8243; override_padding=&#8221;yes&#8221; h_padding=&#8221;2&#8243; top_padding=&#8221;3&#8243; bottom_padding=&#8221;3&#8243; overlay_alpha=&#8221;50&#8243; gutter_size=&#8221;3&#8243; column_width_percent=&#8221;100&#8243; shift_y=&#8221;0&#8243; z_index=&#8221;0&#8243;][vc_column width=&#8221;1\/2&#8243;][vc_column_text uncode_shortcode_id=&#8221;134153&#8243;]T\u00f6bb mint 60 \u00e9ves tapasztalata tette a Leuze-t [&hellip;]","og_url":"https:\/\/www.kontakt-elektro.hu\/kereskedelem-kepviseletek\/leuze\/","og_site_name":"Kontakt Elektro","article_publisher":"https:\/\/www.facebook.com\/KONTAKT.Elektro.Kft\/","article_modified_time":"2026-02-19T18:54:55+00:00","og_image":[{"width":225,"height":225,"url":"https:\/\/www.kontakt-elektro.hu\/wp-content\/uploads\/2024\/07\/leuze-logo.png","type":"image\/png"}],"twitter_card":"summary_large_image","twitter_misc":{"Becs\u00fclt olvas\u00e1si id\u0151":"3 perc"},"schema":{"@context":"https:\/\/schema.org","@graph":[{"@type":"WebPage","@id":"https:\/\/www.kontakt-elektro.hu\/kereskedelem-kepviseletek\/leuze\/","url":"https:\/\/www.kontakt-elektro.hu\/kereskedelem-kepviseletek\/leuze\/","name":"Leuze - Kontakt Elektro","isPartOf":{"@id":"https:\/\/www.kontakt-elektro.hu\/#website"},"primaryImageOfPage":{"@id":"https:\/\/www.kontakt-elektro.hu\/kereskedelem-kepviseletek\/leuze\/#primaryimage"},"image":{"@id":"https:\/\/www.kontakt-elektro.hu\/kereskedelem-kepviseletek\/leuze\/#primaryimage"},"thumbnailUrl":"https:\/\/www.kontakt-elektro.hu\/wp-content\/uploads\/2024\/07\/leuze-logo.png","datePublished":"2024-07-17T13:49:54+00:00","dateModified":"2026-02-19T18:54:55+00:00","breadcrumb":{"@id":"https:\/\/www.kontakt-elektro.hu\/kereskedelem-kepviseletek\/leuze\/#breadcrumb"},"inLanguage":"hu","potentialAction":[{"@type":"ReadAction","target":["https:\/\/www.kontakt-elektro.hu\/kereskedelem-kepviseletek\/leuze\/"]}]},{"@type":"ImageObject","inLanguage":"hu","@id":"https:\/\/www.kontakt-elektro.hu\/kereskedelem-kepviseletek\/leuze\/#primaryimage","url":"https:\/\/www.kontakt-elektro.hu\/wp-content\/uploads\/2024\/07\/leuze-logo.png","contentUrl":"https:\/\/www.kontakt-elektro.hu\/wp-content\/uploads\/2024\/07\/leuze-logo.png","width":225,"height":225},{"@type":"BreadcrumbList","@id":"https:\/\/www.kontakt-elektro.hu\/kereskedelem-kepviseletek\/leuze\/#breadcrumb","itemListElement":[{"@type":"ListItem","position":1,"name":"kezd\u0151lap","item":"https:\/\/www.kontakt-elektro.hu\/"},{"@type":"ListItem","position":2,"name":"Kereskedelem, k\u00e9pviseletek","item":"https:\/\/www.kontakt-elektro.hu\/kereskedelem-kepviseletek\/"},{"@type":"ListItem","position":3,"name":"Leuze"}]},{"@type":"WebSite","@id":"https:\/\/www.kontakt-elektro.hu\/#website","url":"https:\/\/www.kontakt-elektro.hu\/","name":"Kontakt Elektro","description":"","publisher":{"@id":"https:\/\/www.kontakt-elektro.hu\/#organization"},"potentialAction":[{"@type":"SearchAction","target":{"@type":"EntryPoint","urlTemplate":"https:\/\/www.kontakt-elektro.hu\/?s={search_term_string}"},"query-input":{"@type":"PropertyValueSpecification","valueRequired":true,"valueName":"search_term_string"}}],"inLanguage":"hu"},{"@type":"Organization","@id":"https:\/\/www.kontakt-elektro.hu\/#organization","name":"Kontakt Elektro","url":"https:\/\/www.kontakt-elektro.hu\/","logo":{"@type":"ImageObject","inLanguage":"hu","@id":"https:\/\/www.kontakt-elektro.hu\/#\/schema\/logo\/image\/","url":"https:\/\/www.kontakt-elektro.hu\/wp-content\/uploads\/2021\/05\/Kontakt-Elektro.jpg","contentUrl":"https:\/\/www.kontakt-elektro.hu\/wp-content\/uploads\/2021\/05\/Kontakt-Elektro.jpg","width":1200,"height":630,"caption":"Kontakt Elektro"},"image":{"@id":"https:\/\/www.kontakt-elektro.hu\/#\/schema\/logo\/image\/"},"sameAs":["https:\/\/www.facebook.com\/KONTAKT.Elektro.Kft\/","https:\/\/www.linkedin.com\/company\/kontakt-elektro-ltd."]}]}},"_links":{"self":[{"href":"https:\/\/www.kontakt-elektro.hu\/hu\/wp-json\/wp\/v2\/pages\/85853","targetHints":{"allow":["GET"]}}],"collection":[{"href":"https:\/\/www.kontakt-elektro.hu\/hu\/wp-json\/wp\/v2\/pages"}],"about":[{"href":"https:\/\/www.kontakt-elektro.hu\/hu\/wp-json\/wp\/v2\/types\/page"}],"author":[{"embeddable":true,"href":"https:\/\/www.kontakt-elektro.hu\/hu\/wp-json\/wp\/v2\/users\/10"}],"replies":[{"embeddable":true,"href":"https:\/\/www.kontakt-elektro.hu\/hu\/wp-json\/wp\/v2\/comments?post=85853"}],"version-history":[{"count":8,"href":"https:\/\/www.kontakt-elektro.hu\/hu\/wp-json\/wp\/v2\/pages\/85853\/revisions"}],"predecessor-version":[{"id":86326,"href":"https:\/\/www.kontakt-elektro.hu\/hu\/wp-json\/wp\/v2\/pages\/85853\/revisions\/86326"}],"up":[{"embeddable":true,"href":"https:\/\/www.kontakt-elektro.hu\/hu\/wp-json\/wp\/v2\/pages\/591"}],"wp:featuredmedia":[{"embeddable":true,"href":"https:\/\/www.kontakt-elektro.hu\/hu\/wp-json\/wp\/v2\/media\/85916"}],"wp:attachment":[{"href":"https:\/\/www.kontakt-elektro.hu\/hu\/wp-json\/wp\/v2\/media?parent=85853"}],"curies":[{"name":"wp","href":"https:\/\/api.w.org\/{rel}","templated":true}]}}