{"id":82941,"date":"2020-08-13T15:15:40","date_gmt":"2020-08-13T13:15:40","guid":{"rendered":"http:\/\/www.kontakt-elektro.hu\/?page_id=82941"},"modified":"2021-06-01T13:12:14","modified_gmt":"2021-06-01T11:12:14","slug":"adatvedelmi-nyilatkozat","status":"publish","type":"page","link":"https:\/\/www.kontakt-elektro.hu\/hu\/adatvedelmi-nyilatkozat\/","title":{"rendered":"Adatv\u00e9delmi nyilatkozat"},"content":{"rendered":"<div class=\"wpb-content-wrapper\"><p>[vc_row][vc_column width=&#8221;1\/1&#8243;][vc_column_text]<strong>\u00a0<\/strong><strong>A KONTAKT-Elektro Kft. (a tov\u00e1bbiakban \u201eKONTAKT-Elektro\u201d vagy \u201eT\u00e1rsas\u00e1gunk\u201d) \u00f6r\u00f6mmel vette internet oldalainkon (a tov\u00e1bbiakban \u201eonline aj\u00e1nlatok\u201d n\u00e9ven is) tett l\u00e1togat\u00e1s\u00e1t \u00e9s T\u00e1rsas\u00e1gunk \u00e9s term\u00e9kei ir\u00e1nt mutatott \u00e9rdekl\u0151d\u00e9s\u00e9t.<\/strong><\/p>\n<p><strong>\u00a0<\/strong><\/p>\n<p><strong>A KONTAKT-Elektro tiszteletben tartja az \u00d6n mag\u00e1nszf\u00e9r\u00e1j\u00e1t<\/strong><\/p>\n<p>T\u00e1rsas\u00e1gunk szem\u00e9lyes adatainak kezel\u00e9se sor\u00e1n mindv\u00e9gig jelent\u0151s figyelmet ford\u00edt mag\u00e1nszf\u00e9r\u00e1j\u00e1nak v\u00e9delm\u00e9re \u00e9s valamennyi \u00fczleti adata biztons\u00e1g\u00e1ra. T\u00e1rsas\u00e1gunk az online aj\u00e1nlatain\u00e1l tett l\u00e1togat\u00e1sa sor\u00e1n gy\u0171jt\u00f6tt szem\u00e9lyes adatokat azok bizalmas jelleg\u00e9nek megtart\u00e1s\u00e1val, kiz\u00e1r\u00f3lag a t\u00f6rv\u00e9nyi el\u0151\u00edr\u00e1sokkal \u00f6sszhangban dolgozza fel.<\/p>\n<p>Az adatv\u00e9delem \u00e9s az inform\u00e1ci\u00f3biztons\u00e1g T\u00e1rsas\u00e1gunk \u00fczletpolitik\u00e1j\u00e1nak r\u00e9sz\u00e9t k\u00e9pezi.<\/p>\n<p><strong>Adatkezel\u0151<\/strong><\/p>\n<p>A KONTAKT-Elektro az \u00d6n adatainak kezel\u00e9s\u00e9\u00e9rt felel\u0151s adatkezel\u0151; az ez al\u00f3li kiv\u00e9teleket a jelen adatv\u00e9delmi nyilatkozatban ismertetj\u00fck.<\/p>\n<p>T\u00e1rsas\u00e1gunk kapcsolattart\u00e1si adatai a k\u00f6vetkez\u0151k: KONTAKT-Elektro Kft, 7630 P\u00e9cs, Moh\u00e1csi \u00fat 79, <a href=\"mailto:kontakt@kontakt-elektro.hu\">kontakt@kontakt-elektro.hu<\/a><\/p>\n<p><strong>Szem\u00e9lyes adatok gy\u0171jt\u00e9se, kezel\u00e9se \u00e9s felhaszn\u00e1l\u00e1sa<\/strong><\/p>\n<p><strong>A kezelt adatok kateg\u00f3ri\u00e1i<\/strong><\/p>\n<p>Az al\u00e1bbi adatkateg\u00f3ri\u00e1k kezel\u00e9s\u00e9re ker\u00fcl sor:<\/p>\n<ul>\n<li>Kapcsolattart\u00e1si adatok: (pl.: e-mail c\u00edm, n\u00e9v, telefonsz\u00e1m, c\u00edm, orsz\u00e1g, c\u00e9g neve, marketing azonos\u00edt\u00f3, IP c\u00edm)<\/li>\n<li>Az \u00d6n \u00fczenete (\u0171rlap kit\u00f6lt\u00e9s\u00e9vel, chat vagy e-mail form\u00e1j\u00e1ban)<\/li>\n<li>Esem\u00e9nyen t\u00f6rt\u00e9n\u0151 r\u00e9szv\u00e9tel<\/li>\n<\/ul>\n<p><strong>Alapelvek<\/strong><\/p>\n<p>A szem\u00e9lyes adatok k\u00f6r\u00e9be tartozik egy azonos\u00edtott vagy azonos\u00edthat\u00f3 term\u00e9szetes szem\u00e9llyel kapcsolatos \u00f6sszes inform\u00e1ci\u00f3, k\u00f6zt\u00fck pl. nevek, c\u00edmek, telefonsz\u00e1mok, e-mail c\u00edmek, szerz\u0151d\u00e9ses t\u00f6rzsadatok, szerz\u0151d\u00e9ssel kapcsolatos elsz\u00e1mol\u00e1si \u00e9s fizet\u00e9si adatok, amelyek kifejezik egy szem\u00e9ly azonoss\u00e1g\u00e1t.<\/p>\n<p>T\u00e1rsas\u00e1gunk csak akkor gy\u0171jt, kezel \u00e9s haszn\u00e1l fel szem\u00e9lyes adatokat (bele\u00e9rtve IP-c\u00edmeket is), amikor annak vagy megfelel\u0151 jogalapja van, vagy \u00d6n hozz\u00e1j\u00e1rul\u00e1s\u00e1t adta e c\u00e9lb\u00f3l szem\u00e9lyes adatai kezel\u00e9s\u00e9hez vagy felhaszn\u00e1l\u00e1s\u00e1hoz, pl. regisztr\u00e1l\u00e1ssal.<\/p>\n<p><strong>Adatkezel\u00e9si c\u00e9lok \u00e9s azok jogalapjai<\/strong><\/p>\n<p>T\u00e1rsas\u00e1gunk \u00e9s az \u00e1ltalunk megb\u00edzott szolg\u00e1ltat\u00f3k az al\u00e1bbi adatkezel\u00e9si c\u00e9lokb\u00f3l dolgozz\u00e1k fel az \u00d6n szem\u00e9lyes adatait:<\/p>\n<ul>\n<li>Ezen online aj\u00e1nlatok ny\u00fajt\u00e1sa<\/li>\n<\/ul>\n<p>(Jogalap: T\u00e1rsas\u00e1gunk direkt marketinghez f\u0171z\u0151d\u0151 jogos \u00e9rdeke, amennyiben az az adatv\u00e9delmi el\u0151\u00edr\u00e1sokkal \u00e9s versenyjogi szab\u00e1lyokkal \u00f6sszhangban t\u00f6rt\u00e9nik).<\/p>\n<ul>\n<li>Szolg\u00e1ltat\u00e1s-megszakad\u00e1sok\/zavarok helyre\u00e1ll\u00edt\u00e1sa c\u00e9lj\u00e1b\u00f3l \u00e9s biztons\u00e1gi okokb\u00f3l<\/li>\n<\/ul>\n<p>(Jogalapok: T\u00e1rsas\u00e1gunk jogi k\u00f6telezetts\u00e9geinek teljes\u00edt\u00e9se az adatbiztons\u00e1g k\u00f6r\u00e9ben \u00e9s a szolg\u00e1ltat\u00e1s-megszakad\u00e1sok \u00e9s zavarok megold\u00e1s\u00e1hoz, valamint aj\u00e1nlataink biztons\u00e1g\u00e1hoz f\u0171z\u0151d\u0151 jogos \u00e9rdek\u00fcnk k\u00f6r\u00e9ben).<\/p>\n<ul>\n<li>\u00d6n-prom\u00f3ci\u00f3 \u00e9s m\u00e1sok \u00e1ltal v\u00e9gzett prom\u00f3ci\u00f3, piackutat\u00e1s \u00e9s el\u00e9r\u00e9si elemz\u00e9s c\u00e9lj\u00e1b\u00f3l a jogszab\u00e1lyok \u00e1ltal megengedett k\u00f6rben vagy hozz\u00e1j\u00e1rul\u00e1s alapj\u00e1n<\/li>\n<\/ul>\n<p>(Jogalapok: Hozz\u00e1j\u00e1rul\u00e1s\/direkt marketinghez f\u0171z\u0151d\u0151 jogos \u00e9rdek\u00fcnk, amennyiben az az adatv\u00e9delmi t\u00f6rv\u00e9nyekkel \u00e9s versenyjoggal \u00f6sszhangban t\u00f6rt\u00e9nik)<\/p>\n<ul>\n<li>Kapcsolattart\u00e1s, inform\u00e1ci\u00f3 ny\u00fajt\u00e1sa az \u00e9rintett megkeres\u00e9se alapj\u00e1n<\/li>\n<\/ul>\n<p>(Jogalap: T\u00e1rsas\u00e1gunk \u00fcgyf\u00e9lkapcsolatok fenntart\u00e1s\u00e1hoz f\u0171z\u0151d\u0151 jogos \u00e9rdeke)<\/p>\n<ul>\n<li>\u00c9rintettek t\u00e1j\u00e9koztat\u00e1sa a KONTAKT-Elektro kapcsolattart\u00f3kr\u00f3l<\/li>\n<\/ul>\n<p>(Jogalap: T\u00e1rsas\u00e1gunk direkt marketinghez f\u0171z\u0151d\u0151 jogos \u00e9rdeke)<\/p>\n<ul>\n<li>Esem\u00e9nyeink szervez\u00e9se \u00e9rdek\u00e9ben kapcsolatba l\u00e9pj\u00fcnk \u00d6nnel, az esem\u00e9nyek ut\u00e1n megosztjuk az el\u0151ad\u00e1s anyagait \u00e9s v\u00e1laszoljunk a felmer\u00fcl\u0151 k\u00e9rd\u00e9sekre<\/li>\n<\/ul>\n<p>(Jogalap: T\u00e1rsas\u00e1gunk esem\u00e9nyek szervez\u00e9s\u00e9hez f\u0171z\u0151d\u0151 jogos \u00e9rdeke)<\/p>\n<ul>\n<li>H\u00edrlev\u00e9l k\u00fcld\u00e9se e-mailben vagy SMS\/MMS-ben az \u00fczenetet fogad\u00f3 f\u00e9l hozz\u00e1j\u00e1rul\u00e1s\u00e1val<\/li>\n<\/ul>\n<p>(Jogalap: Hozz\u00e1j\u00e1rul\u00e1s).<\/p>\n<ul>\n<li>Jogaink megv\u00e9d\u00e9se \u00e9s \u00e9rv\u00e9nyes\u00edt\u00e9se<\/li>\n<\/ul>\n<p>(Jogalap: Jogaink megv\u00e9d\u00e9s\u00e9hez \u00e9s \u00e9rv\u00e9nyes\u00edt\u00e9s\u00e9hez f\u0171z\u0151d\u0151 jogos \u00e9rdek\u00fcnk).<\/p>\n<p><strong>Regisztr\u00e1ci\u00f3<\/strong><\/p>\n<p><b data-stringify-type=\"bold\">Adatkezel\u00e9si t\u00e1j\u00e9koztat\u00f3 az KONTAKT-Elektro.hu-n regisztr\u00e1lt felhaszn\u00e1l\u00f3k r\u00e9sz\u00e9re<\/b><br \/>\n<b data-stringify-type=\"bold\"><\/b><\/p>\n<p><b data-stringify-type=\"bold\">1. A kezelt adatok k\u00f6re<\/b><br \/>\nA felhaszn\u00e1l\u00f3 \u00e1ltal a regisztr\u00e1ci\u00f3 \u00e9rdek\u00e9ben megadand\u00f3 adatok:\u00a0<i data-stringify-type=\"italic\">n\u00e9v, e-mail c\u00edm<\/i>. \u00a0A regisztr\u00e1ci\u00f3hoz sz\u00fcks\u00e9ges adatokat *-gal jel\u00f6lj\u00fck A weblapon t\u00f6rt\u00e9n\u0151 regisztr\u00e1ci\u00f3 sor\u00e1n r\u00f6gz\u00edt\u00e9sre ker\u00fcl az \u00e9rintett sz\u00e1m\u00edt\u00f3g\u00e9p\u00e9nek IP-c\u00edme, valamint a l\u00e1togat\u00e1s kezd\u0151 \u00e9s befejez\u0151 id\u0151pontja. A honlapon t\u00f6rt\u00e9n\u0151 regisztr\u00e1l\u00e1skor megadott adatok kezel\u00e9se a felhaszn\u00e1l\u00f3 \u00f6nk\u00e9ntes hozz\u00e1j\u00e1rul\u00e1s\u00e1val, a jelen t\u00e1j\u00e9koztat\u00e1s ismeret\u00e9ben t\u00f6rt\u00e9nik.<br \/>\n<b data-stringify-type=\"bold\"><\/b><\/p>\n<p><b data-stringify-type=\"bold\">2. Az adatkezel\u00e9s c\u00e9lja, jogalapja<\/b><br \/>\nAz adatv\u00e9delmi nyilatkozat \u201eAdatkezel\u00e9si c\u00e9lok \u00e9s azok jogalapjai\u201d fejezet le\u00edr\u00e1sa szerint<br \/>\n<b data-stringify-type=\"bold\"><\/b><\/p>\n<p><b data-stringify-type=\"bold\">3. Az adatkezel\u00e9s id\u0151tartama<\/b><br \/>\nA megadott szem\u00e9lyes adatok kezel\u00e9se a regisztr\u00e1ci\u00f3val kezd\u0151dik \u00e9s annak t\u00f6rl\u00e9s\u00e9ig tart. Az<br \/>\nadatkezel\u0151 a szem\u00e9lyes adatokat a felhaszn\u00e1l\u00f3 k\u00e9r\u00e9s\u00e9re b\u00e1rmikor \u2013 vissza nem \u00e1ll\u00edthat\u00f3 m\u00f3don, v\u00e9glegesen &#8211; t\u00f6rli.<br \/>\n<b data-stringify-type=\"bold\"><\/b><\/p>\n<p><b data-stringify-type=\"bold\">4. Az adatokhoz hozz\u00e1f\u00e9r\u0151k k\u00f6re<br \/>\n<\/b>A regisztr\u00e1ci\u00f3 sor\u00e1n megadott szem\u00e9lyes adatokat kiz\u00e1r\u00f3lag az adatkezel\u0151 erre jogosult munkat\u00e1rsai ismerhetik meg, az adatkezel\u0151 harmadik szem\u00e9ly r\u00e9sz\u00e9re szem\u00e9lyes adatot nem tov\u00e1bb\u00edt. Adatkezel\u0151 adatfeldolgoz\u00f3t nem vesz ig\u00e9nybe.<br \/>\n<b data-stringify-type=\"bold\"><\/b><\/p>\n<p><b data-stringify-type=\"bold\">5. A regisztr\u00e1lt felhaszn\u00e1l\u00f3k szem\u00e9lyes adatainak kezel\u00e9s\u00e9vel kapcsolatos jogai<br \/>\n<\/b>Az adatkezel\u00e9si t\u00e1j\u00e9koztat\u00f3 \u201eA t\u00e1rol\u00e1s id\u0151tartama, meg\u0151rz\u00e9si id\u0151szakok\u201d fejezetben le\u00edrtak szerint.<\/p>\n<p>Ha olyan kedvezm\u00e9nyekkel k\u00edv\u00e1n \u00e9lni, vagy azokhoz hozz\u00e1f\u00e9rni, amelyek szerz\u0151d\u00e9ses kapcsolat l\u00e9trehoz\u00e1s\u00e1t ig\u00e9nylik, k\u00e9rj\u00fck regisztr\u00e1ljon. A regisztr\u00e1ci\u00f3 sor\u00e1n a szerz\u0151d\u00e9s l\u00e9trehoz\u00e1s\u00e1hoz \u00e9s teljes\u00edt\u00e9s\u00e9hez sz\u00fcks\u00e9ges szem\u00e9lyes adatokat gy\u0171jt\u00fcnk (pl. vezet\u00e9kn\u00e9v, ut\u00f3n\u00e9v, sz\u00fclet\u00e9si d\u00e1tum, e-mail c\u00edm, adott esetben, az el\u0151nyben r\u00e9szes\u00edtett fizet\u00e9si m\u00f3d vagy a sz\u00e1mlabirtokos r\u00e9szletez\u00e9se \u00e9s adatai), valamint adott esetben \u00f6nk\u00e9ntesen megadott tov\u00e1bbi adatokat. A regisztr\u00e1ci\u00f3hoz sz\u00fcks\u00e9ges adatokat *-gal jel\u00f6lj\u00fck.<\/p>\n<p><strong>Napl\u00f3f\u00e1jlok<\/strong><\/p>\n<p>Minden alkalommal, amikor az internetet haszn\u00e1lja, b\u00f6ng\u00e9sz\u0151je bizonyos inform\u00e1ci\u00f3kat k\u00fcld, amelyeket T\u00e1rsas\u00e1gunk \u00fagynevezett napl\u00f3f\u00e1jlokban (log files) t\u00e1rol.<\/p>\n<p>A napl\u00f3f\u00e1jlokat a felmer\u00fcl\u0151 zavarok meghat\u00e1roz\u00e1sa c\u00e9lj\u00e1b\u00f3l \u00e9s biztons\u00e1gi okokb\u00f3l (pl. t\u00e1mad\u00e1si k\u00eds\u00e9rletek tiszt\u00e1z\u00e1sa) r\u00f6vid ideig t\u00e1roljuk, majd azt k\u00f6vet\u0151en t\u00f6r\u00f6lj\u00fck \u0151ket. A t\u00f6rl\u00e9s k\u00f6r\u00e9b\u0151l ki vannak z\u00e1rva azok a napl\u00f3f\u00e1jlok, amelyeket bizony\u00edt\u00e1si c\u00e9lb\u00f3l meg kell tartani az adott probl\u00e9ma teljes megold\u00e1s\u00e1ig, \u00e9s eseti alapon ezek a f\u00e1jlok \u00e1tadhat\u00f3k a hat\u00f3s\u00e1goknak.<\/p>\n<p>A napl\u00f3f\u00e1jlok elemz\u00e9si c\u00e9lokra is felhaszn\u00e1lhat\u00f3k (IP-c\u00edm n\u00e9lk\u00fcl vagy teljes IP-c\u00edm n\u00e9lk\u00fcl). L\u00e1sd ez\u00e9rt a \u201cHirdet\u00e9sek \u00e9s\/vagy piackutat\u00e1s\u201d modult.<\/p>\n<p>A napl\u00f3f\u00e1jlokban az al\u00e1bbi inform\u00e1ci\u00f3k ker\u00fclnek elment\u00e9sre:<\/p>\n<ul>\n<li>Azon eszk\u00f6z IP-c\u00edme (internet protokoll c\u00edme), amelyet az online aj\u00e1nlatokhoz val\u00f3 hozz\u00e1f\u00e9r\u00e9shez haszn\u00e1lnak;<\/li>\n<li>Azon weboldal internet c\u00edme, amelyr\u0151l az online aj\u00e1nlathoz hozz\u00e1f\u00e9rtek (\u00fagynevezett origin URL vagy referrer URL);<\/li>\n<li>Azon szolg\u00e1ltat\u00f3 neve, amelyet az online aj\u00e1nlatokhoz val\u00f3 hozz\u00e1f\u00e9r\u00e9shez ig\u00e9nybe vesznek;<\/li>\n<li>Az el\u00e9rt f\u00e1jlok vagy inform\u00e1ci\u00f3k neve;<\/li>\n<li>Az adat lek\u00e9r\u00e9s\u00e9nek d\u00e1tuma \u00e9s id\u0151pontja, valamint id\u0151tartama;<\/li>\n<li>A tov\u00e1bb\u00edtott adatok mennyis\u00e9ge;<\/li>\n<li>Inform\u00e1ci\u00f3 a haszn\u00e1lt oper\u00e1ci\u00f3s rendszerr\u0151l \u00e9s internetes b\u00f6ng\u00e9sz\u0151r\u0151l, ide\u00e9rtve a telep\u00edtett b\u0151v\u00edtm\u00e9nyeket (pl. Flash Player);<\/li>\n<li>http st\u00e1tusz k\u00f3d (pl.: \u201eA k\u00e9r\u00e9s sikeres\u201d vagy \u201eA k\u00e9rt f\u00e1jl nem tal\u00e1lhat\u00f3\u201d).<\/li>\n<\/ul>\n<p><strong>Kiskor\u00faak<\/strong><\/p>\n<p>Ez az online aj\u00e1nlat nem c\u00e9lozza meg a 16 \u00e9vesn\u00e9l fiatalabb gyermekeket \u00e9s nem nekik sz\u00f3l.<\/p>\n<p><strong>Adattov\u00e1bb\u00edt\u00e1s m\u00e1s adatkezel\u0151knek<\/strong><\/p>\n<p>Az \u00d6n szem\u00e9lyes adatai els\u0151sorban akkor ker\u00fclnek m\u00e1s adatkezel\u0151knek tov\u00e1bb\u00edt\u00e1sra, amikor az egy szerz\u0151d\u00e9s teljes\u00edt\u00e9s\u00e9hez sz\u00fcks\u00e9ges vagy abban az esetben, amikor T\u00e1rsas\u00e1gunknak vagy a harmadik f\u00e9lnek jogos \u00e9rdeke f\u0171z\u0151dik a tov\u00e1bb\u00edt\u00e1shoz, vagy ha \u00d6n hozz\u00e1j\u00e1rul\u00e1s\u00e1t adta ahhoz.<\/p>\n<p>Az adattov\u00e1bb\u00edt\u00e1s c\u00edmzettjeir\u0151l vagy annak kateg\u00f3ri\u00e1ir\u00f3l \u00e9s az adattov\u00e1bb\u00edt\u00e1s jogalapj\u00e1r\u00f3l tov\u00e1bbi inform\u00e1ci\u00f3 az Adatkezel\u00e9si c\u00e9lok \u00e9s azok jogalapjai c\u00edm\u0171 r\u00e9szben tal\u00e1lhat\u00f3.<\/p>\n<p>El\u0151fordulhat tov\u00e1bb\u00e1, hogy T\u00e1rsas\u00e1gunk adatokat olyan esetben is tov\u00e1bb\u00edt m\u00e1s adatkezel\u0151knek, amikor arra T\u00e1rsas\u00e1gunkat jogszab\u00e1ly vagy v\u00e9grehajthat\u00f3 k\u00f6zigazgat\u00e1si vagy b\u00edr\u00f3i v\u00e9gz\u00e9s k\u00f6telezi.<\/p>\n<p><strong>Szolg\u00e1ltat\u00f3k (\u00e1ltal\u00e1noss\u00e1gban)<\/strong><\/p>\n<p>T\u00e1rsas\u00e1gunk k\u00fcls\u0151 szolg\u00e1ltat\u00f3kat b\u00edz meg olyan feladatokkal, mint \u00e9rt\u00e9kes\u00edt\u00e9si \u00e9s marketing szolg\u00e1ltat\u00e1sok, szerz\u0151d\u00e9skezel\u00e9s, fizet\u00e9sek kezel\u00e9se, programoz\u00e1s, adat-hosztol\u00e1s \u00e9s forr\u00f3vonal (hotline) szolg\u00e1ltat\u00e1sok. T\u00e1rsas\u00e1gunk a szolg\u00e1ltat\u00f3kat k\u00f6r\u00fcltekint\u0151en v\u00e1lasztja ki, \u00e9s rendszeresen ellen\u0151rzi \u0151ket, k\u00fcl\u00f6n\u00f6sen olyan szempontb\u00f3l, hogy gondosan kezelj\u00e9k \u00e9s v\u00e9dj\u00e9k az \u00e1ltaluk t\u00e1rolt adatokat. Minden szolg\u00e1ltat\u00f3 k\u00f6teles az adatok bizalmas jelleg\u00e9t meg\u0151rizni \u00e9s a t\u00f6rv\u00e9nyi rendelkez\u00e9seket betartani. A KONTAKT-Elektro \/ KONTAKT-Engineering v\u00e1llalatcsoporthoz tartoz\u00f3 m\u00e1s v\u00e1llalatok is lehetnek szolg\u00e1ltat\u00f3k.<\/p>\n<p><strong>Adattov\u00e1bb\u00edt\u00e1s az EGT-n k\u00edv\u00fcli c\u00edmzetteknek<\/strong><\/p>\n<p>T\u00e1rsas\u00e1gunk szem\u00e9lyes adatokat tov\u00e1bb\u00edthat az EGT-n k\u00edv\u00fcli, \u00fagynevezett harmadik orsz\u00e1gokban tal\u00e1lhat\u00f3 c\u00edmzetteknek is. Ilyen esetekben az adattov\u00e1bb\u00edt\u00e1st megel\u0151z\u0151en T\u00e1rsas\u00e1gunk megbizonyosodik arr\u00f3l, hogy a c\u00edmzett f\u00e9l megfelel\u0151 szint\u0171 adatv\u00e9delmet ny\u00fajt, illetve arr\u00f3l, hogy \u00d6n hozz\u00e1j\u00e1rult-e a tov\u00e1bb\u00edt\u00e1shoz.<\/p>\n<p>\u00d6n jogosult a harmadik orsz\u00e1gbeli c\u00edmzettekr\u0151l \u00e1ttekint\u00e9st kapni, valamint az adatv\u00e9delem megfelel\u0151 szintj\u00e9t biztos\u00edt\u00f3, kifejezetten elfogadott rendelkez\u00e9sekr\u0151l m\u00e1solatot kapni. E c\u00e9lb\u00f3l k\u00e9rj\u00fck haszn\u00e1lja a Kapcsolattart\u00e1s pontban foglaltakat.<\/p>\n<p><strong>A t\u00e1rol\u00e1s id\u0151tartama; meg\u0151rz\u00e9si id\u0151szakok<\/strong><\/p>\n<p>T\u00e1rsas\u00e1gunk \u00e1ltal\u00e1ban addig t\u00e1rolja az \u00d6n adatait, am\u00edg az online aj\u00e1nlataink, valamint a hozz\u00e1juk kapcsol\u00f3d\u00f3 szolg\u00e1ltat\u00e1sok ny\u00fajt\u00e1s\u00e1hoz sz\u00fcks\u00e9ges, vagy am\u00edg jogos \u00e9rdek\u00fcnk f\u0171z\u0151dik az adatok t\u00e1rol\u00e1s\u00e1hoz (pl. a szerz\u0151d\u00e9st k\u00f6vet\u0151en is f\u0171z\u0151dhet jogos \u00e9rdek\u00fcnk postai \u00faton t\u00f6rt\u00e9n\u0151 marketing c\u00e9l\u00fa megkeres\u00e9shez). Minden egy\u00e9b esetben t\u00f6r\u00f6lj\u00fck szem\u00e9lyes adatait azon adatok kiv\u00e9tel\u00e9vel, amelyeket jogi k\u00f6telezetts\u00e9geink teljes\u00edt\u00e9s\u00e9hez t\u00e1rolnunk kell (pl. ilyen k\u00f6telezetts\u00e9g terhel minket az ad\u00f3z\u00e1si \u00e9s kereskedelmi jogszab\u00e1lyok \u00e9rtelm\u00e9ben el\u0151\u00edrt meg\u0151rz\u00e9si id\u0151szakok tekintet\u00e9ben, hogy bizonyos ideig egyes dokumentumokat, \u00edgy szerz\u0151d\u00e9seket \u00e9s sz\u00e1ml\u00e1kat rendelkez\u00e9sre tartsunk).<\/p>\n<p><strong>S\u00fcti (cookie) haszn\u00e1lat<\/strong><\/p>\n<p>T\u00e1rsas\u00e1gunk online szolg\u00e1ltat\u00e1saival \u00f6sszef\u00fcgg\u00e9sben T\u00e1rsas\u00e1gunk s\u00fctiket \u00e9s nyomk\u00f6vet\u00e9si eszk\u00f6z\u00f6ket alkalmazhat.<\/p>\n<p>A s\u00fctik kis m\u00e9ret\u0171 sz\u00f6veg f\u00e1jlok, amelyek azon az eszk\u00f6z\u00f6n ker\u00fclhetnek t\u00e1rol\u00e1sra, amelyr\u0151l \u00d6n T\u00e1rsas\u00e1gunk online aj\u00e1nlatait felkereste.<\/p>\n<p>A nyomk\u00f6vet\u00e9s t\u00f6bb k\u00fcl\u00f6nb\u00f6z\u0151 technol\u00f3gia felhaszn\u00e1l\u00e1s\u00e1val lehets\u00e9ges. T\u00e1rsas\u00e1gunk \u00edgy p\u00e9ld\u00e1ul inform\u00e1ci\u00f3t kezel pixel-technol\u00f3gia \u00e9s\/vagy log f\u00e1jl elemz\u00e9s haszn\u00e1lat\u00e1val.<\/p>\n<p><strong>Kateg\u00f3ri\u00e1k<\/strong><\/p>\n<p>Megk\u00fcl\u00f6nb\u00f6ztet\u00fcnk olyan s\u00fctiket, amelyek az online aj\u00e1nlatok technikai m\u0171k\u00f6d\u00e9s\u00e9hez felt\u00e9tlen\u00fcl sz\u00fcks\u00e9gesek, illetve olyan s\u00fctiket \u00e9s nyomk\u00f6vet\u00e9si mechanizmusokat, amelyek nem felt\u00e9tlen\u00fcl sz\u00fcks\u00e9gesek az online aj\u00e1nlatok technikai m\u0171k\u00f6d\u00e9s\u00e9hez.<\/p>\n<p>\u00c1ltal\u00e1noss\u00e1gban lehets\u00e9ges online aj\u00e1nlatokat \u00fagy ig\u00e9nybe venni, hogy olyan s\u00fctik nem ker\u00fclnek haszn\u00e1latra, amelyek technikai c\u00e9lt nem szolg\u00e1lnak.<\/p>\n<p><strong>Technikai szempontb\u00f3l sz\u00fcks\u00e9ges s\u00fctik<\/strong><\/p>\n<p>Technikai szempontb\u00f3l sz\u00fcks\u00e9ges s\u00fctik alatt azokat a s\u00fctiket \u00e9rtj\u00fck, amelyek n\u00e9lk\u00fcl az online aj\u00e1nlat technikai megval\u00f3s\u00edthat\u00f3s\u00e1ga nem biztos\u00edthat\u00f3. Ezek a s\u00fctik p\u00e9ld\u00e1ul olyan s\u00fctik, amelyek a vide\u00f3 vagy audio tartalom akad\u00e1lymentes lej\u00e1tsz\u00e1s\u00e1t teszik lehet\u0151v\u00e9.<\/p>\n<p>Az ilyen s\u00fctik t\u00f6rl\u00e9sre ker\u00fclnek, amint \u00d6n elhagyja a weboldalt.<\/p>\n<p><strong>S\u00fctik \u00e9s nyomk\u00f6vet\u00e9si eszk\u00f6z\u00f6k amelyek technikai szempontb\u00f3l nem sz\u00fcks\u00e9gesek<\/strong><\/p>\n<p>T\u00e1rsas\u00e1gunk minden esetben akkor haszn\u00e1l s\u00fctiket \u00e9s nyomk\u00f6vet\u00e9si eszk\u00f6z\u00f6ket, amennyiben \u00d6n el\u0151zetesen ehhez hozz\u00e1j\u00e1rul\u00e1s\u00e1t adta. Kiv\u00e9telt k\u00e9pez ezal\u00f3l az a s\u00fcti, amely az adatv\u00e9delmi be\u00e1ll\u00edt\u00e1stainak jelenlegi st\u00e1tusz\u00e1t r\u00f6gz\u00edti (v\u00e1laszt\u00f3 s\u00fcti). E s\u00fcti haszn\u00e1lata t\u00e1rsas\u00e1gunk jogos \u00e9rdek\u00e9n alapul.<\/p>\n<p><strong>Marketing s\u00fctik \u00e9s nyomk\u00f6vet\u00e9si eszk\u00f6z\u00f6k<\/strong><\/p>\n<p>\u00c1ltal\u00e1ban<\/p>\n<p>Marketing s\u00fctik \u00e9s nyomk\u00f6vet\u00e9si eszk\u00f6z\u00f6k haszn\u00e1lat\u00e1val T\u00e1rsas\u00e1gunk \u00e9s partnereink az \u00d6n \u00e9rdekl\u0151d\u00e9si k\u00f6re alapj\u00e1n hirdet\u00e9si aj\u00e1nlatokat tudnak k\u00fcldeni. Ezek az aj\u00e1nlatok az \u00d6n felhaszn\u00e1l\u00f3i viselked\u00e9s\u00e9nek elemz\u00e9s\u00e9n alapulnak.<\/p>\n<ul>\n<li>Web elemz\u00e9s: Web elemz\u00e9si eszk\u00f6z\u00f6k haszn\u00e1lat\u00e1val m\u00e9r\u00e9sek k\u00e9sz\u00edt\u00e9se lehets\u00e9ges pl.: az oldalak l\u00e1togat\u00f3inak sz\u00e1m\u00e1ra vonatkoz\u00f3an<\/li>\n<li>Konverzi\u00f3s k\u00f6vet\u00e9s: Abban az esetben, amikor \u00d6n T\u00e1rsas\u00e1gunk weboldal\u00e1ra egy partner\u00fcnk hirdet\u00e9s\u00e9n kereszt\u00fcl jut el, akkor T\u00e1rsas\u00e1gunk konverzi\u00f3s partnerei s\u00fctiket helyeznek el az \u00d6n eszk\u00f6z\u00e9n (konverzi\u00f3s s\u00fcti).<\/li>\n<\/ul>\n<p>\u00c1ltal\u00e1ban ezeknek a s\u00fctiknek az \u00e9rv\u00e9nyess\u00e9ge 30 nap m\u00falva lej\u00e1r. T\u00e1rsas\u00e1gunk \u00e9s konverzi\u00f3s partnerei felismerhetik, ha egy adott felhaszn\u00e1l\u00f3 kor\u00e1bban m\u00e1r egy bizonyos hirdet\u00e9sre t\u00f6rt\u00e9n\u0151 kattint\u00e1st k\u00f6vet\u0151en jutott el T\u00e1rsas\u00e1gunk weboldal\u00e1ra, amennyiben az adott weboldalunkat m\u00e1r egyszer megl\u00e1togatta \u00e9s az ehhez a l\u00e1togat\u00e1shoz kapcsol\u00f3d\u00f3 s\u00fctik m\u00e9g \u00e9rv\u00e9nyesek. Ez t\u00f6bb k\u00fcl\u00f6nb\u00f6z\u0151 eszk\u00f6z estet\u00e9ben is megval\u00f3sulhat. Ezekb\u0151l a s\u00fctikb\u0151l nyert inform\u00e1ci\u00f3k abb\u00f3l a c\u00e9lb\u00f3l ker\u00fclnek kezel\u00e9sre, hogy ebb\u0151l konverzi\u00f3s statisztik\u00e1k k\u00e9sz\u00fcljenek, \u00e9s hogy meghat\u00e1roz\u00e1sra ker\u00fclj\u00f6n, hogy h\u00e1nyan kattintottak az adott hirdet\u00e9sre \u00e9s ker\u00fcltek \u00e1tir\u00e1ny\u00edt\u00e1sra T\u00e1rsas\u00e1gunk weboldal\u00e1ra konverzi\u00f3s nyomk\u00f6vet\u0151 c\u00edmk\u00e9vel.<\/p>\n<ul>\n<li>K\u00f6z\u00f6ss\u00e9gi m\u00e9dia b\u0151v\u00edtm\u00e9nyek: T\u00e1rsas\u00e1gunk online aj\u00e1nlatainak oldalai tartalmazhatnak m\u00e1s online szolg\u00e1ltat\u00f3k (pl. Facebook, Twitter) \u00e1ltal k\u00edn\u00e1lt tartalmat \u00e9s szolg\u00e1ltat\u00e1st, amelyek s\u00fctiket \u00e9s akt\u00edv modulokat haszn\u00e1lhatnak. A k\u00f6z\u00f6ss\u00e9gi m\u00e9dia b\u0151v\u00edtm\u00e9nyekkel kapcsolatos tov\u00e1bbi t\u00e1j\u00e9koztat\u00e1st a \u201eK\u00f6z\u00f6ss\u00e9gi m\u00e9dia b\u0151v\u00edtm\u00e9nyek\u201d r\u00e9szben tal\u00e1l.<\/li>\n<li>C\u00e9lzott hirdet\u00e9sekhez haszn\u00e1lt eszk\u00f6z\u00f6k: Ezek az eszk\u00f6z\u00f6k felhaszn\u00e1l\u00f3i profilokat hoznak hirdet\u00e9si s\u00fctik vagy harmadik f\u00e9l hirdet\u00e9si s\u00fctijeinek, azaz \u201eweb beacons\u201d (olyan \u00e9szrevehetetlen k\u00e9p, amelyet pixel-nek vagy nyomk\u00f6vet\u0151 pixel-nek neveznek) felhaszn\u00e1l\u00e1s\u00e1val, vagy ehhez hasonl\u00f3 technol\u00f3gi\u00e1k seg\u00edts\u00e9g\u00e9vel. Ezek \u00e9rdekl\u0151d\u00e9si k\u00f6r alapj\u00e1n meghat\u00e1rozott hirdet\u00e9si aj\u00e1nlatok ny\u00fajt\u00e1s\u00e1ra haszn\u00e1lhat\u00f3ak, illetve arra, hogy meghat\u00e1roz\u00e1sra ker\u00fclj\u00f6n a hirdet\u00e9sek megjelen\u00e9snek gyakoris\u00e1ga. Az ilyen eszk\u00f6z\u00f6ket szolg\u00e1ltat\u00f3 partnerek harmadik feleknek is tov\u00e1bb\u00edthatnak adatokat a fenti c\u00e9lb\u00f3l. Az ilyen eszk\u00f6z\u00f6ket szolg\u00e1ltat\u00f3 partnerek adatkezel\u00e9si t\u00e1j\u00e9koztat\u00f3j\u00e1t figyelm\u00e9be aj\u00e1nljuk.<\/li>\n<li>Eszk\u00f6z\u00f6k k\u00f6z\u00f6tti nyomk\u00f6vet\u00e9s: Ebben az esetben \u00e1lneves\u00edtett felhaszn\u00e1l\u00f3i azonos\u00edt\u00f3 alapj\u00e1n felhaszn\u00e1l\u00f3i profil j\u00f6n l\u00e9tre a k\u00fcl\u00f6nb\u00f6z\u0151 eszk\u00f6z\u00f6k haszn\u00e1lat\u00e1ra vonatkoz\u00f3 inform\u00e1ci\u00f3kkal<\/li>\n<li>L\u00e1togat\u00f3i \u00f6sszef\u0171z\u00e9s: K\u00fcl\u00f6nb\u00f6z\u0151 kapcsolati pontok, mint p\u00e9ld\u00e1ul weboldalak, alkalmaz\u00e1sok \u00e9s eszk\u00f6zazonos\u00edt\u00f3k hozz\u00e1rendel\u00e9se egy eszk\u00f6z\u00f6k\u00f6n \u00e1t\u00edvel\u0151 profilhoz. Az eszk\u00f6zazonos\u00edt\u00f3ja, kapcsolati azonos\u00edt\u00f3ja, tartalmi azonos\u00edt\u00f3ja \u00e9s a webes \u0171rlapokon szerepl\u0151 inform\u00e1ci\u00f3k alapj\u00e1n a szem\u00e9ly\u00e9re vonatkoz\u00f3 k\u00f6vetkeztet\u00e9seket vonhatunk le.<\/li>\n<li>Szem\u00e9lyre szab\u00e1s: Nyomk\u00f6vet\u00e9si eszk\u00f6z\u00f6ket haszn\u00e1lunk annak \u00e9rdek\u00e9ben, hogy szem\u00e9lyre szabott v\u00e1s\u00e1rl\u00f3i \u00e9lm\u00e9nyt \u00e9s h\u00edrleveleket tudjunk biztos\u00edtani \u00d6nnek a kattint\u00e1sai \u00e9s a v\u00e1s\u00e1rl\u00e1si szok\u00e1sai alapj\u00e1n<\/li>\n<\/ul>\n<p>T\u00e1rsas\u00e1gunk felh\u00edvja a figyelm\u00e9t arra, hogy ezek az eszk\u00f6z\u00f6k tov\u00e1bb\u00edthatj\u00e1k az \u00d6n adatait az Eur\u00f3pai Gazdas\u00e1gi T\u00e9rs\u00e9gen k\u00edv\u00fcl tal\u00e1lhat\u00f3 olyan orsz\u00e1gokba is, ahol az adatok megfelel\u0151 v\u00e9delme nem biztos\u00edtott a GDPR rendelkez\u00e9seinek megfelel\u0151en (pl.: USA). Ezekkel kapcsolatban b\u0151vebb t\u00e1j\u00e9koztat\u00e1st az al\u00e1bb tal\u00e1lhat\u00f3 egyes hirdet\u00e9si eszk\u00f6z\u00f6k le\u00edr\u00e1sban tal\u00e1l.<\/p>\n<p><strong>A KONTAKT-Elektro \u00e1ltal haszn\u00e1lt eszk\u00f6z\u00f6k \u00e1ttekint\u00e9se<\/strong><\/p>\n<hr \/>\n<p><strong>N\u00e9v: Uncode WordPress plugin<\/strong><\/p>\n<p><strong>Szolg\u00e1ltat\u00f3: <\/strong>Automattic Inc. 60 29th Street #343 San Francisco, CA 94110 United States of America<\/p>\n<p><strong>Szolg\u00e1ltat\u00e1s: <\/strong>Ezt a cookie-t az Uncode WordPress t\u00e9ma \u00e1ll\u00edtja be, \u00e9s a weboldal adatv\u00e9delmi be\u00e1ll\u00edt\u00e1sainak kezel\u00e9s\u00e9re szolg\u00e1l.<\/p>\n<hr \/>\n<p><strong>N\u00e9v: Google Analytics<\/strong><\/p>\n<p><strong>Szolg\u00e1ltat\u00f3:<\/strong>\u00a0Google Inc., 1600 Amphitheatre Parkway, Mountain View, CA 94043, USA<\/p>\n<p><strong>Szolg\u00e1ltat\u00e1s:<\/strong>\u00a0Felhaszn\u00e1l\u00f3i szok\u00e1s elemz\u00e9se (oldallek\u00e9rdez\u00e9sek, l\u00e1togat\u00f3k, l\u00e1togat\u00e1sok \u00e9s let\u00f6lt\u00e9sek sz\u00e1ma), \u00e1lneves\u00edtett felhaszn\u00e1l\u00f3 l\u00e9trehoz\u00e1sa a Google felhaszn\u00e1l\u00f3k\u00e9nt bejelentkezett eszk\u00f6z\u00f6k \u00e1ltali inform\u00e1ci\u00f3k alapj\u00e1n (eszk\u00f6z nyomonk\u00f6vet\u00e9s), az \u00e1lneves\u00edtett felhaszn\u00e1l\u00f3 adatainak kib\u0151v\u00edt\u00e9se a Google \u00e1ltal szolg\u00e1ltatott c\u00e9lcsoport specifikus inform\u00e1ci\u00f3kkal, \u00fajratarget\u00e1l\u00e1s, felhaszn\u00e1l\u00f3i \u00e9lm\u00e9nytesztel\u00e9s, konverzi\u00f3k\u00f6vet\u00e9s \u00e9s \u00fajratarget\u00e1l\u00e1s a Google Ads haszn\u00e1lat\u00e1val<\/p>\n<hr \/>\n<p><strong>N\u00e9v: Google Doubleclick<\/strong><\/p>\n<p><strong>Szolg\u00e1ltat\u00f3:<\/strong>\u00a0Google Inc., 1600 Amphitheatre Parkway, Mountain View, CA 94043, USA<\/p>\n<p><strong>Szolg\u00e1ltat\u00e1s:<\/strong>\u00a0Hirdet\u00e9s elhelyez\u00e9s remarketing, konverzi\u00f3k\u00f6vet\u00e9s<\/p>\n<hr \/>\n<p><strong>N\u00e9v: Google Ads<\/strong><\/p>\n<p><strong>Szolg\u00e1ltat\u00f3: <\/strong>Google Inc., 1600 Amphitheatre Parkway, Mountain View, CA 94043, USA<\/p>\n<p><strong>Szolg\u00e1ltat\u00e1s:<\/strong>\u00a0Hirdet\u00e9sek elhelyez\u00e9se, remarketing, konverzi\u00f3k\u00f6vet\u00e9s<\/p>\n<p>Tov\u00e1bbi inform\u00e1ci\u00f3k az al\u00e1bbi linken \u00e9rhet\u0151k el: (<a href=\"https:\/\/adssettings.google.com\/authenticated\">https:\/\/adssettings.google.com\/authenticated<\/a>\u00a0).<\/p>\n<hr \/>\n<p><strong>N\u00e9v: WPML WordPress plugin<\/strong><\/p>\n<p><strong>Szolg\u00e1ltat\u00f3: <\/strong>OnTheGoSystems Limited, 22\/F 3 Lockhart Road, Wanchai, Hong Kong<\/p>\n<p><strong>Szolg\u00e1ltat\u00e1s: <\/strong>Nyelvi be\u00e1ll\u00edt\u00e1sok meg\u0151rz\u00e9se, elt\u00e1rol\u00e1sa<\/p>\n<p>Tov\u00e1bbi inform\u00e1ci\u00f3k az al\u00e1bbi linkeken \u00e9rhet\u0151k el: (<a href=\"https:\/\/wpml.org\/documentation\/support\/browser-cookies-stored-wpml\/\">https:\/\/wpml.org\/documentation\/support\/browser-cookies-stored-wpml\/<\/a> ; <a href=\"https:\/\/wpml.org\/documentation\/privacy-policy-and-gdpr-compliance\/\">https:\/\/wpml.org\/documentation\/privacy-policy-and-gdpr-compliance\/<\/a> ).<\/p>\n<hr \/>\n<p><b data-stringify-type=\"bold\">N\u00e9v: Ninja Form WordPress plugin<\/b><br \/>\n<b data-stringify-type=\"bold\">Szolg\u00e1ltat\u00f3:\u00a0<\/b>Automattic Inc. 60 29th Street #343 San Francisco, CA 94110 United States of America<br \/>\n<b data-stringify-type=\"bold\">Szolg\u00e1ltat\u00e1s:\u00a0<\/b>Ez a regisztr\u00e1ci\u00f3k kezel\u00e9s\u00e9re szolg\u00e1l.<\/p>\n<p>Tov\u00e1bbi inform\u00e1ci\u00f3k az al\u00e1bbi linkeken \u00e9rhet\u0151k el: (<a href=\"https:\/\/ninjaforms.com\/\">https:\/\/ninjaforms.com\/<\/a>)<\/p>\n<hr \/>\n<p><strong>S\u00fctik \u00e9s nyomk\u00f6vet\u00e9si eszk\u00f6z\u00f6k menedzsel\u00e9se<\/strong><\/p>\n<p>\u00d6n a s\u00fctik \u00e9s a nyomk\u00f6vet\u00e9si eszk\u00f6z\u00f6k be\u00e1ll\u00edt\u00e1sait az internetes b\u00f6ng\u00e9sz\u0151j\u00e9ben vagy T\u00e1rsas\u00e1gunk adatv\u00e9delmi be\u00e1ll\u00edt\u00e1sain kereszt\u00fcl m\u00f3dos\u00edthatja.<\/p>\n<p>Figyelem: Az \u00d6n \u00e1ltal haszn\u00e1lt be\u00e1ll\u00edt\u00e1sok csak az adott b\u00f6ng\u00e9sz\u0151re vonatkoznak.<\/p>\n<p><em>S\u00fctik letilt\u00e1sa<\/em><\/p>\n<p>Amennyiben \u00d6n a s\u00fctik haszn\u00e1lat\u00e1t le szeretn\u00e9 tiltani, \u00fagy a b\u00f6ng\u00e9sz\u0151 be\u00e1ll\u00edt\u00e1sokban a s\u00fcti haszn\u00e1latot tiltsa le. Vegye figyelembe, hogy ez a weboldal m\u0171k\u00f6d\u00e9s\u00e9re \u00e9s haszn\u00e1lat\u00e1ra hat\u00e1ssal lehet.<\/p>\n<p><strong>A technikailag nem sz\u00fcks\u00e9ges s\u00fctikre \u00e9s nyomk\u00f6vet\u00e9si eszk\u00f6z\u00f6kre vonatkoz\u00f3 be\u00e1ll\u00edt\u00e1sok kezel\u00e9se<\/strong><\/p>\n<p>Amikor \u00d6n felkeresi T\u00e1rsas\u00e1gunk weboldalait, egy s\u00fcti kezel\u0151 fel\u00fcleten kereszt\u00fcl T\u00e1rsas\u00e1gunk megk\u00e9rdezi, hogy hozz\u00e1j\u00e1rul-e a k\u00e9nyelmi, marketing s\u00fctik \u00e9s nyomk\u00f6vet\u0151 eszk\u00f6z\u00f6k haszn\u00e1lat\u00e1hoz.<\/p>\n<p>Az adatv\u00e9delmi be\u00e1ll\u00edt\u00e1sainkban \u00d6n visszavonhatja a hozz\u00e1j\u00e1rul\u00e1s\u00e1t a j\u00f6v\u0151re vonatkoz\u00f3an, illetve hozz\u00e1j\u00e1rul\u00e1s\u00e1t adhatja egy k\u00e9s\u0151bbi id\u0151pontban.<\/p>\n<p><strong>Be\u00e9p\u00fcl\u0151 k\u00f6z\u00f6ss\u00e9gi modulok (social plugins)<\/strong><\/p>\n<p>T\u00e1rsas\u00e1gunk Online aj\u00e1nlataiban k\u00fcl\u00f6nb\u00f6z\u0151 k\u00f6z\u00f6ss\u00e9gi oldalakr\u00f3l sz\u00e1rmaz\u00f3, \u00fagynevezett be\u00e9p\u00fcl\u0151 k\u00f6z\u00f6ss\u00e9gi modulokat haszn\u00e1l; ezeket T\u00e1rsas\u00e1gunk egyenk\u00e9nt bemutatja ebben a r\u00e9szben.<\/p>\n<p>A be\u00e9p\u00fcl\u0151 modulok haszn\u00e1lata sor\u00e1n az \u00d6n internetes b\u00f6ng\u00e9sz\u0151je k\u00f6zvetlen kapcsolatot l\u00e9tes\u00edt az adott k\u00f6z\u00f6ss\u00e9gi h\u00e1l\u00f3zat szervereivel. Ez\u00e1ltal az adott szolg\u00e1ltat\u00f3 t\u00e1j\u00e9koztat\u00e1st kap arr\u00f3l, hogy az \u00d6n internetes b\u00f6ng\u00e9sz\u0151je hozz\u00e1f\u00e9r\u00e9st nyert T\u00e1rsas\u00e1gunk online aj\u00e1nlatainak valamely oldal\u00e1hoz, abban az esetben is, ha \u00d6n nem rendelkezik felhaszn\u00e1l\u00f3i fi\u00f3kkal enn\u00e9l a szolg\u00e1ltat\u00f3n\u00e1l, vagy ha \u00e9pp nincs bejelentkezve a fi\u00f3kj\u00e1ba. A napl\u00f3f\u00e1jlok (az IP-c\u00edmmel egy\u00fctt) ebben az esetben k\u00f6zvetlen\u00fcl tov\u00e1bb\u00edt\u00e1sra ker\u00fclnek az \u00d6n internetes b\u00f6ng\u00e9sz\u0151j\u00e9r\u0151l az adott szolg\u00e1ltat\u00f3 szerver\u00e9re, ahol azokat el is t\u00e1rolhatj\u00e1k. El\u0151fordulhat, hogy a szolg\u00e1ltat\u00f3 vagy annak a szervere az Eur\u00f3pai Uni\u00f3n vagy az EGT-n k\u00edv\u00fcl helyezkedik el (pl. az Egyes\u00fclt \u00c1llamokban).<\/p>\n<p>A be\u00e9p\u00edtett modulok a k\u00f6z\u00f6ss\u00e9gi h\u00e1l\u00f3zat szolg\u00e1ltat\u00f3k \u00e1ltal haszn\u00e1lt \u00f6n\u00e1ll\u00f3 b\u0151v\u00edtm\u00e9nyek. Enn\u00e9lfogva T\u00e1rsas\u00e1gunk nem tudja befoly\u00e1solni az \u00e1ltaluk \u00f6sszegy\u0171jt\u00f6tt \u00e9s elt\u00e1rolt adatok k\u00f6r\u00e9t.<\/p>\n<p>Az adatok gy\u0171jt\u00e9s\u00e9nek, tov\u00e1bbi feldolgoz\u00e1s\u00e1nak \u00e9s felhaszn\u00e1l\u00e1s\u00e1nak c\u00e9lj\u00e1ra \u00e9s kiterjed\u00e9s\u00e9re, valamint a mag\u00e1n\u00e9let v\u00e9delm\u00e9hez val\u00f3 jogaira \u00e9s a szem\u00e9lyes adatok v\u00e9delm\u00e9t t\u00e1mogat\u00f3 be\u00e1ll\u00edt\u00e1si lehet\u0151s\u00e9gekre vonatkoz\u00f3 inform\u00e1ci\u00f3kat megtal\u00e1lja az adott k\u00f6z\u00f6ss\u00e9gi oldaladatv\u00e9delmi t\u00e1j\u00e9koztat\u00f3iban.<\/p>\n<p>Amennyiben nem szeretn\u00e9, hogy a k\u00f6z\u00f6ss\u00e9gi oldalakat \u00fczemeltet\u0151szolg\u00e1ltat\u00f3k adatokat kapjanak, valamint adott esetben elt\u00e1rolj\u00e1k \u00e9s felhaszn\u00e1lj\u00e1k az adatokat, akkor ne haszn\u00e1lja az adott be\u00e9p\u00fcl\u0151 modult.<\/p>\n<p><strong>Facebook be\u00e9p\u00fcl\u0151 modulok<\/strong><\/p>\n<p>A Facebook szolg\u00e1ltat\u00e1st a www.facebook.com c\u00edmen a Facebook Inc., 1601 S. California Ave, Palo Alto, CA 94304, USA, valamint a www.facebook.de c\u00edmen a Facebook Ireland Limited, Hanover Reach, 5-7 Hanover Quay, Dublin 2, \u00cdrorsz\u00e1g (\u201eFacebook\u201d) ny\u00fajtja. A Facebook be\u00e9p\u00fcl\u0151 moduljair\u00f3l \u00e9s azok megjelen\u00e9s\u00e9r\u0151l itt tal\u00e1l \u00e1ttekint\u00e9st:\u00a0<a href=\"https:\/\/developers.facebook.com\/docs\/plugins\">https:\/\/developers.facebook.com\/docs\/plugins<\/a>\u00a0; a Facebook adatv\u00e9delm\u00e9r\u0151l itt tal\u00e1l inform\u00e1ci\u00f3kat:\u00a0<a href=\"http:\/\/www.facebook.com\/policy.php\">http:\/\/www.facebook.com\/policy.php<\/a><\/p>\n<p><strong>Instagram be\u00e9p\u00fcl\u0151 modulok<\/strong><\/p>\n<p>Az Instagram szolg\u00e1ltat\u00e1st az Instagram LLC., 1601 Willow Road, Menlo Park, CA 94025, USA (\u201eInstagram\u201d) ny\u00fajtja. Az Instagram be\u00e9p\u00fcl\u0151 moduljair\u00f3l \u00e9s azok megjelen\u00e9s\u00e9r\u0151l itt tal\u00e1l \u00e1ttekint\u00e9st:\u00a0<a href=\"http:\/\/blog.instagram.com\/post\/36222022872\/introducing-instagram-badges\">http:\/\/blog.instagram.com\/post\/36222022872\/introducing-instagram-badges<\/a>\u00a0; az Instagram adatv\u00e9delm\u00e9r\u0151l itt tal\u00e1l inform\u00e1ci\u00f3kat:\u00a0<a href=\"https:\/\/help.instagram.com\/155833707900388\/\">https:\/\/help.instagram.com\/155833707900388\/<\/a><\/p>\n<p><strong>LinkedIn be\u00e9p\u00fcl\u0151 modulok<\/strong><\/p>\n<p>A LinkedIn szolt\u00e1ltat\u00e1st a LinkedIn Ireland Unlimited Company, Wilton Place, Dublin 2, Ireland (\u201cLinkedIn\u201d) ny\u00fajtja. A LinkedIn be\u00e9p\u00fcl\u0151 moduljair\u00f3l \u00e9s azok megjelen\u00e9s\u00e9r\u0151l itt tal\u00e1l \u00e1ttekint\u00e9st:\u00a0<a href=\"https:\/\/developer.linkedin.com\/plugins\">https:\/\/developer.linkedin.com\/plugins<\/a>\u00a0; a LinkedIn adatv\u00e9delm\u00e9r\u0151l itt tal\u00e1l inform\u00e1ci\u00f3kat:\u00a0<a href=\"https:\/\/developer.linkedin.com\/plugins\">https:\/\/www.linkedin.com\/legal\/privacy-policy<\/a><\/p>\n<p><strong>YouTube<\/strong><\/p>\n<p>T\u00e1rsas\u00e1gunk online aj\u00e1nlatainak oldalai a YouTube videoplatformot haszn\u00e1lja, amely szolg\u00e1ltat\u00e1st a YouTube, LLC, 901 Cherry Ave. San Bruno, CA 94066, USA (\u201eYouTube\u201d) ny\u00fajtja. A YouTube olyan platform, amely lehet\u0151v\u00e9 teszi hang- \u00e9s vide\u00f3f\u00e1jlok lej\u00e1tsz\u00e1s\u00e1t.<\/p>\n<p>Amikor \u00d6n az T\u00e1rsas\u00e1gunk online aj\u00e1nlatainak olyan oldalait haszn\u00e1lja, amely be\u00e1gyazott YouTube-lej\u00e1tsz\u00f3t tartalmaz, az kapcsolatot l\u00e9tes\u00edt a YouTube-bal a vide\u00f3- vagy audi\u00f3f\u00e1jl tov\u00e1bb\u00edt\u00e1sa \u00e9s lej\u00e1tsz\u00e1sa \u00e9rdek\u00e9ben. Ennek sor\u00e1n adatok ker\u00fclnek tov\u00e1bb\u00edt\u00e1sra a YouTube, mint adatkezel\u0151 fel\u00e9. Mi nem felel\u00fcnk az ilyen adatok YouTube \u00e1ltali kezel\u00e9s\u00e9\u00e9rt.<\/p>\n<p>Az \u00f6sszegy\u0171jt\u00f6tt adatok c\u00e9lj\u00e1ra \u00e9s k\u00f6r\u00e9re, az adatok YouTube \u00e1ltali kezel\u00e9s\u00e9re \u00e9s felhaszn\u00e1l\u00e1s\u00e1ra, tov\u00e1bb\u00e1 az \u00d6n jogaira \u00e9s a szem\u00e9lyes adatok v\u00e9delm\u00e9t t\u00e1mogat\u00f3 v\u00e1laszthat\u00f3 be\u00e1ll\u00edt\u00e1si lehet\u0151s\u00e9geire vonatkoz\u00f3 tov\u00e1bbi inform\u00e1ci\u00f3kat megtal\u00e1lja a YouTube adatv\u00e9delmi t\u00e1j\u00e9koztat\u00f3j\u00e1ban.<\/p>\n<p><strong>Kommunik\u00e1ci\u00f3s eszk\u00f6z\u00f6k a k\u00f6z\u00f6ss\u00e9gi m\u00e9dia oldalakon<\/strong><\/p>\n<p>T\u00e1rsas\u00e1gunk a k\u00f6z\u00f6ss\u00e9gi m\u00e9dia oldalain (Pl.: Facebook, Twitter) kommunik\u00e1ci\u00f3s eszk\u00f6z\u00f6ket haszn\u00e1l annak \u00e9rdek\u00e9ben, hogy az \u00d6n \u00e1ltal a k\u00f6z\u00f6ss\u00e9gi m\u00e9dia oldalakon kereszt\u00fcl k\u00fcld\u00f6tt \u00fczeneteit feldolgozza \u00e9s t\u00e1mogat\u00e1st ny\u00fajtson.<\/p>\n<p>Amikor \u00d6n \u00fczenetet k\u00fcld T\u00e1rsas\u00e1gunk k\u00f6z\u00f6ss\u00e9gi m\u00e9dia oldalain kereszt\u00fcl, akkor ezek az \u00fczenetek az\u00e9rt ker\u00fclnek feldolgoz\u00e1sra, hogy T\u00e1rsas\u00e1gunk \u00d6nnek \u00fczenet\u00e9vel kapcsolatban t\u00e1mogat\u00e1st ny\u00fajtson (amennyiben sz\u00fcks\u00e9ges az \u00d6n \u00fczenet\u00e9vel kapcsolatban tov\u00e1bbi adatokat is kezel\u00fcnk, amelyeket a k\u00f6z\u00f6ss\u00e9gi m\u00e9dia oldal szolg\u00e1ltat\u00f3ja tov\u00e1bb\u00edt T\u00e1rsas\u00e1gunk r\u00e9sz\u00e9re, p\u00e9ld\u00e1ul az \u00d6n neve vagy az \u00fczenetben k\u00fcld\u00f6tt f\u00e1jlok).<\/p>\n<p>Tov\u00e1bb\u00e1 ezeket az adatokat T\u00e1rsas\u00e1gunk \u00f6sszes\u00edtett \u00e9s anonimiz\u00e1lt form\u00e1ban elemezheti annak \u00e9rdek\u00e9ben, hogy T\u00e1rsas\u00e1gunk a k\u00f6z\u00f6ss\u00e9gi m\u00e9dia oldalainak m\u0171k\u00f6d\u00e9s\u00e9r\u0151l tov\u00e1bbi inform\u00e1ci\u00f3hoz jusson.<\/p>\n<p>T\u00e1rsas\u00e1gunk az \u00d6n adatait annak a KONTAKT-Elektro \/ KONTAKT-Engineering csoport azon egys\u00e9g\u00e9nek fogja tov\u00e1bb\u00edtani, amelyik az \u00d6n \u00fczenet\u00e9ben foglalt k\u00e9rd\u00e9s megv\u00e1laszol\u00e1s\u00e1\u00e9rt felel\u0151s (P\u00e9ld\u00e1ul abban az esetben, amikor az \u00d6n k\u00e9rd\u00e9se egy olyan term\u00e9kre vonatkozik, amelyet egy m\u00e1sik KONTAKT-Elektro \/ KONTAKT-Engineering csoporttag \u00e9rt\u00e9kes\u00edt). A jogalapja ennek az adatkezel\u00e9snek T\u00e1rsas\u00e1gunk jogos \u00e9rdeke (GDPR 6. Cikk (1) f)) vagy amennyiben alkalmazhat\u00f3, akkor az adatkezel\u00e9s jogalapja egy megl\u00e9v\u0151 szerz\u0151d\u00e9s teljes\u00edt\u00e9se (GDPR 6. Cikk (1) b)). A T\u00e1rsas\u00e1gunk \u00e1ltal kezelt szem\u00e9lyes adatok az \u00d6n \u00fczenet\u00e9nek k\u00e9zbes\u00edt\u00e9s\u00e9t k\u00f6vet\u0151en legk\u00e9s\u0151bb 180. napon t\u00f6r\u00f6lj\u00fck.<\/p>\n<p><strong>H\u00edrlev\u00e9l feliratkoz\u00e1ssal; Hozz\u00e1j\u00e1rul\u00e1s visszavon\u00e1s\u00e1ra vonatkoz\u00f3 jog<\/strong><\/p>\n<p>T\u00e1rsas\u00e1gunk Online aj\u00e1nlatainak keret\u00e9ben \u00d6n feliratkozhat k\u00fcl\u00f6nb\u00f6z\u0151 h\u00edrlevelekre. Ehhez az \u00fagynevezett double opt-in (feliratkoz\u00e1s meger\u0151s\u00edt\u00e9si) elj\u00e1r\u00e1st alkalmazzuk, ami azt jelenti, hogy T\u00e1rsas\u00e1gunk csak akkor k\u00fcld \u00d6nnek e-mail vagy mobil alkalmaz\u00e1s (mint pl. a WhatsApp), SMS vagy push \u00e9rtes\u00edt\u00e9s \u00fatj\u00e1n h\u00edrlevelet, miut\u00e1n egy \u00e9rtes\u00edt\u00e9sben tal\u00e1lhat\u00f3 linkre t\u00f6rt\u00e9n\u0151 kattint\u00e1ssal \u00d6n kifejezetten meger\u0151s\u00edtette T\u00e1rsas\u00e1gunk r\u00e9sz\u00e9re, hogy a h\u00edrlev\u00e9l-szolg\u00e1ltat\u00e1st ig\u00e9nybe k\u00edv\u00e1nja venni. Amennyiben \u00d6n nem k\u00edv\u00e1n a tov\u00e1bbiakban h\u00edrlevelet kapni, hozz\u00e1j\u00e1rul\u00e1s\u00e1nak visszavon\u00e1s\u00e1val a feliratkoz\u00e1st b\u00e1rmikor megsz\u00fcntetheti. Az e-mailben kapott h\u00edrlevelekhez adott hozz\u00e1j\u00e1rul\u00e1s\u00e1t a vonatkoz\u00f3 online aj\u00e1nlat e-mailj\u00e9ben megk\u00fcld\u00f6tt linkre t\u00f6rt\u00e9n\u0151 kattint\u00e1ssal vonhatja vissza vagy pedig a be\u00e1ll\u00edt\u00e1sok men\u00fcpontban. Egy\u00e9b esetben l\u00e9pjen T\u00e1rsas\u00e1gunkkal kapcsolatba a Kapcsolattart\u00e1s pontban megadott kapcsolattart\u00e1si el\u00e9rhet\u0151s\u00e9gek haszn\u00e1lat\u00e1val.<\/p>\n<p><strong>K\u00fcls\u0151 hivatkoz\u00e1sok<\/strong><\/p>\n<p>T\u00e1rsas\u00e1gunk online aj\u00e1nlatai tartalmazhatnak hozz\u00e1 nem kapcsol\u00f3d\u00f3, k\u00fcls\u0151 szolg\u00e1ltat\u00f3k \u00e1ltal \u00fczemeltetett internetes oldalakra mutat\u00f3 hivatkoz\u00e1sokat. A hivatkoz\u00e1sra t\u00f6rt\u00e9n\u0151 kattint\u00e1st k\u00f6vet\u0151en T\u00e1rsas\u00e1gunknak nincs hat\u00e1sa arra, hogy a hivatkoz\u00e1sra t\u00f6rt\u00e9n\u0151 kattint\u00e1s k\u00f6vetkezt\u00e9ben esetleg a k\u00fcls\u0151 f\u00e9lhez tov\u00e1bb\u00edtott szem\u00e9lyes adatok (pl. IP-c\u00edm vagy azon weboldal URL c\u00edme, amelyen a hivatkoz\u00e1s tal\u00e1lhat\u00f3) hogyan ker\u00fclnek gy\u0171jt\u00e9sre, kezel\u00e9sre \u00e9s felhaszn\u00e1l\u00e1sra, tekintettel arra, hogy a k\u00fcls\u0151 felek magatart\u00e1sa term\u00e9szetesen T\u00e1rsas\u00e1gunk ellen\u0151rz\u00e9si k\u00f6r\u00e9n k\u00edv\u00fcl esik. Ez\u00e9rt T\u00e1rsas\u00e1gunk nem v\u00e1llal felel\u0151ss\u00e9get az ilyen szem\u00e9lyes adatok k\u00fcls\u0151 f\u00e9l \u00e1ltali kezel\u00e9s\u00e9\u00e9rt.<\/p>\n<p><strong>Biztons\u00e1g<\/strong><\/p>\n<p>T\u00e1rsas\u00e1gunk munkav\u00e1llal\u00f3it \u00e9s a T\u00e1rsas\u00e1gunk nev\u00e9ben szolg\u00e1ltat\u00e1sokat ny\u00fajt\u00f3 v\u00e1llalkoz\u00e1sokat titoktart\u00e1si k\u00f6telezetts\u00e9g terheli, valamint k\u00f6telesek a vonatkoz\u00f3 adatv\u00e9delmi jogszab\u00e1lyoknak megfelelni.<\/p>\n<p>T\u00e1rsas\u00e1gunk minden sz\u00fcks\u00e9ges m\u0171szaki \u00e9s szervez\u00e9si int\u00e9zked\u00e9st megtesz a megfelel\u0151 szint\u0171 biztons\u00e1g biztos\u00edt\u00e1sa, valamint az \u00d6n T\u00e1rsas\u00e1gunk \u00e1ltal kezelt adatainak k\u00fcl\u00f6n\u00f6sen a k\u00f6vetkez\u0151 kock\u00e1zatok elleni v\u00e9delme \u00e9rdek\u00e9ben: nem sz\u00e1nd\u00e9kolt vagy jogellenes megsemmis\u00fcl\u00e9s\/megsemmis\u00edt\u00e9s, manipul\u00e1l\u00e1s, elveszt\u00e9s, megv\u00e1ltoztat\u00e1s, valamint illet\u00e9ktelen nyilv\u00e1noss\u00e1gra hozatal \u00e9s illet\u00e9ktelen hozz\u00e1f\u00e9r\u00e9s. T\u00e1rsas\u00e1gunk biztons\u00e1gi int\u00e9zked\u00e9seit a tudom\u00e1ny \u00e9s technika \u00e1ll\u00e1s\u00e1nak megfelel\u0151en folyamatosan jav\u00edtja.<\/p>\n<p><strong>Felhaszn\u00e1l\u00f3i jogok<\/strong><\/p>\n<p>Jogai \u00e9rv\u00e9nyes\u00edt\u00e9s\u00e9hez k\u00e9rj\u00fck, haszn\u00e1lja a Kapcsolattart\u00e1s pontban megadott el\u00e9rhet\u0151s\u00e9geket. Ennek sor\u00e1n k\u00e9rj\u00fck, biztos\u00edtsa, hogy szem\u00e9lye egy\u00e9rtelm\u0171en beazonos\u00edthat\u00f3 legyen.<\/p>\n<p><strong>A t\u00e1j\u00e9koztat\u00e1shoz \u00e9s hozz\u00e1f\u00e9r\u00e9shez val\u00f3 jog: <\/strong>\u00d6n jogosult arra, hogy meger\u0151s\u00edt\u00e9st k\u00e9rjen T\u00e1rsas\u00e1gunkt\u00f3l, hogy szem\u00e9lyes adatait kezelj\u00fck-e, \u00e9s ebben az esetben jogosult szem\u00e9lyes adataihoz hozz\u00e1f\u00e9rni.<\/p>\n<p><strong>Helyesb\u00edt\u00e9shez \u00e9s t\u00f6rl\u00e9shez val\u00f3 jog: <\/strong>\u00d6n jogosult az \u00d6nre vonatkoz\u00f3 pontatlan szem\u00e9lyes adatok helyesb\u00edt\u00e9s\u00e9t k\u00e9rni T\u00e1rsas\u00e1gunkt\u00f3l, illetve adatainak t\u00f6rl\u00e9s\u00e9t is k\u00e9rheti, amennyiben a sz\u00fcks\u00e9ges felt\u00e9telek fenn\u00e1llnak. Ez nem alkalmazand\u00f3 a sz\u00e1ml\u00e1z\u00e1shoz vagy elsz\u00e1mol\u00e1si c\u00e9lokb\u00f3l sz\u00fcks\u00e9ges adatokra, vagy olyan adatokra, amelyekre t\u00f6rv\u00e9ny \u00e1ltal el\u0151\u00edrt meg\u0151rz\u00e9si id\u0151szak vonatkozik. Azonban ha az ilyen adatok kezel\u00e9se nem sz\u00fcks\u00e9ges, akkor ez az adatkezel\u00e9s korl\u00e1tozhat\u00f3 (l\u00e1sd az al\u00e1bbiakat).<\/p>\n<p><strong>Az adatkezel\u00e9s korl\u00e1toz\u00e1s\u00e1hoz val\u00f3 jog: <\/strong>Amennyiben a sz\u00fcks\u00e9ges felt\u00e9telek fenn\u00e1llnak \u00d6n jogosult az adatkezel\u00e9s korl\u00e1toz\u00e1s\u00e1t k\u00e9rni.<\/p>\n<p><strong>Adathordozhat\u00f3s\u00e1g: <\/strong>Amennyiben a sz\u00fcks\u00e9ges felt\u00e9telek fenn\u00e1lnak, \u00d6n jogosult a T\u00e1rsas\u00e1gunknak szolg\u00e1ltatott adatokat struktur\u00e1lt, sz\u00e9les k\u00f6rben haszn\u00e1lt \u00e9s g\u00e9ppel olvashat\u00f3 form\u00e1tumban megkapni, vagy \u2013 ha az technikai szempontb\u00f3l megval\u00f3s\u00edthat\u00f3 \u2013 azt k\u00e9rni, hogy ezen adatokat T\u00e1rsas\u00e1gunk tov\u00e1bb\u00edtsa egy m\u00e1sik adatkezel\u0151nek.<\/p>\n<p><strong>Tiltakoz\u00e1s direkt marketinggel szemben: <\/strong>Tov\u00e1bb\u00e1 \u00d6n b\u00e1rmikor tiltakozhat szem\u00e9lyes adatainak direkt marketing c\u00e9lb\u00f3l t\u00f6rt\u00e9n\u0151 kezel\u00e9se ellen. K\u00e9rj\u00fck, vegye figyelembe, hogy szervez\u00e9si okokb\u00f3l \u00e1tfed\u00e9s lehet az \u00d6n tiltakoz\u00e1sa \u00e9s adatainak egy m\u00e1r folyamatban l\u00e9v\u0151 hirdet\u00e9si kamp\u00e1ny k\u00f6r\u00e9ben t\u00f6rt\u00e9n\u0151 felhaszn\u00e1l\u00e1sa k\u00f6z\u00f6tt.<\/p>\n<p><strong>Tiltakoz\u00e1s a jogos \u00e9rdek jogalapon alapul\u00f3 adatkezel\u00e9s ellen: <\/strong>Tov\u00e1bb\u00e1 \u00d6n jogosult b\u00e1rmikor tiltakozni szem\u00e9lyes adatainak kezel\u00e9se ellen, amikor az adatkezel\u00e9s jogos \u00e9rdeken alapul. Ebben az esetben T\u00e1rsas\u00e1gunk nem kezeli tov\u00e1bb az \u00d6n adatait, hacsak T\u00e1rsas\u00e1gunk nem bizony\u00edtja, hogy az adatkezel\u00e9s olyan k\u00e9nyszer\u00edt\u0151 erej\u0171 jogos okok indokolj\u00e1k, amelyek els\u0151bbs\u00e9get \u00e9lveznek az \u00d6n \u00e9rdekeivel, jogaival \u00e9s szabads\u00e1gaival szemben.<\/p>\n<p><strong>Hozz\u00e1j\u00e1rul\u00e1s visszavon\u00e1sa: <\/strong>Amennyiben \u00d6n hozz\u00e1j\u00e1rult adatai kezel\u00e9s\u00e9hez, jogosult b\u00e1rmikor visszavonni a hozz\u00e1j\u00e1rul\u00e1s\u00e1t a j\u00f6v\u0151re tekintettel. Ez nem \u00e9rinti a visszavon\u00e1st megel\u0151z\u0151 adatkezel\u00e9s jogszer\u0171s\u00e9g\u00e9t.<\/p>\n<p><strong>Fel\u00fcgyel\u0151 hat\u00f3s\u00e1gn\u00e1l t\u00f6rt\u00e9n\u0151 panaszt\u00e9tel joga: <\/strong>\u00d6n jogosult panaszt tenni a fel\u00fcgyeletet ell\u00e1t\u00f3 hat\u00f3s\u00e1gn\u00e1l. Fellebbez\u00e9s\u00e9vel a lak\u00f3helye vagy \u00e1llama tekintet\u00e9ben illet\u00e9kes, illetve T\u00e1rsas\u00e1gunk vonatkoz\u00e1s\u00e1ban illet\u00e9kes fel\u00fcgyeleti hat\u00f3s\u00e1ghoz fordulhat. Ez a hat\u00f3s\u00e1g a k\u00f6vetkez\u0151:<\/p>\n<p><em>Nemzeti Adatv\u00e9delmi \u00e9s Inform\u00e1ci\u00f3szabads\u00e1g Hat\u00f3s\u00e1g<\/em><\/p>\n<p><em>C\u00edm: H-1125 Budapest, Szil\u00e1gyi Erzs\u00e9bet fasor 22\/c<\/em><\/p>\n<p><em>Tel.: +36\u20091\u2009391-1400<\/em><\/p>\n<p><em>Fax: +36\u20091\u2009391-1410<\/em><\/p>\n<p><em>E-mail:\u00a0<\/em><a href=\"mailto:ugyfelszolgalat@naih.hu\"><em>ugyfelszolgalat@naih.hu<\/em><\/a><\/p>\n<p><a href=\"http:\/\/www.naih.hu\/\"><em>http:\/\/www.naih.hu<\/em><\/a><\/p>\n<p><strong>Az Adatv\u00e9delmi t\u00e1j\u00e9koztat\u00f3 m\u00f3dos\u00edt\u00e1sa<\/strong><\/p>\n<p>T\u00e1rsas\u00e1gunk fenntartja a jogot biztons\u00e1gi \u00e9s adatv\u00e9delmi int\u00e9zked\u00e9seinek megv\u00e1ltoztat\u00e1s\u00e1ra. Az ilyen esetekben T\u00e1rsas\u00e1gunk megfelel\u0151en m\u00f3dos\u00edtja az adatv\u00e9delmi t\u00e1j\u00e9koztat\u00f3j\u00e1t. Ez\u00e9rt k\u00e9rj\u00fck, hogy figyelje T\u00e1rsas\u00e1gunk adatv\u00e9delmi t\u00e1j\u00e9koztat\u00f3j\u00e1nak aktu\u00e1lis verzi\u00f3j\u00e1t, mert a t\u00e1j\u00e9koztat\u00f3 m\u00f3dosulhat.<\/p>\n<p><strong>Kapcsolattart\u00f3<\/strong><\/p>\n<p>Amennyiben kapcsolatba k\u00edv\u00e1n l\u00e9pni T\u00e1rsas\u00e1gunkkal, k\u00e9rj\u00fck, azt az \u201eAdatkezel\u0151\u201d pontban megadott el\u00e9rhet\u0151s\u00e9gek egyik\u00e9n tegye.<\/p>\n<p>Szem\u00e9lyes adatainak kezel\u00e9s\u00e9re vonatkoz\u00f3 javaslatai vagy panaszai megt\u00e9tel\u00e9hez javasoljuk, hogy l\u00e9pjen kapcsolatba T\u00e1rsas\u00e1gunk \u00fcgyvezet\u00e9s\u00e9vel:<\/p>\n<p><em>\u00dcgyvezet\u00e9s<\/em><\/p>\n<p><em>t\u00e1rgy: adatv\u00e9delem<\/em><\/p>\n<p><em>KONTAKT-Elektro Kft.<\/em><\/p>\n<p><em>H-7607 P\u00e9cs, Pf.120<\/em><\/p>\n<p>vagy<\/p>\n<p><a href=\"mailto:kontakt@kontakt-elektro.hu\"><em>kontakt@kontakt-elektro.hu<\/em><\/a><\/p>\n<p><strong>Hat\u00e1lybal\u00e9p\u00e9s napja: 2020.11.05.<\/strong>[\/vc_column_text][\/vc_column][\/vc_row]<\/p>\n<\/div>","protected":false},"excerpt":{"rendered":"<p>[vc_row][vc_column width=&#8221;1\/1&#8243;][vc_column_text]\u00a0A KONTAKT-Elektro Kft. (a tov\u00e1bbiakban \u201eKONTAKT-Elektro\u201d vagy \u201eT\u00e1rsas\u00e1gunk\u201d) \u00f6r\u00f6mmel vette internet oldalainkon (a tov\u00e1bbiakban \u201eonline aj\u00e1nlatok\u201d n\u00e9ven is) tett [&hellip;]<\/p>\n","protected":false},"author":2,"featured_media":0,"parent":0,"menu_order":0,"comment_status":"closed","ping_status":"closed","template":"","meta":{"_acf_changed":false,"footnotes":""},"class_list":["post-82941","page","type-page","status-publish","hentry"],"acf":[],"yoast_head":"<!-- This site is optimized with the Yoast SEO plugin v27.5 - https:\/\/yoast.com\/product\/yoast-seo-wordpress\/ -->\n<title>Adatv\u00e9delmi nyilatkozat - Kontakt Elektro<\/title>\n<meta name=\"robots\" content=\"index, follow, max-snippet:-1, max-image-preview:large, max-video-preview:-1\" \/>\n<link rel=\"canonical\" href=\"https:\/\/www.kontakt-elektro.hu\/adatvedelmi-nyilatkozat\/\" \/>\n<meta property=\"og:locale\" content=\"hu_HU\" \/>\n<meta property=\"og:type\" content=\"article\" \/>\n<meta property=\"og:title\" content=\"Adatv\u00e9delmi nyilatkozat - Kontakt Elektro\" \/>\n<meta property=\"og:description\" content=\"[vc_row][vc_column width=&#8221;1\/1&#8243;][vc_column_text]\u00a0A KONTAKT-Elektro Kft. (a tov\u00e1bbiakban \u201eKONTAKT-Elektro\u201d vagy \u201eT\u00e1rsas\u00e1gunk\u201d) \u00f6r\u00f6mmel vette internet oldalainkon (a tov\u00e1bbiakban \u201eonline aj\u00e1nlatok\u201d n\u00e9ven is) tett [&hellip;]\" \/>\n<meta property=\"og:url\" content=\"https:\/\/www.kontakt-elektro.hu\/adatvedelmi-nyilatkozat\/\" \/>\n<meta property=\"og:site_name\" content=\"Kontakt Elektro\" \/>\n<meta property=\"article:publisher\" content=\"https:\/\/www.facebook.com\/KONTAKT.Elektro.Kft\/\" \/>\n<meta property=\"article:modified_time\" content=\"2021-06-01T11:12:14+00:00\" \/>\n<meta property=\"og:image\" content=\"https:\/\/www.kontakt-elektro.hu\/wp-content\/uploads\/2021\/05\/Kontakt-Elektro.jpg\" \/>\n\t<meta property=\"og:image:width\" content=\"1200\" \/>\n\t<meta property=\"og:image:height\" content=\"630\" \/>\n\t<meta property=\"og:image:type\" content=\"image\/jpeg\" \/>\n<meta name=\"twitter:card\" content=\"summary_large_image\" \/>\n<meta name=\"twitter:label1\" content=\"Becs\u00fclt olvas\u00e1si id\u0151\" \/>\n\t<meta name=\"twitter:data1\" content=\"30 perc\" \/>\n<script type=\"application\/ld+json\" class=\"yoast-schema-graph\">{\"@context\":\"https:\\\/\\\/schema.org\",\"@graph\":[{\"@type\":\"WebPage\",\"@id\":\"https:\\\/\\\/www.kontakt-elektro.hu\\\/adatvedelmi-nyilatkozat\\\/\",\"url\":\"https:\\\/\\\/www.kontakt-elektro.hu\\\/adatvedelmi-nyilatkozat\\\/\",\"name\":\"Adatv\u00e9delmi nyilatkozat - Kontakt Elektro\",\"isPartOf\":{\"@id\":\"https:\\\/\\\/www.kontakt-elektro.hu\\\/#website\"},\"datePublished\":\"2020-08-13T13:15:40+00:00\",\"dateModified\":\"2021-06-01T11:12:14+00:00\",\"breadcrumb\":{\"@id\":\"https:\\\/\\\/www.kontakt-elektro.hu\\\/adatvedelmi-nyilatkozat\\\/#breadcrumb\"},\"inLanguage\":\"hu\",\"potentialAction\":[{\"@type\":\"ReadAction\",\"target\":[\"https:\\\/\\\/www.kontakt-elektro.hu\\\/adatvedelmi-nyilatkozat\\\/\"]}]},{\"@type\":\"BreadcrumbList\",\"@id\":\"https:\\\/\\\/www.kontakt-elektro.hu\\\/adatvedelmi-nyilatkozat\\\/#breadcrumb\",\"itemListElement\":[{\"@type\":\"ListItem\",\"position\":1,\"name\":\"kezd\u0151lap\",\"item\":\"https:\\\/\\\/www.kontakt-elektro.hu\\\/\"},{\"@type\":\"ListItem\",\"position\":2,\"name\":\"Adatv\u00e9delmi nyilatkozat\"}]},{\"@type\":\"WebSite\",\"@id\":\"https:\\\/\\\/www.kontakt-elektro.hu\\\/#website\",\"url\":\"https:\\\/\\\/www.kontakt-elektro.hu\\\/\",\"name\":\"Kontakt Elektro\",\"description\":\"\",\"publisher\":{\"@id\":\"https:\\\/\\\/www.kontakt-elektro.hu\\\/#organization\"},\"potentialAction\":[{\"@type\":\"SearchAction\",\"target\":{\"@type\":\"EntryPoint\",\"urlTemplate\":\"https:\\\/\\\/www.kontakt-elektro.hu\\\/?s={search_term_string}\"},\"query-input\":{\"@type\":\"PropertyValueSpecification\",\"valueRequired\":true,\"valueName\":\"search_term_string\"}}],\"inLanguage\":\"hu\"},{\"@type\":\"Organization\",\"@id\":\"https:\\\/\\\/www.kontakt-elektro.hu\\\/#organization\",\"name\":\"Kontakt Elektro\",\"url\":\"https:\\\/\\\/www.kontakt-elektro.hu\\\/\",\"logo\":{\"@type\":\"ImageObject\",\"inLanguage\":\"hu\",\"@id\":\"https:\\\/\\\/www.kontakt-elektro.hu\\\/#\\\/schema\\\/logo\\\/image\\\/\",\"url\":\"https:\\\/\\\/www.kontakt-elektro.hu\\\/wp-content\\\/uploads\\\/2021\\\/05\\\/Kontakt-Elektro.jpg\",\"contentUrl\":\"https:\\\/\\\/www.kontakt-elektro.hu\\\/wp-content\\\/uploads\\\/2021\\\/05\\\/Kontakt-Elektro.jpg\",\"width\":1200,\"height\":630,\"caption\":\"Kontakt Elektro\"},\"image\":{\"@id\":\"https:\\\/\\\/www.kontakt-elektro.hu\\\/#\\\/schema\\\/logo\\\/image\\\/\"},\"sameAs\":[\"https:\\\/\\\/www.facebook.com\\\/KONTAKT.Elektro.Kft\\\/\",\"https:\\\/\\\/www.linkedin.com\\\/company\\\/kontakt-elektro-ltd.\"]}]}<\/script>\n<!-- \/ Yoast SEO plugin. -->","yoast_head_json":{"title":"Adatv\u00e9delmi nyilatkozat - Kontakt Elektro","robots":{"index":"index","follow":"follow","max-snippet":"max-snippet:-1","max-image-preview":"max-image-preview:large","max-video-preview":"max-video-preview:-1"},"canonical":"https:\/\/www.kontakt-elektro.hu\/adatvedelmi-nyilatkozat\/","og_locale":"hu_HU","og_type":"article","og_title":"Adatv\u00e9delmi nyilatkozat - Kontakt Elektro","og_description":"[vc_row][vc_column width=&#8221;1\/1&#8243;][vc_column_text]\u00a0A KONTAKT-Elektro Kft. (a tov\u00e1bbiakban \u201eKONTAKT-Elektro\u201d vagy \u201eT\u00e1rsas\u00e1gunk\u201d) \u00f6r\u00f6mmel vette internet oldalainkon (a tov\u00e1bbiakban \u201eonline aj\u00e1nlatok\u201d n\u00e9ven is) tett [&hellip;]","og_url":"https:\/\/www.kontakt-elektro.hu\/adatvedelmi-nyilatkozat\/","og_site_name":"Kontakt Elektro","article_publisher":"https:\/\/www.facebook.com\/KONTAKT.Elektro.Kft\/","article_modified_time":"2021-06-01T11:12:14+00:00","og_image":[{"width":1200,"height":630,"url":"https:\/\/www.kontakt-elektro.hu\/wp-content\/uploads\/2021\/05\/Kontakt-Elektro.jpg","type":"image\/jpeg"}],"twitter_card":"summary_large_image","twitter_misc":{"Becs\u00fclt olvas\u00e1si id\u0151":"30 perc"},"schema":{"@context":"https:\/\/schema.org","@graph":[{"@type":"WebPage","@id":"https:\/\/www.kontakt-elektro.hu\/adatvedelmi-nyilatkozat\/","url":"https:\/\/www.kontakt-elektro.hu\/adatvedelmi-nyilatkozat\/","name":"Adatv\u00e9delmi nyilatkozat - Kontakt Elektro","isPartOf":{"@id":"https:\/\/www.kontakt-elektro.hu\/#website"},"datePublished":"2020-08-13T13:15:40+00:00","dateModified":"2021-06-01T11:12:14+00:00","breadcrumb":{"@id":"https:\/\/www.kontakt-elektro.hu\/adatvedelmi-nyilatkozat\/#breadcrumb"},"inLanguage":"hu","potentialAction":[{"@type":"ReadAction","target":["https:\/\/www.kontakt-elektro.hu\/adatvedelmi-nyilatkozat\/"]}]},{"@type":"BreadcrumbList","@id":"https:\/\/www.kontakt-elektro.hu\/adatvedelmi-nyilatkozat\/#breadcrumb","itemListElement":[{"@type":"ListItem","position":1,"name":"kezd\u0151lap","item":"https:\/\/www.kontakt-elektro.hu\/"},{"@type":"ListItem","position":2,"name":"Adatv\u00e9delmi nyilatkozat"}]},{"@type":"WebSite","@id":"https:\/\/www.kontakt-elektro.hu\/#website","url":"https:\/\/www.kontakt-elektro.hu\/","name":"Kontakt Elektro","description":"","publisher":{"@id":"https:\/\/www.kontakt-elektro.hu\/#organization"},"potentialAction":[{"@type":"SearchAction","target":{"@type":"EntryPoint","urlTemplate":"https:\/\/www.kontakt-elektro.hu\/?s={search_term_string}"},"query-input":{"@type":"PropertyValueSpecification","valueRequired":true,"valueName":"search_term_string"}}],"inLanguage":"hu"},{"@type":"Organization","@id":"https:\/\/www.kontakt-elektro.hu\/#organization","name":"Kontakt Elektro","url":"https:\/\/www.kontakt-elektro.hu\/","logo":{"@type":"ImageObject","inLanguage":"hu","@id":"https:\/\/www.kontakt-elektro.hu\/#\/schema\/logo\/image\/","url":"https:\/\/www.kontakt-elektro.hu\/wp-content\/uploads\/2021\/05\/Kontakt-Elektro.jpg","contentUrl":"https:\/\/www.kontakt-elektro.hu\/wp-content\/uploads\/2021\/05\/Kontakt-Elektro.jpg","width":1200,"height":630,"caption":"Kontakt Elektro"},"image":{"@id":"https:\/\/www.kontakt-elektro.hu\/#\/schema\/logo\/image\/"},"sameAs":["https:\/\/www.facebook.com\/KONTAKT.Elektro.Kft\/","https:\/\/www.linkedin.com\/company\/kontakt-elektro-ltd."]}]}},"_links":{"self":[{"href":"https:\/\/www.kontakt-elektro.hu\/hu\/wp-json\/wp\/v2\/pages\/82941","targetHints":{"allow":["GET"]}}],"collection":[{"href":"https:\/\/www.kontakt-elektro.hu\/hu\/wp-json\/wp\/v2\/pages"}],"about":[{"href":"https:\/\/www.kontakt-elektro.hu\/hu\/wp-json\/wp\/v2\/types\/page"}],"author":[{"embeddable":true,"href":"https:\/\/www.kontakt-elektro.hu\/hu\/wp-json\/wp\/v2\/users\/2"}],"replies":[{"embeddable":true,"href":"https:\/\/www.kontakt-elektro.hu\/hu\/wp-json\/wp\/v2\/comments?post=82941"}],"version-history":[{"count":0,"href":"https:\/\/www.kontakt-elektro.hu\/hu\/wp-json\/wp\/v2\/pages\/82941\/revisions"}],"wp:attachment":[{"href":"https:\/\/www.kontakt-elektro.hu\/hu\/wp-json\/wp\/v2\/media?parent=82941"}],"curies":[{"name":"wp","href":"https:\/\/api.w.org\/{rel}","templated":true}]}}