{"id":82825,"date":"2020-08-03T14:28:08","date_gmt":"2020-08-03T12:28:08","guid":{"rendered":"http:\/\/www.kontakt-elektro.hu\/?page_id=82825"},"modified":"2021-05-18T08:56:18","modified_gmt":"2021-05-18T06:56:18","slug":"hidrogen-energetika","status":"publish","type":"page","link":"https:\/\/www.kontakt-elektro.hu\/hu\/tuzeloanyag-cellak\/hidrogen-energetika\/","title":{"rendered":"Hidrog\u00e9n energetika"},"content":{"rendered":"<div class=\"wpb-content-wrapper\"><p>[vc_row][vc_column column_width_percent=&#8221;100&#8243; gutter_size=&#8221;2&#8243; overlay_alpha=&#8221;50&#8243; shift_x=&#8221;0&#8243; shift_y=&#8221;0&#8243; shift_y_down=&#8221;0&#8243; z_index=&#8221;0&#8243; medium_width=&#8221;0&#8243; mobile_width=&#8221;0&#8243; width=&#8221;1\/1&#8243;][vc_column_text]A glob\u00e1lis primer energiaig\u00e9ny t\u00f6bb mint 80 sz\u00e1zal\u00e9k\u00e1t a fosszilis energiaforr\u00e1sok adj\u00e1k, melyek mellett a nukle\u00e1ris energia, illetve a meg\u00fajul\u00f3 energiaforr\u00e1sok r\u00e9szesed\u00e9se eleny\u00e9sz\u0151nek hat. A felhaszn\u00e1l\u00e1s n\u00f6veked\u00e9se a j\u00f6v\u0151ben tov\u00e1bb folytat\u00f3dik, ez\u00e9rt m\u00e9rt\u00e9kad\u00f3nak tekinthet\u0151 progn\u00f3zisok szerint a fosszilis energiahordoz\u00f3k magas ar\u00e1nya m\u00e1r nem tarthat\u00f3 fenn biztons\u00e1ggal hossz\u00fa t\u00e1von, esetleg m\u00e1r k\u00f6z\u00e9pt\u00e1von sem.<\/p>\n<p>A fosszilis energiahordoz\u00f3khoz kapcsol\u00f3d\u00f3 limit\u00e1ci\u00f3k, kock\u00e1zatok napjainkra t\u00f6bb oldalr\u00f3l is jelentkeznek, \u00e9s k\u00fcl\u00f6n-k\u00fcl\u00f6n is sz\u00e1mottev\u0151 a hat\u00e1suk. Ezek k\u00f6z\u00fcl tal\u00e1n a legismertebbek a forr\u00e1soldali limit\u00e1ci\u00f3k, amelyek a k\u00e9szletek nyilv\u00e1nval\u00f3an v\u00e9ges jelleg\u00e9re utalnak, \u00e9s amelyeket kicsit r\u00e9szletesebben az olajtet\u0151z\u00e9s elm\u00e9let\u00e9vel foglalkoz\u00f3 fejezetben mutatunk be. Az ut\u00f3bbi \u00e9vekben a forr\u00e1soldali limit\u00e1ci\u00f3kkal k\u00f6zel azonos s\u00faly\u00fa szempontt\u00e1 emelkedtek a nyel\u0151oldali limit\u00e1ci\u00f3k. A fosszilis energiahordoz\u00f3k felhaszn\u00e1l\u00e1s\u00e1val (leggyakrabban: el\u00e9get\u00e9s\u00e9vel) l\u00e9gszennyez\u0151 anyagokat bocs\u00e1tanak ki, legink\u00e1bb jelent\u0151s mennyis\u00e9gben az \u00fcvegh\u00e1zhat\u00e1s\u00fa sz\u00e9n-dioxidot, amelyet a F\u00f6ld atmoszf\u00e9r\u00e1ja, pontosabban teljes \u00f6kosziszt\u00e9m\u00e1ja (amely jelen esetben \u00e9rtelmezhet\u0151 \u201enyel\u0151k\u00e9nt\u201d is) m\u00e1r nem tud olyan \u00fctemben asszimil\u00e1lni, mint amilyen \u00fctemben azok kibocs\u00e1t\u00e1sra ker\u00fclnek. Ennek egyik mark\u00e1ns jele, hogy mind\u00f6ssze hozz\u00e1vet\u0151legesen k\u00e9t-h\u00e1romsz\u00e1z \u00e9v alatt, nagy val\u00f3sz\u00edn\u0171s\u00e9ggel az emberi tev\u00e9kenys\u00e9gek k\u00f6vetkezt\u00e9ben kb. 30%-kal megn\u0151tt a l\u00e9gk\u00f6r sz\u00e9n-dioxid-koncentr\u00e1ci\u00f3ja, amelynek a k\u00f6vetkezm\u00e9nye a \u2013 nem minden r\u00e9szlet\u00e9ben ismert, de \u2013 nagy kih\u00edv\u00e1st jelent\u0151 glob\u00e1lis kl\u00edmav\u00e1ltoz\u00e1s.<\/p>\n<p>A fosszilis energiahordoz\u00f3k felhaszn\u00e1l\u00e1s\u00e1t tekintve tov\u00e1bbi negat\u00edv tendenci\u00e1t jelent az eg\u00e9sz EU \u00e9s k\u00fcl\u00f6n\u00f6sen Magyarorsz\u00e1g sz\u00e1m\u00e1ra, hogy jelent\u0151s m\u00e9rt\u00e9kben k\u00fcls\u0151 importra szorulunk ezen energiahordoz\u00f3k vonatkoz\u00e1s\u00e1ban. Magyarorsz\u00e1gon a termel\u00e9s \u00e9s a behozatal ar\u00e1nya a 2000. \u00e9vi 42\u201358%-r\u00f3l 2010-ig 38\u201362%-ra v\u00e1ltozott, energiaf\u00fcgg\u0151s\u00e9g\u00fcnk teh\u00e1t er\u0151s\u00f6d\u00f6tt az ut\u00f3bbi \u00e9vtizedben, \u00e9s tov\u00e1bbra is magasabb az uni\u00f3s \u00e1tlagn\u00e1l.<\/p>\n<p>Az import\u00e1lt energiahordoz\u00f3k kilenctized\u00e9t a f\u00f6ldg\u00e1z, a k\u0151olaj \u00e9s annak k\u00fcl\u00f6nb\u00f6z\u0151 sz\u00e1rmaz\u00e9kai tett\u00e9k ki. Egy el\u00f6reged\u0151 t\u00e1rsadalomban, mint amilyen a magyarorsz\u00e1gi is, ez a j\u00f6vedelemki\u00e1raml\u00e1s (az import energiahordoz\u00f3k\u00e9rt kifizetett j\u00f6vedelem) komoly probl\u00e9m\u00e1t jelent. Haz\u00e1nk eset\u00e9ben ez igen jelent\u0151s m\u00e9rt\u00e9k\u0171: a vil\u00e1gpiaci \u00e1rak f\u00fcggv\u00e9ny\u00e9ben Magyarorsz\u00e1g teljes vil\u00e1gpiaci exportbev\u00e9tel\u00e9nek ak\u00e1r 14 sz\u00e1zal\u00e9k\u00e1t is elk\u00f6ltheti energiaimportra, r\u00e1ad\u00e1sul \u2013 ahogy fentebb l\u00e1thattuk \u2013 az energiaf\u00fcgg\u0151s\u00e9g tendenci\u00e1j\u00e1ban n\u00f6vekv\u0151.<\/p>\n<p>A villamos energia, mint szekunder energiahordoz\u00f3 szerepe egyre fontosabb\u00e1 v\u00e1lt a fejlett orsz\u00e1gok gazdas\u00e1gaiban, de e tendencia m\u00e1r a fejl\u0151d\u0151 orsz\u00e1gokban is megfigyelhet\u0151. Ennek oka, hogy a villamos energi\u00e1t a leg\u00e9rt\u00e9kesebb energiafajt\u00e1nak tartj\u00e1k, mivel k\u00e9nyelmesen \u00e9s igen sokf\u00e9le c\u00e9lra felhaszn\u00e1lhat\u00f3, a felhaszn\u00e1l\u00e1s hely\u00e9n m\u00e1r nem szennyez (viszont termel\u0151i oldalon jelent\u0151s k\u00f6rnyezetterhel\u00e9ssel \u00e1ll\u00edtjuk el\u0151!), a felhaszn\u00e1l\u00e1s hely\u00e9n j\u00f3 hat\u00e1sfokkal \u00e1talak\u00edthat\u00f3 azon energiaform\u00e1v\u00e1, amelyre \u00e9ppen sz\u00fcks\u00e9g\u00fcnk van, \u00e9s viszonylag k\u00f6nnyen sz\u00e1ll\u00edthat\u00f3. A statisztikai adatok azt mutatj\u00e1k, hogy a teljes energiafelhaszn\u00e1l\u00e1son bel\u00fcl felhaszn\u00e1lt villamos energia r\u00e9szar\u00e1nya n\u00f6vekv\u0151 tendenci\u00e1t mutat, mind Magyarorsz\u00e1gon, mind nemzetk\u00f6zi szinten.<\/p>\n<p>Az \u00e1ltal\u00e1nos j\u00f6v\u0151beni tendenci\u00e1kat mutatja a 1. \u00e1bra, mely szerint a XXI. sz\u00e1zad els\u0151 \u00e9vtized\u00e9ig jellemz\u0151 \u2013 a jelenlegi \u2013 \u201efuel to electricity\u201d koncepci\u00f3 (melynek keret\u00e9ben fosszilis energiahordoz\u00f3kb\u00f3l villamos energi\u00e1t \u00e1ll\u00edtunk el\u0151), majd \u00e1tmeneti id\u0151szak k\u00f6vetkezik, \u00e9s fokozatosan \u00e1thelyez\u0151dik a hangs\u00faly az \u201eelectricity to fuel\u201d rendszerekre. Ut\u00f3bbi eset\u00e9ben egyre jelent\u0151sebb ar\u00e1nyban t\u00f6rt\u00e9nik k\u00f6zvetlen\u00fcl villamosenergia-termel\u00e9s, \u00e9s p\u00e9ld\u00e1ul a k\u00f6zleked\u00e9si szektoron bel\u00fcl a villamos energi\u00e1t, vagy k\u00f6zvetlen\u00fcl haszn\u00e1ljuk fel k\u00f6zleked\u00e9si c\u00e9lokra (akkumul\u00e1toros megold\u00e1sok), vagy \u2013 az akkumul\u00e1toros technol\u00f3gia probl\u00e9m\u00e1i, hi\u00e1nyoss\u00e1gai miatt \u2013 k\u00f6ztes energiahordoz\u00f3n, pl. a hidrog\u00e9nen kereszt\u00fcl, erre utal az \u201eelectricity to fuel\u201d kifejez\u00e9s.[\/vc_column_text][vc_single_image media=&#8221;84432&#8243; media_width_percent=&#8221;34&#8243; alignment=&#8221;center&#8221; advanced=&#8221;yes&#8221; media_items=&#8221;media|original,description&#8221; media_text=&#8221;under&#8221; media_overlay_opacity=&#8221;50&#8243; media_overlay_anim=&#8221;no&#8221; media_image_anim=&#8221;no&#8221; media_h_align=&#8221;center&#8221; media_padding=&#8221;0&#8243; media_title_dimension=&#8221;&#8221;][vc_column_text](Megjegyz\u00e9s: az el\u0151z\u0151, 2008-as grafikonon 2010 \u00e9s 2020 k\u00f6z\u00f6ttre j\u00f3solt tet\u0151z\u00e9se a fosszilis \u00e9s nukle\u00e1ris t\u00fczel\u0151anyagoknak sajnos nem val\u00f3sult meg, a mai el\u0151rejelz\u00e9sek ezt az id\u0151pontot 2020 \u00e9s 2030 k\u00f6z\u00e9 teszik \u2013 ld. 2. \u00e1bra.)[\/vc_column_text][vc_single_image media=&#8221;84435&#8243; media_width_percent=&#8221;57&#8243; alignment=&#8221;center&#8221; shape=&#8221;img-round&#8221; radius=&#8221;std&#8221; advanced=&#8221;yes&#8221; media_items=&#8221;media|original,description&#8221; media_text=&#8221;under&#8221; media_overlay_opacity=&#8221;50&#8243; media_overlay_anim=&#8221;no&#8221; media_image_anim=&#8221;no&#8221; media_h_align=&#8221;center&#8221; media_h_position=&#8221;center&#8221; media_padding=&#8221;0&#8243; media_title_dimension=&#8221;&#8221;][vc_column_text]Egy ilyen j\u00f6v\u0151beni, a villamos energia \u201edomin\u00e1lta\u201d energetikai rendszerben a hidrog\u00e9nnek, mint k\u00f6ztes energiat\u00e1rol\u00f3 m\u00e9diumnak, illetve energiahordoz\u00f3nak lehet nagyon fontos szerepe, mert az \u00fagynevezett t\u00fczel\u0151anyag-cell\u00e1s technol\u00f3gi\u00e1k seg\u00edts\u00e9g\u00e9vel a hidrog\u00e9n igen j\u00f3 hat\u00e1sfokkal villamos energi\u00e1v\u00e1 alak\u00edthat\u00f3. N\u00e9mi t\u00falz\u00e1ssal, de szeml\u00e9letes megfogalmaz\u00e1sban a hidrog\u00e9n \u00e9s villamos energia \u201eszinonim fogalmakk\u00e1\u201d v\u00e1lhatnak. A villamos energia egy speci\u00e1lis term\u00e9k a tekintetben is, hogy nem lehet t\u00e1rolni \u2013 ipari m\u00e9retekben \u2013, emiatt egy villamos energia domin\u00e1lta energetikai rendszerben a szab\u00e1lyoz\u00e1s (a villamosenergia-termel\u00e9s \u00e9s -fogyaszt\u00e1s pillanatnyi egyens\u00falya fenntart\u00e1s\u00e1nak) k\u00e9rd\u00e9se m\u00e9g ink\u00e1bb fontoss\u00e1 v\u00e1lik, \u00edgy a hidrog\u00e9n a VER (Villamos Energia Rendszer) szab\u00e1lyoz\u00e1si feladataiban is szerepet j\u00e1tszhat a j\u00f6v\u0151ben.<\/p>\n<p>&nbsp;<\/p>\n<p>A hidrog\u00e9n a legegyszer\u0171bb k\u00e9miai elem, a peri\u00f3dusos rendszer els\u0151 eleme (vegyjele: H). Henry Cavendish fedezte fel k\u00f6zel 250 \u00e9ve. \u201eV\u00edzk\u00e9pz\u0151t\u201d jelent\u0151 nev\u00e9t Antoine Lavoisier alkotta sz\u00f3k\u00e9pz\u00e9ssel a g\u00f6r\u00f6g h\u00fcd\u00f3r (\u03b0\u03b4\u03c9\u03c1 = \u2019v\u00edz\u2019) + genn\u00f3 (\u03b3\u03b5\u03bd\u03bd\u03ce = \u2019nemzeni\u2019) szavakb\u00f3l. Norm\u00e1l \u00e1llapotban sz\u00edntelen, szagtalan, \u00edztelen, igen gy\u00fal\u00e9kony, k\u00e9tatomos g\u00e1z, amely nagyon j\u00f3 h\u0151vezet\u0151. A norm\u00e1l \u00e1llapot\u00fa leveg\u0151n\u00e9l s\u0171r\u0171s\u00e9ge kb. 14-szer kisebb, \u00e9s sz\u00e1mottev\u0151 diffuzivit\u00e1ssal rendelkezik. A hidrog\u00e9n a vil\u00e1gegyetemben leggyakrabban el\u0151fordul\u00f3 elem, az univerzum anyag\u00e1nak kb. 75%-a (m\/m) hidrog\u00e9n, de a F\u00f6ld\u00f6n is igen elterjedt: atomsz\u00e1zal\u00e9k tekintet\u00e9ben a 2. helyen \u00e1ll az elemek k\u00f6z\u00f6tt, t\u00f6megsz\u00e1zal\u00e9k\u00e1t tekintve pedig a 9. helyen. A F\u00f6ld\u00f6n a hidrog\u00e9n elemi vagy k\u00e9tatomos g\u00e1z\u00e1llapot\u00e1val nem tal\u00e1lkozhatunk, hanem szinte kiz\u00e1r\u00f3lag vegy\u00fcleteivel; jelen van a v\u00edzben, szinte minden szerves vegy\u00fcletben, biomassz\u00e1ban. Csak az atmoszf\u00e9ra fels\u0151bb r\u00e9tegeiben tal\u00e1lhat\u00f3 molekul\u00e1ris hidrog\u00e9n kisebb mennyis\u00e9gben.<\/p>\n<p>Tulajdons\u00e1gai sok szempontb\u00f3l kedvez\u0151ek: nem toxikus, nem korroz\u00edv, nem r\u00e1kkelt\u0151, nem \u00fcvegh\u00e1zhat\u00e1s\u00fa, nem radioakt\u00edv,k\u00f6rnyezetbe val\u00f3 v\u00e9letlenszer\u0171 kijut\u00e1sa sor\u00e1n nem okoz semmilyen visszamarad\u00f3 k\u00f6rnyezetszennyez\u00e9st.<\/p>\n<p>A hidrog\u00e9n teh\u00e1t igen gyakori elem, \u201eelvileg korl\u00e1tlan\u201d mennyis\u00e9gben rendelkez\u00e9sre \u00e1ll, de csak k\u00f6t\u00f6tt form\u00e1ban, azaz vegy\u00fcleteiben fordul el\u0151, amelyekb\u0151l sz\u00e1mottev\u0151 mennyis\u00e9g\u0171 energia befektet\u00e9s\u00e9vel lehet el\u0151\u00e1ll\u00edtani a hidrog\u00e9nt (pl. v\u00edzbont\u00e1ssal 286 kJ\/mol). Viszont el\u0151\u00e1ll\u00edt\u00e1sa igen sokf\u00e9le m\u00f3dszerrel t\u00f6rt\u00e9nhet, ak\u00e1r decentraliz\u00e1ltan, azaz kisebb l\u00e9pt\u00e9kben, a felhaszn\u00e1l\u00e1sa hely\u00e9n (on-site) is el\u0151\u00e1ll\u00edthat\u00f3, \u00e9s \u2013 t\u00fczel\u0151anyag-cell\u00e1kban \u2013 j\u00f3 hat\u00e1sfokkal fel is haszn\u00e1lhat\u00f3. Ez az elterjedt \u00e9s nagy mennyis\u00e9g\u0171 f\u00f6ldrajzi el\u0151fordul\u00e1s \u00e9les ellent\u00e9tben \u00e1ll a jelenleg haszn\u00e1lt fosszilis energiahordoz\u00f3ink el\u0151fordul\u00e1s\u00e1val, amelyek \u2013 k\u00fcl\u00f6n\u00f6sen pl. az olaj \u2013 egyes r\u00e9gi\u00f3kra koncentr\u00e1l\u00f3dnak, \u00e9s amelyek nem ritk\u00e1n politikailag instabil r\u00e9gi\u00f3k. A hidrog\u00e9n v\u00edzben igen kis m\u00e9rt\u00e9kben old\u00f3dik, viszont nagyon j\u00f3l old\u00f3dik egyes f\u00e9mekben (pall\u00e1dium, platina, nikkel).<\/p>\n<p>A hidrog\u00e9n nemcsak 250 \u00e9vvel ezel\u0151tti felfedez\u00e9se miatt nem tekinthet\u0151 \u00fajszer\u0171 \u201ejelens\u00e9gnek\u201d, hanem igen elterjedt \u00e9s kb. sz\u00e1z\u00e9ves m\u00faltra visszatekint\u0151 vegyipari alkalmaz\u00e1sa miatt sem.<\/p>\n<p>A hidrog\u00e9nt teh\u00e1t eddig is haszn\u00e1ltuk, f\u0151k\u00e9nt vegyipari c\u00e9lokra, viszont jelenleg, illetve n\u00e9h\u00e1ny \u00e9ven bel\u00fcl a h\u00e9tk\u00f6znapi, sz\u00e9lesebb k\u00f6r\u0171 \u00e9s kiterjedt energetikai c\u00e9l\u00fa felhaszn\u00e1l\u00e1si lehet\u0151s\u00e9gekhez \u00e9rkezhet\u00fcnk, \u00e9rkez\u00fcnk. Az eddigiek alapj\u00e1n is nyilv\u00e1nval\u00f3, de tal\u00e1n c\u00e9lszer\u0171 hangs\u00falyozni, hogy a hidrog\u00e9n nem energiaforr\u00e1s, hanem egy m\u00e1sodlagos energiahordoz\u00f3 (hasonl\u00f3an pl. a villamos energi\u00e1hoz; a m\u00e1sodlagos \u201ejelleg\u201d azt jelenti, hogy valamilyen \u201eels\u0151dleges\u201d energiahordoz\u00f3b\u00f3l (pl. f\u00f6ldg\u00e1z) vagy annak seg\u00edts\u00e9g\u00e9vel \u00e1ll\u00edthat\u00f3 el\u0151).<\/p>\n<p>A teljess\u00e9g kedv\u00e9\u00e9rt \u00e9s r\u00e9szben \u00e9rdekess\u00e9gk\u00e9nt meg kell eml\u00edteni, hogy a hidrog\u00e9n kv\u00e1zi energetikai c\u00e9l\u00fa haszn\u00e1lata m\u00e1r \u00e9vtizedekkel ezel\u0151tt l\u00e9tezett Magyarorsz\u00e1gon is, mivel az \u00fagynevezett \u201ev\u00e1rosi g\u00e1z\u201d egyik, kifejezetten magas ar\u00e1ny\u00fa (~35% V\/V) \u00f6sszetev\u0151je volt a hidrog\u00e9n. A lakoss\u00e1g a v\u00e1rosi g\u00e1zt f\u0171t\u00e9sre, f\u0151z\u00e9sre haszn\u00e1lta az 1960-as \u00e9vekig. (A v\u00e1rosi g\u00e1z egy m\u00e1sik fontos, ugyanakkor vesz\u00e9lyes \u00f6sszetev\u0151je a sz\u00e9n-monoxid volt.)<\/p>\n<p>A hidrog\u00e9n f\u0171t\u0151\u00e9rt\u00e9ke az ismert elemek k\u00f6z\u00fcl a legmagasabb (120 MJ\/kg) t\u00f6megegys\u00e9gre vonatkoztatva, azonban mivel a hidrog\u00e9n s\u0171r\u0171s\u00e9ge rendk\u00edv\u00fcl alacsony, a t\u00e9rfogategys\u00e9gre jut\u00f3 energias\u0171r\u0171s\u00e9ge viszont meglehet\u0151sen csek\u00e9ly. A hidrog\u00e9n t\u00f6meg- \u00e9s t\u00e9rfogategys\u00e9gre vonatkoz\u00f3 energiatartalm\u00e1t (f\u0171t\u0151\u00e9rt\u00e9k\u00e9t), n\u00e9h\u00e1ny m\u00e1s, jelenleg alkalmazott energiahordoz\u00f3val \u00f6sszehasonl\u00edt\u00e1sban a 3. \u00e1bra mutatja.[\/vc_column_text][vc_single_image media=&#8221;84438&#8243; media_width_percent=&#8221;50&#8243; alignment=&#8221;center&#8221; advanced=&#8221;yes&#8221; media_items=&#8221;media|original,description&#8221; media_text=&#8221;under&#8221; media_overlay_opacity=&#8221;50&#8243; media_overlay_anim=&#8221;no&#8221; media_image_anim=&#8221;no&#8221; media_h_align=&#8221;center&#8221; media_padding=&#8221;0&#8243; media_title_dimension=&#8221;&#8221;][vc_column_text]A hidrog\u00e9n t\u00f6megegys\u00e9gre vonatkoztatott f\u0171t\u0151\u00e9rt\u00e9ke k\u00f6zel h\u00e1romszorosa a benzin\u00e9nek, kb. 2,4-szerese a f\u00f6ldg\u00e1z\u00e9nak \u00e9s hatszorosa a metanol\u00e9nak; viszont t\u00e9rfogategys\u00e9gre vonatkoztatott f\u0171t\u0151\u00e9rt\u00e9ke kevesebb, mint harmada a benzin\u00e9nek, kb. 42%-a a f\u00f6ldg\u00e1z\u00e9nak \u00e9s kb. fele a metanol\u00e9nak.[\/vc_column_text][\/vc_column][\/vc_row][vc_row][vc_column column_width_percent=&#8221;100&#8243; gutter_size=&#8221;2&#8243; overlay_alpha=&#8221;50&#8243; shift_x=&#8221;0&#8243; shift_y=&#8221;0&#8243; shift_y_down=&#8221;0&#8243; z_index=&#8221;0&#8243; medium_width=&#8221;0&#8243; mobile_width=&#8221;0&#8243; width=&#8221;1\/1&#8243;][vc_custom_heading separator=&#8221;yes&#8221;]Hidrog\u00e9n el\u0151\u00e1ll\u00edt\u00e1sa meg\u00fajul\u00f3 energiaforr\u00e1sokkal[\/vc_custom_heading][vc_custom_heading heading_semantic=&#8221;h5&#8243; text_size=&#8221;h5&#8243;]Sz\u00e9lenergi\u00e1b\u00f3l[\/vc_custom_heading][vc_column_text]A hagyom\u00e1nyos (jelenlegi) hidrog\u00e9n-el\u0151\u00e1ll\u00edt\u00e1si m\u00f3dszerek:<\/p>\n<ol>\n<li>Egyr\u00e9szr\u0151l mind meglehet\u0151sen k\u00f6rnyezetterhel\u0151ek, k\u00f6zvetlen\u00fcl vagy k\u00f6zvetetten. K\u00f6zvetlen\u00fcl akkor, ha az el\u0151\u00e1ll\u00edt\u00e1s sor\u00e1n jelentkeznek k\u00e1ros kibocs\u00e1t\u00e1sok. A villamos h\u00e1l\u00f3zatb\u00f3l v\u00e9telezett energi\u00e1val t\u00f6rt\u00e9n\u0151 v\u00edzbont\u00e1s is k\u00f6rnyezetterhel\u0151, ha az energiamixben domin\u00e1ns a fosszilis eredet\u0171 energiahordoz\u00f3k felhaszn\u00e1l\u00e1sa, mert b\u00e1r a v\u00edzbont\u00e1s nem j\u00e1r k\u00e1ros kibocs\u00e1t\u00e1ssal, majd k\u00e9s\u0151bb a hidrog\u00e9n felhaszn\u00e1l\u00e1sa sem, de a villamos energia el\u0151\u00e1ll\u00edt\u00e1sa, annak m\u00f3dj\u00e1t\u00f3l f\u00fcgg\u0151en igen k\u00f6rnyezetterhel\u0151 lehet (ez jelenti a hidrog\u00e9n k\u00f6zvetett k\u00f6rnyezetterhel\u00e9s\u00e9t).<\/li>\n<li>M\u00e1sr\u00e9szr\u0151l v\u00e9ges fosszilis energiahordoz\u00f3 k\u00e9szletekre alapulnak, \u00edgy csak cseberb\u0151l vederbe jutn\u00e1nk, ha a nagy mennyis\u00e9g\u0171 hidrog\u00e9n-el\u0151\u00e1ll\u00edt\u00e1st is pl. a f\u00f6ldg\u00e1zra alapozn\u00e1nk. (B\u00e1r a hidrog\u00e9nenergetika korai szakasz\u00e1ban ez is elfogadhat\u00f3 m\u00f3dszer lesz, illetve lehet; mivel kezdetben m\u00e1r a hidrog\u00e9n-technol\u00f3gi\u00e1k puszta l\u00e9t\u00e9nek, m\u0171k\u00f6d\u0151k\u00e9pess\u00e9g\u00e9nek demonstr\u00e1l\u00e1sa is nagy el\u0151rel\u00e9p\u00e9s lenne.)<\/li>\n<\/ol>\n<p>Az el\u0151\u00e1ll\u00edt\u00e1si m\u00f3dokat t\u00f6bbf\u00e9le szempont alapj\u00e1n lehet csoportos\u00edtani; jelen esetben az energiaforr\u00e1sb\u00f3l indulunk ki. Ebben a fejezetben els\u0151dlegesen \u00e9s r\u00e9szletesen a sz\u00e9lenergia seg\u00edts\u00e9g\u00e9vel t\u00f6rt\u00e9n\u0151 hidrog\u00e9n-el\u0151\u00e1ll\u00edt\u00e1s ker\u00fcl bemutat\u00e1sra, ez a legink\u00e1bb \u00e9rett, meg\u00fajul\u00f3 energia alap\u00fa el\u0151\u00e1ll\u00edt\u00e1si m\u00f3d, amelyhez minden sz\u00fcks\u00e9ges eszk\u00f6z kaphat\u00f3 a hagyom\u00e1nyos kereskedelmi forgalomban, \u00e9s jelenleg m\u00e1r n\u00e9h\u00e1ny ilyen rendszer \u00fczemel is a vil\u00e1gban.<\/p>\n<p>A leveg\u0151 mozg\u00e1si energi\u00e1ja sz\u00e9ler\u0151m\u0171vek seg\u00edts\u00e9g\u00e9vel mechanikai (forg\u00e1si) energi\u00e1v\u00e1, majd gener\u00e1torral villamos energi\u00e1v\u00e1 alak\u00edthat\u00f3. A megtermelt villamos energi\u00e1val vagy annak egy r\u00e9sz\u00e9vel v\u00edzbont\u00e1s seg\u00edts\u00e9g\u00e9vel hidrog\u00e9n \u00e1ll\u00edthat\u00f3 el\u0151. Az ilyen el\u0151\u00e1ll\u00edt\u00e1si m\u00f3dot az angol szakirodalom a \u201ewind hydrogen\u201d kifejez\u00e9ssel jel\u00f6li, ami magyarul \u201esz\u00e9l-hidrog\u00e9n\u201d rendszernek ford\u00edthat\u00f3; az ilyen rendszerek igen csek\u00e9ly (null\u00e1hoz k\u00f6zeli, pontosabban csak az eszk\u00f6z\u00f6k legy\u00e1rt\u00e1sa sor\u00e1n jelentkez\u0151) k\u00e1rosanyag-kibocs\u00e1t\u00e1ssal tudnak hidrog\u00e9nt el\u0151\u00e1ll\u00edtani.<\/p>\n<p>A sz\u00e9ler\u0151m\u0171vek \u2013 illetve az id\u0151j\u00e1r\u00e1sf\u00fcgg\u0151 meg\u00fajul\u00f3 energiaforr\u00e1sok \u2013 egyik h\u00e1tr\u00e1nya, hogy a villamos energi\u00e1t a meteorol\u00f3giai param\u00e9terekt\u0151l (jelen esetben a sz\u00e9lsebess\u00e9gt\u0151l) f\u00fcgg\u0151en id\u0151ben igen v\u00e1ltoz\u00f3 m\u00f3don \u00e1ll\u00edtj\u00e1k el\u0151, m\u00edg a villamosenergia-rendszer (VER) egyens\u00faly\u00e1t minden pillanatban fenn kell tartani. A termel\u00e9si kapacit\u00e1s v\u00e1ltoz\u00e9konys\u00e1g\u00e1ra jellemz\u0151, hogy \u00f6n\u00e1ll\u00f3 sz\u00e9lfarmok eset\u00e9n a kimen\u0151 teljes\u00edtm\u00e9ny 10 perc m\u00falva t\u00f6rt\u00e9n\u0151 megv\u00e1ltoz\u00e1s\u00e1nak fel \u00e9s le ir\u00e1ny\u00fa maximuma a be\u00e9p\u00edtett teljes\u00edtm\u00e9nynek kb. 85\u201395%-a is lehet. T\u00f6bb \u00e9s az orsz\u00e1g ter\u00fclet\u00e9n elsz\u00f3rtan elhelyezked\u0151 sz\u00e9lfarm eset\u00e9ben a teljes termel\u00e9s j\u00f3val kisebb ingadoz\u00e1sokat mutat. A sz\u00e9ler\u0151m\u0171vek villamosenergia-termel\u00e9s\u00e9nek \u00e9ppen ezen t\u00falzott v\u00e1ltakoz\u00f3 jelleg\u00e9t seg\u00edthet \u201ekisim\u00edtani\u201d a hidrog\u00e9n(el\u0151\u00e1ll\u00edt\u00e1s), amikor is a VER nem k\u00e9pes befogadni a sz\u00e9ler\u0151m\u0171vek \u00e1ltal termelt villamos energi\u00e1t. Ebb\u0151l kiindulva a sz\u00e9lenergi\u00e1val t\u00f6rt\u00e9n\u0151 hidrog\u00e9n-el\u0151\u00e1ll\u00edt\u00e1s eset\u00e9ben az al\u00e1bbi alternat\u00edv\u00e1k mer\u00fclhetnek fel:<\/p>\n<p>\u201eSziget\u00fczem\u201d, amikor a sz\u00e9ler\u0151m\u0171 mell\u00e9 t\u00e9nylegesen telep\u00edtik a v\u00edzbont\u00f3 rendszert, \u00e9s a sz\u00e9ler\u0151m\u0171 (illetve megfelel\u0151 hidrog\u00e9nt\u00e1rol\u00f3 kapacit\u00e1s), valamint a v\u00edzbont\u00f3 teljes\u00edtm\u00e9nye megegyezik, hogy b\u00e1rmely id\u0151pillanatban k\u00e9pes legyen felvenni a sz\u00e9ler\u0151m\u0171b\u0151l sz\u00e1rmaz\u00f3 villamos teljes\u00edtm\u00e9nyt. Ilyen sziget\u00fczem\u0171 rendszer, b\u00e1r technikailag megval\u00f3s\u00edthat\u00f3, gazdas\u00e1goss\u00e1gi szempontb\u00f3l \u2013 speci\u00e1lis kiv\u00e9telt\u0151l eltekintve \u2013 v\u00e9lhet\u0151en nem lesz \u00e9letk\u00e9pes, f\u0151k\u00e9nt a beruh\u00e1z\u00e1s magas t\u0151kek\u00f6lts\u00e9ge miatt.<\/p>\n<p>\u201eVegyes termel\u00e9s\u201d eset\u00e9n els\u0151dlegesen villamos energi\u00e1t termel a sz\u00e9ler\u0151m\u0171, \u00e9s csak azokban az id\u0151szakokban ker\u00fcl a villamos teljes\u00edtm\u00e9ny egy r\u00e9sze a v\u00edzbont\u00f3ra, \u00e9s t\u00f6rt\u00e9nik hidrog\u00e9n-el\u0151\u00e1ll\u00edt\u00e1s, amikor a VER nem tudja fogadni a villamos energi\u00e1t (pl. az \u00e9jszakai m\u00e9lyv\u00f6lgy id\u0151szak\u00e1ban). Egy ilyen rendszerben teh\u00e1t k\u00e9t term\u00e9k is el\u0151\u00e1ll: a villamos energia \u00e9s a hidrog\u00e9n. Esetlegesen el\u0151\u00e1llhat olyan \u2013 ritka \u2013 eset is, amikor a v\u00edzbont\u00f3 m\u00e1sik elektr\u00f3dj\u00e1n keletkez\u0151 oxig\u00e9nt is fel tudj\u00e1k haszn\u00e1lni (ezt is sz\u00e1mos \u00e1gazat haszn\u00e1lja), ebben az esetben elvileg h\u00e1rom hasznos term\u00e9k is lehets\u00e9ges.<\/p>\n<p>\u201eIntelligens h\u00e1l\u00f3zat\u201d: ebben az esetben nincs, vagy \u00e1ltal\u00e1ban nincs fizikailag a sz\u00e9ler\u0151m\u0171(park) mell\u00e9 telep\u00edtve a v\u00edzbont\u00e1ssal m\u0171k\u00f6d\u0151 hidrog\u00e9ntermel\u0151 berendez\u00e9s, hanem a sz\u00e9ler\u0151m\u0171 a villamos h\u00e1l\u00f3zatra termel, \u00e9s esetlegesen f\u00f6ldrajzilag t\u00e1volabb, a felhaszn\u00e1l\u00e1s hely\u00e9n ker\u00fcl elhelyez\u00e9sre v\u00edzbont\u00f3 kapacit\u00e1s (pl. hidrog\u00e9n-\u00fczemanyagt\u00f6lt\u0151 kutakn\u00e1l), \u00e9s a VER k\u00e9pes intelligens megold\u00e1sokon kereszt\u00fcl, az aktu\u00e1lis stabil \u00e1llapot\u00e1t fenntartva, t\u00e1vvez\u00e9rl\u00e9ssel a sz\u00fcks\u00e9ges villamos kapacit\u00e1ssal hidrog\u00e9nt termelni, ak\u00e1r az orsz\u00e1g sz\u00e1mos pontj\u00e1n, decentraliz\u00e1lt m\u00f3don. Az intelligens villamos h\u00e1l\u00f3zatot \u201esmart gridnek\u201d is nevezik, \u00e9s ez term\u00e9szetesen nemcsak a sz\u00e9ler\u0151m\u0171vel termelt villamos energia, hanem b\u00e1rmely m\u00e1s meg\u00fajul\u00f3 (vagy \u00e9ppens\u00e9ggel nem meg\u00fajul\u00f3) energiaforr\u00e1ssal termelt villamos energia tov\u00e1bb\u00edt\u00e1s\u00e1ra, eloszt\u00e1s\u00e1ra alkalmas.<\/p>\n<p>A val\u00f3s\u00e1gban m\u00e1r m\u0171k\u00f6dik n\u00e9h\u00e1ny sz\u00e9l-hidrog\u00e9n rendszer, ilyen p\u00e9ld\u00e1ul a norv\u00e9giai Utsira sziget\u00e9n m\u0171k\u00f6d\u0151 rendszer. Ugyanakkor az egyre terjed\u0151 meg\u00fajul\u00f3 energiaforr\u00e1sokkal a VER szab\u00e1lyoz\u00e1sa \u00e9s az energiat\u00e1rol\u00e1s k\u00e9rd\u00e9se egyre fontosabb\u00e1 v\u00e1lik, \u00e9s a j\u00f6v\u0151ben ebben szerepet kaphat a hidrog\u00e9n is. K\u00fcl\u00f6n\u00f6sen igaz ez p\u00e9ld\u00e1ul N\u00e9metorsz\u00e1gra, ahol jelenleg is 20 000 MW k\u00f6r\u00fcl j\u00e1r a be\u00e9p\u00edtett sz\u00e9ler\u0151m\u0171-kapacit\u00e1s nagys\u00e1ga (megjegyz\u00e9s: ez az adat 2020-ban m\u00e1r 55 GW, ld. https:\/\/www.cleanenergywire.org\/factsheets\/german-onshore-wind-power-output-business-and-perspectives), ami tov\u00e1bb fog n\u00f6vekedni a k\u00f6vetkez\u0151 \u00e9vekben, \u00e9s a szivatty\u00fas-t\u00e1roz\u00f3s (SZET) er\u0151m\u0171vek vagy m\u00e1s megold\u00e1sok (pl. s\u0171r\u00edtett leveg\u0151s t\u00e1rol\u00e1s, CAES) nem lesznek k\u00e9pesek \u00f6nmagukban megoldani a szab\u00e1lyoz\u00e1si feladatokat.<\/p>\n<p>A sz\u00e9lenergi\u00e1val vagy m\u00e1s meg\u00fajul\u00f3 er\u0151forr\u00e1ssal el\u0151\u00e1ll\u00edtott hidrog\u00e9n nem egy \u201eizol\u00e1lt\u201d feladat, amelyben egyed\u00fcli c\u00e9l a hidrog\u00e9n el\u0151\u00e1ll\u00edt\u00e1sa lehet; hanem ez egy komplex probl\u00e9mak\u00f6r, amely szervesen \u00e9s elv\u00e1laszthatatlanul illeszkedik a megl\u00e9v\u0151 energetikai infrastrukt\u00far\u00e1ba, \u00e9s csak olyan fontos t\u00e9nyez\u0151kkel kezelhet\u0151 \u00e9s \u00e9rtelmezhet\u0151 egy\u00fctt, mint p\u00e9ld\u00e1ul az intelligens h\u00e1l\u00f3zatok.[\/vc_column_text][\/vc_column][\/vc_row][vc_row][vc_column column_width_percent=&#8221;100&#8243; gutter_size=&#8221;2&#8243; overlay_alpha=&#8221;50&#8243; shift_x=&#8221;0&#8243; shift_y=&#8221;0&#8243; shift_y_down=&#8221;0&#8243; z_index=&#8221;0&#8243; medium_width=&#8221;0&#8243; mobile_width=&#8221;0&#8243; width=&#8221;1\/1&#8243;][vc_custom_heading heading_semantic=&#8221;h5&#8243; text_size=&#8221;h5&#8243;]Napenergi\u00e1b\u00f3l[\/vc_custom_heading][vc_column_text]A Napb\u00f3l \u00e9rkez\u0151 energia \u2013 emberi l\u00e9pt\u00e9khez viszony\u00edtva \u2013 \u00f6r\u00f6k\u00f6s \u00e9s kifogyhatatlan mennyis\u00e9gben van jelen: a F\u00f6ldre \u00e9rkez\u0151 napenergia ~3,5*1024 J\/\u00e9v, ami kb. 17 000-szerese az emberis\u00e9g jelenlegi \u00e9ves energiaig\u00e9ny\u00e9nek. A napenergia alkalmaz\u00e1s\u00e1val j\u00e1r\u00f3 probl\u00e9ma r\u00e9szben a napszakok \u00e9s az \u00e9vszakok szerinti v\u00e1ltakoz\u00f3 jellege, amit az aktu\u00e1lis id\u0151j\u00e1r\u00e1s v\u00e1ltoz\u00e1sa (pl. felh\u0151s\u00f6d\u00e9s) tov\u00e1bb er\u0151s\u00edt. Ugyanakkor sz\u00e1mos el\u0151nye is van: bel\u00e1that\u00f3 id\u0151n bel\u00fcl nem fogy el, nem k\u00f6rnyezetszennyez\u0151, nem kell kitermelni \u00e9s sz\u00e1ll\u00edtani, nem dr\u00e1gul. A napenergia seg\u00edts\u00e9g\u00e9vel t\u00f6rt\u00e9n\u0151 hidrog\u00e9n-el\u0151\u00e1ll\u00edt\u00e1s elvileg t\u00f6bb m\u00f3don is megval\u00f3s\u00edthat\u00f3:<\/p>\n<ol>\n<li>az egyik, technikailag legink\u00e1bb \u00e9rett m\u00f3dszer a napenergi\u00e1b\u00f3l fotovoltaikus (PV) \u00faton t\u00f6rt\u00e9n\u0151 villamosenergia-el\u0151\u00e1ll\u00edt\u00e1s, ennek seg\u00edts\u00e9g\u00e9vel pedig v\u00edzbont\u00e1s. Ugyanakkor gazdas\u00e1gi szempontb\u00f3l tekintve, a fotovillamos rendszerekb\u0151l nyert energia m\u00e9g igen dr\u00e1ga, emiatt a napelemes energiatermel\u00e9s seg\u00edts\u00e9g\u00e9vel el\u0151\u00e1ll\u00edtott hidrog\u00e9n \u00e1ra is az egyik legmagasabb,<\/li>\n<li>egy m\u00e1sik lehet\u0151s\u00e9g a napenergi\u00e1val t\u00f6rt\u00e9n\u0151 hidrog\u00e9n-el\u0151\u00e1ll\u00edt\u00e1sra a naper\u0151m\u0171vek alkalmaz\u00e1sa lehet. Ezek a k\u00f6zvetlen napsug\u00e1rz\u00e1st egy optikai kollektorrendszerrel egy pontra f\u00f3kusz\u00e1lj\u00e1k, \u00e9s itt igen magas h\u0151m\u00e9rs\u00e9kletet \u00e1ll\u00edtanak el\u0151. A h\u0151m\u00e9rs\u00e9klet el\u00e9rheti az 1 500\u20132 000 \u00b0C feletti h\u0151m\u00e9rs\u00e9kletet, ahol a v\u00edz(g\u0151z) termok\u00e9miai boml\u00e1sa v\u00e9gbemegy, azaz alkot\u00f3elemeire, hidrog\u00e9nre \u00e9s oxig\u00e9nre esik sz\u00e9t. Az eddig meg\u00e9p\u00fclt k\u00eds\u00e9rleti naper\u0151m\u0171vek villamos teljes\u00edtm\u00e9nye 5 kW \u2013 80 MW tartom\u00e1nyba esik, de ezek a rendszerek csak napi 4\u201310 \u00f3r\u00e1ban tudnak m\u0171k\u00f6dni, meglehet\u0151sen dr\u00e1g\u00e1k \u00e9s kock\u00e1zatokat is hordoznak magukban,<\/li>\n<li>tov\u00e1bbi lehet\u0151s\u00e9g a napenergi\u00e1val t\u00f6rt\u00e9n\u0151 hidrog\u00e9n-el\u0151\u00e1ll\u00edt\u00e1sra a fotokatal\u00edzis, amely jelenleg m\u00e9g nem ismert sz\u00e9lesk\u00f6r\u0171en, viszont napjainkban er\u0151sen felt\u00f6rekv\u0151 elj\u00e1r\u00e1s. A m\u00f3dszer l\u00e9nyege, hogy bizonyos kataliz\u00e1torok f\u00e9ny hat\u00e1s\u00e1ra k\u00e9pesek a vizet bontani, ez\u00e1ltal hidrog\u00e9nt termelni. Ezt a t\u00e9nyt \u00e9s azt, hogy p\u00e9ld\u00e1ul a tit\u00e1n-dioxid alkalmas erre, m\u00e1r \u00e9vtizedek \u00f3ta ismert\u00e9k, de kor\u00e1bban csak UV-f\u00e9ny hat\u00e1s\u00e1ra ment v\u00e9gbe a fotol\u00edzis. Jelenleg viszont biztat\u00f3 kutat\u00e1si eredm\u00e9nyek vannak olyan nanostrukt\u00far\u00e1lt t\u00f6bbkomponens\u0171 kataliz\u00e1torok kialak\u00edt\u00e1s\u00e1r\u00f3l, amelyek \u00edgy gazdas\u00e1gosan, a l\u00e1that\u00f3 f\u00e9ny tartom\u00e1ny\u00e1ban \u00e9s szobah\u0151m\u00e9rs\u00e9klet-k\u00f6zeli \u00e1llapotokban k\u00e9pesek a v\u00edzbont\u00e1sra. A fotokatalitikus v\u00edzbont\u00e1sra ir\u00e1nyul\u00f3 kutat\u00e1sok Budapesten, az MTA K\u00e9miai Kutat\u00f3k\u00f6zpontban is folynak. Megjegyezz\u00fck, hogy nemcsak v\u00edzb\u0151l, hanem metanolb\u00f3l is nyerhet\u0151 hidrog\u00e9n fotokatalitikus elj\u00e1r\u00e1sban.<\/li>\n<\/ol>\n<p>[\/vc_column_text][\/vc_column][\/vc_row][vc_row][vc_column column_width_percent=&#8221;100&#8243; gutter_size=&#8221;2&#8243; overlay_alpha=&#8221;50&#8243; shift_x=&#8221;0&#8243; shift_y=&#8221;0&#8243; shift_y_down=&#8221;0&#8243; z_index=&#8221;0&#8243; medium_width=&#8221;0&#8243; mobile_width=&#8221;0&#8243; width=&#8221;1\/1&#8243;][vc_custom_heading heading_semantic=&#8221;h5&#8243; text_size=&#8221;h5&#8243;]Biomassz\u00e1b\u00f3l[\/vc_custom_heading][vc_column_text]Biomassza (amelybe nagyon sok anyag tartozhat, a mez\u0151gazdas\u00e1gi hullad\u00e9kokt\u00f3l, mell\u00e9kterm\u00e9kekt\u0151l, az energetikai \u00fcltetv\u00e9nyek produktum\u00e1n \u00e1t, eg\u00e9szen a tengeri algapopul\u00e1ci\u00f3kig) elviekben fontos hidrog\u00e9nforr\u00e1s lehetne. Amint a fosszilis eredet\u0171 sz\u00e9nhidrog\u00e9nekn\u00e9l, a biomassza hasonl\u00f3an hidrog\u00e9nn\u00e9 alak\u00edthat\u00f3 elg\u00e1zos\u00edt\u00e1ssal vagy pirol\u00edzissel, amelyet g\u0151zreform\u00e1l\u00e1s k\u00f6vet. E m\u00f3dszer el\u0151nye az lehet, hogy m\u00e1r sz\u00e9lesk\u00f6r\u0171 tapasztalatokkal rendelkez\u00fcnk a fosszilis t\u00fczel\u0151anyagok \u00e1talak\u00edt\u00e1s\u00e1val, finom\u00edt\u00e1s\u00e1val kapcsolatosan.<\/p>\n<p>A pirol\u00edzis \u00e9s az elg\u00e1zos\u00edt\u00e1s a termikus elj\u00e1r\u00e1sok k\u00f6z\u00e9 tartoznak, de van n\u00e9h\u00e1ny fontos k\u00fcl\u00f6nbs\u00e9g, \u00e9s egyik sem tekinthet\u0151 azonosnak a t\u00fczel\u0151anyag k\u00f6zvetlen el\u00e9get\u00e9s\u00e9vel. A hagyom\u00e1nyos \u00e9g\u00e9si folyamatban h\u00e1rom dolog van jelen:<\/p>\n<ol>\n<li>\u00e9ghet\u0151 anyag (itt biomassza),<\/li>\n<li>oxid\u00e1l\u00f3 anyag (itt a leveg\u0151 oxig\u00e9nje) \u00e9s<\/li>\n<li>h\u0151.<\/li>\n<\/ol>\n<p>A f\u0151 k\u00fcl\u00f6nbs\u00e9g, hogy pirol\u00edzis eset\u00e9n oxig\u00e9n nincs jelen a reakci\u00f3ban (amely kb. 300\u2013800 \u00b0C fok k\u00f6z\u00f6tt zajlik), az elg\u00e1zos\u00edt\u00e1s sor\u00e1n b\u00e1r jelen van oxig\u00e9n, de mennyis\u00e9ge nem elegend\u0151 a teljes oxid\u00e1ci\u00f3hoz a reakci\u00f3ban (amely kb. 750\u20131600 \u00b0C k\u00f6z\u00f6tt zajlik). A pirol\u00edzis abban is k\u00fcl\u00f6nb\u00f6zik az \u00e9get\u00e9st\u0151l, hogy m\u00edg ez ut\u00f3bbi exoterm folyamat, azaz h\u0151t termel, addig a pirol\u00edzis endoterm folyamat, azaz h\u0151bevitelt ig\u00e9nyel a folyamat fenntart\u00e1s\u00e1hoz. A pirol\u00edzises \u00e9s elg\u00e1zos\u00edt\u00e1si elj\u00e1r\u00e1s a szerves anyagokb\u00f3l (ez lehet nemcsak biomassza, hanem szerves anyag tartalm\u00fa hullad\u00e9k is vagy valamilyen sz\u00e9nhidrog\u00e9n) els\u0151 l\u00e9p\u00e9sben magas sz\u00e9n-monoxid (CO) \u00e9s hidrog\u00e9n (H2) tartalm\u00fa g\u00e1zt, \u00fagynevezett szint\u00e9zisg\u00e1zt eredm\u00e9nyez; amelyet \u00e1ltal\u00e1ban m\u00e9g v\u00edzg\u0151zzel reag\u00e1ltatnak, hogy min\u00e9l nagyobb ar\u00e1ny\u00fa legyen a folyamatb\u00f3l a hidrog\u00e9nkihozatal (ez ut\u00f3bbi reakci\u00f3 jelenti a fent eml\u00edtett g\u0151zreform\u00e1l\u00e1st). A pirol\u00edzis sor\u00e1n a biomassz\u00e1ban l\u00e9v\u0151 oxig\u00e9n eredm\u00e9nyez CO-t, m\u00edg az oxid\u00e1ci\u00f3s elj\u00e1r\u00e1sokban a bevitt oxig\u00e9n a f\u0151 CO-forr\u00e1s. A hidrog\u00e9n \u00e9s CO mellett m\u00e9g f\u0151k\u00e9nt sz\u00e9n-dioxid keletkezik a folyamatban.<\/p>\n<p>A biomassza \u00e9get\u00e9s\u00e9vel vagy pirol\u00edzis\u00e9vel elviekben nagyj\u00e1b\u00f3l csak annyi CO2 ker\u00fcl a l\u00e9gk\u00f6rbe, amennyit a n\u00f6v\u00e9ny \u00e9lete sor\u00e1n megk\u00f6t\u00f6tt. Azonban figyelembe kell venn\u00fcnk a termeszt\u00e9shez sz\u00fcks\u00e9ges egy\u00e9b inputokat is, mint p\u00e9ld\u00e1ul a legt\u00f6bbsz\u00f6r sz\u00fcks\u00e9ges m\u0171tr\u00e1gy\u00e1t (amelyhez szint\u00e9n sok hidrog\u00e9n sz\u00fcks\u00e9ges amm\u00f3nia form\u00e1j\u00e1ban), a v\u00edz- \u00e9s energiabevitelt a termeszt\u00e9shez, betakar\u00edt\u00e1shoz \u00e9s sz\u00e1ll\u00edt\u00e1shoz, valamint az olyan egy\u00e9b k\u00f6rnyezeti aspektusokat, mint a term\u0151talajra, biodiverzit\u00e1sra gyakorolt esetleges negat\u00edv hat\u00e1sok. Nem besz\u00e9lve az \u00e9rt\u00e9kes mez\u0151gazdas\u00e1gi ter\u00fcletek lefoglal\u00e1s\u00e1r\u00f3l, ha els\u0151dleges \u2013 energetikai c\u00e9l\u00fa \u2013 term\u00e9kk\u00e9nt ker\u00fcl termeszt\u00e9sre a biomassza, amely \u00edgy \u00e9lelmez\u00e9si c\u00e9l\u00fa term\u00e9nyeket szor\u00edt(hat) ki. Mindezek miatt rendk\u00edv\u00fcl \u00f3vatosan \u00e9rt\u00e9kelend\u0151 a biomassz\u00e1b\u00f3l (ezen bel\u00fcl az intenz\u00edv energetikai c\u00e9l\u00fa termeszt\u00e9sen alapul\u00f3 biomassz\u00e1b\u00f3l) nyerhet\u0151 hidrog\u00e9n vagy b\u00e1rmely m\u00e1s bio-energiahordoz\u00f3 (pl. biod\u00edzel, bioetanol) el\u0151\u00e1ll\u00edt\u00e1s\u00e1nak m\u00f3dszere, mert \u00e9letciklus-szeml\u00e9letben k\u00f6nnyen t\u00f6bb k\u00f6rnyezeti \u2013 \u00e9s egy\u00e9b, p\u00e9ld\u00e1ul t\u00e1rsadalmi-gazdas\u00e1gi \u2013 k\u00e1rt okozhat, mint amennyi hasznot hozna.[\/vc_column_text][\/vc_column][\/vc_row][vc_row][vc_column column_width_percent=&#8221;100&#8243; gutter_size=&#8221;2&#8243; overlay_alpha=&#8221;50&#8243; shift_x=&#8221;0&#8243; shift_y=&#8221;0&#8243; shift_y_down=&#8221;0&#8243; z_index=&#8221;0&#8243; medium_width=&#8221;0&#8243; mobile_width=&#8221;0&#8243; width=&#8221;1\/1&#8243;][vc_custom_heading heading_semantic=&#8221;h5&#8243; text_size=&#8221;h5&#8243;]Hullad\u00e9kokb\u00f3l[\/vc_custom_heading][vc_column_text]Kommun\u00e1lis (vagy m\u00e1s szerves anyagot tartalmaz\u00f3) hullad\u00e9kokb\u00f3l is nyerhet\u0151 hidrog\u00e9n, alapvet\u0151en azon m\u00f3dszerek seg\u00edts\u00e9g\u00e9vel, amelyeket a biomassz\u00e1b\u00f3l t\u00f6rt\u00e9n\u0151 el\u0151\u00e1ll\u00edt\u00e1s\u00e1n\u00e1l r\u00e9szletezt\u00fcnk. Egy tov\u00e1bbi lehets\u00e9ges m\u00f3dszer a hullad\u00e9k anaerob ferment\u00e1l\u00e1sa, amelynek sor\u00e1n mikroorganizmusok seg\u00edts\u00e9g\u00e9vel a szerves anyagokb\u00f3l \u2013 az oxig\u00e9nt\u0151l nagyr\u00e9szt elz\u00e1rt k\u00f6rnyezetben \u2013 biog\u00e1z, azaz magas met\u00e1ntartalm\u00fa (CH4) g\u00e1z keletkezik. Ezt a met\u00e1nt azut\u00e1n \u2013 a hagyom\u00e1nyos el\u0151\u00e1ll\u00edt\u00e1si m\u00f3dszerekn\u00e9l le\u00edrtak alapj\u00e1n g\u0151zreform\u00e1l\u00e1ssal (SMR) \u2013 hidrog\u00e9nn\u00e9 alak\u00edthatj\u00e1k; a visszamarad\u00f3 biomassza pedig sok esetben komposztk\u00e9nt haszn\u00e1lhat\u00f3.[\/vc_column_text][\/vc_column][\/vc_row][vc_row][vc_column column_width_percent=&#8221;100&#8243; gutter_size=&#8221;2&#8243; overlay_alpha=&#8221;50&#8243; shift_x=&#8221;0&#8243; shift_y=&#8221;0&#8243; shift_y_down=&#8221;0&#8243; z_index=&#8221;0&#8243; medium_width=&#8221;0&#8243; mobile_width=&#8221;0&#8243; width=&#8221;1\/1&#8243;][vc_custom_heading heading_semantic=&#8221;h5&#8243; text_size=&#8221;h5&#8243;]Biotechnol\u00f3giai m\u00f3dszerek seg\u00edts\u00e9g\u00e9vel (biohidrog\u00e9n)[\/vc_custom_heading][vc_column_text]Egyes egysejt\u0171 \u00e9l\u0151l\u00e9nyek, pl. a z\u00f6ldalg\u00e1k vagy bakt\u00e9riumok, is el tudj\u00e1k v\u00e9gezni azt a folyamatot, amelynek sor\u00e1n a nap energi\u00e1j\u00e1t a rendelkez\u00e9s\u00fcnkre \u00e1ll\u00f3 v\u00edz bont\u00e1s\u00e1ra haszn\u00e1lva hidrog\u00e9nt \u00e1ll\u00edtanak el\u0151. A Chlamydomonas reinhardtiir\u00f3l r\u00e9g\u00f3ta ismert, hogy a fotoszint\u00e9zis k\u00f6zben k\u00e9pz\u0151d\u00f6tt t\u00e1panyagait kedvez\u0151tlen k\u00f6r\u00fclm\u00e9nyek k\u00f6z\u00f6tt fel\u00e9lve hidrog\u00e9nt termel az \u00fagynevezett biofotol\u00edzis sor\u00e1n. E ter\u00fcleten jelenleg csak alapkutat\u00e1sok zajlanak, de a c\u00e9l egy olyan szerkezet meg\u00e9p\u00edt\u00e9se, amely egysejt\u0171 mikroszervezeteket foglal mag\u00e1ba, biztos\u00edtja a szaporod\u00e1sukat, fennmarad\u00e1sukat, anyagcser\u00e9j\u00fcket, \u00e9s e folyamatok v\u00e9gterm\u00e9kek\u00e9nt hidrog\u00e9ng\u00e1zt nyer ki a rendszerb\u0151l. Az \u00edgy megszerkesztett foto-bioreaktor kis befektet\u00e9ssel a nap energi\u00e1j\u00e1t kihaszn\u00e1lva a j\u00f6v\u0151ben esetleg olcs\u00f3 hidrog\u00e9nt k\u00e9pes el\u0151\u00e1ll\u00edtani. Ilyen alapkutat\u00e1sok jelenleg Magyarorsz\u00e1gon, a Szegedi Tudom\u00e1nyegyetemen is zajlanak.[\/vc_column_text][\/vc_column][\/vc_row][vc_row][vc_column column_width_percent=&#8221;100&#8243; gutter_size=&#8221;2&#8243; overlay_alpha=&#8221;50&#8243; shift_x=&#8221;0&#8243; shift_y=&#8221;0&#8243; shift_y_down=&#8221;0&#8243; z_index=&#8221;0&#8243; medium_width=&#8221;0&#8243; mobile_width=&#8221;0&#8243; width=&#8221;1\/1&#8243;][vc_custom_heading heading_semantic=&#8221;h5&#8243; text_size=&#8221;h5&#8243;]Nukle\u00e1ris energi\u00e1val t\u00f6rt\u00e9n\u0151 el\u0151\u00e1ll\u00edt\u00e1s[\/vc_custom_heading][vc_column_text]Alternat\u00edv el\u0151\u00e1ll\u00edt\u00e1si m\u00f3d a nukle\u00e1ris energia seg\u00edts\u00e9g\u00e9vel t\u00f6rt\u00e9n\u0151 hidrog\u00e9n-el\u0151\u00e1ll\u00edt\u00e1s. A nukle\u00e1ris energia seg\u00edts\u00e9g\u00e9vel nagy mennyis\u00e9g\u0171 hidrog\u00e9n \u00e1ll\u00edthat\u00f3 el\u0151, centraliz\u00e1lt m\u00f3don. A nukle\u00e1ris energi\u00e1val t\u00f6rt\u00e9n\u0151 hidrog\u00e9n-el\u0151\u00e1ll\u00edt\u00e1s technol\u00f3giai lehet\u0151s\u00e9gei a k\u00f6vetkez\u0151k lehetnek:<\/p>\n<ol>\n<li>termok\u00e9miai m\u00f3dszerek,<\/li>\n<li>magas h\u0151m\u00e9rs\u00e9klet\u0171 elektrol\u00edzis,<\/li>\n<li>hibrid folyamatok.<\/li>\n<\/ol>\n<p>(Itt most term\u00e9szetesen nem eml\u00edtj\u00fck meg k\u00fcl\u00f6n az \u201ealapv\u00e1ltozatot\u201d, a nukle\u00e1ris er\u0151m\u0171ben el\u0151\u00e1ll\u00edtott \u00e9s a villamos h\u00e1l\u00f3zatra tov\u00e1bb\u00edtott villamos energia seg\u00edts\u00e9g\u00e9vel, v\u00edzbont\u00e1son kereszt\u00fcl t\u00f6rt\u00e9n\u0151 hidrog\u00e9n-el\u0151\u00e1ll\u00edt\u00e1st.)[\/vc_column_text][\/vc_column][\/vc_row][vc_row][vc_column column_width_percent=&#8221;100&#8243; gutter_size=&#8221;2&#8243; overlay_alpha=&#8221;50&#8243; shift_x=&#8221;0&#8243; shift_y=&#8221;0&#8243; shift_y_down=&#8221;0&#8243; z_index=&#8221;0&#8243; medium_width=&#8221;0&#8243; mobile_width=&#8221;0&#8243; width=&#8221;1\/1&#8243;][vc_custom_heading separator=&#8221;yes&#8221;]Hidrog\u00e9n t\u00e1rol\u00e1sa, sz\u00e1ll\u00edt\u00e1sa \u00e9s felhaszn\u00e1l\u00e1si m\u00f3djai[\/vc_custom_heading][vc_custom_heading heading_semantic=&#8221;h5&#8243; text_size=&#8221;h5&#8243;]A hidrog\u00e9n t\u00e1rol\u00e1sa komprim\u00e1lt g\u00e1z \u00e9s foly\u00e9kony \u00e1llapotban[\/vc_custom_heading][vc_column_text]G\u00e1zhalmaz\u00e1llapotban megoldhat\u00f3 a hidrog\u00e9n cs\u0151vezet\u00e9kes sz\u00e1ll\u00edt\u00e1sa: a Ruhr-vid\u00e9ken p\u00e9ld\u00e1ul t\u00f6bb mint 60 \u00e9ve \u00fczemel egy 25 bar nyom\u00e1s\u00fa 210 km hossz\u00fa cs\u0151vezet\u00e9k-h\u00e1l\u00f3zat. Azonban a f\u00f6ldg\u00e1zvezet\u00e9kekhez \u00e9s a szerelv\u00e9nyekhez k\u00e9pest els\u0151sorban azt kell figyelembe venni, hogy a hidrog\u00e9n nagy nyom\u00e1son elrideg\u00edti az ac\u00e9lt, mivel kis m\u00e9rete miatt k\u00f6nnyen belediffund\u00e1l. A hidrog\u00e9n t\u00e1rol\u00e1sa t\u00f6rt\u00e9nhet g\u00e1z- vagy foly\u00e9kony halmaz\u00e1llapotban. G\u00e1zhalmaz\u00e1llapotban t\u00f6rt\u00e9n\u0151 t\u00e1rol\u00e1sa a gyakorlatban nagy nyom\u00e1s\u00fa tart\u00e1lyokban t\u00f6rt\u00e9nik (4. \u00e1bra), ekkor azonban a robban\u00e1svesz\u00e9ly elker\u00fcl\u00e9s\u00e9re kiemelt figyelmet kell ford\u00edtani.[\/vc_column_text][vc_single_image media=&#8221;84442&#8243; media_width_percent=&#8221;50&#8243; alignment=&#8221;center&#8221; advanced=&#8221;yes&#8221; media_items=&#8221;media|original,description&#8221; media_text=&#8221;under&#8221; media_overlay_opacity=&#8221;50&#8243; media_overlay_anim=&#8221;no&#8221; media_image_anim=&#8221;no&#8221; media_h_align=&#8221;center&#8221; media_padding=&#8221;0&#8243; media_title_dimension=&#8221;&#8221;][vc_column_text]Elvileg viszonylag nagy mennyis\u00e9g\u0171 hidrog\u00e9n t\u00e1rolhat\u00f3 f\u00f6ld alatti \u00fcregekben, lem\u0171velt f\u00f6ldg\u00e1zmez\u0151kben vagy akviferekben. A foly\u00e9kony halmaz\u00e1llapotban val\u00f3 t\u00e1rol\u00e1s egy nagys\u00e1grenddel t\u00f6bb hidrog\u00e9n t\u00e1rol\u00e1s\u00e1t teszi lehet\u0151v\u00e9, viszont a \u2013253 \u00b0C alatti h\u0151m\u00e9rs\u00e9klet biztos\u00edt\u00e1sa nagyon k\u00f6lts\u00e9ges, ez\u00e9rt ezt egyel\u0151re csak az \u0171rtechnik\u00e1ban alkalmazz\u00e1k. A foly\u00e9kony t\u00e1rol\u00f3kban a hidrog\u00e9n mindig forr, ahogy \u00e9rintkezik a dupla fal\u00fa t\u00e1rol\u00f3ed\u00e9nnyel, ez\u00e9rt a nyom\u00e1s t\u00falzott megn\u00f6veked\u00e9s\u00e9nek elker\u00fcl\u00e9se \u00e9rdek\u00e9ben a t\u00falnyom\u00e1st mindig leengedik. Ennek az a k\u00f6vetkezm\u00e9nye, hogy hossz\u00fa t\u00e1von a foly\u00e9kony hidrog\u00e9n elp\u00e1rolog, azaz, csak akkor \u00e9rdemes ezt a v\u00e1ltozatot v\u00e1lasztani, amikor a hidrog\u00e9n nagy mennyis\u00e9gben fogy. (Megjegyz\u00e9s: a Mercedes a fenti technikai neh\u00e9zs\u00e9gek ellen\u00e9re mindig is a foly\u00e9kony hidrog\u00e9nt\u00e1rol\u00e1s elk\u00f6telezettje volt az \u00fczemanyag-cell\u00e1s j\u00e1rm\u0171protot\u00edpusai eset\u00e9ben. Ezzel kapcsolatban a Daimler Truck AG 2020 december\u00e9ben jelentette be, hogy a Linde-vel k\u00f6z\u00f6sen foly\u00e9kony hidrog\u00e9n tankol\u00e1s\u00e1ra alkalmas \u00fczemanyagt\u00f6lt\u0151 \u00e1llom\u00e1sokat fejleszt, ami a c\u00e9g 2023-ban m\u00e1r sorozatban gy\u00e1rtani tervezett GenH2 Truck kamionjainak a kiszolg\u00e1l\u00e1s\u00e1hoz sz\u00fcks\u00e9ges.)<\/p>\n<p>A nagynyom\u00e1s\u00fa t\u00e1rol\u00e1s \u00e1ltal\u00e1ban k\u00e9t l\u00e9pcs\u0151ben t\u00f6rt\u00e9nik. El\u0151sz\u00f6r egy k\u00f6ztes nyom\u00e1sra nyomj\u00e1k \u00f6ssze a hidrog\u00e9ng\u00e1zt, vagy pedig foly\u00e9kony form\u00e1ban t\u00e1rolj\u00e1k, majd az \u00e1tfejt\u00e9skor egy kompresszor \u00e1ll\u00edtja el\u0151 a k\u00edv\u00e1nt nyom\u00e1st. \u00cdgy ker\u00fcl be p\u00e9ld\u00e1ul a j\u00e1rm\u0171vek 350\u2013700 bar nyom\u00e1s\u00fa kompozit tart\u00e1lyaiba.[\/vc_column_text][vc_single_image media=&#8221;84448&#8243; media_width_percent=&#8221;50&#8243; alignment=&#8221;center&#8221; advanced=&#8221;yes&#8221; media_items=&#8221;media|original,description&#8221; media_text=&#8221;under&#8221; media_overlay_opacity=&#8221;50&#8243; media_overlay_anim=&#8221;no&#8221; media_image_anim=&#8221;no&#8221; media_h_align=&#8221;center&#8221; media_padding=&#8221;0&#8243; media_title_dimension=&#8221;&#8221;][vc_column_text]A kompresszor vonatkoz\u00e1s\u00e1ban meg kell eml\u00edteni, hogy nem alkalmazhat\u00f3k a hagyom\u00e1nyos ken\u00e9si elj\u00e1r\u00e1sokat alkalmaz\u00f3 m\u00f3dszerek. (Megjegyz\u00e9s: a Linde a hidrog\u00e9nt\u00f6lt\u0151 \u00e1llom\u00e1saihoz fejlesztette ki \u00e9s szabadalmaztatta 2006-ban az Ionic kompresszorait, amik szennyez\u00e9smentes, kis karbantart\u00e1sig\u00e9ny\u0171, nagy hat\u00e1sfok\u00fa kompressz\u00e1l\u00e1st tesznek lehet\u0151v\u00e9.)[\/vc_column_text][vc_custom_heading heading_semantic=&#8221;h5&#8243; text_size=&#8221;h5&#8243;]A hidrog\u00e9n t\u00e1rol\u00e1sa k\u00f6t\u00f6tt \u00e1llapotban[\/vc_custom_heading][vc_column_text]A metal-hidrid palackok a hidrog\u00e9nt a krist\u00e1lyszerkezet\u00fckben adszorbe\u00e1lj\u00e1k, \u00edgy alacsony nyom\u00e1son is nagy mennyis\u00e9geket lehet t\u00e1rolni a seg\u00edts\u00e9g\u00fckkel. A legtipikusabban alkalmazott anyagok a TiFex porok, amelyeket egy sima ac\u00e9lpalackba t\u00f6ltenek. \u00dajabban k\u00eds\u00e9rleteznek nanocs\u00f6vekkel is, amelyekkel a rem\u00e9nyek szerint 6 t\u00f6meg% hidrog\u00e9nt tudn\u00e1nak t\u00e1rolni. Hagyom\u00e1nyos nagynyom\u00e1s\u00fa palackokban 2%, az 6. \u00e1br\u00e1n bemutatott palackokban 3 t\u00f6meg% hidrog\u00e9n t\u00e1rolhat\u00f3.[\/vc_column_text][vc_single_image media=&#8221;84445&#8243; media_width_percent=&#8221;50&#8243; alignment=&#8221;center&#8221; advanced=&#8221;yes&#8221; media_items=&#8221;media|original,description&#8221; media_text=&#8221;under&#8221; media_overlay_opacity=&#8221;50&#8243; media_overlay_anim=&#8221;no&#8221; media_image_anim=&#8221;no&#8221; media_h_align=&#8221;center&#8221; media_padding=&#8221;0&#8243; media_title_dimension=&#8221;&#8221;][\/vc_column][\/vc_row][vc_row][vc_column column_width_percent=&#8221;100&#8243; gutter_size=&#8221;2&#8243; overlay_alpha=&#8221;50&#8243; shift_x=&#8221;0&#8243; shift_y=&#8221;0&#8243; shift_y_down=&#8221;0&#8243; z_index=&#8221;0&#8243; medium_width=&#8221;0&#8243; mobile_width=&#8221;0&#8243; width=&#8221;1\/1&#8243;][vc_column_text]<strong>A metal-hidrid palackok el\u0151nye:<\/strong><\/p>\n<ol>\n<li>Nagy energias\u0171r\u0171s\u00e9g<\/li>\n<li>Alacsony nyom\u00e1s, ez\u00e9rt a jelenlegi hidrog\u00e9n-infrastrukt\u00far\u00e1ban is t\u00f6lthet\u0151<\/li>\n<li>Egyszer\u0171 szab\u00e1lyoz\u00e1s<\/li>\n<\/ol>\n<p><strong>A metal-hidrid palackok h\u00e1tr\u00e1nyai:<\/strong><\/p>\n<ol>\n<li>Lass\u00fa t\u00f6lthet\u0151s\u00e9g; ebb\u0151l a szempontb\u00f3l ink\u00e1bb akkumul\u00e1tor, mint hidrog\u00e9nt\u00e1rol\u00f3<\/li>\n<li>A hidrog\u00e9n-deszorpci\u00f3 sebess\u00e9ge korl\u00e1tozott<\/li>\n<li><strong>Jelent\u0151s<\/strong> h\u0151 sz\u00fcks\u00e9ges a deszorpci\u00f3hoz, illetve jelent\u0151s a h\u0151fejl\u0151d\u00e9s a t\u00f6lt\u00e9sn\u00e9l<\/li>\n<\/ol>\n<p>A metal-hidrid palackokat a hidrog\u00e9nkinyer\u00e9s sor\u00e1n folyamatosan meleg\u00edteni kell, hogy a teljes hidrog\u00e9nmennyis\u00e9get kinyerhess\u00fck. Erre a t\u00fczel\u0151anyag-cella \u00e1ltal termelt h\u0151 b\u0151ven elegend\u0151, azonban kogener\u00e1ci\u00f3 eset\u00e9n ez rontja a rendszer hat\u00e1sfok\u00e1t.<\/p>\n<p>\u00c9vek \u00f3ta folynak kutat\u00e1sok arra vonatkoz\u00f3an, hogy fuller\u00e9nmolekul\u00e1ban t\u00e1roljanak hidrog\u00e9nt. Ezt a hatvan atomb\u00f3l \u00e1ll\u00f3 sz\u00e9nm\u00f3dosulatot 1985-ben fedezte fel a Rice Egyetemen Harry Kroto, Richard Smalley \u00e9s Robert Curl. A focilabda k\u00fclsej\u0171 molekul\u00e1val a felfedez\u0151k ki\u00e9rdemelt\u00e9k a k\u00e9miai Nobel-d\u00edjat 1996-ban. A \u201efocilabda\u201d 20 hatsz\u00f6gb\u0151l \u00e9s 12 \u00f6tsz\u00f6gb\u0151l \u00e1ll, ez a szerkezet adja stabilit\u00e1s\u00e1t. M\u00e9rete nem \u00e9ri el az egy nanom\u00e9tert, a val\u00f3di focilabda nagys\u00e1g\u00e1nak a fuller\u00e9nlabda teh\u00e1t csup\u00e1n egy t\u00edzmilliomod r\u00e9sze. Hidrog\u00e9nt\u00e1rol\u00e1sra akkor \u00e9rdemes haszn\u00e1lni a fuller\u00e9nmolekul\u00e1t, ha t\u00f6meg\u00e9nek legal\u00e1bb hat sz\u00e1zal\u00e9k\u00e1t mag\u00e1ba tudja z\u00e1rni a g\u00e1zb\u00f3l. Boris Yakobson \u00e9s koll\u00e9g\u00e1i szerint m\u00e1r szobah\u0151m\u00e9rs\u00e9kleten is 8 sz\u00e1zal\u00e9kos s\u0171r\u0171s\u00e9gben bennmarad a hidrog\u00e9n a fuller\u00e9nlabd\u00e1kban. \u201eSz\u00e1m\u00edt\u00e1saink szerint egyes fuller\u00e9nlabd\u00e1k olyan mennyis\u00e9gben k\u00e9pesek t\u00e1rolni a hidrog\u00e9nt, hogy megk\u00f6zel\u00edthetik a f\u00e9mek s\u0171r\u0171s\u00e9g\u00e9t\u201d \u2013 tudatta Yakobson a Rice Egyetem sajt\u00f3k\u00f6zlem\u00e9ny\u00e9ben.<\/p>\n<p>A sz\u00e9natomok k\u00f6zti k\u00f6t\u00e9s egyike a leger\u0151sebb k\u00e9miai k\u00f6t\u00e9seknek. Ezeket a k\u00f6t\u0151er\u0151ket Yakobson csoportja sz\u00e1m\u00edt\u00f3g\u00e9pes modellel szimul\u00e1lta, ahogyan azt is, mi t\u00f6rt\u00e9nik vel\u00fck, ha hidrog\u00e9natomokat csomagolnak a labd\u00e1ba. A kutat\u00f3k azt \u00e1ll\u00edtj\u00e1k, hogy a fuller\u00e9nlabda sz\u00e9tpattan\u00e1s\u00e1nak pontj\u00e1t is ki tudj\u00e1k sz\u00e1m\u00edtani modellj\u00fckkel. Ez az\u00e9rt fontos, mert ekkor engedi ki \u201esz\u00e1ll\u00edtm\u00e1ny\u00e1t\u201d a nanotart\u00e1ly.[\/vc_column_text][\/vc_column][\/vc_row][vc_row][vc_column column_width_percent=&#8221;100&#8243; gutter_size=&#8221;2&#8243; overlay_alpha=&#8221;50&#8243; shift_x=&#8221;0&#8243; shift_y=&#8221;0&#8243; shift_y_down=&#8221;0&#8243; z_index=&#8221;0&#8243; medium_width=&#8221;0&#8243; mobile_width=&#8221;0&#8243; width=&#8221;1\/1&#8243;][vc_custom_heading heading_semantic=&#8221;h5&#8243; text_size=&#8221;h5&#8243;]A hidrog\u00e9n sz\u00e1ll\u00edt\u00e1sa[\/vc_custom_heading][vc_column_text]Jelenleg az az egyik alapk\u00e9rd\u00e9s, hogy a hidrog\u00e9n eloszt\u00e1sa k\u00f6zponti vagy helyi szint\u0171 legyen. Ez legink\u00e1bb a hidrog\u00e9n termel\u00e9s\u00e9nek jellemz\u0151it\u0151l f\u00fcgg (azaz k\u00f6zpontilag nagyobb m\u00e9ret\u0171 \u00fczemekben vagy decentraliz\u00e1ltan, t\u00f6bb kisebb m\u00e9ret\u0171 helysz\u00ednen \u00e1ll\u00edtjuk el\u0151), de az energetika m\u00e1s ter\u00fcleteihez hasonl\u00f3an ezek valamilyen \u201eeg\u00e9szs\u00e9ges\u201d ar\u00e1nya lehet re\u00e1lis a j\u00f6v\u0151ben. A f\u00f6ldrajzi elhelyezked\u00e9st\u0151l is f\u00fcgg\u0151en egyes alkalmaz\u00e1sokn\u00e1l a helyi termel\u00e9s \u00e9s eloszt\u00e1s a c\u00e9lszer\u0171bb. Ilyen lehet pl. az ipari hidrog\u00e9nbeszerz\u00e9si lehet\u0151s\u00e9gt\u0151l t\u00e1vol es\u0151 t\u00f6lt\u0151\u00e1llom\u00e1s vagy a sz\u00fcnetmentes \u00e1ramforr\u00e1sok (UPS) hidrog\u00e9nell\u00e1t\u00e1sa.<\/p>\n<p>Jelenleg a hidrog\u00e9nt komprim\u00e1lt g\u00e1z vagy cseppfoly\u00f3s halmaz\u00e1llapotban sz\u00e1ll\u00edtj\u00e1k, t\u00f6bbf\u00e9le sz\u00e1ll\u00edt\u00e1si m\u00f3d alkalmaz\u00e1s\u00e1val. Nagyobb mennyis\u00e9gek sz\u00e1ll\u00edt\u00e1s\u00e1ra alkalmasabb a cs\u0151vezet\u00e9ken, illetve \u2013 a cseppfoly\u00f3s\u00edtott met\u00e1n anal\u00f3gi\u00e1ja alapj\u00e1n \u2013 a v\u00edzi \u00faton t\u00f6rt\u00e9n\u0151 sz\u00e1ll\u00edt\u00e1s, kisebb mennyis\u00e9gek eset\u00e9n a k\u00f6z\u00fati \u00e9s vas\u00fati sz\u00e1ll\u00edt\u00e1s t\u0171nik el\u0151ny\u00f6sebbnek.<\/p>\n<p>Jelenleg a hidrog\u00e9n eloszt\u00e1s\u00e1nak a k\u00f6z\u00fati sz\u00e1ll\u00edt\u00e1s a leggyakoribb m\u00f3dja, mivel a legt\u00f6bb felhaszn\u00e1l\u00f3 viszonylag csek\u00e9ly mennyis\u00e9get ig\u00e9nyel, \u00e9s ilyen esetben a helyben t\u00f6rt\u00e9n\u0151 el\u0151\u00e1ll\u00edt\u00e1s t\u00fal k\u00f6lts\u00e9ges lenne. A hidrog\u00e9n k\u00f6z\u00fati sz\u00e1ll\u00edt\u00e1s\u00e1nak k\u00e9t lehet\u0151s\u00e9ge van: nagym\u00e9ret\u0171 palackokban komprim\u00e1lva vagy tart\u00e1lykocsikban cseppfoly\u00f3s \u00e1llapotban. Mint kor\u00e1bban l\u00e1ttuk, a komprim\u00e1lt hidrog\u00e9ng\u00e1z el\u0151\u00e1ll\u00edt\u00e1sa \u00e9s t\u00e1rol\u00e1sa egyszer\u0171bb \u00e9s hat\u00e9konyabb a cseppfoly\u00f3s\u00edt\u00e1sn\u00e1l. Sz\u00e1ll\u00edt\u00e1skor viszont a kisebb energias\u0171r\u0171s\u00e9g\u00e9nek megvannak a h\u00e1tr\u00e1nyai: egy teheraut\u00f3val egyszerre kb. 500 kg hidrog\u00e9nt lehet sz\u00e1ll\u00edtani a 200 baros palackokban. A teheraut\u00f3k t\u00f6bb (ak\u00e1r 40) tonn\u00e1s \u00f6ns\u00faly\u00e1hoz m\u00e9rten az alacsony kihaszn\u00e1lts\u00e1g szembet\u0171n\u0151.<\/p>\n<p>Cseppfoly\u00f3s hidrog\u00e9n sz\u00e1ll\u00edt\u00e1s\u00e1hoz dupla fal\u00fa, v\u00e1kuumszigetelt tart\u00e1lykocsikat haszn\u00e1lnak, amelyeket kamionokkal vagy vas\u00faton juttatnak a fogyaszt\u00f3hoz. Ezekkel jelenleg egyszerre mind\u00f6ssze 4000 kg hidrog\u00e9n sz\u00e1ll\u00edt\u00e1sa lehets\u00e9ges \u2013 b\u00e1r ez kb. 13000 liter benzin energiatartalm\u00e1nak felel meg. A cseppfoly\u00f3s halmaz\u00e1llapot\u00fa sz\u00e1ll\u00edt\u00e1s elvileg tengeri \u00faton is megval\u00f3s\u00edthat\u00f3 majd, amennyiben a hidrog\u00e9ngazdas\u00e1g olyan szintre jut, hogy a hidrog\u00e9ntermel\u00e9st \u00e9s -felhaszn\u00e1l\u00e1st jelent\u0151s t\u00e1vols\u00e1gok v\u00e1lasztj\u00e1k el. E t\u00e9ren az LNG (cseppfoly\u00f3s f\u00f6ldg\u00e1z) sz\u00e1ll\u00edt\u00e1s\u00e1val szerzett tapasztalatok nagy seg\u00edts\u00e9get ny\u00fajthatnak.<\/p>\n<p>A nagy mennyis\u00e9g\u0171 hidrog\u00e9nt ig\u00e9nyl\u0151 fogyaszt\u00f3k (pl. vegyi vagy petrolk\u00e9miai \u00fczemek) ell\u00e1t\u00e1sa optim\u00e1lisan \u2013 \u00e9s ha erre a k\u00f6r\u00fclm\u00e9nyek lehet\u0151s\u00e9get adnak \u2013 cs\u0151vezet\u00e9ken t\u00f6rt\u00e9nik, 10\u201370 bar nyom\u00e1son. Az ipari fogyaszt\u00f3k megn\u00f6vekedett kereslete miatt az elm\u00falt \u00e9vekben dinamikusan b\u0151v\u00edtett\u00e9k a hidrog\u00e9n-cs\u0151vezet\u00e9k kapacit\u00e1sokat \u2013 f\u0151k\u00e9nt k\u00f6zvetlen\u00fcl a termel\u0151k \u00e9s a nagyfogyaszt\u00f3k k\u00f6z\u00f6tt \u2013, mivel ez a nagy mennyis\u00e9g\u0171 sz\u00e1ll\u00edt\u00e1s leggazdas\u00e1gosabb m\u00f3dja.<\/p>\n<p>A hidrog\u00e9n kor\u00e1bban eml\u00edtett jellemz\u0151ib\u0151l (ill\u00e9konys\u00e1g, anyaggyeng\u00edt\u00e9s, anyagkif\u00e1rad\u00e1s) fakad\u00f3an a hidrog\u00e9n sz\u00e1ll\u00edt\u00e1s\u00e1t szolg\u00e1l\u00f3 cs\u00f6vekhez csak k\u00fcl\u00f6nleges ac\u00e9l\u00f6tv\u00f6zetek vagy m\u00e1s (pl. kompozit) anyagok alkalmasak, ami szint\u00e9n \u00e9rv\u00e9nyes a told\u00e1sokra, t\u00f6m\u00edt\u00e9sekre, illetve a seg\u00e9d\u00fczemi berendez\u00e9sekre, mint p\u00e9ld\u00e1ul a kompresszorok. Ez nyilv\u00e1n a beruh\u00e1z\u00e1si k\u00f6lts\u00e9gekre is kihat\u00e1ssal van; teh\u00e1t dr\u00e1g\u00e1bb egy hidrog\u00e9nvezet\u00e9k-rendszer ki\u00e9p\u00edt\u00e9se, mint pl. a f\u00f6ldg\u00e1z\u00e9.<\/p>\n<p>M\u00e1r napjainkban is sz\u00e1mottev\u0151 l\u00e9pt\u00e9k\u0171 megl\u00e9v\u0151 hidrog\u00e9nvezet\u00e9k \u00fczemel. N\u00e9metorsz\u00e1gban pl. egy 240 km-es hossz\u00fas\u00e1g\u00fa, 30 bar nyom\u00e1s\u00fa h\u00e1l\u00f3zat gondoskodik a Ruhr-vid\u00e9k 18 ipari fogyaszt\u00f3j\u00e1r\u00f3l az 1930-as \u00e9vek \u00f3ta. Az EU-ban a hidrog\u00e9n-cs\u0151vezet\u00e9kek \u00f6sszes\u00edtett hossza kb. 1600 km (ennek fele Belgiumban \u00e9s Hollandi\u00e1ban tal\u00e1lhat\u00f3). Kazincbarcik\u00e1n, a BorsodChem telephely\u00e9n bel\u00fcl is t\u00f6bb kilom\u00e9ter hossz\u00fa hidrog\u00e9nvezet\u00e9k-h\u00e1l\u00f3zat juttatja el ezt a g\u00e1zt az el\u0151\u00e1ll\u00edt\u00e1s hely\u00e9t\u0151l (HyCO \u00fczemek) a felhaszn\u00e1l\u00e1si pontokra. Az USA-ban \u00e9s Kanad\u00e1ban egy\u00fcttesen is kb. 1800 km megl\u00e9v\u0151, ipari hidrog\u00e9nvezet\u00e9k-rendszer m\u0171k\u00f6dik, \u00e9vtizedek \u00f3ta biztons\u00e1gosan.<\/p>\n<p>Egyes v\u00e9lem\u00e9nyek szerint a legmodernebb f\u00f6ldg\u00e1zvezet\u00e9kek alkalmass\u00e1 tehet\u0151k majd hidrog\u00e9n sz\u00e1ll\u00edt\u00e1s\u00e1ra is, de ez jelenleg m\u00e9g vitatott k\u00e9rd\u00e9s. Az is vit\u00e1k, illetve vizsg\u00e1l\u00f3d\u00e1sok t\u00e1rgy\u00e1t k\u00e9pezi, hogy a megl\u00e9v\u0151 f\u00f6ldg\u00e1zh\u00e1l\u00f3zatba n\u00e9h\u00e1ny sz\u00e1zal\u00e9knyi hidrog\u00e9n bevezet\u00e9se megval\u00f3s\u00edthat\u00f3 lenne-e, okozhatna-e gondot a sz\u00e1ll\u00edt\u00f3rendszeren vagy a v\u00e9gfelhaszn\u00e1l\u00f3i eszk\u00f6z\u00f6kben.[\/vc_column_text][\/vc_column][\/vc_row][vc_row row_height_percent=&#8221;0&#8243; override_padding=&#8221;yes&#8221; h_padding=&#8221;2&#8243; top_padding=&#8221;2&#8243; bottom_padding=&#8221;4&#8243; overlay_alpha=&#8221;50&#8243; gutter_size=&#8221;3&#8243; column_width_percent=&#8221;100&#8243; shift_y=&#8221;0&#8243; z_index=&#8221;0&#8243;][vc_column column_width_percent=&#8221;100&#8243; gutter_size=&#8221;2&#8243; overlay_alpha=&#8221;50&#8243; shift_x=&#8221;0&#8243; shift_y=&#8221;0&#8243; shift_y_down=&#8221;0&#8243; z_index=&#8221;0&#8243; medium_width=&#8221;0&#8243; mobile_width=&#8221;0&#8243; width=&#8221;1\/1&#8243;][vc_custom_heading heading_semantic=&#8221;h5&#8243; text_size=&#8221;h5&#8243;]<\/p>\n<h2><span style=\"font-size: 12.0pt;\">A hidrog\u00e9n j\u00f6v\u0151beni (energetikai) felhaszn\u00e1l\u00e1si m\u00f3djai<\/span><\/h2>\n<p>[\/vc_custom_heading][vc_column_text]A hidrog\u00e9n energetikai c\u00e9l\u00fa felhaszn\u00e1l\u00e1s\u00e1nak k\u00fcsz\u00f6b\u00e9hez \u00e9rkezt\u00fcnk, \u00e9s j\u00f3 es\u00e9ly van r\u00e1, hogy a hidrog\u00e9n \u00e9s a hidrog\u00e9nenergetikai technol\u00f3gi\u00e1k a k\u00f6vetkez\u0151 \u00e9vtizedekben sz\u00e1mottev\u0151 r\u00e9szesed\u00e9st szerezzenek maguknak. Az energetikai c\u00e9l\u00fa felhaszn\u00e1l\u00e1s, bele\u00e9rtve a k\u00f6zleked\u00e9st is, cs\u00edr\u00e1iban tulajdonk\u00e9ppen m\u00e1r megjelent a 2000-es \u00e9vekben is, mivel a hidrog\u00e9n t\u00fczel\u0151anyag-cell\u00e1s busz \u00e9s\/vagy szem\u00e9lyaut\u00f3 projektek sz\u00e1mos orsz\u00e1gban sikerrel megval\u00f3sultak, ki\u00e9p\u00fclt n\u00e9h\u00e1ny tucat hidrog\u00e9n-\u00fczemanyagk\u00fat, illetve korai demonstr\u00e1ci\u00f3s projektek az energiatermel\u00e9s ter\u00fclet\u00e9n is zajlottak. Azonban ezek els\u0151dlegesen a technol\u00f3giai valid\u00e1ci\u00f3t, tesztel\u00e9st hivatottak szolg\u00e1lni; a gazdas\u00e1goss\u00e1gi szempontok vagy a kommercializ\u00e1l\u00f3d\u00e1si (t\u00f6meges piacra l\u00e9p\u00e9si) lehet\u0151s\u00e9gek m\u00e9g nem voltak adottak, egyes korai, speci\u00e1lis alkalmaz\u00e1sokat lesz\u00e1m\u00edtva.<\/p>\n<p><strong>A szemelv\u00e9nyek forr\u00e1sa:<\/strong><\/p>\n<p>Mayer Zolt\u00e1n \u00e9s Kriston \u00c1kos \u2013 Hidrog\u00e9n \u00e9s metanol gazdas\u00e1g (<u><a href=\"https:\/\/regi.tankonyvtar.hu\/hu\/tartalom\/tamop412A\/2010-0017_31_hidrogen_es_metanol\/ch01s04.html\" target=\"_blank\" rel=\"noopener\">https:\/\/regi.tankonyvtar.hu\/hu\/tartalom\/tamop412A\/2010-0017_31_hidrogen_es_metanol\/ch01s04.html<\/a>)<\/u>[\/vc_column_text][\/vc_column][\/vc_row]<\/p>\n<\/div>","protected":false},"excerpt":{"rendered":"<p>[vc_row][vc_column column_width_percent=&#8221;100&#8243; gutter_size=&#8221;2&#8243; overlay_alpha=&#8221;50&#8243; shift_x=&#8221;0&#8243; shift_y=&#8221;0&#8243; shift_y_down=&#8221;0&#8243; z_index=&#8221;0&#8243; medium_width=&#8221;0&#8243; mobile_width=&#8221;0&#8243; width=&#8221;1\/1&#8243;][vc_column_text]A glob\u00e1lis primer energiaig\u00e9ny t\u00f6bb mint 80 sz\u00e1zal\u00e9k\u00e1t a fosszilis [&hellip;]<\/p>\n","protected":false},"author":2,"featured_media":84418,"parent":82815,"menu_order":0,"comment_status":"closed","ping_status":"closed","template":"","meta":{"_acf_changed":false,"footnotes":""},"class_list":["post-82825","page","type-page","status-publish","has-post-thumbnail","hentry","page_category-tuzeloanyag-cellak"],"acf":[],"yoast_head":"<!-- This site is optimized with the Yoast SEO plugin v27.5 - https:\/\/yoast.com\/product\/yoast-seo-wordpress\/ -->\n<title>Hidrog\u00e9n energetika - Kontakt Elektro<\/title>\n<meta name=\"robots\" content=\"index, follow, max-snippet:-1, max-image-preview:large, max-video-preview:-1\" \/>\n<link rel=\"canonical\" href=\"https:\/\/www.kontakt-elektro.hu\/tuzeloanyag-cellak\/hidrogen-energetika\/\" \/>\n<meta property=\"og:locale\" content=\"hu_HU\" \/>\n<meta property=\"og:type\" content=\"article\" \/>\n<meta property=\"og:title\" content=\"Hidrog\u00e9n energetika - Kontakt Elektro\" \/>\n<meta property=\"og:description\" content=\"[vc_row][vc_column column_width_percent=&#8221;100&#8243; gutter_size=&#8221;2&#8243; overlay_alpha=&#8221;50&#8243; shift_x=&#8221;0&#8243; shift_y=&#8221;0&#8243; shift_y_down=&#8221;0&#8243; z_index=&#8221;0&#8243; medium_width=&#8221;0&#8243; mobile_width=&#8221;0&#8243; width=&#8221;1\/1&#8243;][vc_column_text]A glob\u00e1lis primer energiaig\u00e9ny t\u00f6bb mint 80 sz\u00e1zal\u00e9k\u00e1t a fosszilis [&hellip;]\" \/>\n<meta property=\"og:url\" content=\"https:\/\/www.kontakt-elektro.hu\/tuzeloanyag-cellak\/hidrogen-energetika\/\" \/>\n<meta property=\"og:site_name\" content=\"Kontakt Elektro\" \/>\n<meta property=\"article:publisher\" content=\"https:\/\/www.facebook.com\/KONTAKT.Elektro.Kft\/\" \/>\n<meta property=\"article:modified_time\" content=\"2021-05-18T06:56:18+00:00\" \/>\n<meta property=\"og:image\" content=\"https:\/\/www.kontakt-elektro.hu\/wp-content\/uploads\/2021\/01\/Hidrogen-energetika-min.jpg\" \/>\n\t<meta property=\"og:image:width\" content=\"2400\" \/>\n\t<meta property=\"og:image:height\" content=\"1191\" \/>\n\t<meta property=\"og:image:type\" content=\"image\/jpeg\" \/>\n<meta name=\"twitter:card\" content=\"summary_large_image\" \/>\n<meta name=\"twitter:label1\" content=\"Becs\u00fclt olvas\u00e1si id\u0151\" \/>\n\t<meta name=\"twitter:data1\" content=\"19 perc\" \/>\n<script type=\"application\/ld+json\" class=\"yoast-schema-graph\">{\"@context\":\"https:\\\/\\\/schema.org\",\"@graph\":[{\"@type\":\"WebPage\",\"@id\":\"https:\\\/\\\/www.kontakt-elektro.hu\\\/tuzeloanyag-cellak\\\/hidrogen-energetika\\\/\",\"url\":\"https:\\\/\\\/www.kontakt-elektro.hu\\\/tuzeloanyag-cellak\\\/hidrogen-energetika\\\/\",\"name\":\"Hidrog\u00e9n energetika - Kontakt Elektro\",\"isPartOf\":{\"@id\":\"https:\\\/\\\/www.kontakt-elektro.hu\\\/#website\"},\"primaryImageOfPage\":{\"@id\":\"https:\\\/\\\/www.kontakt-elektro.hu\\\/tuzeloanyag-cellak\\\/hidrogen-energetika\\\/#primaryimage\"},\"image\":{\"@id\":\"https:\\\/\\\/www.kontakt-elektro.hu\\\/tuzeloanyag-cellak\\\/hidrogen-energetika\\\/#primaryimage\"},\"thumbnailUrl\":\"https:\\\/\\\/www.kontakt-elektro.hu\\\/wp-content\\\/uploads\\\/2021\\\/01\\\/Hidrogen-energetika-min.jpg\",\"datePublished\":\"2020-08-03T12:28:08+00:00\",\"dateModified\":\"2021-05-18T06:56:18+00:00\",\"breadcrumb\":{\"@id\":\"https:\\\/\\\/www.kontakt-elektro.hu\\\/tuzeloanyag-cellak\\\/hidrogen-energetika\\\/#breadcrumb\"},\"inLanguage\":\"hu\",\"potentialAction\":[{\"@type\":\"ReadAction\",\"target\":[\"https:\\\/\\\/www.kontakt-elektro.hu\\\/tuzeloanyag-cellak\\\/hidrogen-energetika\\\/\"]}]},{\"@type\":\"ImageObject\",\"inLanguage\":\"hu\",\"@id\":\"https:\\\/\\\/www.kontakt-elektro.hu\\\/tuzeloanyag-cellak\\\/hidrogen-energetika\\\/#primaryimage\",\"url\":\"https:\\\/\\\/www.kontakt-elektro.hu\\\/wp-content\\\/uploads\\\/2021\\\/01\\\/Hidrogen-energetika-min.jpg\",\"contentUrl\":\"https:\\\/\\\/www.kontakt-elektro.hu\\\/wp-content\\\/uploads\\\/2021\\\/01\\\/Hidrogen-energetika-min.jpg\",\"width\":2400,\"height\":1191},{\"@type\":\"BreadcrumbList\",\"@id\":\"https:\\\/\\\/www.kontakt-elektro.hu\\\/tuzeloanyag-cellak\\\/hidrogen-energetika\\\/#breadcrumb\",\"itemListElement\":[{\"@type\":\"ListItem\",\"position\":1,\"name\":\"kezd\u0151lap\",\"item\":\"https:\\\/\\\/www.kontakt-elektro.hu\\\/\"},{\"@type\":\"ListItem\",\"position\":2,\"name\":\"T\u00fczel\u0151anyag-Cell\u00e1k\",\"item\":\"https:\\\/\\\/www.kontakt-elektro.hu\\\/tuzeloanyag-cellak\\\/\"},{\"@type\":\"ListItem\",\"position\":3,\"name\":\"Hidrog\u00e9n energetika\"}]},{\"@type\":\"WebSite\",\"@id\":\"https:\\\/\\\/www.kontakt-elektro.hu\\\/#website\",\"url\":\"https:\\\/\\\/www.kontakt-elektro.hu\\\/\",\"name\":\"Kontakt Elektro\",\"description\":\"\",\"publisher\":{\"@id\":\"https:\\\/\\\/www.kontakt-elektro.hu\\\/#organization\"},\"potentialAction\":[{\"@type\":\"SearchAction\",\"target\":{\"@type\":\"EntryPoint\",\"urlTemplate\":\"https:\\\/\\\/www.kontakt-elektro.hu\\\/?s={search_term_string}\"},\"query-input\":{\"@type\":\"PropertyValueSpecification\",\"valueRequired\":true,\"valueName\":\"search_term_string\"}}],\"inLanguage\":\"hu\"},{\"@type\":\"Organization\",\"@id\":\"https:\\\/\\\/www.kontakt-elektro.hu\\\/#organization\",\"name\":\"Kontakt Elektro\",\"url\":\"https:\\\/\\\/www.kontakt-elektro.hu\\\/\",\"logo\":{\"@type\":\"ImageObject\",\"inLanguage\":\"hu\",\"@id\":\"https:\\\/\\\/www.kontakt-elektro.hu\\\/#\\\/schema\\\/logo\\\/image\\\/\",\"url\":\"https:\\\/\\\/www.kontakt-elektro.hu\\\/wp-content\\\/uploads\\\/2021\\\/05\\\/Kontakt-Elektro.jpg\",\"contentUrl\":\"https:\\\/\\\/www.kontakt-elektro.hu\\\/wp-content\\\/uploads\\\/2021\\\/05\\\/Kontakt-Elektro.jpg\",\"width\":1200,\"height\":630,\"caption\":\"Kontakt Elektro\"},\"image\":{\"@id\":\"https:\\\/\\\/www.kontakt-elektro.hu\\\/#\\\/schema\\\/logo\\\/image\\\/\"},\"sameAs\":[\"https:\\\/\\\/www.facebook.com\\\/KONTAKT.Elektro.Kft\\\/\",\"https:\\\/\\\/www.linkedin.com\\\/company\\\/kontakt-elektro-ltd.\"]}]}<\/script>\n<!-- \/ Yoast SEO plugin. -->","yoast_head_json":{"title":"Hidrog\u00e9n energetika - Kontakt Elektro","robots":{"index":"index","follow":"follow","max-snippet":"max-snippet:-1","max-image-preview":"max-image-preview:large","max-video-preview":"max-video-preview:-1"},"canonical":"https:\/\/www.kontakt-elektro.hu\/tuzeloanyag-cellak\/hidrogen-energetika\/","og_locale":"hu_HU","og_type":"article","og_title":"Hidrog\u00e9n energetika - Kontakt Elektro","og_description":"[vc_row][vc_column column_width_percent=&#8221;100&#8243; gutter_size=&#8221;2&#8243; overlay_alpha=&#8221;50&#8243; shift_x=&#8221;0&#8243; shift_y=&#8221;0&#8243; shift_y_down=&#8221;0&#8243; z_index=&#8221;0&#8243; medium_width=&#8221;0&#8243; mobile_width=&#8221;0&#8243; width=&#8221;1\/1&#8243;][vc_column_text]A glob\u00e1lis primer energiaig\u00e9ny t\u00f6bb mint 80 sz\u00e1zal\u00e9k\u00e1t a fosszilis [&hellip;]","og_url":"https:\/\/www.kontakt-elektro.hu\/tuzeloanyag-cellak\/hidrogen-energetika\/","og_site_name":"Kontakt Elektro","article_publisher":"https:\/\/www.facebook.com\/KONTAKT.Elektro.Kft\/","article_modified_time":"2021-05-18T06:56:18+00:00","og_image":[{"width":2400,"height":1191,"url":"https:\/\/www.kontakt-elektro.hu\/wp-content\/uploads\/2021\/01\/Hidrogen-energetika-min.jpg","type":"image\/jpeg"}],"twitter_card":"summary_large_image","twitter_misc":{"Becs\u00fclt olvas\u00e1si id\u0151":"19 perc"},"schema":{"@context":"https:\/\/schema.org","@graph":[{"@type":"WebPage","@id":"https:\/\/www.kontakt-elektro.hu\/tuzeloanyag-cellak\/hidrogen-energetika\/","url":"https:\/\/www.kontakt-elektro.hu\/tuzeloanyag-cellak\/hidrogen-energetika\/","name":"Hidrog\u00e9n energetika - Kontakt Elektro","isPartOf":{"@id":"https:\/\/www.kontakt-elektro.hu\/#website"},"primaryImageOfPage":{"@id":"https:\/\/www.kontakt-elektro.hu\/tuzeloanyag-cellak\/hidrogen-energetika\/#primaryimage"},"image":{"@id":"https:\/\/www.kontakt-elektro.hu\/tuzeloanyag-cellak\/hidrogen-energetika\/#primaryimage"},"thumbnailUrl":"https:\/\/www.kontakt-elektro.hu\/wp-content\/uploads\/2021\/01\/Hidrogen-energetika-min.jpg","datePublished":"2020-08-03T12:28:08+00:00","dateModified":"2021-05-18T06:56:18+00:00","breadcrumb":{"@id":"https:\/\/www.kontakt-elektro.hu\/tuzeloanyag-cellak\/hidrogen-energetika\/#breadcrumb"},"inLanguage":"hu","potentialAction":[{"@type":"ReadAction","target":["https:\/\/www.kontakt-elektro.hu\/tuzeloanyag-cellak\/hidrogen-energetika\/"]}]},{"@type":"ImageObject","inLanguage":"hu","@id":"https:\/\/www.kontakt-elektro.hu\/tuzeloanyag-cellak\/hidrogen-energetika\/#primaryimage","url":"https:\/\/www.kontakt-elektro.hu\/wp-content\/uploads\/2021\/01\/Hidrogen-energetika-min.jpg","contentUrl":"https:\/\/www.kontakt-elektro.hu\/wp-content\/uploads\/2021\/01\/Hidrogen-energetika-min.jpg","width":2400,"height":1191},{"@type":"BreadcrumbList","@id":"https:\/\/www.kontakt-elektro.hu\/tuzeloanyag-cellak\/hidrogen-energetika\/#breadcrumb","itemListElement":[{"@type":"ListItem","position":1,"name":"kezd\u0151lap","item":"https:\/\/www.kontakt-elektro.hu\/"},{"@type":"ListItem","position":2,"name":"T\u00fczel\u0151anyag-Cell\u00e1k","item":"https:\/\/www.kontakt-elektro.hu\/tuzeloanyag-cellak\/"},{"@type":"ListItem","position":3,"name":"Hidrog\u00e9n energetika"}]},{"@type":"WebSite","@id":"https:\/\/www.kontakt-elektro.hu\/#website","url":"https:\/\/www.kontakt-elektro.hu\/","name":"Kontakt Elektro","description":"","publisher":{"@id":"https:\/\/www.kontakt-elektro.hu\/#organization"},"potentialAction":[{"@type":"SearchAction","target":{"@type":"EntryPoint","urlTemplate":"https:\/\/www.kontakt-elektro.hu\/?s={search_term_string}"},"query-input":{"@type":"PropertyValueSpecification","valueRequired":true,"valueName":"search_term_string"}}],"inLanguage":"hu"},{"@type":"Organization","@id":"https:\/\/www.kontakt-elektro.hu\/#organization","name":"Kontakt Elektro","url":"https:\/\/www.kontakt-elektro.hu\/","logo":{"@type":"ImageObject","inLanguage":"hu","@id":"https:\/\/www.kontakt-elektro.hu\/#\/schema\/logo\/image\/","url":"https:\/\/www.kontakt-elektro.hu\/wp-content\/uploads\/2021\/05\/Kontakt-Elektro.jpg","contentUrl":"https:\/\/www.kontakt-elektro.hu\/wp-content\/uploads\/2021\/05\/Kontakt-Elektro.jpg","width":1200,"height":630,"caption":"Kontakt Elektro"},"image":{"@id":"https:\/\/www.kontakt-elektro.hu\/#\/schema\/logo\/image\/"},"sameAs":["https:\/\/www.facebook.com\/KONTAKT.Elektro.Kft\/","https:\/\/www.linkedin.com\/company\/kontakt-elektro-ltd."]}]}},"_links":{"self":[{"href":"https:\/\/www.kontakt-elektro.hu\/hu\/wp-json\/wp\/v2\/pages\/82825","targetHints":{"allow":["GET"]}}],"collection":[{"href":"https:\/\/www.kontakt-elektro.hu\/hu\/wp-json\/wp\/v2\/pages"}],"about":[{"href":"https:\/\/www.kontakt-elektro.hu\/hu\/wp-json\/wp\/v2\/types\/page"}],"author":[{"embeddable":true,"href":"https:\/\/www.kontakt-elektro.hu\/hu\/wp-json\/wp\/v2\/users\/2"}],"replies":[{"embeddable":true,"href":"https:\/\/www.kontakt-elektro.hu\/hu\/wp-json\/wp\/v2\/comments?post=82825"}],"version-history":[{"count":0,"href":"https:\/\/www.kontakt-elektro.hu\/hu\/wp-json\/wp\/v2\/pages\/82825\/revisions"}],"up":[{"embeddable":true,"href":"https:\/\/www.kontakt-elektro.hu\/hu\/wp-json\/wp\/v2\/pages\/82815"}],"wp:featuredmedia":[{"embeddable":true,"href":"https:\/\/www.kontakt-elektro.hu\/hu\/wp-json\/wp\/v2\/media\/84418"}],"wp:attachment":[{"href":"https:\/\/www.kontakt-elektro.hu\/hu\/wp-json\/wp\/v2\/media?parent=82825"}],"curies":[{"name":"wp","href":"https:\/\/api.w.org\/{rel}","templated":true}]}}