{"id":82821,"date":"2020-08-03T14:27:16","date_gmt":"2020-08-03T12:27:16","guid":{"rendered":"http:\/\/www.kontakt-elektro.hu\/?page_id=82821"},"modified":"2021-05-25T16:11:59","modified_gmt":"2021-05-25T14:11:59","slug":"tuzeloanyagcella-alkalmazasok","status":"publish","type":"page","link":"https:\/\/www.kontakt-elektro.hu\/hu\/tuzeloanyag-cellak\/tuzeloanyagcella-alkalmazasok\/","title":{"rendered":"T\u00fczel\u0151anyag-cella alkalmaz\u00e1sok"},"content":{"rendered":"<div class=\"wpb-content-wrapper\"><p>[vc_row row_height_percent=&#8221;0&#8243; overlay_alpha=&#8221;50&#8243; equal_height=&#8221;yes&#8221; gutter_size=&#8221;3&#8243; column_width_percent=&#8221;100&#8243; shift_y=&#8221;0&#8243; z_index=&#8221;0&#8243;][vc_column column_width_percent=&#8221;100&#8243; gutter_size=&#8221;2&#8243; overlay_alpha=&#8221;50&#8243; shift_x=&#8221;0&#8243; shift_y=&#8221;0&#8243; shift_y_down=&#8221;0&#8243; z_index=&#8221;0&#8243; medium_width=&#8221;0&#8243; mobile_width=&#8221;0&#8243; width=&#8221;1\/1&#8243;][vc_column_text]A t\u00fczel\u0151anyag-cell\u00e1k (TC-k) alkalmaz\u00e1s\u00e1nak sz\u00e1mos lehet\u0151s\u00e9ge ismert ma m\u00e1r, \u00e9s v\u00e1rhat\u00f3an \u00fajabb \u00e9s \u00fajabb lehet\u0151s\u00e9gek mer\u00fclnek fel a j\u00f6v\u0151ben, ahogy egyre el\u00e9rhet\u0151bb\u00e9 v\u00e1lik a technol\u00f3gia az \u00e1rak cs\u00f6kken\u00e9s\u00e9nek \u00e9s az egyre korszer\u0171bb \u00e9s versenyk\u00e9pesebb m\u0171szaki param\u00e9tereknek k\u00f6sz\u00f6nhet\u0151en.<\/p>\n<p>A gyors fejl\u0151d\u00e9st a k\u00f6zleked\u00e9si c\u00e9l\u00fa felhaszn\u00e1l\u00e1suk ir\u00e1nti er\u0151s ig\u00e9ny kataliz\u00e1lta, ami \u00edgy legink\u00e1bb a j\u00e1rm\u0171vekben haszn\u00e1lt PEM t\u00edpus\u00fa t\u00fczel\u0151anyag-cell\u00e1kat \u00e9rintette, de a m\u0171szaki \u00e9letben tapasztalhat\u00f3 fokoz\u00f3d\u00f3 \u00e9rdekl\u0151d\u00e9s a TC-k ir\u00e1nt felgyors\u00edtotta az egy\u00e9b t\u00edpus\u00fa, m\u00e1s ter\u00fcleteken hasznos\u00edthat\u00f3 cell\u00e1k fejleszt\u00e9s\u00e9t is.<\/p>\n<p>A t\u00fczel\u0151anyag-cell\u00e1k kategoriz\u00e1lhat\u00f3k az elektrolit t\u00edpusa szerint, mivel az nagyban meghat\u00e1rozza a tulajdons\u00e1gaikat. Ennek megfelel\u0151en az egyes alkalmaz\u00e1sok is egy-k\u00e9t cellat\u00edpushoz k\u00f6thet\u0151k legink\u00e1bb. A 6 f\u0151 cellat\u00edpust a k\u00f6vetkez\u0151 ter\u00fcleteken haszn\u00e1lj\u00e1k:[\/vc_column_text][vc_single_image media=&#8221;84475&#8243; media_width_percent=&#8221;50&#8243; alignment=&#8221;center&#8221; advanced=&#8221;yes&#8221; media_items=&#8221;media|original,description&#8221; media_text=&#8221;under&#8221; media_overlay_opacity=&#8221;50&#8243; media_overlay_anim=&#8221;no&#8221; media_text_anim=&#8221;no&#8221; media_image_anim=&#8221;no&#8221; media_h_align=&#8221;center&#8221; media_h_position=&#8221;center&#8221; media_padding=&#8221;0&#8243; media_title_dimension=&#8221;&#8221;][vc_column_text]<\/p>\n<p style=\"text-align: center;\">(<a href=\"https:\/\/www.doitpoms.ac.uk\/tlplib\/fuel-cells\/types.php\" target=\"_blank\" rel=\"noopener\">https:\/\/www.doitpoms.ac.uk\/tlplib\/fuel-cells\/types.php<\/a>)<\/p>\n<p>[\/vc_column_text][\/vc_column][\/vc_row][vc_row][vc_column column_width_percent=&#8221;100&#8243; gutter_size=&#8221;2&#8243; overlay_alpha=&#8221;50&#8243; shift_x=&#8221;0&#8243; shift_y=&#8221;0&#8243; shift_y_down=&#8221;0&#8243; z_index=&#8221;0&#8243; medium_width=&#8221;0&#8243; mobile_width=&#8221;0&#8243; width=&#8221;1\/1&#8243;][vc_custom_heading separator=&#8221;yes&#8221;]Telep\u00edtett alkalmaz\u00e1sok[\/vc_custom_heading][vc_column_text]A telep\u00edtett (stationary) alkalmaz\u00e1sok nev\u00fcknek megfelel\u0151en \u00e1ltal\u00e1ban helyhez k\u00f6t\u00f6tt, fixen telep\u00edtett berendez\u00e9seket takarnak. Azonban \u00e1ltal\u00e1noss\u00e1gban minden, nem k\u00f6zleked\u00e9si \u00e9s nem hordozhat\u00f3 alkalmaz\u00e1st ebbe a kateg\u00f3ri\u00e1ba sorolnak, amiknek els\u0151dleges c\u00e9lja nem egy, a berendez\u00e9s r\u00e9sz\u00e9t k\u00e9pez\u0151, konkr\u00e9t fogyaszt\u00f3 (pl. villamos motor) kiszolg\u00e1l\u00e1sa, hanem a villamos energia \u00e1ltal\u00e1nos c\u00e9l\u00fa el\u0151\u00e1ll\u00edt\u00e1sa \u201eb\u00e1rmilyen\u201d k\u00fcls\u0151 fogyaszt\u00f3 sz\u00e1m\u00e1ra. Sok alkalmaz\u00e1sban a villamos energia el\u0151\u00e1ll\u00edt\u00e1sa mellett hasznos\u00edtj\u00e1k a cella vesztes\u00e9gh\u0151j\u00e9t is, ami \u00edgy kombin\u00e1lt energia el\u0151\u00e1ll\u00edt\u00e1st (co-generation) jelent, amit h\u00edvnak kapcsolt energiatermel\u00e9snek is.<\/p>\n<p>A telep\u00edtett TC rendszereket a m\u0171k\u00f6d\u00e9s\u00fck gyakoris\u00e1ga \u00e9s folyamatoss\u00e1ga alapj\u00e1n is fel lehet osztani, ami \u00e1ltal\u00e1ban a berendez\u00e9sben l\u00e9v\u0151 cella \u00e9lettartam\u00e1val is \u00f6sszef\u00fcgg:<\/p>\n<ul>\n<li>folyamatosan m\u0171k\u00f6d\u0151, els\u0151dleges c\u00e9l\u00fa energiatermel\u0151 alkalmaz\u00e1sok \u2013 ezen bel\u00fcl l\u00e9teznek csak villamos energiatermel\u00e9sre, vagy kapcsolt (CHP) energiatermel\u00e9sre, illetve \u00fajabban h\u00e1rmas energiatermel\u00e9sre (CHHP, Combined Heat, Hydrogen &amp; Power) szolg\u00e1l\u00f3 technol\u00f3gi\u00e1k, 20-30.000 \u00f3ra \u00e9lettartam\u00fa stackkel,<\/li>\n<li>id\u0151szakosan m\u0171k\u00f6d\u0151, pl. sz\u00fcnetmentes (UPS), illetve v\u00e9szhelyzeti energiaell\u00e1t\u00e1st biztos\u00edt\u00f3 telep\u00edtett berendez\u00e9sek, 3-5.000 \u00f3ra \u00e9lettartam\u00fa stackkel.<\/li>\n<\/ul>\n<p>Teljes\u00edtm\u00e9ny szempontj\u00e1b\u00f3l ma m\u00e1r igen sokf\u00e9le telep\u00edtett, energiatermel\u0151 TC \u00e9rhet\u0151 el. Nem hivatalos oszt\u00e1lyoz\u00e1s szerint az al\u00e1bbi f\u0151 kateg\u00f3ri\u00e1k l\u00e9teznek, de term\u00e9szetesen kialak\u00edthat\u00f3k k\u00f6ztes teljes\u00edtm\u00e9nyek, illetve a modul\u00e1ris fel\u00e9p\u00edt\u00e9snek k\u00f6sz\u00f6nhet\u0151en szinte tetsz\u0151leges teljes\u00edtm\u00e9ny\u0171 rendszerek l\u00e9tes\u00edthet\u0151k (<a href=\"https:\/\/www.hfc-hungary.org\/energiatermelo-telepitett-alkalmazasok\/\">https:\/\/www.hfc-hungary.org\/energiatermelo-telepitett-alkalmazasok\/<\/a>):<\/p>\n<ul>\n<li>h\u00e1ztart\u00e1si (\u201edomestic\u201d) l\u00e9pt\u00e9k\u0171 t\u00fczel\u0151anyag-cell\u00e1s rendszerek: ~0,3 \u2013 5 kWe,<\/li>\n<li>kereskedelmi\/ ipari (\u201ecommercial\/industrial scale\u201d) l\u00e9pt\u00e9k\u0171 t\u00fczel\u0151anyag-cell\u00e1s rendszerek: ~100 \u2013 500 kWe,<\/li>\n<li>k\u00f6zm\u0171 (\u201eutility scale\u201d) l\u00e9pt\u00e9k\u0171 t\u00fczel\u0151anyag-cell\u00e1s rendszerek: ~1 MWe-t\u0151l t\u00f6bb t\u00edz MWe teljes\u00edtm\u00e9nyig. A jelenleg m\u0171k\u00f6d\u0151 legnagyobb t\u00fczel\u0151anyag-cell\u00e1s rendszer 59 MWe kapacit\u00e1s\u00fa. D\u00e9l-Kore\u00e1ban m\u0171k\u00f6dik \u00e9s 2,8 MW egys\u00e9gteljes\u00edtm\u00e9ny\u0171 MCFC t\u00fczel\u0151anyag-cella k\u00f6tegekb\u0151l, azaz stack-ekb\u0151l \u00e9p\u00fcl fel.<\/li>\n<\/ul>\n<p>A fixen telep\u00edtett berendez\u00e9sek mellett term\u00e9szetesen l\u00e9teznek hasonl\u00f3 c\u00e9l\u00fa (\u00edgy a telep\u00edtett alkalmaz\u00e1sok k\u00f6z\u00e9 sorolt), de mozgathat\u00f3 v\u00e1ltozatok is (kont\u00e9neres, ut\u00e1nfut\u00f3s stb. megold\u00e1sok). Ezek \u00e1ltal\u00e1ban a kisebb teljes\u00edtm\u00e9ny ig\u00e9nyeket (5-100kW) k\u00e9pesek lefedni. \u00c9rdekes koncepci\u00f3 ezen a ter\u00fcleten a Toyota elk\u00e9pzel\u00e9se, j\u00e1rm\u0171veinek energiatermel\u00e9si c\u00e9l\u00fa hasznos\u00edt\u00e1s\u00e1val kapcsolatban: n\u00e9mely orsz\u00e1gban az eladott Mirai-ok csomagter\u00e9be szereltek egy csatlakoz\u00f3t, amin kereszt\u00fcl villamos energi\u00e1t lehet v\u00e9telezni, amit az aut\u00f3 t\u00fczel\u0151anyag-cell\u00e1ja \u00e1ll\u00edt el\u0151. Ezzel ak\u00e1r egy h\u00e1ztart\u00e1st is el lehet l\u00e1tni \u00e1rammal sz\u00fcks\u00e9g eset\u00e9n. Ennek a koncepci\u00f3nak egy m\u00e1sik v\u00e1ltozata szerint t\u00fczel\u0151anyag-cell\u00e1s buszokb\u00f3l \u00e1ll\u00f3, energiatermel\u0151 \u201ekiser\u0151m\u0171vekkel\u201d aj\u00e1nlj\u00e1k megoldani katasztr\u00f3fa s\u00fajtotta \u00f6vezetek vagy infrastrukt\u00far\u00e1val gyeng\u00e9n ell\u00e1tott ter\u00fcletek \u00e1tmeneti energiaell\u00e1t\u00e1s\u00e1t.[\/vc_column_text][\/vc_column][\/vc_row][vc_row][vc_column column_width_percent=&#8221;100&#8243; gutter_size=&#8221;2&#8243; overlay_alpha=&#8221;50&#8243; shift_x=&#8221;0&#8243; shift_y=&#8221;0&#8243; shift_y_down=&#8221;0&#8243; z_index=&#8221;0&#8243; medium_width=&#8221;0&#8243; mobile_width=&#8221;0&#8243; width=&#8221;1\/1&#8243;][vc_custom_heading separator=&#8221;yes&#8221;]T\u00fczel\u0151anyag-cell\u00e1s tartal\u00e9k rendszerek[\/vc_custom_heading][vc_column_text]Olyan rendszerekn\u00e9l, ahol k\u00f6vetelm\u00e9ny a nagyfok\u00fa rendelkez\u00e9sre \u00e1ll\u00e1s \u2013 mint p\u00e9ld\u00e1ul adatk\u00f6zpontok, telekommunik\u00e1ci\u00f3s \u00e1llom\u00e1sok \u2013 igen jelent\u0151s anyagi vesztes\u00e9get okozhat egy \u00e1ramkimarad\u00e1s. A tradicion\u00e1lis, akkumul\u00e1tor csomagokb\u00f3l \u00e9s\/vagy d\u00edzel gener\u00e1torokb\u00f3l \u00e1ll\u00f3 sz\u00fcks\u00e9g\u00e1ramforr\u00e1sok kev\u00e9sb\u00e9 szolg\u00e1ltatnak stabilan energi\u00e1t.<\/p>\n<p><strong>A hidrog\u00e9n alap\u00fa energiaell\u00e1t\u00f3 rendszerek sokkal jobb megold\u00e1st k\u00edn\u00e1lnak, a hagyom\u00e1nyos \u00e1ramforr\u00e1sokn\u00e1l:<\/strong><\/p>\n<ul>\n<li>K\u00f6nnyen sk\u00e1l\u00e1zhat\u00f3 teljes\u00edtm\u00e9ny, rugalmas m\u0171k\u00f6d\u00e9si id\u0151intervallum.<\/li>\n<li>Megb\u00edzhat\u00f3 m\u0171k\u00f6d\u00e9s, alacsony fenntart\u00e1si k\u00f6vetelm\u00e9nyekkel \u00e9s t\u00e1voli vez\u00e9rl\u00e9ssel.<\/li>\n<li>Hossz\u00fa \u00e9lettartam, kev\u00e9s szervizig\u00e9nnyel.<\/li>\n<li>Halk, k\u00f6rnyezetbar\u00e1t m\u0171k\u00f6d\u00e9s.<\/li>\n<li>Sz\u00e9les m\u0171k\u00f6d\u00e9si h\u0151m\u00e9rs\u00e9klet tartom\u00e1ny.<\/li>\n<\/ul>\n<p>(K\u00e9p forr\u00e1sa: <a href=\"https:\/\/www.hydrogenics.com\/hydrogen-products-solutions\/fuel-cell-power-systems\/stationary-stand-by-power\/telecom-data-centre-backup-power\" target=\"_blank\" rel=\"noopener\"><u>https:\/\/www.hydrogenics.com\/hydrogen-products-solutions\/fuel-cell-power-systems\/stationary-stand-by-power\/telecom-data-centre-backup-power<\/u><\/a>)[\/vc_column_text][vc_single_image media=&#8221;84472&#8243; media_width_percent=&#8221;25&#8243; alignment=&#8221;center&#8221;][\/vc_column][\/vc_row][vc_row][vc_column column_width_percent=&#8221;100&#8243; gutter_size=&#8221;2&#8243; overlay_alpha=&#8221;50&#8243; shift_x=&#8221;0&#8243; shift_y=&#8221;0&#8243; shift_y_down=&#8221;0&#8243; z_index=&#8221;0&#8243; medium_width=&#8221;0&#8243; mobile_width=&#8221;0&#8243; width=&#8221;1\/1&#8243;][vc_custom_heading separator=&#8221;yes&#8221;]Hidrog\u00e9n mobilit\u00e1s[\/vc_custom_heading][vc_column_text]Az \u00fczemanyagk\u00e9nt haszn\u00e1lt hidrog\u00e9n j\u00f3 es\u00e9llyel sz\u00e9n-dioxid-mentes\u00edtheti a k\u00f6zleked\u00e9st, ha meg\u00fajul\u00f3 energi\u00e1b\u00f3l \u00e1ll\u00edtj\u00e1k el\u0151.<br \/>\nEbben az esetben, a legnagyobb el\u0151nye a z\u00e9r\u00f3 CO<sub>2<\/sub> \u00e9s szennyez\u0151anyag kibocs\u00e1t\u00e1s, hiszen a mell\u00e9kterm\u00e9k csup\u00e1n v\u00edz.<\/p>\n<p>(<a href=\"https:\/\/hydrogeneurope.eu\/index.php\/hydrogen-applications\" target=\"_blank\" rel=\"noopener\"><u>https:\/\/hydrogeneurope.eu\/index.php\/hydrogen-applications<\/u><\/a>)[\/vc_column_text][\/vc_column][\/vc_row][vc_row][vc_column column_width_percent=&#8221;100&#8243; gutter_size=&#8221;2&#8243; overlay_alpha=&#8221;50&#8243; shift_x=&#8221;0&#8243; shift_y=&#8221;0&#8243; shift_y_down=&#8221;0&#8243; z_index=&#8221;0&#8243; medium_width=&#8221;0&#8243; mobile_width=&#8221;0&#8243; width=&#8221;1\/4&#8243;][vc_custom_heading separator=&#8221;yes&#8221;]L\u00e9gi k\u00f6zleked\u00e9s[\/vc_custom_heading][vc_single_image media=&#8221;84478&#8243; media_width_percent=&#8221;100&#8243;][\/vc_column][vc_column column_width_percent=&#8221;100&#8243; position_vertical=&#8221;bottom&#8221; gutter_size=&#8221;3&#8243; overlay_alpha=&#8221;50&#8243; shift_x=&#8221;0&#8243; shift_y=&#8221;0&#8243; shift_y_down=&#8221;0&#8243; z_index=&#8221;0&#8243; medium_width=&#8221;0&#8243; mobile_width=&#8221;0&#8243; width=&#8221;3\/4&#8243;][vc_column_text]A l\u00e9gi k\u00f6zleked\u00e9sben, potenci\u00e1lis energiaforr\u00e1sk\u00e9nt tekintenek a hidrog\u00e9nre, ugyanis az \u0171rutaz\u00e1sban egy ideje m\u00e1r jelen van. Az \u00fczemanyag-cella modulok villamos energi\u00e1val l\u00e1tj\u00e1k el a rep\u00fcl\u0151g\u00e9p elektromos rendszer\u00e9t v\u00e9szhelyzeti gener\u00e1tork\u00e9nt, vagy kieg\u00e9sz\u00edt\u0151 t\u00e1pegys\u00e9gk\u00e9nt. Lehet\u0151v\u00e9 teszik a g\u00e9p hajt\u00f3m\u0171veinek elind\u00edt\u00e1s\u00e1t, mozgat\u00e1s\u00e1t a kifut\u00f3n.<\/p>\n<p>L\u00e9teznek m\u00e1r kism\u00e9ret\u0171 dr\u00f3nok is, amelyek \u00fczemanyag-cella \u00e1ltal el\u0151\u00e1ll\u00edtott villamos energi\u00e1val rep\u00fclnek (<a href=\"https:\/\/www.hes.sg\/hycopter\">https:\/\/www.hes.sg\/hycopter<\/a>). Egy amerikai c\u00e9g pedig a magyar Genevation Aircraft-tal koprodukci\u00f3ban utassz\u00e1ll\u00edt\u00f3 dr\u00f3nt tervez, \u00fczemanyag-cell\u00e1s meghajt\u00e1ssal (<a href=\"https:\/\/www.youtube.com\/watch?v=cPfBhZYKm2E\" target=\"_blank\" rel=\"noopener\"><u>https:\/\/www.youtube.com\/watch?v=cPfBhZYKm2E<\/u><\/a>).<\/p>\n<p>A j\u00f6v\u0151ben a l\u00e9gi k\u00f6zleked\u00e9sben is c\u00e9l lesz a z\u00e9r\u00f3 emisszi\u00f3: jelenleg n\u00e9h\u00e1ny nagy gy\u00e1rt\u00f3n\u00e1l hidrog\u00e9nnel t\u00e1pl\u00e1lhat\u00f3, \u00e1talak\u00edtott g\u00e1zturbin\u00e1kkal folynak k\u00eds\u00e9rletek.<\/p>\n<p>(<u><a href=\"https:\/\/totalcar.hu\/magazin\/2020\/01\/29\/uzemanyagcellas_szemelyszallito_dron_keszul_magyarorszagon\/\" target=\"_blank\" rel=\"noopener\">https:\/\/totalcar.hu\/magazin\/2020\/01\/29\/uzemanyagcellas_szemelyszallito_dron_keszul_magyarorszagon\/<\/a>)<\/u>[\/vc_column_text][\/vc_column][\/vc_row][vc_row][vc_column column_width_percent=&#8221;100&#8243; gutter_size=&#8221;2&#8243; overlay_alpha=&#8221;50&#8243; shift_x=&#8221;0&#8243; shift_y=&#8221;0&#8243; shift_y_down=&#8221;0&#8243; z_index=&#8221;0&#8243; medium_width=&#8221;0&#8243; mobile_width=&#8221;0&#8243; width=&#8221;3\/4&#8243;][vc_custom_heading separator=&#8221;yes&#8221;]V\u00edzi k\u00f6zleked\u00e9s[\/vc_custom_heading][vc_column_text]&nbsp;<\/p>\n<p>A v\u00edzi k\u00f6zleked\u00e9sben is haszn\u00e1lnak fed\u00e9lzeti energiaforr\u00e1sk\u00e9nt hidrog\u00e9nt, meghajt\u00e1sk\u00e9nt val\u00f3 alkalmaz\u00e1sa kezdeti f\u00e1zisban van m\u00e9g, kisebb szem\u00e9lysz\u00e1ll\u00edt\u00f3 haj\u00f3kn\u00e1l, kompokn\u00e1l.<\/p>\n<p>Ezen a ter\u00fcleten a KONTAKT-Elektro Kft. is \u00e9rdekelt: 2013-ban a balatonlellei Boat Show-n mutatta be a c\u00e9g az els\u0151, 2.7 kW-os \u00fczemanyag-cell\u00e1s kishaj\u00f3j\u00e1t, majd a 2020-as balatonkenesei Boat Show-n a m\u00e1r partr\u00f3l t\u00f6lthet\u0151 hidrog\u00e9nt\u00e1rol\u00f3val felszerelt, 15 kW-os jachtj\u00e1t. (<a href=\"https:\/\/www.kontakt-elektro.hu\/wp-content\/uploads\/2021\/03\/kontaktelektro_A4_h2evolution.pdf\" target=\"_blank\" rel=\"noopener\"><u>H2-evolution jacht.pdf<\/u><\/a>).[\/vc_column_text][\/vc_column][vc_column column_width_percent=&#8221;100&#8243; position_vertical=&#8221;bottom&#8221; gutter_size=&#8221;3&#8243; overlay_alpha=&#8221;50&#8243; shift_x=&#8221;0&#8243; shift_y=&#8221;0&#8243; shift_y_down=&#8221;0&#8243; z_index=&#8221;0&#8243; medium_width=&#8221;0&#8243; mobile_width=&#8221;0&#8243; width=&#8221;1\/4&#8243;][vc_single_image media=&#8221;84482&#8243; media_width_percent=&#8221;100&#8243;][\/vc_column][\/vc_row][vc_row][vc_column column_width_percent=&#8221;100&#8243; gutter_size=&#8221;2&#8243; overlay_alpha=&#8221;50&#8243; shift_x=&#8221;0&#8243; shift_y=&#8221;0&#8243; shift_y_down=&#8221;0&#8243; z_index=&#8221;0&#8243; medium_width=&#8221;0&#8243; mobile_width=&#8221;0&#8243; width=&#8221;1\/4&#8243;][vc_custom_heading separator=&#8221;yes&#8221;]Vas\u00fati k\u00f6zleked\u00e9s[\/vc_custom_heading][vc_single_image media=&#8221;84486&#8243; media_width_percent=&#8221;100&#8243;][\/vc_column][vc_column column_width_percent=&#8221;100&#8243; position_vertical=&#8221;bottom&#8221; gutter_size=&#8221;3&#8243; overlay_alpha=&#8221;50&#8243; shift_x=&#8221;0&#8243; shift_y=&#8221;0&#8243; shift_y_down=&#8221;0&#8243; z_index=&#8221;0&#8243; medium_width=&#8221;0&#8243; mobile_width=&#8221;0&#8243; width=&#8221;3\/4&#8243;][vc_column_text]A vil\u00e1g els\u0151 \u00fczemanyag-cell\u00e1s vonat\u00e1nak, az Alstom-gy\u00e1rtotta Coradia iLint-nek a 2018-as \u00fczembe \u00e1ll\u00edt\u00e1sa \u00f3ta egyre er\u0151sebb az \u00e9rdekl\u0151d\u00e9s a technol\u00f3gia vas\u00fati alkalmaz\u00e1sa ir\u00e1nt. A Coradia iLint 2020 szeptembere \u00f3ta m\u00e1r Ausztri\u00e1ban is \u00fczemel, valamint al\u00e1\u00edrtak egy szerz\u0151d\u00e9st a holland vas\u00fatt\u00e1rsas\u00e1ggal is.<\/p>\n<p>Az Alstom mellett a Siemens is belekezdett saj\u00e1t \u00fczemanyag-cell\u00e1s vonat\u00e1nak kifejleszt\u00e9s\u00e9be, ami a c\u00e9g elektromos vas\u00fati kocsij\u00e1n, a Mireo Plus-on alapul.[\/vc_column_text][\/vc_column][\/vc_row][vc_row][vc_column column_width_percent=&#8221;100&#8243; gutter_size=&#8221;2&#8243; overlay_alpha=&#8221;50&#8243; shift_x=&#8221;0&#8243; shift_y=&#8221;0&#8243; shift_y_down=&#8221;0&#8243; z_index=&#8221;0&#8243; medium_width=&#8221;0&#8243; mobile_width=&#8221;0&#8243; width=&#8221;1\/1&#8243;][vc_row_inner limit_content=&#8221;&#8221;][vc_column_inner width=&#8221;1\/1&#8243;][vc_custom_heading separator=&#8221;yes&#8221;]Neh\u00e9zg\u00e9pj\u00e1rm\u0171vek, buszok[\/vc_custom_heading][\/vc_column_inner][\/vc_row_inner][vc_column_text]<img decoding=\"async\" class=\"alignright size-medium wp-image-84492\" src=\"http:\/\/www.kontakt-elektro.hu\/wp-content\/uploads\/2021\/01\/Nehezgepjarmuvek-buszok-300x169.jpg\" alt=\"\" width=\"300\" height=\"169\" srcset=\"https:\/\/www.kontakt-elektro.hu\/wp-content\/uploads\/2021\/01\/Nehezgepjarmuvek-buszok-300x169.jpg 300w, https:\/\/www.kontakt-elektro.hu\/wp-content\/uploads\/2021\/01\/Nehezgepjarmuvek-buszok-1024x576.jpg 1024w, https:\/\/www.kontakt-elektro.hu\/wp-content\/uploads\/2021\/01\/Nehezgepjarmuvek-buszok-768x432.jpg 768w, https:\/\/www.kontakt-elektro.hu\/wp-content\/uploads\/2021\/01\/Nehezgepjarmuvek-buszok-1536x864.jpg 1536w, https:\/\/www.kontakt-elektro.hu\/wp-content\/uploads\/2021\/01\/Nehezgepjarmuvek-buszok.jpg 1920w\" sizes=\"(max-width: 300px) 100vw, 300px\" \/><\/p>\n<p>A leveg\u0151szennyez\u00e9s komoly eg\u00e9szs\u00e9g\u00fcgyi probl\u00e9ma, \u00e9s a sz\u00e1ll\u00edtm\u00e1nyoz\u00e1si szektor ebben jelent\u0151s r\u00e9sztvev\u0151. A z\u00e9r\u00f3-kibocs\u00e1t\u00e1s sz\u00fcks\u00e9gess\u00e9ge ezekn\u00e9l a j\u00e1rm\u0171vekn\u00e9l m\u00e9g sohasem volt nagyobb.<br \/>\n\u00d6sszehasonl\u00edtva az akkumul\u00e1toros-elektromos teheraut\u00f3kkal, az \u00fczemanyag-cella technol\u00f3gia nagyobb hat\u00f3t\u00e1vot, teljes\u00edtm\u00e9nyt, terhelhet\u0151s\u00e9get \u00e9s gyors \u00fajrat\u00f6lthet\u0151s\u00e9get k\u00edn\u00e1l.<\/p>\n<p><strong>Egy sorozat gy\u00e1rtott \u00fczemanyag-cell\u00e1s teheraut\u00f3 specifik\u00e1ci\u00f3i a k\u00f6vetkez\u0151:<\/strong><\/p>\n<ul>\n<li>T\u00f6lt\u00e9si id\u0151: 8-20 perc.<\/li>\n<li>Hat\u00f3t\u00e1vols\u00e1g: ~400 km.<\/li>\n<li>190 kW teljes\u00edtm\u00e9ny.<\/li>\n<\/ul>\n<p><img decoding=\"async\" class=\"size-full wp-image-84489 alignleft\" src=\"http:\/\/www.kontakt-elektro.hu\/wp-content\/uploads\/2021\/01\/buszok.png\" alt=\"\" width=\"294\" height=\"179\" \/><\/p>\n<p>&nbsp;<\/p>\n<p>A v\u00e1rosi t\u00f6megk\u00f6zleked\u00e9sben is sokan az \u00fczemanyag-cell\u00e1s meghajt\u00e1s t\u00e9rh\u00f3d\u00edt\u00e1s\u00e1ra sz\u00e1m\u00edtanak. T\u00f6bb nagyv\u00e1rosban kezd\u0151dtek demonstr\u00e1ci\u00f3s \u00e9s tapasztalat-gy\u0171jt\u00e9si c\u00e9llal projektek \u00fczemanyag-cell\u00e1s buszflott\u00e1k \u00fczemeltet\u00e9s\u00e9vel \u00f6sszef\u00fcgg\u00e9sben. A <a href=\"https:\/\/www.fuelcellbuses.eu\/\">https:\/\/www.fuelcellbuses.eu\/<\/a> oldalon r\u00e9szletes inform\u00e1ci\u00f3k tal\u00e1lhat\u00f3k az eur\u00f3pai projektekkel kapcsolatban. Az els\u0151, 2010-es projekt ind\u00edt\u00e1sa \u00f3ta t\u00f6bb, mint 11 milli\u00f3 kilom\u00e9ter fut\u00e1si teljes\u00edtm\u00e9nyt gy\u0171jt\u00f6ttek \u00f6ssze a r\u00e9sztvev\u0151 buszok.[\/vc_column_text][\/vc_column][\/vc_row][vc_row][vc_column column_width_percent=&#8221;100&#8243; gutter_size=&#8221;2&#8243; overlay_alpha=&#8221;50&#8243; shift_x=&#8221;0&#8243; shift_y=&#8221;0&#8243; shift_y_down=&#8221;0&#8243; z_index=&#8221;0&#8243; medium_width=&#8221;0&#8243; mobile_width=&#8221;0&#8243; width=&#8221;1\/1&#8243;][vc_row_inner limit_content=&#8221;&#8221;][vc_column_inner width=&#8221;1\/1&#8243;][vc_custom_heading separator=&#8221;yes&#8221;]Szem\u00e9lyaut\u00f3k[\/vc_custom_heading][\/vc_column_inner][\/vc_row_inner][vc_column_text]A csak tiszt\u00e1n akkumul\u00e1toros, z\u00e9r\u00f3-emisszi\u00f3t kibocs\u00e1t\u00f3 szem\u00e9lyaut\u00f3k egyetlen alternat\u00edv\u00e1ja a hidrog\u00e9n \u00fczemanyag-cella.<img decoding=\"async\" class=\"alignright size-medium wp-image-84496\" src=\"http:\/\/www.kontakt-elektro.hu\/wp-content\/uploads\/2021\/01\/Szemelyautok-300x169.jpg\" alt=\"\" width=\"300\" height=\"169\" srcset=\"https:\/\/www.kontakt-elektro.hu\/wp-content\/uploads\/2021\/01\/Szemelyautok-300x169.jpg 300w, https:\/\/www.kontakt-elektro.hu\/wp-content\/uploads\/2021\/01\/Szemelyautok-1024x576.jpg 1024w, https:\/\/www.kontakt-elektro.hu\/wp-content\/uploads\/2021\/01\/Szemelyautok-768x432.jpg 768w, https:\/\/www.kontakt-elektro.hu\/wp-content\/uploads\/2021\/01\/Szemelyautok-1536x864.jpg 1536w, https:\/\/www.kontakt-elektro.hu\/wp-content\/uploads\/2021\/01\/Szemelyautok.jpg 1920w\" sizes=\"(max-width: 300px) 100vw, 300px\" \/><\/p>\n<p>B\u00e1r a hidrog\u00e9n tiszta energiahordoz\u00f3, kedvez\u0151 k\u00e9miai tulajdons\u00e1gokkal, m\u00e9g nem v\u00e1lt n\u00e9pszer\u0171 \u00fczemanyagg\u00e1 a k\u00f6z\u00fati k\u00f6zleked\u00e9sben. Az elm\u00falt n\u00e9h\u00e1ny \u00e9v tapasztalata alapj\u00e1n azonban a szem\u00e9lyaut\u00f3k eset\u00e9ben is egyre jobban k\u00f6z\u00e9ppontba fog ker\u00fclni a technol\u00f3gia.<\/p>\n<p>Manaps\u00e1g m\u00e1r rengeteg gyakorlati tapasztalat \u00e1ll rendelkez\u00e9sre az \u00fczemanyag-cell\u00e1s szem\u00e9lyaut\u00f3k ter\u00e9n. Ez annak k\u00f6sz\u00f6nhet\u0151, hogy t\u00f6bb nagyobb aut\u00f3gy\u00e1rt\u00f3 a 2010-es \u00e9vek k\u00f6zep\u00e9n elkezdte az aut\u00f3k sorozatgy\u00e1rt\u00e1s\u00e1t, amelyek m\u00e1r ugyanolyan min\u0151s\u00e9get ny\u00fajtanak, mint a hagyom\u00e1nyos bels\u0151 \u00e9g\u00e9s\u0171 p\u00e9ld\u00e1nyaik. Egy k\u00f6zepes m\u00e9ret\u0171 \u00fczemanyag-cell\u00e1s aut\u00f3 \u00e1ra m\u00e9g mindig j\u00f3val magasabb, mint a hagyom\u00e1nyos bels\u0151\u00e9g\u00e9s\u0171 versenyt\u00e1rsak\u00e9, de ez a t\u00f6meggy\u00e1rt\u00e1ssal l\u00e9nyegesen cs\u00f6kkenni fog.<\/p>\n<p>A Toyota Mirai vagy a Hyundai Nexo (kor\u00e1bban ix35) m\u00e1r jelent\u0151s flott\u00e1val b\u00edr Nyugat-Eur\u00f3pa orsz\u00e1gaiban. A Toyota Magyarorsz\u00e1g 2021-re tervezi a Mirai hazai forgalomba hozatal\u00e1t, ami lend\u00fcletet adhat a r\u00e9g\u00f3ta tervezgetett els\u0151 magyarorsz\u00e1gi hidrog\u00e9nt\u00f6lt\u0151 \u00e1llom\u00e1s meg\u00e9p\u00edt\u00e9s\u00e9nek.[\/vc_column_text][\/vc_column][\/vc_row]<\/p>\n<\/div>","protected":false},"excerpt":{"rendered":"<p>[vc_row row_height_percent=&#8221;0&#8243; overlay_alpha=&#8221;50&#8243; equal_height=&#8221;yes&#8221; gutter_size=&#8221;3&#8243; column_width_percent=&#8221;100&#8243; shift_y=&#8221;0&#8243; z_index=&#8221;0&#8243;][vc_column column_width_percent=&#8221;100&#8243; gutter_size=&#8221;2&#8243; overlay_alpha=&#8221;50&#8243; shift_x=&#8221;0&#8243; shift_y=&#8221;0&#8243; shift_y_down=&#8221;0&#8243; z_index=&#8221;0&#8243; medium_width=&#8221;0&#8243; mobile_width=&#8221;0&#8243; width=&#8221;1\/1&#8243;][vc_column_text]A t\u00fczel\u0151anyag-cell\u00e1k (TC-k) [&hellip;]<\/p>\n","protected":false},"author":2,"featured_media":84412,"parent":82815,"menu_order":0,"comment_status":"closed","ping_status":"closed","template":"","meta":{"_acf_changed":false,"footnotes":""},"class_list":["post-82821","page","type-page","status-publish","has-post-thumbnail","hentry","page_category-tuzeloanyag-cellak"],"acf":[],"yoast_head":"<!-- This site is optimized with the Yoast SEO plugin v27.5 - https:\/\/yoast.com\/product\/yoast-seo-wordpress\/ -->\n<title>T\u00fczel\u0151anyag-cella alkalmaz\u00e1sok - Kontakt Elektro<\/title>\n<meta name=\"robots\" content=\"index, follow, max-snippet:-1, max-image-preview:large, max-video-preview:-1\" \/>\n<link rel=\"canonical\" href=\"https:\/\/www.kontakt-elektro.hu\/tuzeloanyag-cellak\/tuzeloanyagcella-alkalmazasok\/\" \/>\n<meta property=\"og:locale\" content=\"hu_HU\" \/>\n<meta property=\"og:type\" content=\"article\" \/>\n<meta property=\"og:title\" content=\"T\u00fczel\u0151anyag-cella alkalmaz\u00e1sok - Kontakt Elektro\" \/>\n<meta property=\"og:description\" content=\"[vc_row row_height_percent=&#8221;0&#8243; overlay_alpha=&#8221;50&#8243; equal_height=&#8221;yes&#8221; gutter_size=&#8221;3&#8243; column_width_percent=&#8221;100&#8243; shift_y=&#8221;0&#8243; z_index=&#8221;0&#8243;][vc_column column_width_percent=&#8221;100&#8243; gutter_size=&#8221;2&#8243; overlay_alpha=&#8221;50&#8243; shift_x=&#8221;0&#8243; shift_y=&#8221;0&#8243; shift_y_down=&#8221;0&#8243; z_index=&#8221;0&#8243; medium_width=&#8221;0&#8243; mobile_width=&#8221;0&#8243; width=&#8221;1\/1&#8243;][vc_column_text]A t\u00fczel\u0151anyag-cell\u00e1k (TC-k) [&hellip;]\" \/>\n<meta property=\"og:url\" content=\"https:\/\/www.kontakt-elektro.hu\/tuzeloanyag-cellak\/tuzeloanyagcella-alkalmazasok\/\" \/>\n<meta property=\"og:site_name\" content=\"Kontakt Elektro\" \/>\n<meta property=\"article:publisher\" content=\"https:\/\/www.facebook.com\/KONTAKT.Elektro.Kft\/\" \/>\n<meta property=\"article:modified_time\" content=\"2021-05-25T14:11:59+00:00\" \/>\n<meta property=\"og:image\" content=\"https:\/\/www.kontakt-elektro.hu\/wp-content\/uploads\/2021\/01\/A-tuzeloanyag-cellak-alkalmazasa-min.jpg\" \/>\n\t<meta property=\"og:image:width\" content=\"1920\" \/>\n\t<meta property=\"og:image:height\" content=\"1040\" \/>\n\t<meta property=\"og:image:type\" content=\"image\/jpeg\" \/>\n<meta name=\"twitter:card\" content=\"summary_large_image\" \/>\n<meta name=\"twitter:label1\" content=\"Becs\u00fclt olvas\u00e1si id\u0151\" \/>\n\t<meta name=\"twitter:data1\" content=\"12 perc\" \/>\n<script type=\"application\/ld+json\" class=\"yoast-schema-graph\">{\"@context\":\"https:\\\/\\\/schema.org\",\"@graph\":[{\"@type\":\"WebPage\",\"@id\":\"https:\\\/\\\/www.kontakt-elektro.hu\\\/tuzeloanyag-cellak\\\/tuzeloanyagcella-alkalmazasok\\\/\",\"url\":\"https:\\\/\\\/www.kontakt-elektro.hu\\\/tuzeloanyag-cellak\\\/tuzeloanyagcella-alkalmazasok\\\/\",\"name\":\"T\u00fczel\u0151anyag-cella alkalmaz\u00e1sok - Kontakt Elektro\",\"isPartOf\":{\"@id\":\"https:\\\/\\\/www.kontakt-elektro.hu\\\/#website\"},\"primaryImageOfPage\":{\"@id\":\"https:\\\/\\\/www.kontakt-elektro.hu\\\/tuzeloanyag-cellak\\\/tuzeloanyagcella-alkalmazasok\\\/#primaryimage\"},\"image\":{\"@id\":\"https:\\\/\\\/www.kontakt-elektro.hu\\\/tuzeloanyag-cellak\\\/tuzeloanyagcella-alkalmazasok\\\/#primaryimage\"},\"thumbnailUrl\":\"https:\\\/\\\/www.kontakt-elektro.hu\\\/wp-content\\\/uploads\\\/2021\\\/01\\\/A-tuzeloanyag-cellak-alkalmazasa-min.jpg\",\"datePublished\":\"2020-08-03T12:27:16+00:00\",\"dateModified\":\"2021-05-25T14:11:59+00:00\",\"breadcrumb\":{\"@id\":\"https:\\\/\\\/www.kontakt-elektro.hu\\\/tuzeloanyag-cellak\\\/tuzeloanyagcella-alkalmazasok\\\/#breadcrumb\"},\"inLanguage\":\"hu\",\"potentialAction\":[{\"@type\":\"ReadAction\",\"target\":[\"https:\\\/\\\/www.kontakt-elektro.hu\\\/tuzeloanyag-cellak\\\/tuzeloanyagcella-alkalmazasok\\\/\"]}]},{\"@type\":\"ImageObject\",\"inLanguage\":\"hu\",\"@id\":\"https:\\\/\\\/www.kontakt-elektro.hu\\\/tuzeloanyag-cellak\\\/tuzeloanyagcella-alkalmazasok\\\/#primaryimage\",\"url\":\"https:\\\/\\\/www.kontakt-elektro.hu\\\/wp-content\\\/uploads\\\/2021\\\/01\\\/A-tuzeloanyag-cellak-alkalmazasa-min.jpg\",\"contentUrl\":\"https:\\\/\\\/www.kontakt-elektro.hu\\\/wp-content\\\/uploads\\\/2021\\\/01\\\/A-tuzeloanyag-cellak-alkalmazasa-min.jpg\",\"width\":1920,\"height\":1040},{\"@type\":\"BreadcrumbList\",\"@id\":\"https:\\\/\\\/www.kontakt-elektro.hu\\\/tuzeloanyag-cellak\\\/tuzeloanyagcella-alkalmazasok\\\/#breadcrumb\",\"itemListElement\":[{\"@type\":\"ListItem\",\"position\":1,\"name\":\"kezd\u0151lap\",\"item\":\"https:\\\/\\\/www.kontakt-elektro.hu\\\/\"},{\"@type\":\"ListItem\",\"position\":2,\"name\":\"T\u00fczel\u0151anyag-Cell\u00e1k\",\"item\":\"https:\\\/\\\/www.kontakt-elektro.hu\\\/tuzeloanyag-cellak\\\/\"},{\"@type\":\"ListItem\",\"position\":3,\"name\":\"T\u00fczel\u0151anyag-cella alkalmaz\u00e1sok\"}]},{\"@type\":\"WebSite\",\"@id\":\"https:\\\/\\\/www.kontakt-elektro.hu\\\/#website\",\"url\":\"https:\\\/\\\/www.kontakt-elektro.hu\\\/\",\"name\":\"Kontakt Elektro\",\"description\":\"\",\"publisher\":{\"@id\":\"https:\\\/\\\/www.kontakt-elektro.hu\\\/#organization\"},\"potentialAction\":[{\"@type\":\"SearchAction\",\"target\":{\"@type\":\"EntryPoint\",\"urlTemplate\":\"https:\\\/\\\/www.kontakt-elektro.hu\\\/?s={search_term_string}\"},\"query-input\":{\"@type\":\"PropertyValueSpecification\",\"valueRequired\":true,\"valueName\":\"search_term_string\"}}],\"inLanguage\":\"hu\"},{\"@type\":\"Organization\",\"@id\":\"https:\\\/\\\/www.kontakt-elektro.hu\\\/#organization\",\"name\":\"Kontakt Elektro\",\"url\":\"https:\\\/\\\/www.kontakt-elektro.hu\\\/\",\"logo\":{\"@type\":\"ImageObject\",\"inLanguage\":\"hu\",\"@id\":\"https:\\\/\\\/www.kontakt-elektro.hu\\\/#\\\/schema\\\/logo\\\/image\\\/\",\"url\":\"https:\\\/\\\/www.kontakt-elektro.hu\\\/wp-content\\\/uploads\\\/2021\\\/05\\\/Kontakt-Elektro.jpg\",\"contentUrl\":\"https:\\\/\\\/www.kontakt-elektro.hu\\\/wp-content\\\/uploads\\\/2021\\\/05\\\/Kontakt-Elektro.jpg\",\"width\":1200,\"height\":630,\"caption\":\"Kontakt Elektro\"},\"image\":{\"@id\":\"https:\\\/\\\/www.kontakt-elektro.hu\\\/#\\\/schema\\\/logo\\\/image\\\/\"},\"sameAs\":[\"https:\\\/\\\/www.facebook.com\\\/KONTAKT.Elektro.Kft\\\/\",\"https:\\\/\\\/www.linkedin.com\\\/company\\\/kontakt-elektro-ltd.\"]}]}<\/script>\n<!-- \/ Yoast SEO plugin. -->","yoast_head_json":{"title":"T\u00fczel\u0151anyag-cella alkalmaz\u00e1sok - Kontakt Elektro","robots":{"index":"index","follow":"follow","max-snippet":"max-snippet:-1","max-image-preview":"max-image-preview:large","max-video-preview":"max-video-preview:-1"},"canonical":"https:\/\/www.kontakt-elektro.hu\/tuzeloanyag-cellak\/tuzeloanyagcella-alkalmazasok\/","og_locale":"hu_HU","og_type":"article","og_title":"T\u00fczel\u0151anyag-cella alkalmaz\u00e1sok - Kontakt Elektro","og_description":"[vc_row row_height_percent=&#8221;0&#8243; overlay_alpha=&#8221;50&#8243; equal_height=&#8221;yes&#8221; gutter_size=&#8221;3&#8243; column_width_percent=&#8221;100&#8243; shift_y=&#8221;0&#8243; z_index=&#8221;0&#8243;][vc_column column_width_percent=&#8221;100&#8243; gutter_size=&#8221;2&#8243; overlay_alpha=&#8221;50&#8243; shift_x=&#8221;0&#8243; shift_y=&#8221;0&#8243; shift_y_down=&#8221;0&#8243; z_index=&#8221;0&#8243; medium_width=&#8221;0&#8243; mobile_width=&#8221;0&#8243; width=&#8221;1\/1&#8243;][vc_column_text]A t\u00fczel\u0151anyag-cell\u00e1k (TC-k) [&hellip;]","og_url":"https:\/\/www.kontakt-elektro.hu\/tuzeloanyag-cellak\/tuzeloanyagcella-alkalmazasok\/","og_site_name":"Kontakt Elektro","article_publisher":"https:\/\/www.facebook.com\/KONTAKT.Elektro.Kft\/","article_modified_time":"2021-05-25T14:11:59+00:00","og_image":[{"width":1920,"height":1040,"url":"https:\/\/www.kontakt-elektro.hu\/wp-content\/uploads\/2021\/01\/A-tuzeloanyag-cellak-alkalmazasa-min.jpg","type":"image\/jpeg"}],"twitter_card":"summary_large_image","twitter_misc":{"Becs\u00fclt olvas\u00e1si id\u0151":"12 perc"},"schema":{"@context":"https:\/\/schema.org","@graph":[{"@type":"WebPage","@id":"https:\/\/www.kontakt-elektro.hu\/tuzeloanyag-cellak\/tuzeloanyagcella-alkalmazasok\/","url":"https:\/\/www.kontakt-elektro.hu\/tuzeloanyag-cellak\/tuzeloanyagcella-alkalmazasok\/","name":"T\u00fczel\u0151anyag-cella alkalmaz\u00e1sok - Kontakt Elektro","isPartOf":{"@id":"https:\/\/www.kontakt-elektro.hu\/#website"},"primaryImageOfPage":{"@id":"https:\/\/www.kontakt-elektro.hu\/tuzeloanyag-cellak\/tuzeloanyagcella-alkalmazasok\/#primaryimage"},"image":{"@id":"https:\/\/www.kontakt-elektro.hu\/tuzeloanyag-cellak\/tuzeloanyagcella-alkalmazasok\/#primaryimage"},"thumbnailUrl":"https:\/\/www.kontakt-elektro.hu\/wp-content\/uploads\/2021\/01\/A-tuzeloanyag-cellak-alkalmazasa-min.jpg","datePublished":"2020-08-03T12:27:16+00:00","dateModified":"2021-05-25T14:11:59+00:00","breadcrumb":{"@id":"https:\/\/www.kontakt-elektro.hu\/tuzeloanyag-cellak\/tuzeloanyagcella-alkalmazasok\/#breadcrumb"},"inLanguage":"hu","potentialAction":[{"@type":"ReadAction","target":["https:\/\/www.kontakt-elektro.hu\/tuzeloanyag-cellak\/tuzeloanyagcella-alkalmazasok\/"]}]},{"@type":"ImageObject","inLanguage":"hu","@id":"https:\/\/www.kontakt-elektro.hu\/tuzeloanyag-cellak\/tuzeloanyagcella-alkalmazasok\/#primaryimage","url":"https:\/\/www.kontakt-elektro.hu\/wp-content\/uploads\/2021\/01\/A-tuzeloanyag-cellak-alkalmazasa-min.jpg","contentUrl":"https:\/\/www.kontakt-elektro.hu\/wp-content\/uploads\/2021\/01\/A-tuzeloanyag-cellak-alkalmazasa-min.jpg","width":1920,"height":1040},{"@type":"BreadcrumbList","@id":"https:\/\/www.kontakt-elektro.hu\/tuzeloanyag-cellak\/tuzeloanyagcella-alkalmazasok\/#breadcrumb","itemListElement":[{"@type":"ListItem","position":1,"name":"kezd\u0151lap","item":"https:\/\/www.kontakt-elektro.hu\/"},{"@type":"ListItem","position":2,"name":"T\u00fczel\u0151anyag-Cell\u00e1k","item":"https:\/\/www.kontakt-elektro.hu\/tuzeloanyag-cellak\/"},{"@type":"ListItem","position":3,"name":"T\u00fczel\u0151anyag-cella alkalmaz\u00e1sok"}]},{"@type":"WebSite","@id":"https:\/\/www.kontakt-elektro.hu\/#website","url":"https:\/\/www.kontakt-elektro.hu\/","name":"Kontakt Elektro","description":"","publisher":{"@id":"https:\/\/www.kontakt-elektro.hu\/#organization"},"potentialAction":[{"@type":"SearchAction","target":{"@type":"EntryPoint","urlTemplate":"https:\/\/www.kontakt-elektro.hu\/?s={search_term_string}"},"query-input":{"@type":"PropertyValueSpecification","valueRequired":true,"valueName":"search_term_string"}}],"inLanguage":"hu"},{"@type":"Organization","@id":"https:\/\/www.kontakt-elektro.hu\/#organization","name":"Kontakt Elektro","url":"https:\/\/www.kontakt-elektro.hu\/","logo":{"@type":"ImageObject","inLanguage":"hu","@id":"https:\/\/www.kontakt-elektro.hu\/#\/schema\/logo\/image\/","url":"https:\/\/www.kontakt-elektro.hu\/wp-content\/uploads\/2021\/05\/Kontakt-Elektro.jpg","contentUrl":"https:\/\/www.kontakt-elektro.hu\/wp-content\/uploads\/2021\/05\/Kontakt-Elektro.jpg","width":1200,"height":630,"caption":"Kontakt Elektro"},"image":{"@id":"https:\/\/www.kontakt-elektro.hu\/#\/schema\/logo\/image\/"},"sameAs":["https:\/\/www.facebook.com\/KONTAKT.Elektro.Kft\/","https:\/\/www.linkedin.com\/company\/kontakt-elektro-ltd."]}]}},"_links":{"self":[{"href":"https:\/\/www.kontakt-elektro.hu\/hu\/wp-json\/wp\/v2\/pages\/82821","targetHints":{"allow":["GET"]}}],"collection":[{"href":"https:\/\/www.kontakt-elektro.hu\/hu\/wp-json\/wp\/v2\/pages"}],"about":[{"href":"https:\/\/www.kontakt-elektro.hu\/hu\/wp-json\/wp\/v2\/types\/page"}],"author":[{"embeddable":true,"href":"https:\/\/www.kontakt-elektro.hu\/hu\/wp-json\/wp\/v2\/users\/2"}],"replies":[{"embeddable":true,"href":"https:\/\/www.kontakt-elektro.hu\/hu\/wp-json\/wp\/v2\/comments?post=82821"}],"version-history":[{"count":0,"href":"https:\/\/www.kontakt-elektro.hu\/hu\/wp-json\/wp\/v2\/pages\/82821\/revisions"}],"up":[{"embeddable":true,"href":"https:\/\/www.kontakt-elektro.hu\/hu\/wp-json\/wp\/v2\/pages\/82815"}],"wp:featuredmedia":[{"embeddable":true,"href":"https:\/\/www.kontakt-elektro.hu\/hu\/wp-json\/wp\/v2\/media\/84412"}],"wp:attachment":[{"href":"https:\/\/www.kontakt-elektro.hu\/hu\/wp-json\/wp\/v2\/media?parent=82821"}],"curies":[{"name":"wp","href":"https:\/\/api.w.org\/{rel}","templated":true}]}}