{"id":82796,"date":"2020-08-03T13:34:02","date_gmt":"2020-08-03T11:34:02","guid":{"rendered":"http:\/\/www.kontakt-elektro.hu\/?page_id=82796"},"modified":"2024-06-13T08:35:37","modified_gmt":"2024-06-13T06:35:37","slug":"karrier-szakkepzes","status":"publish","type":"page","link":"https:\/\/www.kontakt-elektro.hu\/hu\/karrier-szakkepzes\/","title":{"rendered":"Karrier, Szakk\u00e9pz\u00e9s"},"content":{"rendered":"<div class=\"wpb-content-wrapper\"><p>[vc_row row_height_percent=&#8221;0&#8243; override_padding=&#8221;yes&#8221; h_padding=&#8221;2&#8243; top_padding=&#8221;2&#8243; bottom_padding=&#8221;3&#8243; overlay_alpha=&#8221;50&#8243; gutter_size=&#8221;3&#8243; column_width_percent=&#8221;100&#8243; shift_y=&#8221;0&#8243; z_index=&#8221;0&#8243;][vc_column width=&#8221;1\/3&#8243;][vc_column_text el_class=&#8221;section-title&#8221;]karrier[\/vc_column_text][vc_column_text]A <b>KONTAKT-Elektro Kft.<\/b> belf\u00f6ldi tulajdon\u00fa, f\u00fcggetlen v\u00e1llalkoz\u00e1sk\u00e9nt 1982 \u00f3ta tev\u00e9kenykedik sikeresen az automatiz\u00e1l\u00e1s, a hardver- \u00e9s szoftverfejleszt\u00e9s, az ipari technol\u00f3gi\u00e1k villamos tervez\u00e9se \u00e9s kivitelez\u00e9se valamint elektronikai k\u00e9sz\u00fcl\u00e9kgy\u00e1rt\u00e1s \u00e9s ipari automatiz\u00e1l\u00e1s vezet\u0151 szenzorgy\u00e1rt\u00f3inak kereskedelmi k\u00e9pviselete ter\u00fcletein.<\/p>\n<p>P\u00e9cs k\u00f6zponti munkav\u00e9gz\u00e9si hellyel \u00faj munkat\u00e1rsakat keres\u00fcnk az al\u00e1bbi poz\u00edci\u00f3kba!<\/p>\n<p>V\u00e1rjuk f\u00e9nyk\u00e9pes \u00f6n\u00e9letrajzzal jelentkez\u00e9s\u00e9t az <a href=\"mailto:allas@kontakt-elektro.hu\"> allas@kontakt-elektro.hu<\/a>\u00a0 e-mail c\u00edm\u00fcnkre![\/vc_column_text][vc_column_text el_class=&#8221;section-title&#8221;]szakk\u00e9pz\u00e9s[\/vc_column_text][vc_column_text]A KONTAKT-Elektro Kft. tulajdonosai, Hirth Ferenc \u00e9s Hirth Oliv\u00e9r t\u00f6bb mint k\u00e9t \u00e9vtizede a sz\u00edv\u00fck\u00f6n viselik \u00e9s folyamatosan fejlesztik a c\u00e9g oktat\u00e1si tev\u00e9kenys\u00e9g\u00e9t.<\/p>\n<p>Az Iparkamar\u00e1val \u00e9s szakk\u00e9pz\u0151 iskol\u00e1kkal \u00f6sszefogva, vezet\u0151 szerepet v\u00e1llalnak a p\u00e1lyaorient\u00e1ci\u00f3, az er\u0151s\u00e1ram\u00fa szakk\u00e9pes\u00edt\u00e9sek n\u00e9pszer\u0171s\u00edt\u00e9s\u00e9ben, az er\u0151s\u00e1ram\u00fa villamos szakemberek k\u00e9pz\u00e9s\u00e9ben.<\/p>\n<p>A KONTAKT-Elektro Kft.-n\u00e9l a tanul\u00f3k a t\u00f6bb \u00e9vtizedes szakmai \u00e9s oktat\u00e1si tapasztalattal rendelkez\u0151 oktat\u00f3 ir\u00e1ny\u00edt\u00e1sa mellett, a termel\u00e9st\u0151l teljesen elk\u00fcl\u00f6n\u00fclt, kiv\u00e1l\u00f3an felszerelt tanm\u0171helyben a legkorszer\u0171bb szerel\u0151paneleken saj\u00e1t\u00edthatj\u00e1k el a villanyszerel\u0151i szakk\u00e9pes\u00edt\u00e9s ismereteit.[\/vc_column_text][\/vc_column][vc_column width=&#8221;2\/3&#8243;][vc_column_text el_class=&#8221;section-title&#8221;]nyitott poz\u00edci\u00f3k[\/vc_column_text][vc_accordion sign=&#8221;plus&#8221; el_class=&#8221;karrier-tabs&#8221; active_tab=&#8221;0&#8243;][vc_accordion_tab icon=&#8221;fa fa-bell-o&#8221; gutter_size=&#8221;2&#8243; column_padding=&#8221;2&#8243; title=&#8221;VILLANYSZEREL\u0150&#8221; tab_id=&#8221;1593526093-1-101&#8243;][vc_row_inner row_inner_height_percent=&#8221;0&#8243; overlay_alpha=&#8221;50&#8243; gutter_size=&#8221;3&#8243; shift_y=&#8221;0&#8243; z_index=&#8221;0&#8243; limit_content=&#8221;&#8221;][vc_column_inner column_width_percent=&#8221;100&#8243; position_horizontal=&#8221;left&#8221; gutter_size=&#8221;3&#8243; overlay_alpha=&#8221;50&#8243; shift_x=&#8221;0&#8243; shift_y=&#8221;0&#8243; shift_y_down=&#8221;0&#8243; z_index=&#8221;0&#8243; medium_width=&#8221;0&#8243; mobile_width=&#8221;0&#8243; width=&#8221;1\/3&#8243;][vc_single_image media=&#8221;85611&#8243; media_lightbox=&#8221;yes&#8221; media_width_percent=&#8221;100&#8243; shape=&#8221;img-round&#8221; radius=&#8221;std&#8221; advanced=&#8221;yes&#8221; media_items=&#8221;media|original,icon&#8221; media_overlay_opacity=&#8221;50&#8243; media_h_align=&#8221;center&#8221; media_h_position=&#8221;center&#8221; media_padding=&#8221;2&#8243; media_title_dimension=&#8221;&#8221; media_icon=&#8221;fa fa-search-plus&#8221; uncode_shortcode_id=&#8221;137115&#8243;][\/vc_column_inner][vc_column_inner column_width_percent=&#8221;100&#8243; position_vertical=&#8221;middle&#8221; gutter_size=&#8221;3&#8243; overlay_alpha=&#8221;50&#8243; shift_x=&#8221;0&#8243; shift_y=&#8221;0&#8243; shift_y_down=&#8221;0&#8243; z_index=&#8221;0&#8243; medium_width=&#8221;0&#8243; mobile_width=&#8221;0&#8243; width=&#8221;2\/3&#8243; uncode_shortcode_id=&#8221;106170&#8243;][vc_button button_color=&#8221;color-775258&#8243; radius=&#8221;btn-circle&#8221; border_width=&#8221;0&#8243; icon_position=&#8221;right&#8221; icon=&#8221;fa fa-open&#8221; link=&#8221;url:https%3A%2F%2Fwww.kontakt-elektro.hu%2Fwp-content%2Fuploads%2F2023%2F05%2FKONTAKT-Elektro_Ipari-automatizalas_Kapcsoloszekreny-gyartas_-nyitott-villanyszerelo-allasok.pdf|target:_blank&#8221; button_color_type=&#8221;uncode-palette&#8221; uncode_shortcode_id=&#8221;276021&#8243;]\u00c1ll\u00e1saj\u00e1nlat let\u00f6lt\u00e9se[\/vc_button][\/vc_column_inner][\/vc_row_inner][\/vc_accordion_tab][\/vc_accordion][vc_single_image media=&#8221;84693&#8243; media_width_percent=&#8221;100&#8243;][\/vc_column][\/vc_row][vc_row unlock_row_content=&#8221;yes&#8221; row_height_percent=&#8221;0&#8243; override_padding=&#8221;yes&#8221; h_padding=&#8221;0&#8243; top_padding=&#8221;2&#8243; bottom_padding=&#8221;2&#8243; overlay_alpha=&#8221;50&#8243; gutter_size=&#8221;3&#8243; column_width_percent=&#8221;100&#8243; shift_y=&#8221;0&#8243; z_index=&#8221;0&#8243;][vc_column width=&#8221;1\/1&#8243;][uncode_block id=&#8221;83020&#8243;][\/vc_column][\/vc_row]<\/p>\n<\/div>","protected":false},"excerpt":{"rendered":"<p>[vc_row row_height_percent=&#8221;0&#8243; override_padding=&#8221;yes&#8221; h_padding=&#8221;2&#8243; top_padding=&#8221;2&#8243; bottom_padding=&#8221;3&#8243; overlay_alpha=&#8221;50&#8243; gutter_size=&#8221;3&#8243; column_width_percent=&#8221;100&#8243; shift_y=&#8221;0&#8243; z_index=&#8221;0&#8243;][vc_column width=&#8221;1\/3&#8243;][vc_column_text el_class=&#8221;section-title&#8221;]karrier[\/vc_column_text][vc_column_text]A KONTAKT-Elektro Kft. belf\u00f6ldi tulajdon\u00fa, f\u00fcggetlen v\u00e1llalkoz\u00e1sk\u00e9nt 1982 [&hellip;]<\/p>\n","protected":false},"author":2,"featured_media":0,"parent":0,"menu_order":0,"comment_status":"closed","ping_status":"closed","template":"","meta":{"_acf_changed":false,"footnotes":""},"class_list":["post-82796","page","type-page","status-publish","hentry"],"acf":[],"yoast_head":"<!-- This site is optimized with the Yoast SEO plugin v27.5 - https:\/\/yoast.com\/product\/yoast-seo-wordpress\/ -->\n<title>Karrier, Szakk\u00e9pz\u00e9s - Kontakt Elektro<\/title>\n<meta name=\"robots\" content=\"index, follow, max-snippet:-1, max-image-preview:large, max-video-preview:-1\" \/>\n<link rel=\"canonical\" href=\"https:\/\/www.kontakt-elektro.hu\/karrier-szakkepzes\/\" \/>\n<meta property=\"og:locale\" content=\"hu_HU\" \/>\n<meta property=\"og:type\" content=\"article\" \/>\n<meta property=\"og:title\" content=\"Karrier, Szakk\u00e9pz\u00e9s - Kontakt Elektro\" \/>\n<meta property=\"og:description\" content=\"[vc_row row_height_percent=&#8221;0&#8243; override_padding=&#8221;yes&#8221; h_padding=&#8221;2&#8243; top_padding=&#8221;2&#8243; bottom_padding=&#8221;3&#8243; overlay_alpha=&#8221;50&#8243; gutter_size=&#8221;3&#8243; column_width_percent=&#8221;100&#8243; shift_y=&#8221;0&#8243; z_index=&#8221;0&#8243;][vc_column width=&#8221;1\/3&#8243;][vc_column_text el_class=&#8221;section-title&#8221;]karrier[\/vc_column_text][vc_column_text]A KONTAKT-Elektro Kft. belf\u00f6ldi tulajdon\u00fa, f\u00fcggetlen v\u00e1llalkoz\u00e1sk\u00e9nt 1982 [&hellip;]\" \/>\n<meta property=\"og:url\" content=\"https:\/\/www.kontakt-elektro.hu\/karrier-szakkepzes\/\" \/>\n<meta property=\"og:site_name\" content=\"Kontakt Elektro\" \/>\n<meta property=\"article:publisher\" content=\"https:\/\/www.facebook.com\/KONTAKT.Elektro.Kft\/\" \/>\n<meta property=\"article:modified_time\" content=\"2024-06-13T06:35:37+00:00\" \/>\n<meta property=\"og:image\" content=\"https:\/\/www.kontakt-elektro.hu\/wp-content\/uploads\/2021\/05\/Kontakt-Elektro.jpg\" \/>\n\t<meta property=\"og:image:width\" content=\"1200\" \/>\n\t<meta property=\"og:image:height\" content=\"630\" \/>\n\t<meta property=\"og:image:type\" content=\"image\/jpeg\" \/>\n<meta name=\"twitter:card\" content=\"summary_large_image\" \/>\n<meta name=\"twitter:label1\" content=\"Becs\u00fclt olvas\u00e1si id\u0151\" \/>\n\t<meta name=\"twitter:data1\" content=\"2 perc\" \/>\n<script type=\"application\/ld+json\" class=\"yoast-schema-graph\">{\"@context\":\"https:\\\/\\\/schema.org\",\"@graph\":[{\"@type\":\"WebPage\",\"@id\":\"https:\\\/\\\/www.kontakt-elektro.hu\\\/karrier-szakkepzes\\\/\",\"url\":\"https:\\\/\\\/www.kontakt-elektro.hu\\\/karrier-szakkepzes\\\/\",\"name\":\"Karrier, Szakk\u00e9pz\u00e9s - Kontakt Elektro\",\"isPartOf\":{\"@id\":\"https:\\\/\\\/www.kontakt-elektro.hu\\\/#website\"},\"datePublished\":\"2020-08-03T11:34:02+00:00\",\"dateModified\":\"2024-06-13T06:35:37+00:00\",\"breadcrumb\":{\"@id\":\"https:\\\/\\\/www.kontakt-elektro.hu\\\/karrier-szakkepzes\\\/#breadcrumb\"},\"inLanguage\":\"hu\",\"potentialAction\":[{\"@type\":\"ReadAction\",\"target\":[\"https:\\\/\\\/www.kontakt-elektro.hu\\\/karrier-szakkepzes\\\/\"]}]},{\"@type\":\"BreadcrumbList\",\"@id\":\"https:\\\/\\\/www.kontakt-elektro.hu\\\/karrier-szakkepzes\\\/#breadcrumb\",\"itemListElement\":[{\"@type\":\"ListItem\",\"position\":1,\"name\":\"kezd\u0151lap\",\"item\":\"https:\\\/\\\/www.kontakt-elektro.hu\\\/\"},{\"@type\":\"ListItem\",\"position\":2,\"name\":\"Karrier, Szakk\u00e9pz\u00e9s\"}]},{\"@type\":\"WebSite\",\"@id\":\"https:\\\/\\\/www.kontakt-elektro.hu\\\/#website\",\"url\":\"https:\\\/\\\/www.kontakt-elektro.hu\\\/\",\"name\":\"Kontakt Elektro\",\"description\":\"\",\"publisher\":{\"@id\":\"https:\\\/\\\/www.kontakt-elektro.hu\\\/#organization\"},\"potentialAction\":[{\"@type\":\"SearchAction\",\"target\":{\"@type\":\"EntryPoint\",\"urlTemplate\":\"https:\\\/\\\/www.kontakt-elektro.hu\\\/?s={search_term_string}\"},\"query-input\":{\"@type\":\"PropertyValueSpecification\",\"valueRequired\":true,\"valueName\":\"search_term_string\"}}],\"inLanguage\":\"hu\"},{\"@type\":\"Organization\",\"@id\":\"https:\\\/\\\/www.kontakt-elektro.hu\\\/#organization\",\"name\":\"Kontakt Elektro\",\"url\":\"https:\\\/\\\/www.kontakt-elektro.hu\\\/\",\"logo\":{\"@type\":\"ImageObject\",\"inLanguage\":\"hu\",\"@id\":\"https:\\\/\\\/www.kontakt-elektro.hu\\\/#\\\/schema\\\/logo\\\/image\\\/\",\"url\":\"https:\\\/\\\/www.kontakt-elektro.hu\\\/wp-content\\\/uploads\\\/2021\\\/05\\\/Kontakt-Elektro.jpg\",\"contentUrl\":\"https:\\\/\\\/www.kontakt-elektro.hu\\\/wp-content\\\/uploads\\\/2021\\\/05\\\/Kontakt-Elektro.jpg\",\"width\":1200,\"height\":630,\"caption\":\"Kontakt Elektro\"},\"image\":{\"@id\":\"https:\\\/\\\/www.kontakt-elektro.hu\\\/#\\\/schema\\\/logo\\\/image\\\/\"},\"sameAs\":[\"https:\\\/\\\/www.facebook.com\\\/KONTAKT.Elektro.Kft\\\/\",\"https:\\\/\\\/www.linkedin.com\\\/company\\\/kontakt-elektro-ltd.\"]}]}<\/script>\n<!-- \/ Yoast SEO plugin. -->","yoast_head_json":{"title":"Karrier, Szakk\u00e9pz\u00e9s - Kontakt Elektro","robots":{"index":"index","follow":"follow","max-snippet":"max-snippet:-1","max-image-preview":"max-image-preview:large","max-video-preview":"max-video-preview:-1"},"canonical":"https:\/\/www.kontakt-elektro.hu\/karrier-szakkepzes\/","og_locale":"hu_HU","og_type":"article","og_title":"Karrier, Szakk\u00e9pz\u00e9s - Kontakt Elektro","og_description":"[vc_row row_height_percent=&#8221;0&#8243; override_padding=&#8221;yes&#8221; h_padding=&#8221;2&#8243; top_padding=&#8221;2&#8243; bottom_padding=&#8221;3&#8243; overlay_alpha=&#8221;50&#8243; gutter_size=&#8221;3&#8243; column_width_percent=&#8221;100&#8243; shift_y=&#8221;0&#8243; z_index=&#8221;0&#8243;][vc_column width=&#8221;1\/3&#8243;][vc_column_text el_class=&#8221;section-title&#8221;]karrier[\/vc_column_text][vc_column_text]A KONTAKT-Elektro Kft. belf\u00f6ldi tulajdon\u00fa, f\u00fcggetlen v\u00e1llalkoz\u00e1sk\u00e9nt 1982 [&hellip;]","og_url":"https:\/\/www.kontakt-elektro.hu\/karrier-szakkepzes\/","og_site_name":"Kontakt Elektro","article_publisher":"https:\/\/www.facebook.com\/KONTAKT.Elektro.Kft\/","article_modified_time":"2024-06-13T06:35:37+00:00","og_image":[{"width":1200,"height":630,"url":"https:\/\/www.kontakt-elektro.hu\/wp-content\/uploads\/2021\/05\/Kontakt-Elektro.jpg","type":"image\/jpeg"}],"twitter_card":"summary_large_image","twitter_misc":{"Becs\u00fclt olvas\u00e1si id\u0151":"2 perc"},"schema":{"@context":"https:\/\/schema.org","@graph":[{"@type":"WebPage","@id":"https:\/\/www.kontakt-elektro.hu\/karrier-szakkepzes\/","url":"https:\/\/www.kontakt-elektro.hu\/karrier-szakkepzes\/","name":"Karrier, Szakk\u00e9pz\u00e9s - Kontakt Elektro","isPartOf":{"@id":"https:\/\/www.kontakt-elektro.hu\/#website"},"datePublished":"2020-08-03T11:34:02+00:00","dateModified":"2024-06-13T06:35:37+00:00","breadcrumb":{"@id":"https:\/\/www.kontakt-elektro.hu\/karrier-szakkepzes\/#breadcrumb"},"inLanguage":"hu","potentialAction":[{"@type":"ReadAction","target":["https:\/\/www.kontakt-elektro.hu\/karrier-szakkepzes\/"]}]},{"@type":"BreadcrumbList","@id":"https:\/\/www.kontakt-elektro.hu\/karrier-szakkepzes\/#breadcrumb","itemListElement":[{"@type":"ListItem","position":1,"name":"kezd\u0151lap","item":"https:\/\/www.kontakt-elektro.hu\/"},{"@type":"ListItem","position":2,"name":"Karrier, Szakk\u00e9pz\u00e9s"}]},{"@type":"WebSite","@id":"https:\/\/www.kontakt-elektro.hu\/#website","url":"https:\/\/www.kontakt-elektro.hu\/","name":"Kontakt Elektro","description":"","publisher":{"@id":"https:\/\/www.kontakt-elektro.hu\/#organization"},"potentialAction":[{"@type":"SearchAction","target":{"@type":"EntryPoint","urlTemplate":"https:\/\/www.kontakt-elektro.hu\/?s={search_term_string}"},"query-input":{"@type":"PropertyValueSpecification","valueRequired":true,"valueName":"search_term_string"}}],"inLanguage":"hu"},{"@type":"Organization","@id":"https:\/\/www.kontakt-elektro.hu\/#organization","name":"Kontakt Elektro","url":"https:\/\/www.kontakt-elektro.hu\/","logo":{"@type":"ImageObject","inLanguage":"hu","@id":"https:\/\/www.kontakt-elektro.hu\/#\/schema\/logo\/image\/","url":"https:\/\/www.kontakt-elektro.hu\/wp-content\/uploads\/2021\/05\/Kontakt-Elektro.jpg","contentUrl":"https:\/\/www.kontakt-elektro.hu\/wp-content\/uploads\/2021\/05\/Kontakt-Elektro.jpg","width":1200,"height":630,"caption":"Kontakt Elektro"},"image":{"@id":"https:\/\/www.kontakt-elektro.hu\/#\/schema\/logo\/image\/"},"sameAs":["https:\/\/www.facebook.com\/KONTAKT.Elektro.Kft\/","https:\/\/www.linkedin.com\/company\/kontakt-elektro-ltd."]}]}},"_links":{"self":[{"href":"https:\/\/www.kontakt-elektro.hu\/hu\/wp-json\/wp\/v2\/pages\/82796","targetHints":{"allow":["GET"]}}],"collection":[{"href":"https:\/\/www.kontakt-elektro.hu\/hu\/wp-json\/wp\/v2\/pages"}],"about":[{"href":"https:\/\/www.kontakt-elektro.hu\/hu\/wp-json\/wp\/v2\/types\/page"}],"author":[{"embeddable":true,"href":"https:\/\/www.kontakt-elektro.hu\/hu\/wp-json\/wp\/v2\/users\/2"}],"replies":[{"embeddable":true,"href":"https:\/\/www.kontakt-elektro.hu\/hu\/wp-json\/wp\/v2\/comments?post=82796"}],"version-history":[{"count":5,"href":"https:\/\/www.kontakt-elektro.hu\/hu\/wp-json\/wp\/v2\/pages\/82796\/revisions"}],"predecessor-version":[{"id":85709,"href":"https:\/\/www.kontakt-elektro.hu\/hu\/wp-json\/wp\/v2\/pages\/82796\/revisions\/85709"}],"wp:attachment":[{"href":"https:\/\/www.kontakt-elektro.hu\/hu\/wp-json\/wp\/v2\/media?parent=82796"}],"curies":[{"name":"wp","href":"https:\/\/api.w.org\/{rel}","templated":true}]}}