{"id":82649,"date":"2020-07-16T16:32:51","date_gmt":"2020-07-16T14:32:51","guid":{"rendered":"http:\/\/www.kontakt-elektro.hu\/?page_id=82649"},"modified":"2021-05-14T15:17:22","modified_gmt":"2021-05-14T13:17:22","slug":"ifm","status":"publish","type":"page","link":"https:\/\/www.kontakt-elektro.hu\/hu\/kereskedelem-kepviseletek\/ifm\/","title":{"rendered":"IFM"},"content":{"rendered":"<div class=\"wpb-content-wrapper\"><p>[vc_row row_height_percent=&#8221;0&#8243; override_padding=&#8221;yes&#8221; h_padding=&#8221;2&#8243; top_padding=&#8221;2&#8243; bottom_padding=&#8221;3&#8243; overlay_alpha=&#8221;50&#8243; gutter_size=&#8221;3&#8243; column_width_percent=&#8221;100&#8243; shift_y=&#8221;0&#8243; z_index=&#8221;0&#8243;][vc_column width=&#8221;1\/2&#8243;][vc_column_text]Kezdetekben az a szenved\u00e9ly vez\u00e9relte az ifm alap\u00edt\u00f3it, hogy kiv\u00e9teles min\u0151s\u00e9g\u0171 \u00e9s megb\u00edzhat\u00f3s\u00e1g\u00fa \u00e9rz\u00e9kel\u0151ket fejlesszenek \u00e9s ehhez p\u00e9lda\u00e9rt\u00e9k\u0171 \u00fcgyf\u00e9lkiszolg\u00e1l\u00e1st ny\u00fajtsanak. Az ifm t\u00f6rt\u00e9nete 1969 okt\u00f3ber\u00e9ben ezzel a v\u00edzi\u00f3val kezd\u0151d\u00f6tt \u00e9s annak a tudat\u00e1val, hogy a \u201emin\u0151s\u00e9g\u201c kifejez\u00e9s t\u00f6bbet jelent, mint csak egy term\u00e9k.[\/vc_column_text][vc_column_text]<strong>Term\u00e9kcsoportjai:<\/strong>[\/vc_column_text][vc_row_inner limit_content=&#8221;&#8221;][vc_column_inner width=&#8221;1\/2&#8243;][uncode_list icon=&#8221;fa fa-circle&#8221; icon_color=&#8221;color-775258&#8243; el_class=&#8221;text&#8211;listing&#8221;]<\/p>\n<ul>\n<li><a href=\"https:\/\/www.ifm.com\/hu\/hu\/category\/010\/010_010\">Indukt\u00edv \u00e9rz\u00e9kel\u0151k<\/a><\/li>\n<li><a href=\"https:\/\/www.ifm.com\/hu\/hu\/category\/010\/010_020\">Kapacit\u00edv \u00e9rz\u00e9kel\u0151k<\/a><\/li>\n<li><a href=\"https:\/\/www.ifm.com\/hu\/hu\/category\/010\/010_030\">M\u00e1gneses \u00e9rz\u00e9kel\u0151k<\/a><\/li>\n<li><a href=\"https:\/\/www.ifm.com\/hu\/hu\/category\/010\/010_040\">Munkahenger \u00e9rz\u00e9kel\u0151k<\/a><\/li>\n<li><a href=\"https:\/\/www.ifm.com\/hu\/hu\/category\/010\/010_045\">Ultrahangos \u00e9rz\u00e9kel\u0151k<\/a><\/li>\n<li><a href=\"https:\/\/www.ifm.com\/hu\/hu\/category\/010\/010_050\">Optikai \u00e9rz\u00e9kel\u0151k<\/a><\/li>\n<li><a href=\"https:\/\/www.ifm.com\/hu\/hu\/category\/010\/010_060\">Vill\u00e1s \u00e9s ferdevill\u00e1s f\u00e9nysoromp\u00f3k<\/a><\/li>\n<li><a href=\"https:\/\/www.ifm.com\/hu\/hu\/category\/010\/010_070\">L\u00e9zeres \u00e9rz\u00e9kel\u0151k<\/a><\/li>\n<li><a href=\"https:\/\/www.ifm.com\/hu\/hu\/category\/010\/010_075\">T\u00e1vols\u00e1g\u00e9rz\u00e9kel\u0151k<\/a><\/li>\n<li><a href=\"https:\/\/www.ifm.com\/hu\/hu\/category\/010\/010_080\">Sz\u00e1loptik\u00e1s \u00e9rz\u00e9kel\u0151k<\/a><\/li>\n<li><a href=\"https:\/\/www.ifm.com\/hu\/hu\/category\/010\/010_090\">Optikai \u00e9rz\u00e9kel\u0151k speci\u00e1lis alkalmaz\u00e1sokra<\/a><\/li>\n<li><a href=\"https:\/\/www.ifm.com\/hu\/hu\/category\/010\/010_110\">\u00c9rint\u0151gomb<\/a><\/li>\n<li><a href=\"https:\/\/www.ifm.com\/hu\/hu\/category\/010\/010_120\">Visszajelz\u0151 rendszerek szelepekhez \u00e9s munkahengerekhez<\/a><\/li>\n<li><a href=\"https:\/\/www.ifm.com\/hu\/hu\/category\/010\/010_130\">Kapcsol\u00f3er\u0151s\u00edt\u0151<\/a><\/li>\n<\/ul>\n<p>[\/uncode_list][\/vc_column_inner][vc_column_inner width=&#8221;1\/2&#8243;][uncode_list icon=&#8221;fa fa-circle&#8221; icon_color=&#8221;color-775258&#8243; el_class=&#8221;text&#8211;listing&#8221;]<\/p>\n<ul>\n<li><a href=\"https:\/\/www.ifm.com\/hu\/hu\/category\/030\/030_010\">Biztons\u00e1gi indukt\u00edv \u00e9rz\u00e9kel\u0151k<\/a><\/li>\n<li><a href=\"https:\/\/www.ifm.com\/hu\/hu\/category\/030\/030_020\">Biztons\u00e1gi f\u00e9nyf\u00fcgg\u00f6ny\u00f6k<\/a><\/li>\n<li><a href=\"https:\/\/www.ifm.com\/hu\/hu\/category\/030\/030_030\">Biztons\u00e1gi f\u00e9nyr\u00e1csok<\/a><\/li>\n<li><a href=\"https:\/\/www.ifm.com\/hu\/hu\/category\/030\/030_040\">Biztons\u00e1gi rel\u00e9k<\/a><\/li>\n<li><a href=\"https:\/\/www.ifm.com\/hu\/hu\/category\/030\/030_050\">Biztons\u00e1gi vez\u00e9rl\u0151egys\u00e9gek<\/a><\/li>\n<li><a href=\"https:\/\/www.ifm.com\/hu\/hu\/category\/030\/030_070\">RFID-coded and magnetically coded safety sensors<\/a><\/li>\n<li><a href=\"https:\/\/www.ifm.com\/hu\/hu\/category\/040\/040_010\">Nyom\u00e1s\u00e9rz\u00e9kel\u0151k \/ V\u00e1kuum \u00e9rz\u00e9kel\u0151k<\/a><\/li>\n<li><a href=\"https:\/\/www.ifm.com\/hu\/hu\/category\/040\/040_030\">\u00c1raml\u00e1s kapcsol\u00f3k \u00e9s \u00e1tfoly\u00e1sm\u00e9r\u0151k<\/a><\/li>\n<li><a href=\"https:\/\/www.ifm.com\/hu\/hu\/category\/040\/040_040\">Szint\u00e9rz\u00e9kel\u0151k<\/a><\/li>\n<li><a href=\"https:\/\/www.ifm.com\/hu\/hu\/category\/040\/040_050\">H\u0151m\u00e9rs\u00e9klet-\u00e9rz\u00e9kel\u0151<\/a>k<\/li>\n<li><a href=\"https:\/\/www.ifm.com\/hu\/hu\/category\/040\/040_060\">Jelfeldolgoz\u00f3 rendszerek<\/a><\/li>\n<li><a href=\"https:\/\/www.ifm.com\/hu\/hu\/category\/040\/040_070\">Visszajelz\u0151 rendszerek szelepekhez \u00e9s munkahengerekhez<\/a><\/li>\n<\/ul>\n<p>[\/uncode_list][\/vc_column_inner][\/vc_row_inner][vc_button button_color=&#8221;color-775258&#8243; radius=&#8221;btn-circle&#8221; border_width=&#8221;0&#8243; icon_position=&#8221;right&#8221; scale_mobile=&#8221;no&#8221; link=&#8221;url:https%3A%2F%2Fwww.ifm.com%2Fhu%2Fhu||target:%20_blank|&#8221; icon=&#8221;fa fa-open&#8221; width=&#8221;250&#8243; el_class=&#8221;btn&#8211;primary&#8221;]IFM honlap[\/vc_button][\/vc_column][vc_column column_width_percent=&#8221;100&#8243; position_vertical=&#8221;middle&#8221; align_horizontal=&#8221;align_center&#8221; gutter_size=&#8221;3&#8243; overlay_alpha=&#8221;50&#8243; shift_x=&#8221;0&#8243; shift_y=&#8221;0&#8243; shift_y_down=&#8221;0&#8243; z_index=&#8221;0&#8243; medium_width=&#8221;0&#8243; mobile_width=&#8221;0&#8243; width=&#8221;1\/2&#8243;][vc_gallery el_id=&#8221;gallery-112263&#8243; isotope_mode=&#8221;vertical&#8221; medias=&#8221;82653,82652&#8243; gutter_size=&#8221;3&#8243; screen_lg=&#8221;1000&#8243; screen_md=&#8221;600&#8243; screen_sm=&#8221;480&#8243; single_width=&#8221;5&#8243; single_overlay_color=&#8221;color-jevc&#8221; single_overlay_coloration=&#8221;bottom_gradient&#8221; single_overlay_opacity=&#8221;50&#8243; single_h_align=&#8221;center&#8221; single_v_position=&#8221;bottom&#8221; single_padding=&#8221;2&#8243; single_title_dimension=&#8221;&#8221; single_icon=&#8221;fa fa-zoom-in&#8221; single_border=&#8221;yes&#8221;][\/vc_column][\/vc_row][vc_row unlock_row_content=&#8221;yes&#8221; row_height_percent=&#8221;0&#8243; override_padding=&#8221;yes&#8221; h_padding=&#8221;0&#8243; top_padding=&#8221;2&#8243; bottom_padding=&#8221;2&#8243; overlay_alpha=&#8221;50&#8243; gutter_size=&#8221;3&#8243; column_width_percent=&#8221;100&#8243; shift_y=&#8221;0&#8243; z_index=&#8221;0&#8243;][vc_column width=&#8221;1\/1&#8243;][uncode_block id=&#8221;83020&#8243;][\/vc_column][\/vc_row]<\/p>\n<\/div>","protected":false},"excerpt":{"rendered":"<p>Kiv\u00e9teles min\u0151s\u00e9g\u0171 \u00e9s megb\u00edzhat\u00f3 \u00e9rz\u00e9kel\u0151k<\/p>\n","protected":false},"author":2,"featured_media":83464,"parent":591,"menu_order":0,"comment_status":"closed","ping_status":"closed","template":"","meta":{"_acf_changed":false,"footnotes":""},"class_list":["post-82649","page","type-page","status-publish","has-post-thumbnail","hentry","page_category-kepviseletek"],"acf":[],"yoast_head":"<!-- This site is optimized with the Yoast SEO plugin v27.5 - https:\/\/yoast.com\/product\/yoast-seo-wordpress\/ -->\n<title>IFM - Kontakt Elektro<\/title>\n<meta name=\"robots\" content=\"index, follow, max-snippet:-1, max-image-preview:large, max-video-preview:-1\" \/>\n<link rel=\"canonical\" href=\"https:\/\/www.kontakt-elektro.hu\/kereskedelem-kepviseletek\/ifm\/\" \/>\n<meta property=\"og:locale\" content=\"hu_HU\" \/>\n<meta property=\"og:type\" content=\"article\" \/>\n<meta property=\"og:title\" content=\"IFM - Kontakt Elektro\" \/>\n<meta property=\"og:description\" content=\"Kiv\u00e9teles min\u0151s\u00e9g\u0171 \u00e9s megb\u00edzhat\u00f3 \u00e9rz\u00e9kel\u0151k\" \/>\n<meta property=\"og:url\" content=\"https:\/\/www.kontakt-elektro.hu\/kereskedelem-kepviseletek\/ifm\/\" \/>\n<meta property=\"og:site_name\" content=\"Kontakt Elektro\" \/>\n<meta property=\"article:publisher\" content=\"https:\/\/www.facebook.com\/KONTAKT.Elektro.Kft\/\" \/>\n<meta property=\"article:modified_time\" content=\"2021-05-14T13:17:22+00:00\" \/>\n<meta property=\"og:image\" content=\"https:\/\/www.kontakt-elektro.hu\/wp-content\/uploads\/2020\/09\/ifm-banner-1.png\" \/>\n\t<meta property=\"og:image:width\" content=\"768\" \/>\n\t<meta property=\"og:image:height\" content=\"350\" \/>\n\t<meta property=\"og:image:type\" content=\"image\/png\" \/>\n<meta name=\"twitter:card\" content=\"summary_large_image\" \/>\n<meta name=\"twitter:label1\" content=\"Becs\u00fclt olvas\u00e1si id\u0151\" \/>\n\t<meta name=\"twitter:data1\" content=\"2 perc\" \/>\n<script type=\"application\/ld+json\" class=\"yoast-schema-graph\">{\"@context\":\"https:\\\/\\\/schema.org\",\"@graph\":[{\"@type\":\"WebPage\",\"@id\":\"https:\\\/\\\/www.kontakt-elektro.hu\\\/kereskedelem-kepviseletek\\\/ifm\\\/\",\"url\":\"https:\\\/\\\/www.kontakt-elektro.hu\\\/kereskedelem-kepviseletek\\\/ifm\\\/\",\"name\":\"IFM - Kontakt Elektro\",\"isPartOf\":{\"@id\":\"https:\\\/\\\/www.kontakt-elektro.hu\\\/#website\"},\"primaryImageOfPage\":{\"@id\":\"https:\\\/\\\/www.kontakt-elektro.hu\\\/kereskedelem-kepviseletek\\\/ifm\\\/#primaryimage\"},\"image\":{\"@id\":\"https:\\\/\\\/www.kontakt-elektro.hu\\\/kereskedelem-kepviseletek\\\/ifm\\\/#primaryimage\"},\"thumbnailUrl\":\"https:\\\/\\\/www.kontakt-elektro.hu\\\/wp-content\\\/uploads\\\/2020\\\/09\\\/ifm-banner-1.png\",\"datePublished\":\"2020-07-16T14:32:51+00:00\",\"dateModified\":\"2021-05-14T13:17:22+00:00\",\"breadcrumb\":{\"@id\":\"https:\\\/\\\/www.kontakt-elektro.hu\\\/kereskedelem-kepviseletek\\\/ifm\\\/#breadcrumb\"},\"inLanguage\":\"hu\",\"potentialAction\":[{\"@type\":\"ReadAction\",\"target\":[\"https:\\\/\\\/www.kontakt-elektro.hu\\\/kereskedelem-kepviseletek\\\/ifm\\\/\"]}]},{\"@type\":\"ImageObject\",\"inLanguage\":\"hu\",\"@id\":\"https:\\\/\\\/www.kontakt-elektro.hu\\\/kereskedelem-kepviseletek\\\/ifm\\\/#primaryimage\",\"url\":\"https:\\\/\\\/www.kontakt-elektro.hu\\\/wp-content\\\/uploads\\\/2020\\\/09\\\/ifm-banner-1.png\",\"contentUrl\":\"https:\\\/\\\/www.kontakt-elektro.hu\\\/wp-content\\\/uploads\\\/2020\\\/09\\\/ifm-banner-1.png\",\"width\":768,\"height\":350},{\"@type\":\"BreadcrumbList\",\"@id\":\"https:\\\/\\\/www.kontakt-elektro.hu\\\/kereskedelem-kepviseletek\\\/ifm\\\/#breadcrumb\",\"itemListElement\":[{\"@type\":\"ListItem\",\"position\":1,\"name\":\"kezd\u0151lap\",\"item\":\"https:\\\/\\\/www.kontakt-elektro.hu\\\/\"},{\"@type\":\"ListItem\",\"position\":2,\"name\":\"Kereskedelem, k\u00e9pviseletek\",\"item\":\"https:\\\/\\\/www.kontakt-elektro.hu\\\/kereskedelem-kepviseletek\\\/\"},{\"@type\":\"ListItem\",\"position\":3,\"name\":\"IFM\"}]},{\"@type\":\"WebSite\",\"@id\":\"https:\\\/\\\/www.kontakt-elektro.hu\\\/#website\",\"url\":\"https:\\\/\\\/www.kontakt-elektro.hu\\\/\",\"name\":\"Kontakt Elektro\",\"description\":\"\",\"publisher\":{\"@id\":\"https:\\\/\\\/www.kontakt-elektro.hu\\\/#organization\"},\"potentialAction\":[{\"@type\":\"SearchAction\",\"target\":{\"@type\":\"EntryPoint\",\"urlTemplate\":\"https:\\\/\\\/www.kontakt-elektro.hu\\\/?s={search_term_string}\"},\"query-input\":{\"@type\":\"PropertyValueSpecification\",\"valueRequired\":true,\"valueName\":\"search_term_string\"}}],\"inLanguage\":\"hu\"},{\"@type\":\"Organization\",\"@id\":\"https:\\\/\\\/www.kontakt-elektro.hu\\\/#organization\",\"name\":\"Kontakt Elektro\",\"url\":\"https:\\\/\\\/www.kontakt-elektro.hu\\\/\",\"logo\":{\"@type\":\"ImageObject\",\"inLanguage\":\"hu\",\"@id\":\"https:\\\/\\\/www.kontakt-elektro.hu\\\/#\\\/schema\\\/logo\\\/image\\\/\",\"url\":\"https:\\\/\\\/www.kontakt-elektro.hu\\\/wp-content\\\/uploads\\\/2021\\\/05\\\/Kontakt-Elektro.jpg\",\"contentUrl\":\"https:\\\/\\\/www.kontakt-elektro.hu\\\/wp-content\\\/uploads\\\/2021\\\/05\\\/Kontakt-Elektro.jpg\",\"width\":1200,\"height\":630,\"caption\":\"Kontakt Elektro\"},\"image\":{\"@id\":\"https:\\\/\\\/www.kontakt-elektro.hu\\\/#\\\/schema\\\/logo\\\/image\\\/\"},\"sameAs\":[\"https:\\\/\\\/www.facebook.com\\\/KONTAKT.Elektro.Kft\\\/\",\"https:\\\/\\\/www.linkedin.com\\\/company\\\/kontakt-elektro-ltd.\"]}]}<\/script>\n<!-- \/ Yoast SEO plugin. -->","yoast_head_json":{"title":"IFM - Kontakt Elektro","robots":{"index":"index","follow":"follow","max-snippet":"max-snippet:-1","max-image-preview":"max-image-preview:large","max-video-preview":"max-video-preview:-1"},"canonical":"https:\/\/www.kontakt-elektro.hu\/kereskedelem-kepviseletek\/ifm\/","og_locale":"hu_HU","og_type":"article","og_title":"IFM - Kontakt Elektro","og_description":"Kiv\u00e9teles min\u0151s\u00e9g\u0171 \u00e9s megb\u00edzhat\u00f3 \u00e9rz\u00e9kel\u0151k","og_url":"https:\/\/www.kontakt-elektro.hu\/kereskedelem-kepviseletek\/ifm\/","og_site_name":"Kontakt Elektro","article_publisher":"https:\/\/www.facebook.com\/KONTAKT.Elektro.Kft\/","article_modified_time":"2021-05-14T13:17:22+00:00","og_image":[{"width":768,"height":350,"url":"https:\/\/www.kontakt-elektro.hu\/wp-content\/uploads\/2020\/09\/ifm-banner-1.png","type":"image\/png"}],"twitter_card":"summary_large_image","twitter_misc":{"Becs\u00fclt olvas\u00e1si id\u0151":"2 perc"},"schema":{"@context":"https:\/\/schema.org","@graph":[{"@type":"WebPage","@id":"https:\/\/www.kontakt-elektro.hu\/kereskedelem-kepviseletek\/ifm\/","url":"https:\/\/www.kontakt-elektro.hu\/kereskedelem-kepviseletek\/ifm\/","name":"IFM - Kontakt Elektro","isPartOf":{"@id":"https:\/\/www.kontakt-elektro.hu\/#website"},"primaryImageOfPage":{"@id":"https:\/\/www.kontakt-elektro.hu\/kereskedelem-kepviseletek\/ifm\/#primaryimage"},"image":{"@id":"https:\/\/www.kontakt-elektro.hu\/kereskedelem-kepviseletek\/ifm\/#primaryimage"},"thumbnailUrl":"https:\/\/www.kontakt-elektro.hu\/wp-content\/uploads\/2020\/09\/ifm-banner-1.png","datePublished":"2020-07-16T14:32:51+00:00","dateModified":"2021-05-14T13:17:22+00:00","breadcrumb":{"@id":"https:\/\/www.kontakt-elektro.hu\/kereskedelem-kepviseletek\/ifm\/#breadcrumb"},"inLanguage":"hu","potentialAction":[{"@type":"ReadAction","target":["https:\/\/www.kontakt-elektro.hu\/kereskedelem-kepviseletek\/ifm\/"]}]},{"@type":"ImageObject","inLanguage":"hu","@id":"https:\/\/www.kontakt-elektro.hu\/kereskedelem-kepviseletek\/ifm\/#primaryimage","url":"https:\/\/www.kontakt-elektro.hu\/wp-content\/uploads\/2020\/09\/ifm-banner-1.png","contentUrl":"https:\/\/www.kontakt-elektro.hu\/wp-content\/uploads\/2020\/09\/ifm-banner-1.png","width":768,"height":350},{"@type":"BreadcrumbList","@id":"https:\/\/www.kontakt-elektro.hu\/kereskedelem-kepviseletek\/ifm\/#breadcrumb","itemListElement":[{"@type":"ListItem","position":1,"name":"kezd\u0151lap","item":"https:\/\/www.kontakt-elektro.hu\/"},{"@type":"ListItem","position":2,"name":"Kereskedelem, k\u00e9pviseletek","item":"https:\/\/www.kontakt-elektro.hu\/kereskedelem-kepviseletek\/"},{"@type":"ListItem","position":3,"name":"IFM"}]},{"@type":"WebSite","@id":"https:\/\/www.kontakt-elektro.hu\/#website","url":"https:\/\/www.kontakt-elektro.hu\/","name":"Kontakt Elektro","description":"","publisher":{"@id":"https:\/\/www.kontakt-elektro.hu\/#organization"},"potentialAction":[{"@type":"SearchAction","target":{"@type":"EntryPoint","urlTemplate":"https:\/\/www.kontakt-elektro.hu\/?s={search_term_string}"},"query-input":{"@type":"PropertyValueSpecification","valueRequired":true,"valueName":"search_term_string"}}],"inLanguage":"hu"},{"@type":"Organization","@id":"https:\/\/www.kontakt-elektro.hu\/#organization","name":"Kontakt Elektro","url":"https:\/\/www.kontakt-elektro.hu\/","logo":{"@type":"ImageObject","inLanguage":"hu","@id":"https:\/\/www.kontakt-elektro.hu\/#\/schema\/logo\/image\/","url":"https:\/\/www.kontakt-elektro.hu\/wp-content\/uploads\/2021\/05\/Kontakt-Elektro.jpg","contentUrl":"https:\/\/www.kontakt-elektro.hu\/wp-content\/uploads\/2021\/05\/Kontakt-Elektro.jpg","width":1200,"height":630,"caption":"Kontakt Elektro"},"image":{"@id":"https:\/\/www.kontakt-elektro.hu\/#\/schema\/logo\/image\/"},"sameAs":["https:\/\/www.facebook.com\/KONTAKT.Elektro.Kft\/","https:\/\/www.linkedin.com\/company\/kontakt-elektro-ltd."]}]}},"_links":{"self":[{"href":"https:\/\/www.kontakt-elektro.hu\/hu\/wp-json\/wp\/v2\/pages\/82649","targetHints":{"allow":["GET"]}}],"collection":[{"href":"https:\/\/www.kontakt-elektro.hu\/hu\/wp-json\/wp\/v2\/pages"}],"about":[{"href":"https:\/\/www.kontakt-elektro.hu\/hu\/wp-json\/wp\/v2\/types\/page"}],"author":[{"embeddable":true,"href":"https:\/\/www.kontakt-elektro.hu\/hu\/wp-json\/wp\/v2\/users\/2"}],"replies":[{"embeddable":true,"href":"https:\/\/www.kontakt-elektro.hu\/hu\/wp-json\/wp\/v2\/comments?post=82649"}],"version-history":[{"count":0,"href":"https:\/\/www.kontakt-elektro.hu\/hu\/wp-json\/wp\/v2\/pages\/82649\/revisions"}],"up":[{"embeddable":true,"href":"https:\/\/www.kontakt-elektro.hu\/hu\/wp-json\/wp\/v2\/pages\/591"}],"wp:featuredmedia":[{"embeddable":true,"href":"https:\/\/www.kontakt-elektro.hu\/hu\/wp-json\/wp\/v2\/media\/83464"}],"wp:attachment":[{"href":"https:\/\/www.kontakt-elektro.hu\/hu\/wp-json\/wp\/v2\/media?parent=82649"}],"curies":[{"name":"wp","href":"https:\/\/api.w.org\/{rel}","templated":true}]}}