{"id":82642,"date":"2020-07-16T16:29:55","date_gmt":"2020-07-16T14:29:55","guid":{"rendered":"http:\/\/www.kontakt-elektro.hu\/?page_id=82642"},"modified":"2020-10-27T10:21:07","modified_gmt":"2020-10-27T09:21:07","slug":"pepperlfuchs","status":"publish","type":"page","link":"https:\/\/www.kontakt-elektro.hu\/hu\/kereskedelem-kepviseletek\/pepperlfuchs\/","title":{"rendered":"Pepperl+Fuchs"},"content":{"rendered":"<div class=\"wpb-content-wrapper\"><p>[vc_row row_height_percent=&#8221;0&#8243; override_padding=&#8221;yes&#8221; h_padding=&#8221;2&#8243; top_padding=&#8221;2&#8243; bottom_padding=&#8221;3&#8243; overlay_alpha=&#8221;50&#8243; gutter_size=&#8221;3&#8243; column_width_percent=&#8221;100&#8243; shift_y=&#8221;0&#8243; z_index=&#8221;0&#8243;][vc_column width=&#8221;1\/2&#8243;][vc_column_text]A\u00a0Pepperl+Fuchs\u00a0az\u00a0elektronikai \u00e9rz\u00e9kel\u0151k\u00a0\u00e9s\u00a0alkatr\u00e9szek\u00a0vezet\u0151 fejleszt\u0151 \u00e9s gy\u00e1rt\u00f3 v\u00e1llalata a glob\u00e1lis automatiz\u00e1l\u00e1si piacon. A folyamatos innov\u00e1ci\u00f3, a tart\u00f3s min\u0151s\u00e9g \u00e9s az \u00e1lland\u00f3 n\u00f6veked\u00e9s m\u00e1r t\u00f6bb mint 70 \u00e9ve garant\u00e1lja a sikert. A Pepperl+Fuchs 6300 embert alkalmaz vil\u00e1gszerte, gy\u00e1rt\u00f3egys\u00e9gei vannak N\u00e9metorsz\u00e1gban, az USA-ban, Szingap\u00farban, Magyarorsz\u00e1gon, Indon\u00e9zi\u00e1ban \u00e9s Vietn\u00e1mban, legt\u00f6bbj\u00fck ISO 9001 tan\u00fas\u00edtv\u00e1nnyal is rendelkezik.[\/vc_column_text][vc_row_inner limit_content=&#8221;&#8221;][vc_column_inner width=&#8221;1\/2&#8243;][uncode_list icon=&#8221;fa fa-circle&#8221; icon_color=&#8221;color-775258&#8243; el_class=&#8221;text&#8211;listing&#8221;]<strong>Ipari \u00e9rz\u00e9kel\u0151k:<\/strong><\/p>\n<ul>\n<li><a href=\"https:\/\/www.pepperl-fuchs.com\/hungary\/hu\/classid_142.htm\">K\u00f6zel\u00edt\u00e9s\u00e9rz\u00e9kel\u0151k<\/a><\/li>\n<li><a href=\"https:\/\/www.pepperl-fuchs.com\/hungary\/hu\/classid_8.htm\">Fotoelektromos \u00e9rz\u00e9kel\u0151k<\/a><\/li>\n<li><a href=\"https:\/\/www.pepperl-fuchs.com\/hungary\/hu\/classid_1925.htm\">Ipari k\u00e9palkot\u00f3 technol\u00f3gia<\/a><\/li>\n<li><a href=\"https:\/\/www.pepperl-fuchs.com\/hungary\/hu\/classid_182.htm\">Ultrahangos \u00e9rz\u00e9kel\u0151k<\/a><\/li>\n<li><a href=\"https:\/\/www.pepperl-fuchs.com\/hungary\/hu\/classid_195.htm\">Forg\u00f3 jelad\u00f3k<\/a><\/li>\n<li><a href=\"https:\/\/www.pepperl-fuchs.com\/hungary\/hu\/classid_1522.htm\">Pozicion\u00e1l\u00f3 rendszerek<\/a><\/li>\n<li><a href=\"https:\/\/www.pepperl-fuchs.com\/hungary\/hu\/classid_2714.htm\">D\u0151l\u00e9s- \u00e9s gyorsul\u00e1s\u00e9rz\u00e9kel\u0151k<\/a><\/li>\n<li><a href=\"https:\/\/www.pepperl-fuchs.com\/hungary\/hu\/classid_6416.htm\">Ipari kommunik\u00e1ci\u00f3<\/a><\/li>\n<li><a href=\"https:\/\/www.pepperl-fuchs.com\/hungary\/hu\/classid_217.htm\">Azonos\u00edt\u00f3 rendszerek<\/a><\/li>\n<li><a href=\"https:\/\/www.pepperl-fuchs.com\/hungary\/hu\/classid_243.htm\">Kijelz\u0151k \u00e9s jelfeldolgoz\u00e1s<\/a><\/li>\n<li><a href=\"https:\/\/www.pepperl-fuchs.com\/hungary\/hu\/classid_249.htm\">Csatlakoz\u00f3k<\/a><\/li>\n<li><a href=\"https:\/\/www.pepperl-fuchs.com\/hungary\/hu\/classid_248.htm\">Tartoz\u00e9kok<\/a><\/li>\n<li><a href=\"https:\/\/www.pepperl-fuchs.com\/hungary\/hu\/classid_162.htm\">Szoftver<\/a><\/li>\n<\/ul>\n<p>[\/uncode_list][\/vc_column_inner][vc_column_inner width=&#8221;1\/2&#8243;][uncode_list icon=&#8221;fa fa-circle&#8221; icon_color=&#8221;color-775258&#8243; el_class=&#8221;text&#8211;listing&#8221;]<strong>Robban\u00e1sv\u00e9delem:<\/strong><\/p>\n<ul>\n<li><a href=\"https:\/\/www.pepperl-fuchs.com\/hungary\/hu\/classid_6760.htm\">Gy\u00fajt\u00f3szikramentes lev\u00e1laszt\u00f3k<\/a><\/li>\n<li><a href=\"https:\/\/www.pepperl-fuchs.com\/hungary\/hu\/classid_1822.htm\">Jelv\u00e1laszt\u00f3k<\/a><\/li>\n<li><a href=\"https:\/\/www.pepperl-fuchs.com\/hungary\/hu\/classid_260.htm\">FieldConnex terepibusz-infrastrukt\u00fara<\/a><\/li>\n<li><a href=\"https:\/\/www.pepperl-fuchs.com\/hungary\/hu\/classid_259.htm\">T\u00e1voli I\/O rendszerek<\/a><\/li>\n<li><a href=\"https:\/\/www.pepperl-fuchs.com\/hungary\/hu\/classid_722.htm\">HART kapcsol\u00f3d\u00e1sipont-megold\u00e1sok<\/a><\/li>\n<li><a href=\"https:\/\/www.pepperl-fuchs.com\/hungary\/hu\/classid_266.htm\">T\u00falfesz\u00fclts\u00e9g elleni v\u00e9delem<\/a><\/li>\n<li><a href=\"https:\/\/www.pepperl-fuchs.com\/hungary\/hu\/classid_2434.htm\">Vezet\u00e9k n\u00e9lk\u00fcli megold\u00e1sok<\/a><\/li>\n<li><a href=\"https:\/\/www.pepperl-fuchs.com\/hungary\/hu\/classid_6696.htm\">Gy\u00fajt\u00f3szikramentes mobileszk\u00f6z\u00f6k<\/a><\/li>\n<li><a href=\"https:\/\/www.pepperl-fuchs.com\/hungary\/hu\/classid_1641.htm\">HMI rendszerek<\/a><\/li>\n<li><a href=\"https:\/\/www.pepperl-fuchs.com\/hungary\/hu\/classid_1970.htm\">Elektromos robban\u00e1sv\u00e9delmi berendez\u00e9sek<\/a><\/li>\n<\/ul>\n<p>[\/uncode_list][\/vc_column_inner][\/vc_row_inner][vc_empty_space empty_h=&#8221;2&#8243;][vc_button button_color=&#8221;color-775258&#8243; radius=&#8221;btn-circle&#8221; border_width=&#8221;0&#8243; icon_position=&#8221;right&#8221; display=&#8221;inline&#8221; scale_mobile=&#8221;no&#8221; link=&#8221;url:https%3A%2F%2Fwww.pepperl-fuchs.com%2Fhungary%2Fhu%2Findex.htm||target:%20_blank|&#8221; icon=&#8221;fa fa-open&#8221; width=&#8221;250&#8243; el_class=&#8221;btn&#8211;primary&#8221;]Pepperl+Fuchs honlap[\/vc_button][vc_button button_color=&#8221;color-775258&#8243; radius=&#8221;btn-circle&#8221; border_width=&#8221;0&#8243; icon_position=&#8221;right&#8221; display=&#8221;inline&#8221; scale_mobile=&#8221;no&#8221; link=&#8221;url:https%3A%2F%2Fwww.kontakt-elektro.hu%2Fwp-content%2Fuploads%2F2020%2F09%2FPepperlFuchs-Katalogus-2020.pdf||target:%20_blank|&#8221; icon=&#8221;fa fa-print&#8221; width=&#8221;250&#8243; el_class=&#8221;btn&#8211;primary&#8221;]Pepperl+Fuchs katal\u00f3gus[\/vc_button][\/vc_column][vc_column width=&#8221;1\/2&#8243;][vc_gallery el_id=&#8221;gallery-195029&#8243; type=&#8221;justified&#8221; medias=&#8221;82645,82643&#8243; justify_row_height=&#8221;250&#8243; gutter_size=&#8221;3&#8243; single_overlay_color=&#8221;color-jevc&#8221; single_overlay_coloration=&#8221;bottom_gradient&#8221; single_overlay_opacity=&#8221;50&#8243; single_h_align=&#8221;center&#8221; single_v_position=&#8221;bottom&#8221; single_padding=&#8221;2&#8243; single_title_dimension=&#8221;&#8221; single_icon=&#8221;fa fa-zoom-in&#8221; single_border=&#8221;yes&#8221;][\/vc_column][\/vc_row][vc_row unlock_row_content=&#8221;yes&#8221; row_height_percent=&#8221;0&#8243; override_padding=&#8221;yes&#8221; h_padding=&#8221;0&#8243; top_padding=&#8221;2&#8243; bottom_padding=&#8221;2&#8243; overlay_alpha=&#8221;50&#8243; gutter_size=&#8221;3&#8243; column_width_percent=&#8221;100&#8243; shift_y=&#8221;0&#8243; z_index=&#8221;0&#8243;][vc_column width=&#8221;1\/1&#8243;][uncode_block id=&#8221;83020&#8243;][\/vc_column][\/vc_row]<\/p>\n<\/div>","protected":false},"excerpt":{"rendered":"<p>Elektronikai \u00e9rz\u00e9kel\u0151k \u00e9s alkatr\u00e9szek, ipari \u00e9rz\u00e9kel\u0151k, robban\u00e1sv\u00e9delem<\/p>\n","protected":false},"author":2,"featured_media":83471,"parent":591,"menu_order":0,"comment_status":"closed","ping_status":"closed","template":"","meta":{"_acf_changed":false,"footnotes":""},"class_list":["post-82642","page","type-page","status-publish","has-post-thumbnail","hentry","page_category-kepviseletek"],"acf":[],"yoast_head":"<!-- This site is optimized with the Yoast SEO plugin v27.5 - https:\/\/yoast.com\/product\/yoast-seo-wordpress\/ -->\n<title>Pepperl+Fuchs - Kontakt Elektro<\/title>\n<meta name=\"robots\" content=\"index, follow, max-snippet:-1, max-image-preview:large, max-video-preview:-1\" \/>\n<link rel=\"canonical\" href=\"https:\/\/www.kontakt-elektro.hu\/kereskedelem-kepviseletek\/pepperlfuchs\/\" \/>\n<meta property=\"og:locale\" content=\"hu_HU\" \/>\n<meta property=\"og:type\" content=\"article\" \/>\n<meta property=\"og:title\" content=\"Pepperl+Fuchs - Kontakt Elektro\" \/>\n<meta property=\"og:description\" content=\"Elektronikai \u00e9rz\u00e9kel\u0151k \u00e9s alkatr\u00e9szek, ipari \u00e9rz\u00e9kel\u0151k, robban\u00e1sv\u00e9delem\" \/>\n<meta property=\"og:url\" content=\"https:\/\/www.kontakt-elektro.hu\/kereskedelem-kepviseletek\/pepperlfuchs\/\" \/>\n<meta property=\"og:site_name\" content=\"Kontakt Elektro\" \/>\n<meta property=\"article:publisher\" content=\"https:\/\/www.facebook.com\/KONTAKT.Elektro.Kft\/\" \/>\n<meta property=\"article:modified_time\" content=\"2020-10-27T09:21:07+00:00\" \/>\n<meta property=\"og:image\" content=\"https:\/\/www.kontakt-elektro.hu\/wp-content\/uploads\/2020\/09\/pepperl-banner-1.png\" \/>\n\t<meta property=\"og:image:width\" content=\"768\" \/>\n\t<meta property=\"og:image:height\" content=\"350\" \/>\n\t<meta property=\"og:image:type\" content=\"image\/png\" \/>\n<meta name=\"twitter:card\" content=\"summary_large_image\" \/>\n<meta name=\"twitter:label1\" content=\"Becs\u00fclt olvas\u00e1si id\u0151\" \/>\n\t<meta name=\"twitter:data1\" content=\"2 perc\" \/>\n<script type=\"application\/ld+json\" class=\"yoast-schema-graph\">{\"@context\":\"https:\\\/\\\/schema.org\",\"@graph\":[{\"@type\":\"WebPage\",\"@id\":\"https:\\\/\\\/www.kontakt-elektro.hu\\\/kereskedelem-kepviseletek\\\/pepperlfuchs\\\/\",\"url\":\"https:\\\/\\\/www.kontakt-elektro.hu\\\/kereskedelem-kepviseletek\\\/pepperlfuchs\\\/\",\"name\":\"Pepperl+Fuchs - Kontakt Elektro\",\"isPartOf\":{\"@id\":\"https:\\\/\\\/www.kontakt-elektro.hu\\\/#website\"},\"primaryImageOfPage\":{\"@id\":\"https:\\\/\\\/www.kontakt-elektro.hu\\\/kereskedelem-kepviseletek\\\/pepperlfuchs\\\/#primaryimage\"},\"image\":{\"@id\":\"https:\\\/\\\/www.kontakt-elektro.hu\\\/kereskedelem-kepviseletek\\\/pepperlfuchs\\\/#primaryimage\"},\"thumbnailUrl\":\"https:\\\/\\\/www.kontakt-elektro.hu\\\/wp-content\\\/uploads\\\/2020\\\/09\\\/pepperl-banner-1.png\",\"datePublished\":\"2020-07-16T14:29:55+00:00\",\"dateModified\":\"2020-10-27T09:21:07+00:00\",\"breadcrumb\":{\"@id\":\"https:\\\/\\\/www.kontakt-elektro.hu\\\/kereskedelem-kepviseletek\\\/pepperlfuchs\\\/#breadcrumb\"},\"inLanguage\":\"hu\",\"potentialAction\":[{\"@type\":\"ReadAction\",\"target\":[\"https:\\\/\\\/www.kontakt-elektro.hu\\\/kereskedelem-kepviseletek\\\/pepperlfuchs\\\/\"]}]},{\"@type\":\"ImageObject\",\"inLanguage\":\"hu\",\"@id\":\"https:\\\/\\\/www.kontakt-elektro.hu\\\/kereskedelem-kepviseletek\\\/pepperlfuchs\\\/#primaryimage\",\"url\":\"https:\\\/\\\/www.kontakt-elektro.hu\\\/wp-content\\\/uploads\\\/2020\\\/09\\\/pepperl-banner-1.png\",\"contentUrl\":\"https:\\\/\\\/www.kontakt-elektro.hu\\\/wp-content\\\/uploads\\\/2020\\\/09\\\/pepperl-banner-1.png\",\"width\":768,\"height\":350},{\"@type\":\"BreadcrumbList\",\"@id\":\"https:\\\/\\\/www.kontakt-elektro.hu\\\/kereskedelem-kepviseletek\\\/pepperlfuchs\\\/#breadcrumb\",\"itemListElement\":[{\"@type\":\"ListItem\",\"position\":1,\"name\":\"kezd\u0151lap\",\"item\":\"https:\\\/\\\/www.kontakt-elektro.hu\\\/\"},{\"@type\":\"ListItem\",\"position\":2,\"name\":\"Kereskedelem, k\u00e9pviseletek\",\"item\":\"https:\\\/\\\/www.kontakt-elektro.hu\\\/kereskedelem-kepviseletek\\\/\"},{\"@type\":\"ListItem\",\"position\":3,\"name\":\"Pepperl+Fuchs\"}]},{\"@type\":\"WebSite\",\"@id\":\"https:\\\/\\\/www.kontakt-elektro.hu\\\/#website\",\"url\":\"https:\\\/\\\/www.kontakt-elektro.hu\\\/\",\"name\":\"Kontakt Elektro\",\"description\":\"\",\"publisher\":{\"@id\":\"https:\\\/\\\/www.kontakt-elektro.hu\\\/#organization\"},\"potentialAction\":[{\"@type\":\"SearchAction\",\"target\":{\"@type\":\"EntryPoint\",\"urlTemplate\":\"https:\\\/\\\/www.kontakt-elektro.hu\\\/?s={search_term_string}\"},\"query-input\":{\"@type\":\"PropertyValueSpecification\",\"valueRequired\":true,\"valueName\":\"search_term_string\"}}],\"inLanguage\":\"hu\"},{\"@type\":\"Organization\",\"@id\":\"https:\\\/\\\/www.kontakt-elektro.hu\\\/#organization\",\"name\":\"Kontakt Elektro\",\"url\":\"https:\\\/\\\/www.kontakt-elektro.hu\\\/\",\"logo\":{\"@type\":\"ImageObject\",\"inLanguage\":\"hu\",\"@id\":\"https:\\\/\\\/www.kontakt-elektro.hu\\\/#\\\/schema\\\/logo\\\/image\\\/\",\"url\":\"https:\\\/\\\/www.kontakt-elektro.hu\\\/wp-content\\\/uploads\\\/2021\\\/05\\\/Kontakt-Elektro.jpg\",\"contentUrl\":\"https:\\\/\\\/www.kontakt-elektro.hu\\\/wp-content\\\/uploads\\\/2021\\\/05\\\/Kontakt-Elektro.jpg\",\"width\":1200,\"height\":630,\"caption\":\"Kontakt Elektro\"},\"image\":{\"@id\":\"https:\\\/\\\/www.kontakt-elektro.hu\\\/#\\\/schema\\\/logo\\\/image\\\/\"},\"sameAs\":[\"https:\\\/\\\/www.facebook.com\\\/KONTAKT.Elektro.Kft\\\/\",\"https:\\\/\\\/www.linkedin.com\\\/company\\\/kontakt-elektro-ltd.\"]}]}<\/script>\n<!-- \/ Yoast SEO plugin. -->","yoast_head_json":{"title":"Pepperl+Fuchs - Kontakt Elektro","robots":{"index":"index","follow":"follow","max-snippet":"max-snippet:-1","max-image-preview":"max-image-preview:large","max-video-preview":"max-video-preview:-1"},"canonical":"https:\/\/www.kontakt-elektro.hu\/kereskedelem-kepviseletek\/pepperlfuchs\/","og_locale":"hu_HU","og_type":"article","og_title":"Pepperl+Fuchs - Kontakt Elektro","og_description":"Elektronikai \u00e9rz\u00e9kel\u0151k \u00e9s alkatr\u00e9szek, ipari \u00e9rz\u00e9kel\u0151k, robban\u00e1sv\u00e9delem","og_url":"https:\/\/www.kontakt-elektro.hu\/kereskedelem-kepviseletek\/pepperlfuchs\/","og_site_name":"Kontakt Elektro","article_publisher":"https:\/\/www.facebook.com\/KONTAKT.Elektro.Kft\/","article_modified_time":"2020-10-27T09:21:07+00:00","og_image":[{"width":768,"height":350,"url":"https:\/\/www.kontakt-elektro.hu\/wp-content\/uploads\/2020\/09\/pepperl-banner-1.png","type":"image\/png"}],"twitter_card":"summary_large_image","twitter_misc":{"Becs\u00fclt olvas\u00e1si id\u0151":"2 perc"},"schema":{"@context":"https:\/\/schema.org","@graph":[{"@type":"WebPage","@id":"https:\/\/www.kontakt-elektro.hu\/kereskedelem-kepviseletek\/pepperlfuchs\/","url":"https:\/\/www.kontakt-elektro.hu\/kereskedelem-kepviseletek\/pepperlfuchs\/","name":"Pepperl+Fuchs - Kontakt Elektro","isPartOf":{"@id":"https:\/\/www.kontakt-elektro.hu\/#website"},"primaryImageOfPage":{"@id":"https:\/\/www.kontakt-elektro.hu\/kereskedelem-kepviseletek\/pepperlfuchs\/#primaryimage"},"image":{"@id":"https:\/\/www.kontakt-elektro.hu\/kereskedelem-kepviseletek\/pepperlfuchs\/#primaryimage"},"thumbnailUrl":"https:\/\/www.kontakt-elektro.hu\/wp-content\/uploads\/2020\/09\/pepperl-banner-1.png","datePublished":"2020-07-16T14:29:55+00:00","dateModified":"2020-10-27T09:21:07+00:00","breadcrumb":{"@id":"https:\/\/www.kontakt-elektro.hu\/kereskedelem-kepviseletek\/pepperlfuchs\/#breadcrumb"},"inLanguage":"hu","potentialAction":[{"@type":"ReadAction","target":["https:\/\/www.kontakt-elektro.hu\/kereskedelem-kepviseletek\/pepperlfuchs\/"]}]},{"@type":"ImageObject","inLanguage":"hu","@id":"https:\/\/www.kontakt-elektro.hu\/kereskedelem-kepviseletek\/pepperlfuchs\/#primaryimage","url":"https:\/\/www.kontakt-elektro.hu\/wp-content\/uploads\/2020\/09\/pepperl-banner-1.png","contentUrl":"https:\/\/www.kontakt-elektro.hu\/wp-content\/uploads\/2020\/09\/pepperl-banner-1.png","width":768,"height":350},{"@type":"BreadcrumbList","@id":"https:\/\/www.kontakt-elektro.hu\/kereskedelem-kepviseletek\/pepperlfuchs\/#breadcrumb","itemListElement":[{"@type":"ListItem","position":1,"name":"kezd\u0151lap","item":"https:\/\/www.kontakt-elektro.hu\/"},{"@type":"ListItem","position":2,"name":"Kereskedelem, k\u00e9pviseletek","item":"https:\/\/www.kontakt-elektro.hu\/kereskedelem-kepviseletek\/"},{"@type":"ListItem","position":3,"name":"Pepperl+Fuchs"}]},{"@type":"WebSite","@id":"https:\/\/www.kontakt-elektro.hu\/#website","url":"https:\/\/www.kontakt-elektro.hu\/","name":"Kontakt Elektro","description":"","publisher":{"@id":"https:\/\/www.kontakt-elektro.hu\/#organization"},"potentialAction":[{"@type":"SearchAction","target":{"@type":"EntryPoint","urlTemplate":"https:\/\/www.kontakt-elektro.hu\/?s={search_term_string}"},"query-input":{"@type":"PropertyValueSpecification","valueRequired":true,"valueName":"search_term_string"}}],"inLanguage":"hu"},{"@type":"Organization","@id":"https:\/\/www.kontakt-elektro.hu\/#organization","name":"Kontakt Elektro","url":"https:\/\/www.kontakt-elektro.hu\/","logo":{"@type":"ImageObject","inLanguage":"hu","@id":"https:\/\/www.kontakt-elektro.hu\/#\/schema\/logo\/image\/","url":"https:\/\/www.kontakt-elektro.hu\/wp-content\/uploads\/2021\/05\/Kontakt-Elektro.jpg","contentUrl":"https:\/\/www.kontakt-elektro.hu\/wp-content\/uploads\/2021\/05\/Kontakt-Elektro.jpg","width":1200,"height":630,"caption":"Kontakt Elektro"},"image":{"@id":"https:\/\/www.kontakt-elektro.hu\/#\/schema\/logo\/image\/"},"sameAs":["https:\/\/www.facebook.com\/KONTAKT.Elektro.Kft\/","https:\/\/www.linkedin.com\/company\/kontakt-elektro-ltd."]}]}},"_links":{"self":[{"href":"https:\/\/www.kontakt-elektro.hu\/hu\/wp-json\/wp\/v2\/pages\/82642","targetHints":{"allow":["GET"]}}],"collection":[{"href":"https:\/\/www.kontakt-elektro.hu\/hu\/wp-json\/wp\/v2\/pages"}],"about":[{"href":"https:\/\/www.kontakt-elektro.hu\/hu\/wp-json\/wp\/v2\/types\/page"}],"author":[{"embeddable":true,"href":"https:\/\/www.kontakt-elektro.hu\/hu\/wp-json\/wp\/v2\/users\/2"}],"replies":[{"embeddable":true,"href":"https:\/\/www.kontakt-elektro.hu\/hu\/wp-json\/wp\/v2\/comments?post=82642"}],"version-history":[{"count":0,"href":"https:\/\/www.kontakt-elektro.hu\/hu\/wp-json\/wp\/v2\/pages\/82642\/revisions"}],"up":[{"embeddable":true,"href":"https:\/\/www.kontakt-elektro.hu\/hu\/wp-json\/wp\/v2\/pages\/591"}],"wp:featuredmedia":[{"embeddable":true,"href":"https:\/\/www.kontakt-elektro.hu\/hu\/wp-json\/wp\/v2\/media\/83471"}],"wp:attachment":[{"href":"https:\/\/www.kontakt-elektro.hu\/hu\/wp-json\/wp\/v2\/media?parent=82642"}],"curies":[{"name":"wp","href":"https:\/\/api.w.org\/{rel}","templated":true}]}}