{"id":82631,"date":"2020-07-16T16:19:10","date_gmt":"2020-07-16T14:19:10","guid":{"rendered":"http:\/\/www.kontakt-elektro.hu\/?page_id=82631"},"modified":"2021-05-17T13:49:45","modified_gmt":"2021-05-17T11:49:45","slug":"weidmuller","status":"publish","type":"page","link":"https:\/\/www.kontakt-elektro.hu\/hu\/kereskedelem-kepviseletek\/weidmuller\/","title":{"rendered":"Weidm\u00fcller"},"content":{"rendered":"<div class=\"wpb-content-wrapper\"><p>[vc_row row_height_percent=&#8221;0&#8243; override_padding=&#8221;yes&#8221; h_padding=&#8221;2&#8243; top_padding=&#8221;2&#8243; bottom_padding=&#8221;3&#8243; overlay_alpha=&#8221;50&#8243; gutter_size=&#8221;3&#8243; column_width_percent=&#8221;100&#8243; shift_y=&#8221;0&#8243; z_index=&#8221;0&#8243;][vc_column width=&#8221;1\/2&#8243;][vc_column_text]Weidm\u00fcller: Ez a n\u00e9v t\u00f6bb mint 160 \u00e9ve egyet jelent a teljes\u00edtm\u00e9nnyel, a szak\u00e9rtelemmel \u00e9s a megb\u00edzhat\u00f3s\u00e1ggal a g\u00e9pgy\u00e1rt\u00e1s, folyamatir\u00e1ny\u00edt\u00e1s, k\u00e9sz\u00fcl\u00e9kgy\u00e1rt\u00e1s, energetika \u00e9s a k\u00f6zleked\u00e9sipar ter\u00fclet\u00e9n. Innovat\u00edv megold\u00e1saikkal \u00e9s szolg\u00e1ltat\u00e1saikkal t\u00f6bb mint 80 orsz\u00e1gban t\u00e1mogatj\u00e1k \u00fcgyfeleiket \u00e9s partnereiket.[\/vc_column_text][uncode_list icon=&#8221;fa fa-circle&#8221; icon_color=&#8221;color-775258&#8243; el_class=&#8221;text&#8211;listing&#8221;]<strong>Term\u00e9kcsoportjai:<\/strong><\/p>\n<ul>\n<li>Elektronika \u00e9s automatiz\u00e1l\u00e1s<\/li>\n<li>Csatlakoz\u00e1stechnika<\/li>\n<li>K\u00e9sz\u00fcl\u00e9kcsatlakoz\u00e1s-technika<\/li>\n<li>Jel\u00f6l\u00e9stechnikai rendszerek<\/li>\n<li>Szersz\u00e1mok<\/li>\n<li>Automatiz\u00e1l\u00e1si \u00e9s digitaliz\u00e1ci\u00f3s megold\u00e1sok<\/li>\n<li>M\u0171helymegold\u00e1sok<\/li>\n<\/ul>\n<p>[\/uncode_list][vc_button button_color=&#8221;color-775258&#8243; radius=&#8221;btn-circle&#8221; border_width=&#8221;0&#8243; icon_position=&#8221;right&#8221; scale_mobile=&#8221;no&#8221; link=&#8221;url:https%3A%2F%2Fwww.weidmueller.hu%2Fhu%2F||target:%20_blank|&#8221; icon=&#8221;fa fa-open&#8221; width=&#8221;250&#8243; el_class=&#8221;btn&#8211;primary&#8221;]Weidm\u00fcller honlap[\/vc_button][\/vc_column][vc_column width=&#8221;1\/2&#8243;][vc_gallery el_id=&#8221;gallery-226477&#8243; medias=&#8221;82632,82634&#8243; gutter_size=&#8221;3&#8243; screen_lg=&#8221;1000&#8243; screen_md=&#8221;600&#8243; screen_sm=&#8221;480&#8243; single_width=&#8221;6&#8243; single_overlay_color=&#8221;color-jevc&#8221; single_overlay_coloration=&#8221;bottom_gradient&#8221; single_overlay_opacity=&#8221;50&#8243; single_h_align=&#8221;center&#8221; single_v_position=&#8221;bottom&#8221; single_padding=&#8221;2&#8243; single_title_dimension=&#8221;&#8221; single_icon=&#8221;fa fa-zoom-in&#8221; single_border=&#8221;yes&#8221;][\/vc_column][\/vc_row][vc_row unlock_row_content=&#8221;yes&#8221; row_height_percent=&#8221;0&#8243; override_padding=&#8221;yes&#8221; h_padding=&#8221;0&#8243; top_padding=&#8221;2&#8243; bottom_padding=&#8221;2&#8243; overlay_alpha=&#8221;50&#8243; gutter_size=&#8221;3&#8243; column_width_percent=&#8221;100&#8243; shift_y=&#8221;0&#8243; z_index=&#8221;0&#8243;][vc_column width=&#8221;1\/1&#8243;][uncode_block id=&#8221;83020&#8243;][\/vc_column][\/vc_row]<\/p>\n<\/div>","protected":false},"excerpt":{"rendered":"<p>Elektronika \u00e9s automatiz\u00e1l\u00e1s, csatlakoz\u00e1stechnika, k\u00e9sz\u00fcl\u00e9kcsatlakoz\u00e1s-technika, jel\u00f6l\u00e9stechnikai rendszerek<\/p>\n","protected":false},"author":2,"featured_media":83299,"parent":591,"menu_order":0,"comment_status":"closed","ping_status":"closed","template":"","meta":{"_acf_changed":false,"footnotes":""},"class_list":["post-82631","page","type-page","status-publish","has-post-thumbnail","hentry","page_category-kepviseletek"],"acf":[],"yoast_head":"<!-- This site is optimized with the Yoast SEO plugin v27.5 - https:\/\/yoast.com\/product\/yoast-seo-wordpress\/ -->\n<title>Weidm\u00fcller - Kontakt Elektro<\/title>\n<meta name=\"robots\" content=\"index, follow, max-snippet:-1, max-image-preview:large, max-video-preview:-1\" \/>\n<link rel=\"canonical\" href=\"https:\/\/www.kontakt-elektro.hu\/kereskedelem-kepviseletek\/weidmuller\/\" \/>\n<meta property=\"og:locale\" content=\"hu_HU\" \/>\n<meta property=\"og:type\" content=\"article\" \/>\n<meta property=\"og:title\" content=\"Weidm\u00fcller - Kontakt Elektro\" \/>\n<meta property=\"og:description\" content=\"Elektronika \u00e9s automatiz\u00e1l\u00e1s, csatlakoz\u00e1stechnika, k\u00e9sz\u00fcl\u00e9kcsatlakoz\u00e1s-technika, jel\u00f6l\u00e9stechnikai rendszerek\" \/>\n<meta property=\"og:url\" content=\"https:\/\/www.kontakt-elektro.hu\/kereskedelem-kepviseletek\/weidmuller\/\" \/>\n<meta property=\"og:site_name\" content=\"Kontakt Elektro\" \/>\n<meta property=\"article:publisher\" content=\"https:\/\/www.facebook.com\/KONTAKT.Elektro.Kft\/\" \/>\n<meta property=\"article:modified_time\" content=\"2021-05-17T11:49:45+00:00\" \/>\n<meta property=\"og:image\" content=\"https:\/\/www.kontakt-elektro.hu\/wp-content\/uploads\/2020\/09\/weidmuller-banner.png\" \/>\n\t<meta property=\"og:image:width\" content=\"768\" \/>\n\t<meta property=\"og:image:height\" content=\"350\" \/>\n\t<meta property=\"og:image:type\" content=\"image\/png\" \/>\n<meta name=\"twitter:card\" content=\"summary_large_image\" \/>\n<meta name=\"twitter:label1\" content=\"Becs\u00fclt olvas\u00e1si id\u0151\" \/>\n\t<meta name=\"twitter:data1\" content=\"1 perc\" \/>\n<script type=\"application\/ld+json\" class=\"yoast-schema-graph\">{\"@context\":\"https:\\\/\\\/schema.org\",\"@graph\":[{\"@type\":\"WebPage\",\"@id\":\"https:\\\/\\\/www.kontakt-elektro.hu\\\/kereskedelem-kepviseletek\\\/weidmuller\\\/\",\"url\":\"https:\\\/\\\/www.kontakt-elektro.hu\\\/kereskedelem-kepviseletek\\\/weidmuller\\\/\",\"name\":\"Weidm\u00fcller - Kontakt Elektro\",\"isPartOf\":{\"@id\":\"https:\\\/\\\/www.kontakt-elektro.hu\\\/#website\"},\"primaryImageOfPage\":{\"@id\":\"https:\\\/\\\/www.kontakt-elektro.hu\\\/kereskedelem-kepviseletek\\\/weidmuller\\\/#primaryimage\"},\"image\":{\"@id\":\"https:\\\/\\\/www.kontakt-elektro.hu\\\/kereskedelem-kepviseletek\\\/weidmuller\\\/#primaryimage\"},\"thumbnailUrl\":\"https:\\\/\\\/www.kontakt-elektro.hu\\\/wp-content\\\/uploads\\\/2020\\\/09\\\/weidmuller-banner.png\",\"datePublished\":\"2020-07-16T14:19:10+00:00\",\"dateModified\":\"2021-05-17T11:49:45+00:00\",\"breadcrumb\":{\"@id\":\"https:\\\/\\\/www.kontakt-elektro.hu\\\/kereskedelem-kepviseletek\\\/weidmuller\\\/#breadcrumb\"},\"inLanguage\":\"hu\",\"potentialAction\":[{\"@type\":\"ReadAction\",\"target\":[\"https:\\\/\\\/www.kontakt-elektro.hu\\\/kereskedelem-kepviseletek\\\/weidmuller\\\/\"]}]},{\"@type\":\"ImageObject\",\"inLanguage\":\"hu\",\"@id\":\"https:\\\/\\\/www.kontakt-elektro.hu\\\/kereskedelem-kepviseletek\\\/weidmuller\\\/#primaryimage\",\"url\":\"https:\\\/\\\/www.kontakt-elektro.hu\\\/wp-content\\\/uploads\\\/2020\\\/09\\\/weidmuller-banner.png\",\"contentUrl\":\"https:\\\/\\\/www.kontakt-elektro.hu\\\/wp-content\\\/uploads\\\/2020\\\/09\\\/weidmuller-banner.png\",\"width\":768,\"height\":350},{\"@type\":\"BreadcrumbList\",\"@id\":\"https:\\\/\\\/www.kontakt-elektro.hu\\\/kereskedelem-kepviseletek\\\/weidmuller\\\/#breadcrumb\",\"itemListElement\":[{\"@type\":\"ListItem\",\"position\":1,\"name\":\"kezd\u0151lap\",\"item\":\"https:\\\/\\\/www.kontakt-elektro.hu\\\/\"},{\"@type\":\"ListItem\",\"position\":2,\"name\":\"Kereskedelem, k\u00e9pviseletek\",\"item\":\"https:\\\/\\\/www.kontakt-elektro.hu\\\/kereskedelem-kepviseletek\\\/\"},{\"@type\":\"ListItem\",\"position\":3,\"name\":\"Weidm\u00fcller\"}]},{\"@type\":\"WebSite\",\"@id\":\"https:\\\/\\\/www.kontakt-elektro.hu\\\/#website\",\"url\":\"https:\\\/\\\/www.kontakt-elektro.hu\\\/\",\"name\":\"Kontakt Elektro\",\"description\":\"\",\"publisher\":{\"@id\":\"https:\\\/\\\/www.kontakt-elektro.hu\\\/#organization\"},\"potentialAction\":[{\"@type\":\"SearchAction\",\"target\":{\"@type\":\"EntryPoint\",\"urlTemplate\":\"https:\\\/\\\/www.kontakt-elektro.hu\\\/?s={search_term_string}\"},\"query-input\":{\"@type\":\"PropertyValueSpecification\",\"valueRequired\":true,\"valueName\":\"search_term_string\"}}],\"inLanguage\":\"hu\"},{\"@type\":\"Organization\",\"@id\":\"https:\\\/\\\/www.kontakt-elektro.hu\\\/#organization\",\"name\":\"Kontakt Elektro\",\"url\":\"https:\\\/\\\/www.kontakt-elektro.hu\\\/\",\"logo\":{\"@type\":\"ImageObject\",\"inLanguage\":\"hu\",\"@id\":\"https:\\\/\\\/www.kontakt-elektro.hu\\\/#\\\/schema\\\/logo\\\/image\\\/\",\"url\":\"https:\\\/\\\/www.kontakt-elektro.hu\\\/wp-content\\\/uploads\\\/2021\\\/05\\\/Kontakt-Elektro.jpg\",\"contentUrl\":\"https:\\\/\\\/www.kontakt-elektro.hu\\\/wp-content\\\/uploads\\\/2021\\\/05\\\/Kontakt-Elektro.jpg\",\"width\":1200,\"height\":630,\"caption\":\"Kontakt Elektro\"},\"image\":{\"@id\":\"https:\\\/\\\/www.kontakt-elektro.hu\\\/#\\\/schema\\\/logo\\\/image\\\/\"},\"sameAs\":[\"https:\\\/\\\/www.facebook.com\\\/KONTAKT.Elektro.Kft\\\/\",\"https:\\\/\\\/www.linkedin.com\\\/company\\\/kontakt-elektro-ltd.\"]}]}<\/script>\n<!-- \/ Yoast SEO plugin. -->","yoast_head_json":{"title":"Weidm\u00fcller - Kontakt Elektro","robots":{"index":"index","follow":"follow","max-snippet":"max-snippet:-1","max-image-preview":"max-image-preview:large","max-video-preview":"max-video-preview:-1"},"canonical":"https:\/\/www.kontakt-elektro.hu\/kereskedelem-kepviseletek\/weidmuller\/","og_locale":"hu_HU","og_type":"article","og_title":"Weidm\u00fcller - Kontakt Elektro","og_description":"Elektronika \u00e9s automatiz\u00e1l\u00e1s, csatlakoz\u00e1stechnika, k\u00e9sz\u00fcl\u00e9kcsatlakoz\u00e1s-technika, jel\u00f6l\u00e9stechnikai rendszerek","og_url":"https:\/\/www.kontakt-elektro.hu\/kereskedelem-kepviseletek\/weidmuller\/","og_site_name":"Kontakt Elektro","article_publisher":"https:\/\/www.facebook.com\/KONTAKT.Elektro.Kft\/","article_modified_time":"2021-05-17T11:49:45+00:00","og_image":[{"width":768,"height":350,"url":"https:\/\/www.kontakt-elektro.hu\/wp-content\/uploads\/2020\/09\/weidmuller-banner.png","type":"image\/png"}],"twitter_card":"summary_large_image","twitter_misc":{"Becs\u00fclt olvas\u00e1si id\u0151":"1 perc"},"schema":{"@context":"https:\/\/schema.org","@graph":[{"@type":"WebPage","@id":"https:\/\/www.kontakt-elektro.hu\/kereskedelem-kepviseletek\/weidmuller\/","url":"https:\/\/www.kontakt-elektro.hu\/kereskedelem-kepviseletek\/weidmuller\/","name":"Weidm\u00fcller - Kontakt Elektro","isPartOf":{"@id":"https:\/\/www.kontakt-elektro.hu\/#website"},"primaryImageOfPage":{"@id":"https:\/\/www.kontakt-elektro.hu\/kereskedelem-kepviseletek\/weidmuller\/#primaryimage"},"image":{"@id":"https:\/\/www.kontakt-elektro.hu\/kereskedelem-kepviseletek\/weidmuller\/#primaryimage"},"thumbnailUrl":"https:\/\/www.kontakt-elektro.hu\/wp-content\/uploads\/2020\/09\/weidmuller-banner.png","datePublished":"2020-07-16T14:19:10+00:00","dateModified":"2021-05-17T11:49:45+00:00","breadcrumb":{"@id":"https:\/\/www.kontakt-elektro.hu\/kereskedelem-kepviseletek\/weidmuller\/#breadcrumb"},"inLanguage":"hu","potentialAction":[{"@type":"ReadAction","target":["https:\/\/www.kontakt-elektro.hu\/kereskedelem-kepviseletek\/weidmuller\/"]}]},{"@type":"ImageObject","inLanguage":"hu","@id":"https:\/\/www.kontakt-elektro.hu\/kereskedelem-kepviseletek\/weidmuller\/#primaryimage","url":"https:\/\/www.kontakt-elektro.hu\/wp-content\/uploads\/2020\/09\/weidmuller-banner.png","contentUrl":"https:\/\/www.kontakt-elektro.hu\/wp-content\/uploads\/2020\/09\/weidmuller-banner.png","width":768,"height":350},{"@type":"BreadcrumbList","@id":"https:\/\/www.kontakt-elektro.hu\/kereskedelem-kepviseletek\/weidmuller\/#breadcrumb","itemListElement":[{"@type":"ListItem","position":1,"name":"kezd\u0151lap","item":"https:\/\/www.kontakt-elektro.hu\/"},{"@type":"ListItem","position":2,"name":"Kereskedelem, k\u00e9pviseletek","item":"https:\/\/www.kontakt-elektro.hu\/kereskedelem-kepviseletek\/"},{"@type":"ListItem","position":3,"name":"Weidm\u00fcller"}]},{"@type":"WebSite","@id":"https:\/\/www.kontakt-elektro.hu\/#website","url":"https:\/\/www.kontakt-elektro.hu\/","name":"Kontakt Elektro","description":"","publisher":{"@id":"https:\/\/www.kontakt-elektro.hu\/#organization"},"potentialAction":[{"@type":"SearchAction","target":{"@type":"EntryPoint","urlTemplate":"https:\/\/www.kontakt-elektro.hu\/?s={search_term_string}"},"query-input":{"@type":"PropertyValueSpecification","valueRequired":true,"valueName":"search_term_string"}}],"inLanguage":"hu"},{"@type":"Organization","@id":"https:\/\/www.kontakt-elektro.hu\/#organization","name":"Kontakt Elektro","url":"https:\/\/www.kontakt-elektro.hu\/","logo":{"@type":"ImageObject","inLanguage":"hu","@id":"https:\/\/www.kontakt-elektro.hu\/#\/schema\/logo\/image\/","url":"https:\/\/www.kontakt-elektro.hu\/wp-content\/uploads\/2021\/05\/Kontakt-Elektro.jpg","contentUrl":"https:\/\/www.kontakt-elektro.hu\/wp-content\/uploads\/2021\/05\/Kontakt-Elektro.jpg","width":1200,"height":630,"caption":"Kontakt Elektro"},"image":{"@id":"https:\/\/www.kontakt-elektro.hu\/#\/schema\/logo\/image\/"},"sameAs":["https:\/\/www.facebook.com\/KONTAKT.Elektro.Kft\/","https:\/\/www.linkedin.com\/company\/kontakt-elektro-ltd."]}]}},"_links":{"self":[{"href":"https:\/\/www.kontakt-elektro.hu\/hu\/wp-json\/wp\/v2\/pages\/82631","targetHints":{"allow":["GET"]}}],"collection":[{"href":"https:\/\/www.kontakt-elektro.hu\/hu\/wp-json\/wp\/v2\/pages"}],"about":[{"href":"https:\/\/www.kontakt-elektro.hu\/hu\/wp-json\/wp\/v2\/types\/page"}],"author":[{"embeddable":true,"href":"https:\/\/www.kontakt-elektro.hu\/hu\/wp-json\/wp\/v2\/users\/2"}],"replies":[{"embeddable":true,"href":"https:\/\/www.kontakt-elektro.hu\/hu\/wp-json\/wp\/v2\/comments?post=82631"}],"version-history":[{"count":0,"href":"https:\/\/www.kontakt-elektro.hu\/hu\/wp-json\/wp\/v2\/pages\/82631\/revisions"}],"up":[{"embeddable":true,"href":"https:\/\/www.kontakt-elektro.hu\/hu\/wp-json\/wp\/v2\/pages\/591"}],"wp:featuredmedia":[{"embeddable":true,"href":"https:\/\/www.kontakt-elektro.hu\/hu\/wp-json\/wp\/v2\/media\/83299"}],"wp:attachment":[{"href":"https:\/\/www.kontakt-elektro.hu\/hu\/wp-json\/wp\/v2\/media?parent=82631"}],"curies":[{"name":"wp","href":"https:\/\/api.w.org\/{rel}","templated":true}]}}