{"id":628,"date":"2020-07-14T14:47:29","date_gmt":"2020-07-14T12:47:29","guid":{"rendered":"http:\/\/www.kontakt-elektro.hu\/?page_id=628"},"modified":"2021-05-18T08:18:59","modified_gmt":"2021-05-18T06:18:59","slug":"motrona","status":"publish","type":"page","link":"https:\/\/www.kontakt-elektro.hu\/hu\/kereskedelem-kepviseletek\/motrona\/","title":{"rendered":"Motrona"},"content":{"rendered":"<div class=\"wpb-content-wrapper\"><p>[vc_row row_height_percent=&#8221;0&#8243; override_padding=&#8221;yes&#8221; h_padding=&#8221;2&#8243; top_padding=&#8221;2&#8243; bottom_padding=&#8221;3&#8243; overlay_alpha=&#8221;50&#8243; gutter_size=&#8221;3&#8243; column_width_percent=&#8221;100&#8243; shift_y=&#8221;0&#8243; z_index=&#8221;0&#8243;][vc_column width=&#8221;1\/2&#8243;][vc_column_text]Vez\u00e9rl\u00e9s \u2013 Mozg\u00e1s \u2013 Interf\u00e9sz. Ezzel a h\u00e1rom kulcssz\u00f3val lehet t\u00f6m\u00f6ren jellemezni az imm\u00e1r 25 \u00e9ve az ipari automatiz\u00e1l\u00e1si piacon jelen l\u00e9v\u0151 N\u00e9met Motrona GmbH.-t, mely egyed\u00fcl\u00e1ll\u00f3 elektronikai m\u00e9r\u0151k\u00e9sz\u00fcl\u00e9kek, jel\u00e1tv\u00e1lt\u00f3k, valamint folyamat- \u00e9s mozg\u00e1svez\u00e9rl\u0151k gy\u00e1rt\u00f3ja.<\/p>\n<p>Versenyt\u00e1rsait\u00f3l \u00faj, innovat\u00edv megold\u00e1sai k\u00fcl\u00f6nb\u00f6ztetik meg.\u00a0 Ipari biztons\u00e1gi eszk\u00f6z\u00f6k, digit\u00e1lis kijelz\u0151k, vez\u00e9rl\u0151 \u00e9s jel\u00e1talak\u00edt\u00f3 kijelz\u0151k \u00e9s feldolgoz\u00f3egys\u00e9gei, interf\u00e9szei az eg\u00e9szen egyszer\u0171t\u0151l a speci\u00e1lis, egyedi kialak\u00edt\u00e1sig megtal\u00e1lhat\u00f3ak term\u00e9kpalett\u00e1j\u00e1n. K\u00e9pviselet\u00e9t 2012 \u00f3ta l\u00e1tjuk el a hazai piacon.[\/vc_column_text][uncode_list icon=&#8221;fa fa-circle&#8221; icon_color=&#8221;color-775258&#8243; el_class=&#8221;text&#8211;listing&#8221;]<strong>Term\u00e9kek:<\/strong><\/p>\n<ul>\n<li>Kijelz\u0151k, sz\u00e1ml\u00e1l\u00f3k\n<ul>\n<li>Kijelz\u0151k standard \u00e9s anal\u00f3g jel\u00e9rt\u00e9kek megjelen\u00edt\u00e9s\u00e9re<\/li>\n<li>Kijelz\u0151k SSI enk\u00f3derekhez, m\u00e9r\u0151egys\u00e9gekhez (SSI abszol\u00fat \u00e9s SSI inkrement\u00e1lis)<\/li>\n<li>Frekvenciasz\u00e1ml\u00e1l\u00f3k<\/li>\n<li>Elektronikus sz\u00e1ml\u00f3l\u00f3k<\/li>\n<li>Id\u0151z\u00edt\u0151k<\/li>\n<\/ul>\n<\/li>\n<li>Poz\u00edci\u00f3 \u00e9s sebess\u00e9gfeldolgoz\u00f3 egys\u00e9gek<\/li>\n<li>Jel\u00e1talak\u00edt\u00f3k\n<ul>\n<li>Frekvencia<\/li>\n<li>Anal\u00f3g<\/li>\n<li>SSI<\/li>\n<li>P\u00e1rhuzamos<\/li>\n<li>Inkrement\u00e1lis<\/li>\n<li>RS422<\/li>\n<li>TTL, HTL<\/li>\n<li>Jeloszt\u00f3k, Jelsokszoros\u00edt\u00f3<\/li>\n<\/ul>\n<\/li>\n<\/ul>\n<p>[\/uncode_list][vc_empty_space empty_h=&#8221;2&#8243;][vc_button button_color=&#8221;color-775258&#8243; radius=&#8221;btn-circle&#8221; border_width=&#8221;0&#8243; icon_position=&#8221;right&#8221; display=&#8221;inline&#8221; scale_mobile=&#8221;no&#8221; link=&#8221;url:https%3A%2F%2Fwww.motrona.com%2Fen%2Fhome.html||target:%20_blank|&#8221; icon=&#8221;fa fa-open&#8221; width=&#8221;250&#8243; el_class=&#8221;btn&#8211;primary&#8221;]Motrona honlap[\/vc_button][vc_button button_color=&#8221;color-775258&#8243; radius=&#8221;btn-circle&#8221; border_width=&#8221;0&#8243; icon_position=&#8221;right&#8221; display=&#8221;inline&#8221; scale_mobile=&#8221;no&#8221; link=&#8221;url:https%3A%2F%2Fwww.kontakt-elektro.hu%2Fwp-content%2Fuploads%2F2020%2F09%2FMotrona-katalogus-2020.pdf||target:%20_blank|&#8221; icon=&#8221;fa fa-print&#8221; width=&#8221;250&#8243; el_class=&#8221;btn&#8211;primary&#8221;]Motrona katal\u00f3gus[\/vc_button][\/vc_column][vc_column width=&#8221;1\/2&#8243;][vc_single_image media=&#8221;83916&#8243; media_lightbox=&#8221;yes&#8221; media_width_percent=&#8221;100&#8243; media_link=&#8221;||target:%20_blank|&#8221;][\/vc_column][\/vc_row][vc_row unlock_row_content=&#8221;yes&#8221; row_height_percent=&#8221;0&#8243; override_padding=&#8221;yes&#8221; h_padding=&#8221;0&#8243; top_padding=&#8221;2&#8243; bottom_padding=&#8221;2&#8243; overlay_alpha=&#8221;50&#8243; gutter_size=&#8221;3&#8243; column_width_percent=&#8221;100&#8243; shift_y=&#8221;0&#8243; z_index=&#8221;0&#8243;][vc_column width=&#8221;1\/1&#8243;][uncode_block id=&#8221;83020&#8243;][\/vc_column][\/vc_row]<\/p>\n<\/div>","protected":false},"excerpt":{"rendered":"<p>Vez\u00e9rl\u00e9s &#8211; Mozg\u00e1s &#8211; Interf\u00e9sz; Kijelz\u0151k, sz\u00e1mol\u00f3k, Poz\u00edci\u00f3 \u00e9s sebess\u00e9gfogad\u00f3 egys\u00e9gek, jel\u00e1talak\u00edt\u00f3k<\/p>\n","protected":false},"author":2,"featured_media":83287,"parent":591,"menu_order":0,"comment_status":"closed","ping_status":"closed","template":"","meta":{"_acf_changed":false,"footnotes":""},"class_list":["post-628","page","type-page","status-publish","has-post-thumbnail","hentry","page_category-kepviseletek"],"acf":[],"yoast_head":"<!-- This site is optimized with the Yoast SEO plugin v27.5 - https:\/\/yoast.com\/product\/yoast-seo-wordpress\/ -->\n<title>Motrona - Kontakt Elektro<\/title>\n<meta name=\"robots\" content=\"index, follow, max-snippet:-1, max-image-preview:large, max-video-preview:-1\" \/>\n<link rel=\"canonical\" href=\"https:\/\/www.kontakt-elektro.hu\/kereskedelem-kepviseletek\/motrona\/\" \/>\n<meta property=\"og:locale\" content=\"hu_HU\" \/>\n<meta property=\"og:type\" content=\"article\" \/>\n<meta property=\"og:title\" content=\"Motrona - Kontakt Elektro\" \/>\n<meta property=\"og:description\" content=\"Vez\u00e9rl\u00e9s - Mozg\u00e1s - Interf\u00e9sz; Kijelz\u0151k, sz\u00e1mol\u00f3k, Poz\u00edci\u00f3 \u00e9s sebess\u00e9gfogad\u00f3 egys\u00e9gek, jel\u00e1talak\u00edt\u00f3k\" \/>\n<meta property=\"og:url\" content=\"https:\/\/www.kontakt-elektro.hu\/kereskedelem-kepviseletek\/motrona\/\" \/>\n<meta property=\"og:site_name\" content=\"Kontakt Elektro\" \/>\n<meta property=\"article:publisher\" content=\"https:\/\/www.facebook.com\/KONTAKT.Elektro.Kft\/\" \/>\n<meta property=\"article:modified_time\" content=\"2021-05-18T06:18:59+00:00\" \/>\n<meta property=\"og:image\" content=\"https:\/\/www.kontakt-elektro.hu\/wp-content\/uploads\/2020\/09\/motrona-banner.png\" \/>\n\t<meta property=\"og:image:width\" content=\"768\" \/>\n\t<meta property=\"og:image:height\" content=\"350\" \/>\n\t<meta property=\"og:image:type\" content=\"image\/png\" \/>\n<meta name=\"twitter:card\" content=\"summary_large_image\" \/>\n<meta name=\"twitter:label1\" content=\"Becs\u00fclt olvas\u00e1si id\u0151\" \/>\n\t<meta name=\"twitter:data1\" content=\"2 perc\" \/>\n<script type=\"application\/ld+json\" class=\"yoast-schema-graph\">{\"@context\":\"https:\\\/\\\/schema.org\",\"@graph\":[{\"@type\":\"WebPage\",\"@id\":\"https:\\\/\\\/www.kontakt-elektro.hu\\\/kereskedelem-kepviseletek\\\/motrona\\\/\",\"url\":\"https:\\\/\\\/www.kontakt-elektro.hu\\\/kereskedelem-kepviseletek\\\/motrona\\\/\",\"name\":\"Motrona - Kontakt Elektro\",\"isPartOf\":{\"@id\":\"https:\\\/\\\/www.kontakt-elektro.hu\\\/#website\"},\"primaryImageOfPage\":{\"@id\":\"https:\\\/\\\/www.kontakt-elektro.hu\\\/kereskedelem-kepviseletek\\\/motrona\\\/#primaryimage\"},\"image\":{\"@id\":\"https:\\\/\\\/www.kontakt-elektro.hu\\\/kereskedelem-kepviseletek\\\/motrona\\\/#primaryimage\"},\"thumbnailUrl\":\"https:\\\/\\\/www.kontakt-elektro.hu\\\/wp-content\\\/uploads\\\/2020\\\/09\\\/motrona-banner.png\",\"datePublished\":\"2020-07-14T12:47:29+00:00\",\"dateModified\":\"2021-05-18T06:18:59+00:00\",\"breadcrumb\":{\"@id\":\"https:\\\/\\\/www.kontakt-elektro.hu\\\/kereskedelem-kepviseletek\\\/motrona\\\/#breadcrumb\"},\"inLanguage\":\"hu\",\"potentialAction\":[{\"@type\":\"ReadAction\",\"target\":[\"https:\\\/\\\/www.kontakt-elektro.hu\\\/kereskedelem-kepviseletek\\\/motrona\\\/\"]}]},{\"@type\":\"ImageObject\",\"inLanguage\":\"hu\",\"@id\":\"https:\\\/\\\/www.kontakt-elektro.hu\\\/kereskedelem-kepviseletek\\\/motrona\\\/#primaryimage\",\"url\":\"https:\\\/\\\/www.kontakt-elektro.hu\\\/wp-content\\\/uploads\\\/2020\\\/09\\\/motrona-banner.png\",\"contentUrl\":\"https:\\\/\\\/www.kontakt-elektro.hu\\\/wp-content\\\/uploads\\\/2020\\\/09\\\/motrona-banner.png\",\"width\":768,\"height\":350},{\"@type\":\"BreadcrumbList\",\"@id\":\"https:\\\/\\\/www.kontakt-elektro.hu\\\/kereskedelem-kepviseletek\\\/motrona\\\/#breadcrumb\",\"itemListElement\":[{\"@type\":\"ListItem\",\"position\":1,\"name\":\"kezd\u0151lap\",\"item\":\"https:\\\/\\\/www.kontakt-elektro.hu\\\/\"},{\"@type\":\"ListItem\",\"position\":2,\"name\":\"Kereskedelem, k\u00e9pviseletek\",\"item\":\"https:\\\/\\\/www.kontakt-elektro.hu\\\/kereskedelem-kepviseletek\\\/\"},{\"@type\":\"ListItem\",\"position\":3,\"name\":\"Motrona\"}]},{\"@type\":\"WebSite\",\"@id\":\"https:\\\/\\\/www.kontakt-elektro.hu\\\/#website\",\"url\":\"https:\\\/\\\/www.kontakt-elektro.hu\\\/\",\"name\":\"Kontakt Elektro\",\"description\":\"\",\"publisher\":{\"@id\":\"https:\\\/\\\/www.kontakt-elektro.hu\\\/#organization\"},\"potentialAction\":[{\"@type\":\"SearchAction\",\"target\":{\"@type\":\"EntryPoint\",\"urlTemplate\":\"https:\\\/\\\/www.kontakt-elektro.hu\\\/?s={search_term_string}\"},\"query-input\":{\"@type\":\"PropertyValueSpecification\",\"valueRequired\":true,\"valueName\":\"search_term_string\"}}],\"inLanguage\":\"hu\"},{\"@type\":\"Organization\",\"@id\":\"https:\\\/\\\/www.kontakt-elektro.hu\\\/#organization\",\"name\":\"Kontakt Elektro\",\"url\":\"https:\\\/\\\/www.kontakt-elektro.hu\\\/\",\"logo\":{\"@type\":\"ImageObject\",\"inLanguage\":\"hu\",\"@id\":\"https:\\\/\\\/www.kontakt-elektro.hu\\\/#\\\/schema\\\/logo\\\/image\\\/\",\"url\":\"https:\\\/\\\/www.kontakt-elektro.hu\\\/wp-content\\\/uploads\\\/2021\\\/05\\\/Kontakt-Elektro.jpg\",\"contentUrl\":\"https:\\\/\\\/www.kontakt-elektro.hu\\\/wp-content\\\/uploads\\\/2021\\\/05\\\/Kontakt-Elektro.jpg\",\"width\":1200,\"height\":630,\"caption\":\"Kontakt Elektro\"},\"image\":{\"@id\":\"https:\\\/\\\/www.kontakt-elektro.hu\\\/#\\\/schema\\\/logo\\\/image\\\/\"},\"sameAs\":[\"https:\\\/\\\/www.facebook.com\\\/KONTAKT.Elektro.Kft\\\/\",\"https:\\\/\\\/www.linkedin.com\\\/company\\\/kontakt-elektro-ltd.\"]}]}<\/script>\n<!-- \/ Yoast SEO plugin. -->","yoast_head_json":{"title":"Motrona - Kontakt Elektro","robots":{"index":"index","follow":"follow","max-snippet":"max-snippet:-1","max-image-preview":"max-image-preview:large","max-video-preview":"max-video-preview:-1"},"canonical":"https:\/\/www.kontakt-elektro.hu\/kereskedelem-kepviseletek\/motrona\/","og_locale":"hu_HU","og_type":"article","og_title":"Motrona - Kontakt Elektro","og_description":"Vez\u00e9rl\u00e9s - Mozg\u00e1s - Interf\u00e9sz; Kijelz\u0151k, sz\u00e1mol\u00f3k, Poz\u00edci\u00f3 \u00e9s sebess\u00e9gfogad\u00f3 egys\u00e9gek, jel\u00e1talak\u00edt\u00f3k","og_url":"https:\/\/www.kontakt-elektro.hu\/kereskedelem-kepviseletek\/motrona\/","og_site_name":"Kontakt Elektro","article_publisher":"https:\/\/www.facebook.com\/KONTAKT.Elektro.Kft\/","article_modified_time":"2021-05-18T06:18:59+00:00","og_image":[{"width":768,"height":350,"url":"https:\/\/www.kontakt-elektro.hu\/wp-content\/uploads\/2020\/09\/motrona-banner.png","type":"image\/png"}],"twitter_card":"summary_large_image","twitter_misc":{"Becs\u00fclt olvas\u00e1si id\u0151":"2 perc"},"schema":{"@context":"https:\/\/schema.org","@graph":[{"@type":"WebPage","@id":"https:\/\/www.kontakt-elektro.hu\/kereskedelem-kepviseletek\/motrona\/","url":"https:\/\/www.kontakt-elektro.hu\/kereskedelem-kepviseletek\/motrona\/","name":"Motrona - Kontakt Elektro","isPartOf":{"@id":"https:\/\/www.kontakt-elektro.hu\/#website"},"primaryImageOfPage":{"@id":"https:\/\/www.kontakt-elektro.hu\/kereskedelem-kepviseletek\/motrona\/#primaryimage"},"image":{"@id":"https:\/\/www.kontakt-elektro.hu\/kereskedelem-kepviseletek\/motrona\/#primaryimage"},"thumbnailUrl":"https:\/\/www.kontakt-elektro.hu\/wp-content\/uploads\/2020\/09\/motrona-banner.png","datePublished":"2020-07-14T12:47:29+00:00","dateModified":"2021-05-18T06:18:59+00:00","breadcrumb":{"@id":"https:\/\/www.kontakt-elektro.hu\/kereskedelem-kepviseletek\/motrona\/#breadcrumb"},"inLanguage":"hu","potentialAction":[{"@type":"ReadAction","target":["https:\/\/www.kontakt-elektro.hu\/kereskedelem-kepviseletek\/motrona\/"]}]},{"@type":"ImageObject","inLanguage":"hu","@id":"https:\/\/www.kontakt-elektro.hu\/kereskedelem-kepviseletek\/motrona\/#primaryimage","url":"https:\/\/www.kontakt-elektro.hu\/wp-content\/uploads\/2020\/09\/motrona-banner.png","contentUrl":"https:\/\/www.kontakt-elektro.hu\/wp-content\/uploads\/2020\/09\/motrona-banner.png","width":768,"height":350},{"@type":"BreadcrumbList","@id":"https:\/\/www.kontakt-elektro.hu\/kereskedelem-kepviseletek\/motrona\/#breadcrumb","itemListElement":[{"@type":"ListItem","position":1,"name":"kezd\u0151lap","item":"https:\/\/www.kontakt-elektro.hu\/"},{"@type":"ListItem","position":2,"name":"Kereskedelem, k\u00e9pviseletek","item":"https:\/\/www.kontakt-elektro.hu\/kereskedelem-kepviseletek\/"},{"@type":"ListItem","position":3,"name":"Motrona"}]},{"@type":"WebSite","@id":"https:\/\/www.kontakt-elektro.hu\/#website","url":"https:\/\/www.kontakt-elektro.hu\/","name":"Kontakt Elektro","description":"","publisher":{"@id":"https:\/\/www.kontakt-elektro.hu\/#organization"},"potentialAction":[{"@type":"SearchAction","target":{"@type":"EntryPoint","urlTemplate":"https:\/\/www.kontakt-elektro.hu\/?s={search_term_string}"},"query-input":{"@type":"PropertyValueSpecification","valueRequired":true,"valueName":"search_term_string"}}],"inLanguage":"hu"},{"@type":"Organization","@id":"https:\/\/www.kontakt-elektro.hu\/#organization","name":"Kontakt Elektro","url":"https:\/\/www.kontakt-elektro.hu\/","logo":{"@type":"ImageObject","inLanguage":"hu","@id":"https:\/\/www.kontakt-elektro.hu\/#\/schema\/logo\/image\/","url":"https:\/\/www.kontakt-elektro.hu\/wp-content\/uploads\/2021\/05\/Kontakt-Elektro.jpg","contentUrl":"https:\/\/www.kontakt-elektro.hu\/wp-content\/uploads\/2021\/05\/Kontakt-Elektro.jpg","width":1200,"height":630,"caption":"Kontakt Elektro"},"image":{"@id":"https:\/\/www.kontakt-elektro.hu\/#\/schema\/logo\/image\/"},"sameAs":["https:\/\/www.facebook.com\/KONTAKT.Elektro.Kft\/","https:\/\/www.linkedin.com\/company\/kontakt-elektro-ltd."]}]}},"_links":{"self":[{"href":"https:\/\/www.kontakt-elektro.hu\/hu\/wp-json\/wp\/v2\/pages\/628","targetHints":{"allow":["GET"]}}],"collection":[{"href":"https:\/\/www.kontakt-elektro.hu\/hu\/wp-json\/wp\/v2\/pages"}],"about":[{"href":"https:\/\/www.kontakt-elektro.hu\/hu\/wp-json\/wp\/v2\/types\/page"}],"author":[{"embeddable":true,"href":"https:\/\/www.kontakt-elektro.hu\/hu\/wp-json\/wp\/v2\/users\/2"}],"replies":[{"embeddable":true,"href":"https:\/\/www.kontakt-elektro.hu\/hu\/wp-json\/wp\/v2\/comments?post=628"}],"version-history":[{"count":0,"href":"https:\/\/www.kontakt-elektro.hu\/hu\/wp-json\/wp\/v2\/pages\/628\/revisions"}],"up":[{"embeddable":true,"href":"https:\/\/www.kontakt-elektro.hu\/hu\/wp-json\/wp\/v2\/pages\/591"}],"wp:featuredmedia":[{"embeddable":true,"href":"https:\/\/www.kontakt-elektro.hu\/hu\/wp-json\/wp\/v2\/media\/83287"}],"wp:attachment":[{"href":"https:\/\/www.kontakt-elektro.hu\/hu\/wp-json\/wp\/v2\/media?parent=628"}],"curies":[{"name":"wp","href":"https:\/\/api.w.org\/{rel}","templated":true}]}}