{"id":613,"date":"2020-07-14T14:12:41","date_gmt":"2020-07-14T12:12:41","guid":{"rendered":"http:\/\/www.kontakt-elektro.hu\/?page_id=613"},"modified":"2024-08-13T09:01:50","modified_gmt":"2024-08-13T07:01:50","slug":"contelec","status":"publish","type":"page","link":"https:\/\/www.kontakt-elektro.hu\/hu\/kereskedelem-kepviseletek\/contelec\/","title":{"rendered":"Contelec"},"content":{"rendered":"<div class=\"wpb-content-wrapper\"><p>[vc_row row_height_percent=&#8221;0&#8243; override_padding=&#8221;yes&#8221; h_padding=&#8221;2&#8243; top_padding=&#8221;2&#8243; bottom_padding=&#8221;3&#8243; overlay_alpha=&#8221;50&#8243; gutter_size=&#8221;3&#8243; column_width_percent=&#8221;100&#8243; shift_y=&#8221;0&#8243; z_index=&#8221;0&#8243;][vc_column width=&#8221;1\/2&#8243;][vc_column_text]A sv\u00e1jci Biel-ben tal\u00e1lhat\u00f3 Contelec a <a href=\"http:\/\/www.contelec.ch\/nc\/en\/products.html\">sz\u00f6g \u00e9s a p\u00e1lya m\u00e9r\u00e9s\u00e9re<\/a>\u00a0szolg\u00e1l\u00f3 kiv\u00e1l\u00f3 min\u0151s\u00e9g\u0171 \u00e9rz\u00e9kel\u0151k\u00a0<a href=\"http:\/\/www.contelec.ch\/en\/solutions.html\">fejleszt\u00e9s\u00e9re \u00e9s gy\u00e1rt\u00e1s\u00e1ra<\/a> szakosodott. A c\u00e9g a n\u00e9met Siedle csoport r\u00e9szek\u00e9nt pr\u00e9mium min\u0151s\u00e9g\u0171, p\u00e1ratlan \u00e9s innovat\u00edv <a href=\"http:\/\/www.contelec.ch\/en\/solutions.html\">megold\u00e1sokkal<\/a>\u00a0l\u00e1tja el a vil\u00e1gpiacot.[\/vc_column_text][uncode_list icon=&#8221;fa fa-circle&#8221; icon_color=&#8221;color-775258&#8243; el_class=&#8221;text&#8211;listing&#8221; uncode_shortcode_id=&#8221;423832&#8243; icon_color_type=&#8221;uncode-palette&#8221;]<strong>Term\u00e9kk\u00f6r\u00f6k:<\/strong><\/p>\n<ul>\n<li>Kondukt\u00edv-m\u0171anyag potenciom\u00e9terek (potenciom\u00e9teres)<\/li>\n<li>M\u00e1gneses sz\u00f6gelfordul\u00e1s-ad\u00f3k\n<ul>\n<li>K\u00fcls\u0151 \u00e9s bels\u0151 \u00e9rintkez\u00e9s n\u00e9lk\u00fcli m\u00e1gneses verzi\u00f3k, anal\u00f3g \u00e9s digit\u00e1lis kimenettel<\/li>\n<li>SSI<\/li>\n<li>CANopen<\/li>\n<li>inkrement\u00e1lis<\/li>\n<li>impulzussz\u00e9less\u00e9g-modul\u00e1ci\u00f3 (PWM)<\/li>\n<li>soros (SPI)<\/li>\n<li>anal\u00f3g 4-20mA, 0-10V<\/li>\n<li>kapcsol\u00f3kimenet<\/li>\n<\/ul>\n<\/li>\n<li>Ker\u00e1mia-potenciom\u00e9terek (potenciom\u00e9teres)<\/li>\n<li>Line\u00e1ris \u00fatad\u00f3k (potenciom\u00e9teres)<\/li>\n<\/ul>\n<p>[\/uncode_list][vc_empty_space][vc_button button_color=&#8221;color-775258&#8243; radius=&#8221;btn-circle&#8221; border_width=&#8221;0&#8243; icon_position=&#8221;right&#8221; display=&#8221;inline&#8221; scale_mobile=&#8221;no&#8221; link=&#8221;url:http%3A%2F%2Fwww.contelec.ch%2Fen%2Fhome.html||target:%20_blank|&#8221; icon=&#8221;fa fa-open&#8221; width=&#8221;250&#8243; el_class=&#8221;btn&#8211;primary&#8221;]Contelec honlap[\/vc_button][vc_button button_color=&#8221;color-775258&#8243; radius=&#8221;btn-circle&#8221; border_width=&#8221;0&#8243; icon_position=&#8221;right&#8221; display=&#8221;inline&#8221; scale_mobile=&#8221;no&#8221; link=&#8221;url:https%3A%2F%2Fwww.kontakt-elektro.hu%2Fwp-content%2Fuploads%2F2020%2F10%2FContelec-Katalogus.pdf||target:%20_blank|&#8221; icon=&#8221;fa fa-print&#8221; width=&#8221;250&#8243; el_class=&#8221;btn&#8211;primary&#8221;]Katal\u00f3gus let\u00f6lt\u00e9se[\/vc_button][\/vc_column][vc_column width=&#8221;1\/2&#8243;][vc_gallery el_id=&#8221;gallery-651781&#8243; type=&#8221;justified&#8221; medias=&#8221;84049,84053,84050,84052,84051,84054&#8243; justify_row_height=&#8221;150&#8243; gutter_size=&#8221;3&#8243; single_overlay_color=&#8221;color-jevc&#8221; single_overlay_coloration=&#8221;bottom_gradient&#8221; single_overlay_opacity=&#8221;50&#8243; single_h_align=&#8221;center&#8221; single_v_position=&#8221;bottom&#8221; single_padding=&#8221;2&#8243; single_title_dimension=&#8221;&#8221; single_icon=&#8221;fa fa-zoom-in&#8221; single_border=&#8221;yes&#8221;][\/vc_column][\/vc_row][vc_row unlock_row_content=&#8221;yes&#8221; row_height_percent=&#8221;0&#8243; override_padding=&#8221;yes&#8221; h_padding=&#8221;0&#8243; top_padding=&#8221;2&#8243; bottom_padding=&#8221;2&#8243; overlay_alpha=&#8221;50&#8243; gutter_size=&#8221;3&#8243; column_width_percent=&#8221;100&#8243; shift_y=&#8221;0&#8243; z_index=&#8221;0&#8243;][vc_column width=&#8221;1\/1&#8243;][uncode_block id=&#8221;83020&#8243;][\/vc_column][\/vc_row]<\/p>\n<\/div>","protected":false},"excerpt":{"rendered":"<p>Sz\u00f6g \u00e9s a p\u00e1lya m\u00e9r\u00e9s\u00e9re szolg\u00e1l\u00f3 kiv\u00e1l\u00f3 min\u0151s\u00e9g\u0171 \u00e9rz\u00e9kel\u0151k<\/p>\n","protected":false},"author":2,"featured_media":83289,"parent":591,"menu_order":0,"comment_status":"closed","ping_status":"closed","template":"","meta":{"_acf_changed":false,"footnotes":""},"class_list":["post-613","page","type-page","status-publish","has-post-thumbnail","hentry","page_category-kepviseletek"],"acf":[],"yoast_head":"<!-- This site is optimized with the Yoast SEO plugin v27.5 - https:\/\/yoast.com\/product\/yoast-seo-wordpress\/ -->\n<title>Contelec - Kontakt Elektro<\/title>\n<meta name=\"robots\" content=\"index, follow, max-snippet:-1, max-image-preview:large, max-video-preview:-1\" \/>\n<link rel=\"canonical\" href=\"https:\/\/www.kontakt-elektro.hu\/kereskedelem-kepviseletek\/contelec\/\" \/>\n<meta property=\"og:locale\" content=\"hu_HU\" \/>\n<meta property=\"og:type\" content=\"article\" \/>\n<meta property=\"og:title\" content=\"Contelec - Kontakt Elektro\" \/>\n<meta property=\"og:description\" content=\"Sz\u00f6g \u00e9s a p\u00e1lya m\u00e9r\u00e9s\u00e9re szolg\u00e1l\u00f3 kiv\u00e1l\u00f3 min\u0151s\u00e9g\u0171 \u00e9rz\u00e9kel\u0151k\" \/>\n<meta property=\"og:url\" content=\"https:\/\/www.kontakt-elektro.hu\/kereskedelem-kepviseletek\/contelec\/\" \/>\n<meta property=\"og:site_name\" content=\"Kontakt Elektro\" \/>\n<meta property=\"article:publisher\" content=\"https:\/\/www.facebook.com\/KONTAKT.Elektro.Kft\/\" \/>\n<meta property=\"article:modified_time\" content=\"2024-08-13T07:01:50+00:00\" \/>\n<meta property=\"og:image\" content=\"https:\/\/www.kontakt-elektro.hu\/wp-content\/uploads\/2020\/09\/contelec-banner.png\" \/>\n\t<meta property=\"og:image:width\" content=\"768\" \/>\n\t<meta property=\"og:image:height\" content=\"350\" \/>\n\t<meta property=\"og:image:type\" content=\"image\/png\" \/>\n<meta name=\"twitter:card\" content=\"summary_large_image\" \/>\n<meta name=\"twitter:label1\" content=\"Becs\u00fclt olvas\u00e1si id\u0151\" \/>\n\t<meta name=\"twitter:data1\" content=\"2 perc\" \/>\n<script type=\"application\/ld+json\" class=\"yoast-schema-graph\">{\"@context\":\"https:\\\/\\\/schema.org\",\"@graph\":[{\"@type\":\"WebPage\",\"@id\":\"https:\\\/\\\/www.kontakt-elektro.hu\\\/kereskedelem-kepviseletek\\\/contelec\\\/\",\"url\":\"https:\\\/\\\/www.kontakt-elektro.hu\\\/kereskedelem-kepviseletek\\\/contelec\\\/\",\"name\":\"Contelec - Kontakt Elektro\",\"isPartOf\":{\"@id\":\"https:\\\/\\\/www.kontakt-elektro.hu\\\/#website\"},\"primaryImageOfPage\":{\"@id\":\"https:\\\/\\\/www.kontakt-elektro.hu\\\/kereskedelem-kepviseletek\\\/contelec\\\/#primaryimage\"},\"image\":{\"@id\":\"https:\\\/\\\/www.kontakt-elektro.hu\\\/kereskedelem-kepviseletek\\\/contelec\\\/#primaryimage\"},\"thumbnailUrl\":\"https:\\\/\\\/www.kontakt-elektro.hu\\\/wp-content\\\/uploads\\\/2020\\\/09\\\/contelec-banner.png\",\"datePublished\":\"2020-07-14T12:12:41+00:00\",\"dateModified\":\"2024-08-13T07:01:50+00:00\",\"breadcrumb\":{\"@id\":\"https:\\\/\\\/www.kontakt-elektro.hu\\\/kereskedelem-kepviseletek\\\/contelec\\\/#breadcrumb\"},\"inLanguage\":\"hu\",\"potentialAction\":[{\"@type\":\"ReadAction\",\"target\":[\"https:\\\/\\\/www.kontakt-elektro.hu\\\/kereskedelem-kepviseletek\\\/contelec\\\/\"]}]},{\"@type\":\"ImageObject\",\"inLanguage\":\"hu\",\"@id\":\"https:\\\/\\\/www.kontakt-elektro.hu\\\/kereskedelem-kepviseletek\\\/contelec\\\/#primaryimage\",\"url\":\"https:\\\/\\\/www.kontakt-elektro.hu\\\/wp-content\\\/uploads\\\/2020\\\/09\\\/contelec-banner.png\",\"contentUrl\":\"https:\\\/\\\/www.kontakt-elektro.hu\\\/wp-content\\\/uploads\\\/2020\\\/09\\\/contelec-banner.png\",\"width\":768,\"height\":350},{\"@type\":\"BreadcrumbList\",\"@id\":\"https:\\\/\\\/www.kontakt-elektro.hu\\\/kereskedelem-kepviseletek\\\/contelec\\\/#breadcrumb\",\"itemListElement\":[{\"@type\":\"ListItem\",\"position\":1,\"name\":\"kezd\u0151lap\",\"item\":\"https:\\\/\\\/www.kontakt-elektro.hu\\\/\"},{\"@type\":\"ListItem\",\"position\":2,\"name\":\"Kereskedelem, k\u00e9pviseletek\",\"item\":\"https:\\\/\\\/www.kontakt-elektro.hu\\\/kereskedelem-kepviseletek\\\/\"},{\"@type\":\"ListItem\",\"position\":3,\"name\":\"Contelec\"}]},{\"@type\":\"WebSite\",\"@id\":\"https:\\\/\\\/www.kontakt-elektro.hu\\\/#website\",\"url\":\"https:\\\/\\\/www.kontakt-elektro.hu\\\/\",\"name\":\"Kontakt Elektro\",\"description\":\"\",\"publisher\":{\"@id\":\"https:\\\/\\\/www.kontakt-elektro.hu\\\/#organization\"},\"potentialAction\":[{\"@type\":\"SearchAction\",\"target\":{\"@type\":\"EntryPoint\",\"urlTemplate\":\"https:\\\/\\\/www.kontakt-elektro.hu\\\/?s={search_term_string}\"},\"query-input\":{\"@type\":\"PropertyValueSpecification\",\"valueRequired\":true,\"valueName\":\"search_term_string\"}}],\"inLanguage\":\"hu\"},{\"@type\":\"Organization\",\"@id\":\"https:\\\/\\\/www.kontakt-elektro.hu\\\/#organization\",\"name\":\"Kontakt Elektro\",\"url\":\"https:\\\/\\\/www.kontakt-elektro.hu\\\/\",\"logo\":{\"@type\":\"ImageObject\",\"inLanguage\":\"hu\",\"@id\":\"https:\\\/\\\/www.kontakt-elektro.hu\\\/#\\\/schema\\\/logo\\\/image\\\/\",\"url\":\"https:\\\/\\\/www.kontakt-elektro.hu\\\/wp-content\\\/uploads\\\/2021\\\/05\\\/Kontakt-Elektro.jpg\",\"contentUrl\":\"https:\\\/\\\/www.kontakt-elektro.hu\\\/wp-content\\\/uploads\\\/2021\\\/05\\\/Kontakt-Elektro.jpg\",\"width\":1200,\"height\":630,\"caption\":\"Kontakt Elektro\"},\"image\":{\"@id\":\"https:\\\/\\\/www.kontakt-elektro.hu\\\/#\\\/schema\\\/logo\\\/image\\\/\"},\"sameAs\":[\"https:\\\/\\\/www.facebook.com\\\/KONTAKT.Elektro.Kft\\\/\",\"https:\\\/\\\/www.linkedin.com\\\/company\\\/kontakt-elektro-ltd.\"]}]}<\/script>\n<!-- \/ Yoast SEO plugin. -->","yoast_head_json":{"title":"Contelec - Kontakt Elektro","robots":{"index":"index","follow":"follow","max-snippet":"max-snippet:-1","max-image-preview":"max-image-preview:large","max-video-preview":"max-video-preview:-1"},"canonical":"https:\/\/www.kontakt-elektro.hu\/kereskedelem-kepviseletek\/contelec\/","og_locale":"hu_HU","og_type":"article","og_title":"Contelec - Kontakt Elektro","og_description":"Sz\u00f6g \u00e9s a p\u00e1lya m\u00e9r\u00e9s\u00e9re szolg\u00e1l\u00f3 kiv\u00e1l\u00f3 min\u0151s\u00e9g\u0171 \u00e9rz\u00e9kel\u0151k","og_url":"https:\/\/www.kontakt-elektro.hu\/kereskedelem-kepviseletek\/contelec\/","og_site_name":"Kontakt Elektro","article_publisher":"https:\/\/www.facebook.com\/KONTAKT.Elektro.Kft\/","article_modified_time":"2024-08-13T07:01:50+00:00","og_image":[{"width":768,"height":350,"url":"https:\/\/www.kontakt-elektro.hu\/wp-content\/uploads\/2020\/09\/contelec-banner.png","type":"image\/png"}],"twitter_card":"summary_large_image","twitter_misc":{"Becs\u00fclt olvas\u00e1si id\u0151":"2 perc"},"schema":{"@context":"https:\/\/schema.org","@graph":[{"@type":"WebPage","@id":"https:\/\/www.kontakt-elektro.hu\/kereskedelem-kepviseletek\/contelec\/","url":"https:\/\/www.kontakt-elektro.hu\/kereskedelem-kepviseletek\/contelec\/","name":"Contelec - Kontakt Elektro","isPartOf":{"@id":"https:\/\/www.kontakt-elektro.hu\/#website"},"primaryImageOfPage":{"@id":"https:\/\/www.kontakt-elektro.hu\/kereskedelem-kepviseletek\/contelec\/#primaryimage"},"image":{"@id":"https:\/\/www.kontakt-elektro.hu\/kereskedelem-kepviseletek\/contelec\/#primaryimage"},"thumbnailUrl":"https:\/\/www.kontakt-elektro.hu\/wp-content\/uploads\/2020\/09\/contelec-banner.png","datePublished":"2020-07-14T12:12:41+00:00","dateModified":"2024-08-13T07:01:50+00:00","breadcrumb":{"@id":"https:\/\/www.kontakt-elektro.hu\/kereskedelem-kepviseletek\/contelec\/#breadcrumb"},"inLanguage":"hu","potentialAction":[{"@type":"ReadAction","target":["https:\/\/www.kontakt-elektro.hu\/kereskedelem-kepviseletek\/contelec\/"]}]},{"@type":"ImageObject","inLanguage":"hu","@id":"https:\/\/www.kontakt-elektro.hu\/kereskedelem-kepviseletek\/contelec\/#primaryimage","url":"https:\/\/www.kontakt-elektro.hu\/wp-content\/uploads\/2020\/09\/contelec-banner.png","contentUrl":"https:\/\/www.kontakt-elektro.hu\/wp-content\/uploads\/2020\/09\/contelec-banner.png","width":768,"height":350},{"@type":"BreadcrumbList","@id":"https:\/\/www.kontakt-elektro.hu\/kereskedelem-kepviseletek\/contelec\/#breadcrumb","itemListElement":[{"@type":"ListItem","position":1,"name":"kezd\u0151lap","item":"https:\/\/www.kontakt-elektro.hu\/"},{"@type":"ListItem","position":2,"name":"Kereskedelem, k\u00e9pviseletek","item":"https:\/\/www.kontakt-elektro.hu\/kereskedelem-kepviseletek\/"},{"@type":"ListItem","position":3,"name":"Contelec"}]},{"@type":"WebSite","@id":"https:\/\/www.kontakt-elektro.hu\/#website","url":"https:\/\/www.kontakt-elektro.hu\/","name":"Kontakt Elektro","description":"","publisher":{"@id":"https:\/\/www.kontakt-elektro.hu\/#organization"},"potentialAction":[{"@type":"SearchAction","target":{"@type":"EntryPoint","urlTemplate":"https:\/\/www.kontakt-elektro.hu\/?s={search_term_string}"},"query-input":{"@type":"PropertyValueSpecification","valueRequired":true,"valueName":"search_term_string"}}],"inLanguage":"hu"},{"@type":"Organization","@id":"https:\/\/www.kontakt-elektro.hu\/#organization","name":"Kontakt Elektro","url":"https:\/\/www.kontakt-elektro.hu\/","logo":{"@type":"ImageObject","inLanguage":"hu","@id":"https:\/\/www.kontakt-elektro.hu\/#\/schema\/logo\/image\/","url":"https:\/\/www.kontakt-elektro.hu\/wp-content\/uploads\/2021\/05\/Kontakt-Elektro.jpg","contentUrl":"https:\/\/www.kontakt-elektro.hu\/wp-content\/uploads\/2021\/05\/Kontakt-Elektro.jpg","width":1200,"height":630,"caption":"Kontakt Elektro"},"image":{"@id":"https:\/\/www.kontakt-elektro.hu\/#\/schema\/logo\/image\/"},"sameAs":["https:\/\/www.facebook.com\/KONTAKT.Elektro.Kft\/","https:\/\/www.linkedin.com\/company\/kontakt-elektro-ltd."]}]}},"_links":{"self":[{"href":"https:\/\/www.kontakt-elektro.hu\/hu\/wp-json\/wp\/v2\/pages\/613","targetHints":{"allow":["GET"]}}],"collection":[{"href":"https:\/\/www.kontakt-elektro.hu\/hu\/wp-json\/wp\/v2\/pages"}],"about":[{"href":"https:\/\/www.kontakt-elektro.hu\/hu\/wp-json\/wp\/v2\/types\/page"}],"author":[{"embeddable":true,"href":"https:\/\/www.kontakt-elektro.hu\/hu\/wp-json\/wp\/v2\/users\/2"}],"replies":[{"embeddable":true,"href":"https:\/\/www.kontakt-elektro.hu\/hu\/wp-json\/wp\/v2\/comments?post=613"}],"version-history":[{"count":1,"href":"https:\/\/www.kontakt-elektro.hu\/hu\/wp-json\/wp\/v2\/pages\/613\/revisions"}],"predecessor-version":[{"id":85991,"href":"https:\/\/www.kontakt-elektro.hu\/hu\/wp-json\/wp\/v2\/pages\/613\/revisions\/85991"}],"up":[{"embeddable":true,"href":"https:\/\/www.kontakt-elektro.hu\/hu\/wp-json\/wp\/v2\/pages\/591"}],"wp:featuredmedia":[{"embeddable":true,"href":"https:\/\/www.kontakt-elektro.hu\/hu\/wp-json\/wp\/v2\/media\/83289"}],"wp:attachment":[{"href":"https:\/\/www.kontakt-elektro.hu\/hu\/wp-json\/wp\/v2\/media?parent=613"}],"curies":[{"name":"wp","href":"https:\/\/api.w.org\/{rel}","templated":true}]}}