{"id":525,"date":"2020-07-01T15:33:47","date_gmt":"2020-07-01T13:33:47","guid":{"rendered":"http:\/\/www.kontakt-elektro.hu\/?page_id=525"},"modified":"2024-08-09T08:52:21","modified_gmt":"2024-08-09T06:52:21","slug":"szabalyozo-es-vezerlo-elektronikak","status":"publish","type":"page","link":"https:\/\/www.kontakt-elektro.hu\/hu\/elektronikai-keszulekek\/szabalyozo-es-vezerlo-elektronikak\/","title":{"rendered":"Szab\u00e1lyoz\u00f3 \u00e9s vez\u00e9rl\u0151 elektronik\u00e1k"},"content":{"rendered":"<div class=\"wpb-content-wrapper\"><p>[vc_row row_height_percent=&#8221;0&#8243; override_padding=&#8221;yes&#8221; h_padding=&#8221;2&#8243; top_padding=&#8221;2&#8243; bottom_padding=&#8221;3&#8243; overlay_alpha=&#8221;50&#8243; gutter_size=&#8221;3&#8243; column_width_percent=&#8221;100&#8243; shift_y=&#8221;0&#8243; z_index=&#8221;0&#8243;][vc_column width=&#8221;2\/3&#8243;][vc_column_text]A hazai \u00e9s nemzetk\u00f6zi piacokhoz igazodva, a piaci ig\u00e9nyeket folyamatosan figyelve, c\u00e9g\u00fcnk az ipari automatiz\u00e1l\u00e1s ter\u00fclet\u00e9n haszn\u00e1lt k\u00fcl\u00f6nb\u00f6z\u0151 szab\u00e1lyz\u00f3 \u00e9s vez\u00e9rl\u0151 elektronik\u00e1kat fejleszt \u00e9s gy\u00e1rt, mint p\u00e9ld\u00e1ul id\u0151rel\u00e9k, folyad\u00e9kszint szab\u00e1lyoz\u00f3k, \u00e1ramfigyel\u0151 rel\u00e9k. Szab\u00e1lyz\u00f3 \u00e9s vez\u00e9rl\u0151 elektronikai term\u00e9keinket rakt\u00e1rr\u00f3l azonnal tudjuk sz\u00e1ll\u00edtani. A feladathoz igaz\u00edtott megfelel\u0151 t\u00edpus\u00fa \u00e1ramk\u00f6r kiv\u00e1laszt\u00e1s\u00e1ban tapasztalt kereskedelmi csapat seg\u00edti \u00f6nt.[\/vc_column_text][uncode_list icon=&#8221;fa fa-circle&#8221; icon_color=&#8221;color-775258&#8243; el_class=&#8221;text&#8211;listing&#8221;]<\/p>\n<ul>\n<li>100%-ban magyar gy\u00e1rt\u00e1s\u00fa term\u00e9kek<\/li>\n<li>T\u00f6bb \u00e9vtizedes ipari automatiz\u00e1l\u00e1s ter\u00fclet\u00e9n szerzett tapasztalat<\/li>\n<li>Term\u00e9keink rakt\u00e1rr\u00f3l azonnal sz\u00e1ll\u00edthat\u00f3k<\/li>\n<li>Versenyk\u00e9pes \u00e1rak<\/li>\n<li>Gyors \u00e9s seg\u00edt\u0151k\u00e9sz szakmai t\u00e1mogat\u00e1s<\/li>\n<li>Egyedi, alkalmaz\u00e1s-specifikus szab\u00e1lyz\u00f3k \u00e9s vez\u00e9rl\u0151k gy\u00e1rt\u00e1sa<\/li>\n<li>\u00dcgyf\u00e9l k\u00f6zpont\u00fa gondolkod\u00e1s<\/li>\n<li>Darabsz\u00e1m f\u00fcgg\u0151 kedvezm\u00e9nyek<\/li>\n<\/ul>\n<p>[\/uncode_list][vc_button button_color=&#8221;color-775258&#8243; radius=&#8221;btn-circle&#8221; border_width=&#8221;0&#8243; icon_position=&#8221;right&#8221; link=&#8221;url:https%3A%2F%2Fwww.kontakt-elektro.hu%2Fwp-content%2Fuploads%2F2024%2F08%2FKontakt-Elektro-Kft.-Katalogus-2024-V1.0.pdf|target:_blank&#8221; icon=&#8221;fa fa-print&#8221; el_class=&#8221;btn&#8211;primary&#8221; button_color_type=&#8221;uncode-palette&#8221; uncode_shortcode_id=&#8221;703112&#8243;]katal\u00f3gus let\u00f6lt\u00e9se[\/vc_button][\/vc_column][vc_column width=&#8221;1\/3&#8243;][vc_gallery el_id=&#8221;gallery-242745&#8243; medias=&#8221;566,565,564&#8243; gutter_size=&#8221;2&#8243; screen_lg=&#8221;1000&#8243; screen_md=&#8221;600&#8243; screen_sm=&#8221;480&#8243; images_size=&#8221;four-three&#8221; single_overlay_color=&#8221;color-jevc&#8221; single_overlay_coloration=&#8221;bottom_gradient&#8221; single_overlay_opacity=&#8221;50&#8243; single_h_align=&#8221;center&#8221; single_v_position=&#8221;bottom&#8221; single_padding=&#8221;1&#8243; single_title_dimension=&#8221;&#8221; single_icon=&#8221;fa fa-zoom-in&#8221; single_border=&#8221;yes&#8221;][\/vc_column][\/vc_row]<\/p>\n<\/div>","protected":false},"excerpt":{"rendered":"<p>[vc_row row_height_percent=&#8221;0&#8243; override_padding=&#8221;yes&#8221; h_padding=&#8221;2&#8243; top_padding=&#8221;2&#8243; bottom_padding=&#8221;3&#8243; overlay_alpha=&#8221;50&#8243; gutter_size=&#8221;3&#8243; column_width_percent=&#8221;100&#8243; shift_y=&#8221;0&#8243; z_index=&#8221;0&#8243;][vc_column width=&#8221;2\/3&#8243;][vc_column_text]A hazai \u00e9s nemzetk\u00f6zi piacokhoz igazodva, a piaci ig\u00e9nyeket [&hellip;]<\/p>\n","protected":false},"author":2,"featured_media":559,"parent":519,"menu_order":0,"comment_status":"closed","ping_status":"closed","template":"","meta":{"_acf_changed":false,"footnotes":""},"class_list":["post-525","page","type-page","status-publish","has-post-thumbnail","hentry","page_category-elektronikai-keszulekek","page_category-termekadatlap"],"acf":[],"yoast_head":"<!-- This site is optimized with the Yoast SEO plugin v27.5 - https:\/\/yoast.com\/product\/yoast-seo-wordpress\/ -->\n<title>Szab\u00e1lyoz\u00f3 \u00e9s vez\u00e9rl\u0151 elektronik\u00e1k - Kontakt Elektro<\/title>\n<meta name=\"robots\" content=\"index, follow, max-snippet:-1, max-image-preview:large, max-video-preview:-1\" \/>\n<link rel=\"canonical\" href=\"https:\/\/www.kontakt-elektro.hu\/elektronikai-keszulekek\/szabalyozo-es-vezerlo-elektronikak\/\" \/>\n<meta property=\"og:locale\" content=\"hu_HU\" \/>\n<meta property=\"og:type\" content=\"article\" \/>\n<meta property=\"og:title\" content=\"Szab\u00e1lyoz\u00f3 \u00e9s vez\u00e9rl\u0151 elektronik\u00e1k - Kontakt Elektro\" \/>\n<meta property=\"og:description\" content=\"[vc_row row_height_percent=&#8221;0&#8243; override_padding=&#8221;yes&#8221; h_padding=&#8221;2&#8243; top_padding=&#8221;2&#8243; bottom_padding=&#8221;3&#8243; overlay_alpha=&#8221;50&#8243; gutter_size=&#8221;3&#8243; column_width_percent=&#8221;100&#8243; shift_y=&#8221;0&#8243; z_index=&#8221;0&#8243;][vc_column width=&#8221;2\/3&#8243;][vc_column_text]A hazai \u00e9s nemzetk\u00f6zi piacokhoz igazodva, a piaci ig\u00e9nyeket [&hellip;]\" \/>\n<meta property=\"og:url\" content=\"https:\/\/www.kontakt-elektro.hu\/elektronikai-keszulekek\/szabalyozo-es-vezerlo-elektronikak\/\" \/>\n<meta property=\"og:site_name\" content=\"Kontakt Elektro\" \/>\n<meta property=\"article:publisher\" content=\"https:\/\/www.facebook.com\/KONTAKT.Elektro.Kft\/\" \/>\n<meta property=\"article:modified_time\" content=\"2024-08-09T06:52:21+00:00\" \/>\n<meta property=\"og:image\" content=\"https:\/\/www.kontakt-elektro.hu\/wp-content\/uploads\/2020\/07\/image3.jpeg\" \/>\n\t<meta property=\"og:image:width\" content=\"1022\" \/>\n\t<meta property=\"og:image:height\" content=\"682\" \/>\n\t<meta property=\"og:image:type\" content=\"image\/jpeg\" \/>\n<meta name=\"twitter:card\" content=\"summary_large_image\" \/>\n<meta name=\"twitter:label1\" content=\"Becs\u00fclt olvas\u00e1si id\u0151\" \/>\n\t<meta name=\"twitter:data1\" content=\"2 perc\" \/>\n<script type=\"application\/ld+json\" class=\"yoast-schema-graph\">{\"@context\":\"https:\\\/\\\/schema.org\",\"@graph\":[{\"@type\":\"WebPage\",\"@id\":\"https:\\\/\\\/www.kontakt-elektro.hu\\\/elektronikai-keszulekek\\\/szabalyozo-es-vezerlo-elektronikak\\\/\",\"url\":\"https:\\\/\\\/www.kontakt-elektro.hu\\\/elektronikai-keszulekek\\\/szabalyozo-es-vezerlo-elektronikak\\\/\",\"name\":\"Szab\u00e1lyoz\u00f3 \u00e9s vez\u00e9rl\u0151 elektronik\u00e1k - Kontakt Elektro\",\"isPartOf\":{\"@id\":\"https:\\\/\\\/www.kontakt-elektro.hu\\\/#website\"},\"primaryImageOfPage\":{\"@id\":\"https:\\\/\\\/www.kontakt-elektro.hu\\\/elektronikai-keszulekek\\\/szabalyozo-es-vezerlo-elektronikak\\\/#primaryimage\"},\"image\":{\"@id\":\"https:\\\/\\\/www.kontakt-elektro.hu\\\/elektronikai-keszulekek\\\/szabalyozo-es-vezerlo-elektronikak\\\/#primaryimage\"},\"thumbnailUrl\":\"https:\\\/\\\/www.kontakt-elektro.hu\\\/wp-content\\\/uploads\\\/2020\\\/07\\\/image3.jpeg\",\"datePublished\":\"2020-07-01T13:33:47+00:00\",\"dateModified\":\"2024-08-09T06:52:21+00:00\",\"breadcrumb\":{\"@id\":\"https:\\\/\\\/www.kontakt-elektro.hu\\\/elektronikai-keszulekek\\\/szabalyozo-es-vezerlo-elektronikak\\\/#breadcrumb\"},\"inLanguage\":\"hu\",\"potentialAction\":[{\"@type\":\"ReadAction\",\"target\":[\"https:\\\/\\\/www.kontakt-elektro.hu\\\/elektronikai-keszulekek\\\/szabalyozo-es-vezerlo-elektronikak\\\/\"]}]},{\"@type\":\"ImageObject\",\"inLanguage\":\"hu\",\"@id\":\"https:\\\/\\\/www.kontakt-elektro.hu\\\/elektronikai-keszulekek\\\/szabalyozo-es-vezerlo-elektronikak\\\/#primaryimage\",\"url\":\"https:\\\/\\\/www.kontakt-elektro.hu\\\/wp-content\\\/uploads\\\/2020\\\/07\\\/image3.jpeg\",\"contentUrl\":\"https:\\\/\\\/www.kontakt-elektro.hu\\\/wp-content\\\/uploads\\\/2020\\\/07\\\/image3.jpeg\",\"width\":1022,\"height\":682},{\"@type\":\"BreadcrumbList\",\"@id\":\"https:\\\/\\\/www.kontakt-elektro.hu\\\/elektronikai-keszulekek\\\/szabalyozo-es-vezerlo-elektronikak\\\/#breadcrumb\",\"itemListElement\":[{\"@type\":\"ListItem\",\"position\":1,\"name\":\"kezd\u0151lap\",\"item\":\"https:\\\/\\\/www.kontakt-elektro.hu\\\/\"},{\"@type\":\"ListItem\",\"position\":2,\"name\":\"Elektronikai k\u00e9sz\u00fcl\u00e9kek\",\"item\":\"https:\\\/\\\/www.kontakt-elektro.hu\\\/elektronikai-keszulekek\\\/\"},{\"@type\":\"ListItem\",\"position\":3,\"name\":\"Szab\u00e1lyoz\u00f3 \u00e9s vez\u00e9rl\u0151 elektronik\u00e1k\"}]},{\"@type\":\"WebSite\",\"@id\":\"https:\\\/\\\/www.kontakt-elektro.hu\\\/#website\",\"url\":\"https:\\\/\\\/www.kontakt-elektro.hu\\\/\",\"name\":\"Kontakt Elektro\",\"description\":\"\",\"publisher\":{\"@id\":\"https:\\\/\\\/www.kontakt-elektro.hu\\\/#organization\"},\"potentialAction\":[{\"@type\":\"SearchAction\",\"target\":{\"@type\":\"EntryPoint\",\"urlTemplate\":\"https:\\\/\\\/www.kontakt-elektro.hu\\\/?s={search_term_string}\"},\"query-input\":{\"@type\":\"PropertyValueSpecification\",\"valueRequired\":true,\"valueName\":\"search_term_string\"}}],\"inLanguage\":\"hu\"},{\"@type\":\"Organization\",\"@id\":\"https:\\\/\\\/www.kontakt-elektro.hu\\\/#organization\",\"name\":\"Kontakt Elektro\",\"url\":\"https:\\\/\\\/www.kontakt-elektro.hu\\\/\",\"logo\":{\"@type\":\"ImageObject\",\"inLanguage\":\"hu\",\"@id\":\"https:\\\/\\\/www.kontakt-elektro.hu\\\/#\\\/schema\\\/logo\\\/image\\\/\",\"url\":\"https:\\\/\\\/www.kontakt-elektro.hu\\\/wp-content\\\/uploads\\\/2021\\\/05\\\/Kontakt-Elektro.jpg\",\"contentUrl\":\"https:\\\/\\\/www.kontakt-elektro.hu\\\/wp-content\\\/uploads\\\/2021\\\/05\\\/Kontakt-Elektro.jpg\",\"width\":1200,\"height\":630,\"caption\":\"Kontakt Elektro\"},\"image\":{\"@id\":\"https:\\\/\\\/www.kontakt-elektro.hu\\\/#\\\/schema\\\/logo\\\/image\\\/\"},\"sameAs\":[\"https:\\\/\\\/www.facebook.com\\\/KONTAKT.Elektro.Kft\\\/\",\"https:\\\/\\\/www.linkedin.com\\\/company\\\/kontakt-elektro-ltd.\"]}]}<\/script>\n<!-- \/ Yoast SEO plugin. -->","yoast_head_json":{"title":"Szab\u00e1lyoz\u00f3 \u00e9s vez\u00e9rl\u0151 elektronik\u00e1k - Kontakt Elektro","robots":{"index":"index","follow":"follow","max-snippet":"max-snippet:-1","max-image-preview":"max-image-preview:large","max-video-preview":"max-video-preview:-1"},"canonical":"https:\/\/www.kontakt-elektro.hu\/elektronikai-keszulekek\/szabalyozo-es-vezerlo-elektronikak\/","og_locale":"hu_HU","og_type":"article","og_title":"Szab\u00e1lyoz\u00f3 \u00e9s vez\u00e9rl\u0151 elektronik\u00e1k - Kontakt Elektro","og_description":"[vc_row row_height_percent=&#8221;0&#8243; override_padding=&#8221;yes&#8221; h_padding=&#8221;2&#8243; top_padding=&#8221;2&#8243; bottom_padding=&#8221;3&#8243; overlay_alpha=&#8221;50&#8243; gutter_size=&#8221;3&#8243; column_width_percent=&#8221;100&#8243; shift_y=&#8221;0&#8243; z_index=&#8221;0&#8243;][vc_column width=&#8221;2\/3&#8243;][vc_column_text]A hazai \u00e9s nemzetk\u00f6zi piacokhoz igazodva, a piaci ig\u00e9nyeket [&hellip;]","og_url":"https:\/\/www.kontakt-elektro.hu\/elektronikai-keszulekek\/szabalyozo-es-vezerlo-elektronikak\/","og_site_name":"Kontakt Elektro","article_publisher":"https:\/\/www.facebook.com\/KONTAKT.Elektro.Kft\/","article_modified_time":"2024-08-09T06:52:21+00:00","og_image":[{"width":1022,"height":682,"url":"https:\/\/www.kontakt-elektro.hu\/wp-content\/uploads\/2020\/07\/image3.jpeg","type":"image\/jpeg"}],"twitter_card":"summary_large_image","twitter_misc":{"Becs\u00fclt olvas\u00e1si id\u0151":"2 perc"},"schema":{"@context":"https:\/\/schema.org","@graph":[{"@type":"WebPage","@id":"https:\/\/www.kontakt-elektro.hu\/elektronikai-keszulekek\/szabalyozo-es-vezerlo-elektronikak\/","url":"https:\/\/www.kontakt-elektro.hu\/elektronikai-keszulekek\/szabalyozo-es-vezerlo-elektronikak\/","name":"Szab\u00e1lyoz\u00f3 \u00e9s vez\u00e9rl\u0151 elektronik\u00e1k - Kontakt Elektro","isPartOf":{"@id":"https:\/\/www.kontakt-elektro.hu\/#website"},"primaryImageOfPage":{"@id":"https:\/\/www.kontakt-elektro.hu\/elektronikai-keszulekek\/szabalyozo-es-vezerlo-elektronikak\/#primaryimage"},"image":{"@id":"https:\/\/www.kontakt-elektro.hu\/elektronikai-keszulekek\/szabalyozo-es-vezerlo-elektronikak\/#primaryimage"},"thumbnailUrl":"https:\/\/www.kontakt-elektro.hu\/wp-content\/uploads\/2020\/07\/image3.jpeg","datePublished":"2020-07-01T13:33:47+00:00","dateModified":"2024-08-09T06:52:21+00:00","breadcrumb":{"@id":"https:\/\/www.kontakt-elektro.hu\/elektronikai-keszulekek\/szabalyozo-es-vezerlo-elektronikak\/#breadcrumb"},"inLanguage":"hu","potentialAction":[{"@type":"ReadAction","target":["https:\/\/www.kontakt-elektro.hu\/elektronikai-keszulekek\/szabalyozo-es-vezerlo-elektronikak\/"]}]},{"@type":"ImageObject","inLanguage":"hu","@id":"https:\/\/www.kontakt-elektro.hu\/elektronikai-keszulekek\/szabalyozo-es-vezerlo-elektronikak\/#primaryimage","url":"https:\/\/www.kontakt-elektro.hu\/wp-content\/uploads\/2020\/07\/image3.jpeg","contentUrl":"https:\/\/www.kontakt-elektro.hu\/wp-content\/uploads\/2020\/07\/image3.jpeg","width":1022,"height":682},{"@type":"BreadcrumbList","@id":"https:\/\/www.kontakt-elektro.hu\/elektronikai-keszulekek\/szabalyozo-es-vezerlo-elektronikak\/#breadcrumb","itemListElement":[{"@type":"ListItem","position":1,"name":"kezd\u0151lap","item":"https:\/\/www.kontakt-elektro.hu\/"},{"@type":"ListItem","position":2,"name":"Elektronikai k\u00e9sz\u00fcl\u00e9kek","item":"https:\/\/www.kontakt-elektro.hu\/elektronikai-keszulekek\/"},{"@type":"ListItem","position":3,"name":"Szab\u00e1lyoz\u00f3 \u00e9s vez\u00e9rl\u0151 elektronik\u00e1k"}]},{"@type":"WebSite","@id":"https:\/\/www.kontakt-elektro.hu\/#website","url":"https:\/\/www.kontakt-elektro.hu\/","name":"Kontakt Elektro","description":"","publisher":{"@id":"https:\/\/www.kontakt-elektro.hu\/#organization"},"potentialAction":[{"@type":"SearchAction","target":{"@type":"EntryPoint","urlTemplate":"https:\/\/www.kontakt-elektro.hu\/?s={search_term_string}"},"query-input":{"@type":"PropertyValueSpecification","valueRequired":true,"valueName":"search_term_string"}}],"inLanguage":"hu"},{"@type":"Organization","@id":"https:\/\/www.kontakt-elektro.hu\/#organization","name":"Kontakt Elektro","url":"https:\/\/www.kontakt-elektro.hu\/","logo":{"@type":"ImageObject","inLanguage":"hu","@id":"https:\/\/www.kontakt-elektro.hu\/#\/schema\/logo\/image\/","url":"https:\/\/www.kontakt-elektro.hu\/wp-content\/uploads\/2021\/05\/Kontakt-Elektro.jpg","contentUrl":"https:\/\/www.kontakt-elektro.hu\/wp-content\/uploads\/2021\/05\/Kontakt-Elektro.jpg","width":1200,"height":630,"caption":"Kontakt Elektro"},"image":{"@id":"https:\/\/www.kontakt-elektro.hu\/#\/schema\/logo\/image\/"},"sameAs":["https:\/\/www.facebook.com\/KONTAKT.Elektro.Kft\/","https:\/\/www.linkedin.com\/company\/kontakt-elektro-ltd."]}]}},"_links":{"self":[{"href":"https:\/\/www.kontakt-elektro.hu\/hu\/wp-json\/wp\/v2\/pages\/525","targetHints":{"allow":["GET"]}}],"collection":[{"href":"https:\/\/www.kontakt-elektro.hu\/hu\/wp-json\/wp\/v2\/pages"}],"about":[{"href":"https:\/\/www.kontakt-elektro.hu\/hu\/wp-json\/wp\/v2\/types\/page"}],"author":[{"embeddable":true,"href":"https:\/\/www.kontakt-elektro.hu\/hu\/wp-json\/wp\/v2\/users\/2"}],"replies":[{"embeddable":true,"href":"https:\/\/www.kontakt-elektro.hu\/hu\/wp-json\/wp\/v2\/comments?post=525"}],"version-history":[{"count":1,"href":"https:\/\/www.kontakt-elektro.hu\/hu\/wp-json\/wp\/v2\/pages\/525\/revisions"}],"predecessor-version":[{"id":85932,"href":"https:\/\/www.kontakt-elektro.hu\/hu\/wp-json\/wp\/v2\/pages\/525\/revisions\/85932"}],"up":[{"embeddable":true,"href":"https:\/\/www.kontakt-elektro.hu\/hu\/wp-json\/wp\/v2\/pages\/519"}],"wp:featuredmedia":[{"embeddable":true,"href":"https:\/\/www.kontakt-elektro.hu\/hu\/wp-json\/wp\/v2\/media\/559"}],"wp:attachment":[{"href":"https:\/\/www.kontakt-elektro.hu\/hu\/wp-json\/wp\/v2\/media?parent=525"}],"curies":[{"name":"wp","href":"https:\/\/api.w.org\/{rel}","templated":true}]}}