{"id":521,"date":"2020-07-01T15:30:40","date_gmt":"2020-07-01T13:30:40","guid":{"rendered":"http:\/\/www.kontakt-elektro.hu\/?page_id=521"},"modified":"2024-08-09T08:51:40","modified_gmt":"2024-08-09T06:51:40","slug":"szenzorok-erzekelok","status":"publish","type":"page","link":"https:\/\/www.kontakt-elektro.hu\/hu\/elektronikai-keszulekek\/szenzorok-erzekelok\/","title":{"rendered":"Szenzorok, \u00e9rz\u00e9kel\u0151k\u00a0\u00a0"},"content":{"rendered":"<div class=\"wpb-content-wrapper\"><p>[vc_row row_height_percent=&#8221;0&#8243; override_padding=&#8221;yes&#8221; h_padding=&#8221;2&#8243; top_padding=&#8221;2&#8243; bottom_padding=&#8221;3&#8243; overlay_alpha=&#8221;50&#8243; gutter_size=&#8221;3&#8243; column_width_percent=&#8221;100&#8243; shift_y=&#8221;0&#8243; z_index=&#8221;0&#8243;][vc_column width=&#8221;2\/3&#8243;][vc_column_text uncode_shortcode_id=&#8221;847481&#8243;]<em><strong>Felh\u00edvjuk kedves Partnereink figyelm\u00e9t, hogy alapanyag-ell\u00e1t\u00e1si neh\u00e9zs\u00e9gek miatt a szenzorok gy\u00e1rt\u00e1s\u00e1t hat\u00e1rozatlan id\u0151re felf\u00fcggesztett\u00fck.<\/strong><\/em><\/p>\n<p><em><strong>Alternat\u00edv kiv\u00e1lt\u00f3 t\u00edpusok\u00e9rt k\u00e9rem \u00edrjon a <a href=\"mailto:kontakt@kontakt-elektro.hu\">kontakt@kontakt-elektro.hu<\/a> e-mail c\u00edmre.<\/strong><\/em>[\/vc_column_text][vc_column_text]C\u00e9g\u00fcnk a kezdetekt\u0151l fogva gy\u00e1rt \u00e9s forgalmaz hazai \u00e9s nemzetk\u00f6zi piacokra saj\u00e1t fejleszt\u00e9s\u0171, az iparban sz\u00e9les k\u00f6rben haszn\u00e1lt indukt\u00edv \u00e9s kapacit\u00edv k\u00f6zel\u00edt\u00e9s kapcsol\u00f3kat, illetve forg\u00e1s\u00e9rz\u00e9kel\u0151ket. Term\u00e9keink portf\u00f3li\u00f3j\u00e1t a piaci ig\u00e9nyeknek megfelel\u0151en alak\u00edtottuk ki, melyekb\u0151l a legt\u00f6bbet azonnal rakt\u00e1rr\u00f3l tudjuk sz\u00e1ll\u00edtani, vagy nagyon r\u00f6vid gy\u00e1rt\u00e1si id\u0151vel tudjuk biztos\u00edtani.<\/p>\n<p>A megfelel\u0151 t\u00edpus\u00fa szenzor kiv\u00e1laszt\u00e1s\u00e1ban profi kereskedelmi csapatunk seg\u00edti \u00d6nt.[\/vc_column_text][uncode_list icon=&#8221;fa fa-circle&#8221; icon_color=&#8221;color-775258&#8243; el_class=&#8221;text&#8211;listing&#8221;]<\/p>\n<ul>\n<li>100%-ban magyar fejleszt\u00e9s\u0171 gy\u00e1rt\u00e1s\u00fa term\u00e9kek<\/li>\n<li>T\u00f6bb \u00e9vtizedes szakmai tapasztalat<\/li>\n<li>Term\u00e9keink rakt\u00e1rr\u00f3l azonnal rendelkez\u00e9sre \u00e1llnak<\/li>\n<li>Versenyk\u00e9pes \u00e1rak<\/li>\n<li>Gyors \u00e9s seg\u00edt\u0151k\u00e9sz szakmai t\u00e1mogat\u00e1s<\/li>\n<li>Egyedi kialak\u00edt\u00e1s\u00fa szenzorok gy\u00e1rt\u00e1sa<\/li>\n<li>Darabsz\u00e1mt\u00f3l f\u00fcgg\u0151 kedvezm\u00e9nyek<\/li>\n<\/ul>\n<p>[\/uncode_list][vc_button button_color=&#8221;color-775258&#8243; radius=&#8221;btn-circle&#8221; border_width=&#8221;0&#8243; icon_position=&#8221;right&#8221; icon=&#8221;fa fa-print&#8221; link=&#8221;url:https%3A%2F%2Fwww.kontakt-elektro.hu%2Fwp-content%2Fuploads%2F2024%2F08%2FKontakt-Elektro-Kft.-Katalogus-2024-V1.0.pdf|target:_blank&#8221; el_class=&#8221;btn&#8211;primary&#8221; button_color_type=&#8221;uncode-palette&#8221; uncode_shortcode_id=&#8221;132605&#8243;]katal\u00f3gus let\u00f6lt\u00e9se[\/vc_button][\/vc_column][vc_column width=&#8221;1\/3&#8243;][vc_gallery el_id=&#8221;gallery-242711&#8243; medias=&#8221;560,561,562&#8243; gutter_size=&#8221;2&#8243; screen_lg=&#8221;1000&#8243; screen_md=&#8221;600&#8243; screen_sm=&#8221;480&#8243; single_overlay_color=&#8221;color-jevc&#8221; single_overlay_coloration=&#8221;bottom_gradient&#8221; single_overlay_opacity=&#8221;50&#8243; single_h_align=&#8221;center&#8221; single_v_position=&#8221;bottom&#8221; single_padding=&#8221;1&#8243; single_title_dimension=&#8221;&#8221; single_icon=&#8221;fa fa-zoom-in&#8221; single_border=&#8221;yes&#8221;][\/vc_column][\/vc_row]<\/p>\n<\/div>","protected":false},"excerpt":{"rendered":"<p>[vc_row row_height_percent=&#8221;0&#8243; override_padding=&#8221;yes&#8221; h_padding=&#8221;2&#8243; top_padding=&#8221;2&#8243; bottom_padding=&#8221;3&#8243; overlay_alpha=&#8221;50&#8243; gutter_size=&#8221;3&#8243; column_width_percent=&#8221;100&#8243; shift_y=&#8221;0&#8243; z_index=&#8221;0&#8243;][vc_column width=&#8221;2\/3&#8243;][vc_column_text uncode_shortcode_id=&#8221;847481&#8243;]Felh\u00edvjuk kedves Partnereink figyelm\u00e9t, hogy alapanyag-ell\u00e1t\u00e1si neh\u00e9zs\u00e9gek miatt [&hellip;]<\/p>\n","protected":false},"author":2,"featured_media":560,"parent":519,"menu_order":0,"comment_status":"closed","ping_status":"closed","template":"","meta":{"_acf_changed":false,"footnotes":""},"class_list":["post-521","page","type-page","status-publish","has-post-thumbnail","hentry","page_category-elektronikai-keszulekek","page_category-termekadatlap"],"acf":[],"yoast_head":"<!-- This site is optimized with the Yoast SEO plugin v27.5 - https:\/\/yoast.com\/product\/yoast-seo-wordpress\/ -->\n<title>Szenzorok, \u00e9rz\u00e9kel\u0151k\u00a0\u00a0 - Kontakt Elektro<\/title>\n<meta name=\"robots\" content=\"index, follow, max-snippet:-1, max-image-preview:large, max-video-preview:-1\" \/>\n<link rel=\"canonical\" href=\"https:\/\/www.kontakt-elektro.hu\/elektronikai-keszulekek\/szenzorok-erzekelok\/\" \/>\n<meta property=\"og:locale\" content=\"hu_HU\" \/>\n<meta property=\"og:type\" content=\"article\" \/>\n<meta property=\"og:title\" content=\"Szenzorok, \u00e9rz\u00e9kel\u0151k\u00a0\u00a0 - Kontakt Elektro\" \/>\n<meta property=\"og:description\" content=\"[vc_row row_height_percent=&#8221;0&#8243; override_padding=&#8221;yes&#8221; h_padding=&#8221;2&#8243; top_padding=&#8221;2&#8243; bottom_padding=&#8221;3&#8243; overlay_alpha=&#8221;50&#8243; gutter_size=&#8221;3&#8243; column_width_percent=&#8221;100&#8243; shift_y=&#8221;0&#8243; z_index=&#8221;0&#8243;][vc_column width=&#8221;2\/3&#8243;][vc_column_text uncode_shortcode_id=&#8221;847481&#8243;]Felh\u00edvjuk kedves Partnereink figyelm\u00e9t, hogy alapanyag-ell\u00e1t\u00e1si neh\u00e9zs\u00e9gek miatt [&hellip;]\" \/>\n<meta property=\"og:url\" content=\"https:\/\/www.kontakt-elektro.hu\/elektronikai-keszulekek\/szenzorok-erzekelok\/\" \/>\n<meta property=\"og:site_name\" content=\"Kontakt Elektro\" \/>\n<meta property=\"article:publisher\" content=\"https:\/\/www.facebook.com\/KONTAKT.Elektro.Kft\/\" \/>\n<meta property=\"article:modified_time\" content=\"2024-08-09T06:51:40+00:00\" \/>\n<meta property=\"og:image\" content=\"https:\/\/www.kontakt-elektro.hu\/wp-content\/uploads\/2020\/07\/image4.jpeg\" \/>\n\t<meta property=\"og:image:width\" content=\"330\" \/>\n\t<meta property=\"og:image:height\" content=\"536\" \/>\n\t<meta property=\"og:image:type\" content=\"image\/jpeg\" \/>\n<meta name=\"twitter:card\" content=\"summary_large_image\" \/>\n<meta name=\"twitter:label1\" content=\"Becs\u00fclt olvas\u00e1si id\u0151\" \/>\n\t<meta name=\"twitter:data1\" content=\"2 perc\" \/>\n<script type=\"application\/ld+json\" class=\"yoast-schema-graph\">{\"@context\":\"https:\\\/\\\/schema.org\",\"@graph\":[{\"@type\":\"WebPage\",\"@id\":\"https:\\\/\\\/www.kontakt-elektro.hu\\\/elektronikai-keszulekek\\\/szenzorok-erzekelok\\\/\",\"url\":\"https:\\\/\\\/www.kontakt-elektro.hu\\\/elektronikai-keszulekek\\\/szenzorok-erzekelok\\\/\",\"name\":\"Szenzorok, \u00e9rz\u00e9kel\u0151k\u00a0\u00a0 - Kontakt Elektro\",\"isPartOf\":{\"@id\":\"https:\\\/\\\/www.kontakt-elektro.hu\\\/#website\"},\"primaryImageOfPage\":{\"@id\":\"https:\\\/\\\/www.kontakt-elektro.hu\\\/elektronikai-keszulekek\\\/szenzorok-erzekelok\\\/#primaryimage\"},\"image\":{\"@id\":\"https:\\\/\\\/www.kontakt-elektro.hu\\\/elektronikai-keszulekek\\\/szenzorok-erzekelok\\\/#primaryimage\"},\"thumbnailUrl\":\"https:\\\/\\\/www.kontakt-elektro.hu\\\/wp-content\\\/uploads\\\/2020\\\/07\\\/image4.jpeg\",\"datePublished\":\"2020-07-01T13:30:40+00:00\",\"dateModified\":\"2024-08-09T06:51:40+00:00\",\"breadcrumb\":{\"@id\":\"https:\\\/\\\/www.kontakt-elektro.hu\\\/elektronikai-keszulekek\\\/szenzorok-erzekelok\\\/#breadcrumb\"},\"inLanguage\":\"hu\",\"potentialAction\":[{\"@type\":\"ReadAction\",\"target\":[\"https:\\\/\\\/www.kontakt-elektro.hu\\\/elektronikai-keszulekek\\\/szenzorok-erzekelok\\\/\"]}]},{\"@type\":\"ImageObject\",\"inLanguage\":\"hu\",\"@id\":\"https:\\\/\\\/www.kontakt-elektro.hu\\\/elektronikai-keszulekek\\\/szenzorok-erzekelok\\\/#primaryimage\",\"url\":\"https:\\\/\\\/www.kontakt-elektro.hu\\\/wp-content\\\/uploads\\\/2020\\\/07\\\/image4.jpeg\",\"contentUrl\":\"https:\\\/\\\/www.kontakt-elektro.hu\\\/wp-content\\\/uploads\\\/2020\\\/07\\\/image4.jpeg\",\"width\":330,\"height\":536},{\"@type\":\"BreadcrumbList\",\"@id\":\"https:\\\/\\\/www.kontakt-elektro.hu\\\/elektronikai-keszulekek\\\/szenzorok-erzekelok\\\/#breadcrumb\",\"itemListElement\":[{\"@type\":\"ListItem\",\"position\":1,\"name\":\"kezd\u0151lap\",\"item\":\"https:\\\/\\\/www.kontakt-elektro.hu\\\/\"},{\"@type\":\"ListItem\",\"position\":2,\"name\":\"Elektronikai k\u00e9sz\u00fcl\u00e9kek\",\"item\":\"https:\\\/\\\/www.kontakt-elektro.hu\\\/elektronikai-keszulekek\\\/\"},{\"@type\":\"ListItem\",\"position\":3,\"name\":\"Szenzorok, \u00e9rz\u00e9kel\u0151k\u00a0\u00a0\"}]},{\"@type\":\"WebSite\",\"@id\":\"https:\\\/\\\/www.kontakt-elektro.hu\\\/#website\",\"url\":\"https:\\\/\\\/www.kontakt-elektro.hu\\\/\",\"name\":\"Kontakt Elektro\",\"description\":\"\",\"publisher\":{\"@id\":\"https:\\\/\\\/www.kontakt-elektro.hu\\\/#organization\"},\"potentialAction\":[{\"@type\":\"SearchAction\",\"target\":{\"@type\":\"EntryPoint\",\"urlTemplate\":\"https:\\\/\\\/www.kontakt-elektro.hu\\\/?s={search_term_string}\"},\"query-input\":{\"@type\":\"PropertyValueSpecification\",\"valueRequired\":true,\"valueName\":\"search_term_string\"}}],\"inLanguage\":\"hu\"},{\"@type\":\"Organization\",\"@id\":\"https:\\\/\\\/www.kontakt-elektro.hu\\\/#organization\",\"name\":\"Kontakt Elektro\",\"url\":\"https:\\\/\\\/www.kontakt-elektro.hu\\\/\",\"logo\":{\"@type\":\"ImageObject\",\"inLanguage\":\"hu\",\"@id\":\"https:\\\/\\\/www.kontakt-elektro.hu\\\/#\\\/schema\\\/logo\\\/image\\\/\",\"url\":\"https:\\\/\\\/www.kontakt-elektro.hu\\\/wp-content\\\/uploads\\\/2021\\\/05\\\/Kontakt-Elektro.jpg\",\"contentUrl\":\"https:\\\/\\\/www.kontakt-elektro.hu\\\/wp-content\\\/uploads\\\/2021\\\/05\\\/Kontakt-Elektro.jpg\",\"width\":1200,\"height\":630,\"caption\":\"Kontakt Elektro\"},\"image\":{\"@id\":\"https:\\\/\\\/www.kontakt-elektro.hu\\\/#\\\/schema\\\/logo\\\/image\\\/\"},\"sameAs\":[\"https:\\\/\\\/www.facebook.com\\\/KONTAKT.Elektro.Kft\\\/\",\"https:\\\/\\\/www.linkedin.com\\\/company\\\/kontakt-elektro-ltd.\"]}]}<\/script>\n<!-- \/ Yoast SEO plugin. -->","yoast_head_json":{"title":"Szenzorok, \u00e9rz\u00e9kel\u0151k\u00a0\u00a0 - Kontakt Elektro","robots":{"index":"index","follow":"follow","max-snippet":"max-snippet:-1","max-image-preview":"max-image-preview:large","max-video-preview":"max-video-preview:-1"},"canonical":"https:\/\/www.kontakt-elektro.hu\/elektronikai-keszulekek\/szenzorok-erzekelok\/","og_locale":"hu_HU","og_type":"article","og_title":"Szenzorok, \u00e9rz\u00e9kel\u0151k\u00a0\u00a0 - Kontakt Elektro","og_description":"[vc_row row_height_percent=&#8221;0&#8243; override_padding=&#8221;yes&#8221; h_padding=&#8221;2&#8243; top_padding=&#8221;2&#8243; bottom_padding=&#8221;3&#8243; overlay_alpha=&#8221;50&#8243; gutter_size=&#8221;3&#8243; column_width_percent=&#8221;100&#8243; shift_y=&#8221;0&#8243; z_index=&#8221;0&#8243;][vc_column width=&#8221;2\/3&#8243;][vc_column_text uncode_shortcode_id=&#8221;847481&#8243;]Felh\u00edvjuk kedves Partnereink figyelm\u00e9t, hogy alapanyag-ell\u00e1t\u00e1si neh\u00e9zs\u00e9gek miatt [&hellip;]","og_url":"https:\/\/www.kontakt-elektro.hu\/elektronikai-keszulekek\/szenzorok-erzekelok\/","og_site_name":"Kontakt Elektro","article_publisher":"https:\/\/www.facebook.com\/KONTAKT.Elektro.Kft\/","article_modified_time":"2024-08-09T06:51:40+00:00","og_image":[{"width":330,"height":536,"url":"https:\/\/www.kontakt-elektro.hu\/wp-content\/uploads\/2020\/07\/image4.jpeg","type":"image\/jpeg"}],"twitter_card":"summary_large_image","twitter_misc":{"Becs\u00fclt olvas\u00e1si id\u0151":"2 perc"},"schema":{"@context":"https:\/\/schema.org","@graph":[{"@type":"WebPage","@id":"https:\/\/www.kontakt-elektro.hu\/elektronikai-keszulekek\/szenzorok-erzekelok\/","url":"https:\/\/www.kontakt-elektro.hu\/elektronikai-keszulekek\/szenzorok-erzekelok\/","name":"Szenzorok, \u00e9rz\u00e9kel\u0151k\u00a0\u00a0 - Kontakt Elektro","isPartOf":{"@id":"https:\/\/www.kontakt-elektro.hu\/#website"},"primaryImageOfPage":{"@id":"https:\/\/www.kontakt-elektro.hu\/elektronikai-keszulekek\/szenzorok-erzekelok\/#primaryimage"},"image":{"@id":"https:\/\/www.kontakt-elektro.hu\/elektronikai-keszulekek\/szenzorok-erzekelok\/#primaryimage"},"thumbnailUrl":"https:\/\/www.kontakt-elektro.hu\/wp-content\/uploads\/2020\/07\/image4.jpeg","datePublished":"2020-07-01T13:30:40+00:00","dateModified":"2024-08-09T06:51:40+00:00","breadcrumb":{"@id":"https:\/\/www.kontakt-elektro.hu\/elektronikai-keszulekek\/szenzorok-erzekelok\/#breadcrumb"},"inLanguage":"hu","potentialAction":[{"@type":"ReadAction","target":["https:\/\/www.kontakt-elektro.hu\/elektronikai-keszulekek\/szenzorok-erzekelok\/"]}]},{"@type":"ImageObject","inLanguage":"hu","@id":"https:\/\/www.kontakt-elektro.hu\/elektronikai-keszulekek\/szenzorok-erzekelok\/#primaryimage","url":"https:\/\/www.kontakt-elektro.hu\/wp-content\/uploads\/2020\/07\/image4.jpeg","contentUrl":"https:\/\/www.kontakt-elektro.hu\/wp-content\/uploads\/2020\/07\/image4.jpeg","width":330,"height":536},{"@type":"BreadcrumbList","@id":"https:\/\/www.kontakt-elektro.hu\/elektronikai-keszulekek\/szenzorok-erzekelok\/#breadcrumb","itemListElement":[{"@type":"ListItem","position":1,"name":"kezd\u0151lap","item":"https:\/\/www.kontakt-elektro.hu\/"},{"@type":"ListItem","position":2,"name":"Elektronikai k\u00e9sz\u00fcl\u00e9kek","item":"https:\/\/www.kontakt-elektro.hu\/elektronikai-keszulekek\/"},{"@type":"ListItem","position":3,"name":"Szenzorok, \u00e9rz\u00e9kel\u0151k\u00a0\u00a0"}]},{"@type":"WebSite","@id":"https:\/\/www.kontakt-elektro.hu\/#website","url":"https:\/\/www.kontakt-elektro.hu\/","name":"Kontakt Elektro","description":"","publisher":{"@id":"https:\/\/www.kontakt-elektro.hu\/#organization"},"potentialAction":[{"@type":"SearchAction","target":{"@type":"EntryPoint","urlTemplate":"https:\/\/www.kontakt-elektro.hu\/?s={search_term_string}"},"query-input":{"@type":"PropertyValueSpecification","valueRequired":true,"valueName":"search_term_string"}}],"inLanguage":"hu"},{"@type":"Organization","@id":"https:\/\/www.kontakt-elektro.hu\/#organization","name":"Kontakt Elektro","url":"https:\/\/www.kontakt-elektro.hu\/","logo":{"@type":"ImageObject","inLanguage":"hu","@id":"https:\/\/www.kontakt-elektro.hu\/#\/schema\/logo\/image\/","url":"https:\/\/www.kontakt-elektro.hu\/wp-content\/uploads\/2021\/05\/Kontakt-Elektro.jpg","contentUrl":"https:\/\/www.kontakt-elektro.hu\/wp-content\/uploads\/2021\/05\/Kontakt-Elektro.jpg","width":1200,"height":630,"caption":"Kontakt Elektro"},"image":{"@id":"https:\/\/www.kontakt-elektro.hu\/#\/schema\/logo\/image\/"},"sameAs":["https:\/\/www.facebook.com\/KONTAKT.Elektro.Kft\/","https:\/\/www.linkedin.com\/company\/kontakt-elektro-ltd."]}]}},"_links":{"self":[{"href":"https:\/\/www.kontakt-elektro.hu\/hu\/wp-json\/wp\/v2\/pages\/521","targetHints":{"allow":["GET"]}}],"collection":[{"href":"https:\/\/www.kontakt-elektro.hu\/hu\/wp-json\/wp\/v2\/pages"}],"about":[{"href":"https:\/\/www.kontakt-elektro.hu\/hu\/wp-json\/wp\/v2\/types\/page"}],"author":[{"embeddable":true,"href":"https:\/\/www.kontakt-elektro.hu\/hu\/wp-json\/wp\/v2\/users\/2"}],"replies":[{"embeddable":true,"href":"https:\/\/www.kontakt-elektro.hu\/hu\/wp-json\/wp\/v2\/comments?post=521"}],"version-history":[{"count":2,"href":"https:\/\/www.kontakt-elektro.hu\/hu\/wp-json\/wp\/v2\/pages\/521\/revisions"}],"predecessor-version":[{"id":85931,"href":"https:\/\/www.kontakt-elektro.hu\/hu\/wp-json\/wp\/v2\/pages\/521\/revisions\/85931"}],"up":[{"embeddable":true,"href":"https:\/\/www.kontakt-elektro.hu\/hu\/wp-json\/wp\/v2\/pages\/519"}],"wp:featuredmedia":[{"embeddable":true,"href":"https:\/\/www.kontakt-elektro.hu\/hu\/wp-json\/wp\/v2\/media\/560"}],"wp:attachment":[{"href":"https:\/\/www.kontakt-elektro.hu\/hu\/wp-json\/wp\/v2\/media?parent=521"}],"curies":[{"name":"wp","href":"https:\/\/api.w.org\/{rel}","templated":true}]}}