{"id":481,"date":"2020-07-01T11:51:54","date_gmt":"2020-07-01T09:51:54","guid":{"rendered":"http:\/\/www.kontakt-elektro.hu\/?page_id=481"},"modified":"2021-06-25T09:48:02","modified_gmt":"2021-06-25T07:48:02","slug":"fogyasztasmero-szekrenyek","status":"publish","type":"page","link":"https:\/\/www.kontakt-elektro.hu\/hu\/gyartasi-megoldasok\/fogyasztasmero-szekrenyek\/","title":{"rendered":"Fogyaszt\u00e1sm\u00e9r\u0151 szekr\u00e9nyek"},"content":{"rendered":"<div class=\"wpb-content-wrapper\"><p>[vc_row row_height_percent=&#8221;0&#8243; override_padding=&#8221;yes&#8221; h_padding=&#8221;2&#8243; top_padding=&#8221;2&#8243; bottom_padding=&#8221;3&#8243; overlay_alpha=&#8221;50&#8243; gutter_size=&#8221;3&#8243; column_width_percent=&#8221;100&#8243; shift_y=&#8221;0&#8243; z_index=&#8221;0&#8243;][vc_column width=&#8221;2\/3&#8243;][vc_column_text]A KONTAKT-Elektro Kft. 2000-\u00f3ta foglalkozik villamos fogyaszt\u00e1sm\u00e9r\u0151 szekr\u00e9nyek gy\u00e1rt\u00e1s\u00e1val. A kezdetekt\u0151l kiemelt fontoss\u00e1got tulajdon\u00edtottunk annak, hogy fogyaszt\u00e1sm\u00e9r\u0151 szekr\u00e9nyeink az \u00e9p\u00fcleteknek mind k\u00fcllembeli, mind funkcion\u00e1lis szempontb\u00f3l szerves r\u00e9sz\u00e9t k\u00e9pezz\u00e9k, ez\u00e9rt az elm\u00falt \u00e9vtizedekben minden ter\u00fclet\u00e9re kiterjedtek folyamatos fejleszt\u00e9seink. A szekr\u00e9nyeink kialak\u00edt\u00e1s\u00e1t teljes eg\u00e9sz\u00e9ben al\u00e1 tudjuk rendelni a specifik\u00e1ci\u00f3knak, mivel a gy\u00e1rt\u00e1s \u00f6sszes folyamat\u00e1t c\u00e9g\u00fcnk v\u00e9gzi.\u00a0 A fogyaszt\u00e1sm\u00e9r\u0151 szekr\u00e9nyeink egy egys\u00e9gben, kompletten szerelve, el\u0151huzalozva ker\u00fclnek sz\u00e1ll\u00edt\u00e1sra.\u00a0 Term\u00e9keinket a vev\u0151 k\u00edv\u00e1ns\u00e1ga szerinti sz\u00ednben, elektrosztatikusan porsz\u00f3rt, tart\u00f3s fel\u00fcletv\u00e9delemmel l\u00e1tjuk el.[\/vc_column_text][vc_row_inner row_inner_height_percent=&#8221;0&#8243; overlay_alpha=&#8221;50&#8243; gutter_size=&#8221;3&#8243; shift_y=&#8221;0&#8243; z_index=&#8221;0&#8243; limit_content=&#8221;&#8221;][vc_column_inner width=&#8221;2\/3&#8243;][uncode_list icon=&#8221;fa fa-circle&#8221; icon_color=&#8221;color-775258&#8243; el_class=&#8221;text&#8211;listing&#8221;]<strong>A fogyaszt\u00e1sm\u00e9r\u0151 szekr\u00e9nyeink alkalmaz\u00e1si ter\u00fcletei:<\/strong><\/p>\n<ul>\n<li>Csal\u00e1di h\u00e1zak<\/li>\n<li>T\u00e1rsash\u00e1zak<\/li>\n<li>Nyaral\u00f3k<\/li>\n<li>Campingek<\/li>\n<li>Pavilonok<\/li>\n<li>GSM b\u00e1zis\u00e1llom\u00e1sok<\/li>\n<li>T\u00f6rpev\u00edzm\u0171vek<\/li>\n<li>Szennyv\u00edz\u00e1temel\u0151k-MOBA<\/li>\n<li>V\u00edz\u00fcgyi-\u00e1rv\u00edzv\u00e9delmi l\u00e9tes\u00edtm\u00e9nyek<\/li>\n<li>Ipari l\u00e9tes\u00edtm\u00e9nyek<\/li>\n<li>Kereskedelmi l\u00e9tes\u00edtm\u00e9nyek<\/li>\n<li>Aut\u00f3p\u00e1lya \u00fczemviteli l\u00e9tes\u00edtm\u00e9nyek<\/li>\n<li>Mez\u0151gazdas\u00e1gi-erd\u00e9szeti l\u00e9tes\u00edtm\u00e9nyek<\/li>\n<li>Egy\u00e9b f\u00f6ldk\u00e1beles csatlakoz\u00e1s\u00fa \u00e9s eloszt\u00e1s\u00fa l\u00e9tes\u00edtm\u00e9nyek<\/li>\n<li>Ideiglenes fogy. m\u00e9r\u0151 helyek<\/li>\n<\/ul>\n<p>[\/uncode_list][\/vc_column_inner][vc_column_inner width=&#8221;1\/3&#8243;][uncode_list icon=&#8221;fa fa-circle&#8221; icon_color=&#8221;color-775258&#8243; el_class=&#8221;text&#8211;listing&#8221;]<b>T\u00edpusai<\/b><strong>:<\/strong><\/p>\n<ul>\n<li><a href=\"http:\/\/www.kontakt-elektro.hu\/gyartasi-megoldasok\/fogyasztasmero-szekrenyek\/csoportos\/\">Csoportos<\/a><\/li>\n<li><a href=\"http:\/\/www.kontakt-elektro.hu\/gyartasi-megoldasok\/fogyasztasmero-szekrenyek\/uniport\/\">Uniport\u00a0<\/a><\/li>\n<li><a href=\"https:\/\/www.kontakt-elektro.hu\/gyartasi-megoldasok\/fogyasztasmero-szekrenyek\/tervezoi-oldal\/\">Tervez\u0151i oldal<\/a><\/li>\n<\/ul>\n<p>[\/uncode_list][\/vc_column_inner][\/vc_row_inner][vc_empty_space empty_h=&#8221;2&#8243;][vc_button button_color=&#8221;color-775258&#8243; radius=&#8221;btn-circle&#8221; border_width=&#8221;0&#8243; icon_position=&#8221;right&#8221; display=&#8221;inline&#8221; icon=&#8221;fa fa-print&#8221; link=&#8221;url:http%3A%2F%2Fwww.kontakt-elektro.hu%2Fwp-content%2Fuploads%2F2021%2F02%2FCsoportos-fogyasztasmero-szekreny-prosi.pdf|target:_blank&#8221; width=&#8221;250&#8243; el_class=&#8221;btn&#8211;primary&#8221;]Fogyaszt\u00e1sm\u00e9r\u0151 katal\u00f3gus[\/vc_button][vc_button button_color=&#8221;color-775258&#8243; radius=&#8221;btn-circle&#8221; border_width=&#8221;0&#8243; icon_position=&#8221;right&#8221; display=&#8221;inline&#8221; icon=&#8221;fa fa-print&#8221; link=&#8221;url:http%3A%2F%2Fwww.kontakt-elektro.hu%2Fwp-content%2Fuploads%2F2021%2F02%2FRendszerengedelyek-2021.pdf|target:_blank&#8221; width=&#8221;250&#8243; el_class=&#8221;btn&#8211;primary&#8221;]Rendszerenged\u00e9ly let\u00f6lt\u00e9se[\/vc_button][\/vc_column][vc_column width=&#8221;1\/3&#8243;][vc_gallery el_id=&#8221;gallery-425200&#8243; medias=&#8221;82981,82982&#8243; gutter_size=&#8221;2&#8243; screen_lg=&#8221;1000&#8243; screen_md=&#8221;600&#8243; screen_sm=&#8221;480&#8243; single_overlay_color=&#8221;color-jevc&#8221; single_overlay_coloration=&#8221;bottom_gradient&#8221; single_overlay_opacity=&#8221;50&#8243; single_h_align=&#8221;center&#8221; single_v_position=&#8221;bottom&#8221; single_padding=&#8221;1&#8243; single_title_dimension=&#8221;&#8221; single_icon=&#8221;fa fa-zoom-in&#8221; single_border=&#8221;yes&#8221;][\/vc_column][\/vc_row]<\/p>\n<\/div>","protected":false},"excerpt":{"rendered":"<p>[vc_row row_height_percent=&#8221;0&#8243; override_padding=&#8221;yes&#8221; h_padding=&#8221;2&#8243; top_padding=&#8221;2&#8243; bottom_padding=&#8221;3&#8243; overlay_alpha=&#8221;50&#8243; gutter_size=&#8221;3&#8243; column_width_percent=&#8221;100&#8243; shift_y=&#8221;0&#8243; z_index=&#8221;0&#8243;][vc_column width=&#8221;2\/3&#8243;][vc_column_text]A KONTAKT-Elektro Kft. 2000-\u00f3ta foglalkozik villamos fogyaszt\u00e1sm\u00e9r\u0151 szekr\u00e9nyek gy\u00e1rt\u00e1s\u00e1val. [&hellip;]<\/p>\n","protected":false},"author":2,"featured_media":83611,"parent":473,"menu_order":0,"comment_status":"closed","ping_status":"closed","template":"","meta":{"_acf_changed":false,"footnotes":""},"class_list":["post-481","page","type-page","status-publish","has-post-thumbnail","hentry","page_category-gyartasi-megoldasok","page_category-subpage"],"acf":[],"yoast_head":"<!-- This site is optimized with the Yoast SEO plugin v27.5 - https:\/\/yoast.com\/product\/yoast-seo-wordpress\/ -->\n<title>Fogyaszt\u00e1sm\u00e9r\u0151 szekr\u00e9nyek - Kontakt Elektro<\/title>\n<meta name=\"robots\" content=\"index, follow, max-snippet:-1, max-image-preview:large, max-video-preview:-1\" \/>\n<link rel=\"canonical\" href=\"https:\/\/www.kontakt-elektro.hu\/gyartasi-megoldasok\/fogyasztasmero-szekrenyek\/\" \/>\n<meta property=\"og:locale\" content=\"hu_HU\" \/>\n<meta property=\"og:type\" content=\"article\" \/>\n<meta property=\"og:title\" content=\"Fogyaszt\u00e1sm\u00e9r\u0151 szekr\u00e9nyek - Kontakt Elektro\" \/>\n<meta property=\"og:description\" content=\"[vc_row row_height_percent=&#8221;0&#8243; override_padding=&#8221;yes&#8221; h_padding=&#8221;2&#8243; top_padding=&#8221;2&#8243; bottom_padding=&#8221;3&#8243; overlay_alpha=&#8221;50&#8243; gutter_size=&#8221;3&#8243; column_width_percent=&#8221;100&#8243; shift_y=&#8221;0&#8243; z_index=&#8221;0&#8243;][vc_column width=&#8221;2\/3&#8243;][vc_column_text]A KONTAKT-Elektro Kft. 2000-\u00f3ta foglalkozik villamos fogyaszt\u00e1sm\u00e9r\u0151 szekr\u00e9nyek gy\u00e1rt\u00e1s\u00e1val. [&hellip;]\" \/>\n<meta property=\"og:url\" content=\"https:\/\/www.kontakt-elektro.hu\/gyartasi-megoldasok\/fogyasztasmero-szekrenyek\/\" \/>\n<meta property=\"og:site_name\" content=\"Kontakt Elektro\" \/>\n<meta property=\"article:publisher\" content=\"https:\/\/www.facebook.com\/KONTAKT.Elektro.Kft\/\" \/>\n<meta property=\"article:modified_time\" content=\"2021-06-25T07:48:02+00:00\" \/>\n<meta property=\"og:image\" content=\"https:\/\/www.kontakt-elektro.hu\/wp-content\/uploads\/2020\/09\/kombi-fogyasztasmeroszekreny-nyitva.png\" \/>\n\t<meta property=\"og:image:width\" content=\"643\" \/>\n\t<meta property=\"og:image:height\" content=\"637\" \/>\n\t<meta property=\"og:image:type\" content=\"image\/png\" \/>\n<meta name=\"twitter:card\" content=\"summary_large_image\" \/>\n<meta name=\"twitter:label1\" content=\"Becs\u00fclt olvas\u00e1si id\u0151\" \/>\n\t<meta name=\"twitter:data1\" content=\"2 perc\" \/>\n<script type=\"application\/ld+json\" class=\"yoast-schema-graph\">{\"@context\":\"https:\\\/\\\/schema.org\",\"@graph\":[{\"@type\":\"WebPage\",\"@id\":\"https:\\\/\\\/www.kontakt-elektro.hu\\\/gyartasi-megoldasok\\\/fogyasztasmero-szekrenyek\\\/\",\"url\":\"https:\\\/\\\/www.kontakt-elektro.hu\\\/gyartasi-megoldasok\\\/fogyasztasmero-szekrenyek\\\/\",\"name\":\"Fogyaszt\u00e1sm\u00e9r\u0151 szekr\u00e9nyek - Kontakt Elektro\",\"isPartOf\":{\"@id\":\"https:\\\/\\\/www.kontakt-elektro.hu\\\/#website\"},\"primaryImageOfPage\":{\"@id\":\"https:\\\/\\\/www.kontakt-elektro.hu\\\/gyartasi-megoldasok\\\/fogyasztasmero-szekrenyek\\\/#primaryimage\"},\"image\":{\"@id\":\"https:\\\/\\\/www.kontakt-elektro.hu\\\/gyartasi-megoldasok\\\/fogyasztasmero-szekrenyek\\\/#primaryimage\"},\"thumbnailUrl\":\"https:\\\/\\\/www.kontakt-elektro.hu\\\/wp-content\\\/uploads\\\/2020\\\/09\\\/kombi-fogyasztasmeroszekreny-nyitva.png\",\"datePublished\":\"2020-07-01T09:51:54+00:00\",\"dateModified\":\"2021-06-25T07:48:02+00:00\",\"breadcrumb\":{\"@id\":\"https:\\\/\\\/www.kontakt-elektro.hu\\\/gyartasi-megoldasok\\\/fogyasztasmero-szekrenyek\\\/#breadcrumb\"},\"inLanguage\":\"hu\",\"potentialAction\":[{\"@type\":\"ReadAction\",\"target\":[\"https:\\\/\\\/www.kontakt-elektro.hu\\\/gyartasi-megoldasok\\\/fogyasztasmero-szekrenyek\\\/\"]}]},{\"@type\":\"ImageObject\",\"inLanguage\":\"hu\",\"@id\":\"https:\\\/\\\/www.kontakt-elektro.hu\\\/gyartasi-megoldasok\\\/fogyasztasmero-szekrenyek\\\/#primaryimage\",\"url\":\"https:\\\/\\\/www.kontakt-elektro.hu\\\/wp-content\\\/uploads\\\/2020\\\/09\\\/kombi-fogyasztasmeroszekreny-nyitva.png\",\"contentUrl\":\"https:\\\/\\\/www.kontakt-elektro.hu\\\/wp-content\\\/uploads\\\/2020\\\/09\\\/kombi-fogyasztasmeroszekreny-nyitva.png\",\"width\":643,\"height\":637,\"caption\":\"fogyszt\u00e1sm\u00e9r\u0151szekr\u00e9ny\"},{\"@type\":\"BreadcrumbList\",\"@id\":\"https:\\\/\\\/www.kontakt-elektro.hu\\\/gyartasi-megoldasok\\\/fogyasztasmero-szekrenyek\\\/#breadcrumb\",\"itemListElement\":[{\"@type\":\"ListItem\",\"position\":1,\"name\":\"kezd\u0151lap\",\"item\":\"https:\\\/\\\/www.kontakt-elektro.hu\\\/\"},{\"@type\":\"ListItem\",\"position\":2,\"name\":\"Gy\u00e1rt\u00e1si megold\u00e1sok\",\"item\":\"https:\\\/\\\/www.kontakt-elektro.hu\\\/gyartasi-megoldasok\\\/\"},{\"@type\":\"ListItem\",\"position\":3,\"name\":\"Fogyaszt\u00e1sm\u00e9r\u0151 szekr\u00e9nyek\"}]},{\"@type\":\"WebSite\",\"@id\":\"https:\\\/\\\/www.kontakt-elektro.hu\\\/#website\",\"url\":\"https:\\\/\\\/www.kontakt-elektro.hu\\\/\",\"name\":\"Kontakt Elektro\",\"description\":\"\",\"publisher\":{\"@id\":\"https:\\\/\\\/www.kontakt-elektro.hu\\\/#organization\"},\"potentialAction\":[{\"@type\":\"SearchAction\",\"target\":{\"@type\":\"EntryPoint\",\"urlTemplate\":\"https:\\\/\\\/www.kontakt-elektro.hu\\\/?s={search_term_string}\"},\"query-input\":{\"@type\":\"PropertyValueSpecification\",\"valueRequired\":true,\"valueName\":\"search_term_string\"}}],\"inLanguage\":\"hu\"},{\"@type\":\"Organization\",\"@id\":\"https:\\\/\\\/www.kontakt-elektro.hu\\\/#organization\",\"name\":\"Kontakt Elektro\",\"url\":\"https:\\\/\\\/www.kontakt-elektro.hu\\\/\",\"logo\":{\"@type\":\"ImageObject\",\"inLanguage\":\"hu\",\"@id\":\"https:\\\/\\\/www.kontakt-elektro.hu\\\/#\\\/schema\\\/logo\\\/image\\\/\",\"url\":\"https:\\\/\\\/www.kontakt-elektro.hu\\\/wp-content\\\/uploads\\\/2021\\\/05\\\/Kontakt-Elektro.jpg\",\"contentUrl\":\"https:\\\/\\\/www.kontakt-elektro.hu\\\/wp-content\\\/uploads\\\/2021\\\/05\\\/Kontakt-Elektro.jpg\",\"width\":1200,\"height\":630,\"caption\":\"Kontakt Elektro\"},\"image\":{\"@id\":\"https:\\\/\\\/www.kontakt-elektro.hu\\\/#\\\/schema\\\/logo\\\/image\\\/\"},\"sameAs\":[\"https:\\\/\\\/www.facebook.com\\\/KONTAKT.Elektro.Kft\\\/\",\"https:\\\/\\\/www.linkedin.com\\\/company\\\/kontakt-elektro-ltd.\"]}]}<\/script>\n<!-- \/ Yoast SEO plugin. -->","yoast_head_json":{"title":"Fogyaszt\u00e1sm\u00e9r\u0151 szekr\u00e9nyek - Kontakt Elektro","robots":{"index":"index","follow":"follow","max-snippet":"max-snippet:-1","max-image-preview":"max-image-preview:large","max-video-preview":"max-video-preview:-1"},"canonical":"https:\/\/www.kontakt-elektro.hu\/gyartasi-megoldasok\/fogyasztasmero-szekrenyek\/","og_locale":"hu_HU","og_type":"article","og_title":"Fogyaszt\u00e1sm\u00e9r\u0151 szekr\u00e9nyek - Kontakt Elektro","og_description":"[vc_row row_height_percent=&#8221;0&#8243; override_padding=&#8221;yes&#8221; h_padding=&#8221;2&#8243; top_padding=&#8221;2&#8243; bottom_padding=&#8221;3&#8243; overlay_alpha=&#8221;50&#8243; gutter_size=&#8221;3&#8243; column_width_percent=&#8221;100&#8243; shift_y=&#8221;0&#8243; z_index=&#8221;0&#8243;][vc_column width=&#8221;2\/3&#8243;][vc_column_text]A KONTAKT-Elektro Kft. 2000-\u00f3ta foglalkozik villamos fogyaszt\u00e1sm\u00e9r\u0151 szekr\u00e9nyek gy\u00e1rt\u00e1s\u00e1val. [&hellip;]","og_url":"https:\/\/www.kontakt-elektro.hu\/gyartasi-megoldasok\/fogyasztasmero-szekrenyek\/","og_site_name":"Kontakt Elektro","article_publisher":"https:\/\/www.facebook.com\/KONTAKT.Elektro.Kft\/","article_modified_time":"2021-06-25T07:48:02+00:00","og_image":[{"width":643,"height":637,"url":"https:\/\/www.kontakt-elektro.hu\/wp-content\/uploads\/2020\/09\/kombi-fogyasztasmeroszekreny-nyitva.png","type":"image\/png"}],"twitter_card":"summary_large_image","twitter_misc":{"Becs\u00fclt olvas\u00e1si id\u0151":"2 perc"},"schema":{"@context":"https:\/\/schema.org","@graph":[{"@type":"WebPage","@id":"https:\/\/www.kontakt-elektro.hu\/gyartasi-megoldasok\/fogyasztasmero-szekrenyek\/","url":"https:\/\/www.kontakt-elektro.hu\/gyartasi-megoldasok\/fogyasztasmero-szekrenyek\/","name":"Fogyaszt\u00e1sm\u00e9r\u0151 szekr\u00e9nyek - Kontakt Elektro","isPartOf":{"@id":"https:\/\/www.kontakt-elektro.hu\/#website"},"primaryImageOfPage":{"@id":"https:\/\/www.kontakt-elektro.hu\/gyartasi-megoldasok\/fogyasztasmero-szekrenyek\/#primaryimage"},"image":{"@id":"https:\/\/www.kontakt-elektro.hu\/gyartasi-megoldasok\/fogyasztasmero-szekrenyek\/#primaryimage"},"thumbnailUrl":"https:\/\/www.kontakt-elektro.hu\/wp-content\/uploads\/2020\/09\/kombi-fogyasztasmeroszekreny-nyitva.png","datePublished":"2020-07-01T09:51:54+00:00","dateModified":"2021-06-25T07:48:02+00:00","breadcrumb":{"@id":"https:\/\/www.kontakt-elektro.hu\/gyartasi-megoldasok\/fogyasztasmero-szekrenyek\/#breadcrumb"},"inLanguage":"hu","potentialAction":[{"@type":"ReadAction","target":["https:\/\/www.kontakt-elektro.hu\/gyartasi-megoldasok\/fogyasztasmero-szekrenyek\/"]}]},{"@type":"ImageObject","inLanguage":"hu","@id":"https:\/\/www.kontakt-elektro.hu\/gyartasi-megoldasok\/fogyasztasmero-szekrenyek\/#primaryimage","url":"https:\/\/www.kontakt-elektro.hu\/wp-content\/uploads\/2020\/09\/kombi-fogyasztasmeroszekreny-nyitva.png","contentUrl":"https:\/\/www.kontakt-elektro.hu\/wp-content\/uploads\/2020\/09\/kombi-fogyasztasmeroszekreny-nyitva.png","width":643,"height":637,"caption":"fogyszt\u00e1sm\u00e9r\u0151szekr\u00e9ny"},{"@type":"BreadcrumbList","@id":"https:\/\/www.kontakt-elektro.hu\/gyartasi-megoldasok\/fogyasztasmero-szekrenyek\/#breadcrumb","itemListElement":[{"@type":"ListItem","position":1,"name":"kezd\u0151lap","item":"https:\/\/www.kontakt-elektro.hu\/"},{"@type":"ListItem","position":2,"name":"Gy\u00e1rt\u00e1si megold\u00e1sok","item":"https:\/\/www.kontakt-elektro.hu\/gyartasi-megoldasok\/"},{"@type":"ListItem","position":3,"name":"Fogyaszt\u00e1sm\u00e9r\u0151 szekr\u00e9nyek"}]},{"@type":"WebSite","@id":"https:\/\/www.kontakt-elektro.hu\/#website","url":"https:\/\/www.kontakt-elektro.hu\/","name":"Kontakt Elektro","description":"","publisher":{"@id":"https:\/\/www.kontakt-elektro.hu\/#organization"},"potentialAction":[{"@type":"SearchAction","target":{"@type":"EntryPoint","urlTemplate":"https:\/\/www.kontakt-elektro.hu\/?s={search_term_string}"},"query-input":{"@type":"PropertyValueSpecification","valueRequired":true,"valueName":"search_term_string"}}],"inLanguage":"hu"},{"@type":"Organization","@id":"https:\/\/www.kontakt-elektro.hu\/#organization","name":"Kontakt Elektro","url":"https:\/\/www.kontakt-elektro.hu\/","logo":{"@type":"ImageObject","inLanguage":"hu","@id":"https:\/\/www.kontakt-elektro.hu\/#\/schema\/logo\/image\/","url":"https:\/\/www.kontakt-elektro.hu\/wp-content\/uploads\/2021\/05\/Kontakt-Elektro.jpg","contentUrl":"https:\/\/www.kontakt-elektro.hu\/wp-content\/uploads\/2021\/05\/Kontakt-Elektro.jpg","width":1200,"height":630,"caption":"Kontakt Elektro"},"image":{"@id":"https:\/\/www.kontakt-elektro.hu\/#\/schema\/logo\/image\/"},"sameAs":["https:\/\/www.facebook.com\/KONTAKT.Elektro.Kft\/","https:\/\/www.linkedin.com\/company\/kontakt-elektro-ltd."]}]}},"_links":{"self":[{"href":"https:\/\/www.kontakt-elektro.hu\/hu\/wp-json\/wp\/v2\/pages\/481","targetHints":{"allow":["GET"]}}],"collection":[{"href":"https:\/\/www.kontakt-elektro.hu\/hu\/wp-json\/wp\/v2\/pages"}],"about":[{"href":"https:\/\/www.kontakt-elektro.hu\/hu\/wp-json\/wp\/v2\/types\/page"}],"author":[{"embeddable":true,"href":"https:\/\/www.kontakt-elektro.hu\/hu\/wp-json\/wp\/v2\/users\/2"}],"replies":[{"embeddable":true,"href":"https:\/\/www.kontakt-elektro.hu\/hu\/wp-json\/wp\/v2\/comments?post=481"}],"version-history":[{"count":0,"href":"https:\/\/www.kontakt-elektro.hu\/hu\/wp-json\/wp\/v2\/pages\/481\/revisions"}],"up":[{"embeddable":true,"href":"https:\/\/www.kontakt-elektro.hu\/hu\/wp-json\/wp\/v2\/pages\/473"}],"wp:featuredmedia":[{"embeddable":true,"href":"https:\/\/www.kontakt-elektro.hu\/hu\/wp-json\/wp\/v2\/media\/83611"}],"wp:attachment":[{"href":"https:\/\/www.kontakt-elektro.hu\/hu\/wp-json\/wp\/v2\/media?parent=481"}],"curies":[{"name":"wp","href":"https:\/\/api.w.org\/{rel}","templated":true}]}}