{"id":477,"date":"2020-07-01T11:50:59","date_gmt":"2020-07-01T09:50:59","guid":{"rendered":"http:\/\/www.kontakt-elektro.hu\/?page_id=477"},"modified":"2021-05-14T12:13:16","modified_gmt":"2021-05-14T10:13:16","slug":"ipari-technologiak-szerelese","status":"publish","type":"page","link":"https:\/\/www.kontakt-elektro.hu\/hu\/gyartasi-megoldasok\/ipari-technologiak-szerelese\/","title":{"rendered":"Ipari technol\u00f3gi\u00e1k szerel\u00e9se"},"content":{"rendered":"<div class=\"wpb-content-wrapper\"><p>[vc_row row_height_percent=&#8221;0&#8243; override_padding=&#8221;yes&#8221; h_padding=&#8221;2&#8243; top_padding=&#8221;2&#8243; bottom_padding=&#8221;2&#8243; overlay_alpha=&#8221;50&#8243; gutter_size=&#8221;3&#8243; column_width_percent=&#8221;100&#8243; shift_y=&#8221;0&#8243; z_index=&#8221;0&#8243;][vc_column width=&#8221;2\/3&#8243;][vc_column_text]T\u00e1rsas\u00e1gunk tev\u00e9kenys\u00e9g\u00e9ben egyre nagyobb szerepet kap az \u00e1ltalunk, vagy Partnereink \u00e1ltal tervezet ipari technol\u00f3gi\u00e1khoz kapcsol\u00f3d\u00f3 villamos szerel\u00e9si munk\u00e1k helysz\u00edni kivitelez\u00e9se. Kivitelez\u00e9seinket f\u0151 \u00e9s alv\u00e1llalkoz\u00e1sban is v\u00e9gezz\u00fck, melyek helysz\u00edne a belf\u00f6ldi mellett egyre nagyobb h\u00e1nyadban az EU valamennyi orsz\u00e1ga. A kivitelez\u00e9si munk\u00e1inkn\u00e1l m\u00e9rn\u00f6k projektvezet\u0151ink magas szakmai felk\u00e9sz\u00fclts\u00e9g\u00fckkel biztos\u00edtj\u00e1k a kivitelez\u00e9si munk\u00e1k technol\u00f3giai h\u00e1tter\u00e9t, partnereinkkel a kapcsolattart\u00e1st \u00e9s a min\u0151s\u00e9gi elv\u00e1r\u00e1sok teljes\u00fcl\u00e9s\u00e9t. Korszer\u0171 m\u0171helyeinkben sz\u00e1mtalan alkatr\u00e9sz el\u0151regy\u00e1rt\u00e1s\u00e1ra van m\u00f3d, ezzel is cs\u00f6kkentve a helysz\u00edni szerel\u00e9s id\u0151sz\u00fcks\u00e9glet\u00e9t, illetve ezen m\u00f3don k\u00edv\u00e1njuk el\u00e9rni, hogy Partnereink napi \u00fcgymenet\u00e9t csak a sz\u00fcks\u00e9ges m\u00e9rt\u00e9kben befoly\u00e1soljuk. Villamos kivitelez\u00e9si munk\u00e1ink sor\u00e1n tov\u00e1bbi el\u0151nyt jelent a speci\u00e1lisan villamos ig\u00e9nyekre berendezett lakatos \u00fczem\u00fcnk, ahol p\u00f3diumok, egyedi tart\u00f3szerkezetek, burkolatok gy\u00e1rt\u00e1s\u00e1t v\u00e9gezz\u00fck, sz\u00e9nac\u00e9l porsz\u00f3rt kivitelben, vagy ak\u00e1r rozsdamentes anyagok felhaszn\u00e1l\u00e1s\u00e1val.[\/vc_column_text][vc_row_inner row_inner_height_percent=&#8221;0&#8243; overlay_alpha=&#8221;50&#8243; gutter_size=&#8221;0&#8243; shift_y=&#8221;0&#8243; z_index=&#8221;0&#8243; limit_content=&#8221;&#8221;][vc_column_inner width=&#8221;1\/1&#8243;][uncode_list icon=&#8221;fa fa-circle&#8221; icon_color=&#8221;color-775258&#8243; el_class=&#8221;text&#8211;listing&#8221;]<strong>Szolg\u00e1ltat\u00e1saink:<\/strong><\/p>\n<ul>\n<li>M\u0171szaki tervez\u00e9s<\/li>\n<li>Sz\u00fcks\u00e9ges eloszt\u00f3- \u00e9s vez\u00e9rl\u0151szekr\u00e9nyek gy\u00e1rt\u00e1sa, telep\u00edt\u00e9se, \u00fczembe helyez\u00e9se<\/li>\n<li>Helysz\u00edni szerel\u00e9si munk\u00e1k kivitelez\u00e9se<\/li>\n<li>Terepi eszk\u00f6z\u00f6k programoz\u00e1sa, \u00fczembe helyez\u00e9se<\/li>\n<li>Szenzorika, terepi hook-up \u2013ok kivitelez\u00e9se<\/li>\n<li>\u00dczemeltet\u00e9s \u00e9s karbantart\u00e1s (szerz\u0151d\u00e9sk\u00f6t\u00e9s alapj\u00e1n), t\u00e1vel\u00e9r\u00e9s kialak\u00edt\u00e1sa<\/li>\n<li>Technol\u00f3giai \u00e1llapotfelm\u00e9r\u00e9s<\/li>\n<li>Szabv\u00e1nyoss\u00e1gi vizsg\u00e1latok, m\u00e9r\u00e9sek<\/li>\n<li>Retrofit<\/li>\n<\/ul>\n<p>[\/uncode_list][\/vc_column_inner][\/vc_row_inner][\/vc_column][vc_column width=&#8221;1\/3&#8243;][vc_gallery el_id=&#8221;gallery-587755&#8243; medias=&#8221;82963,82964,82965,82966&#8243; gutter_size=&#8221;2&#8243; screen_lg=&#8221;1000&#8243; screen_md=&#8221;600&#8243; screen_sm=&#8221;480&#8243; single_shape=&#8221;round&#8221; single_overlay_color=&#8221;color-775258&#8243; single_overlay_opacity=&#8221;50&#8243; single_overlay_anim=&#8221;no&#8221; single_padding=&#8221;2&#8243; single_title_dimension=&#8221;&#8221;][\/vc_column][\/vc_row]<\/p>\n<\/div>","protected":false},"excerpt":{"rendered":"<p>[vc_row row_height_percent=&#8221;0&#8243; override_padding=&#8221;yes&#8221; h_padding=&#8221;2&#8243; top_padding=&#8221;2&#8243; bottom_padding=&#8221;2&#8243; overlay_alpha=&#8221;50&#8243; gutter_size=&#8221;3&#8243; column_width_percent=&#8221;100&#8243; shift_y=&#8221;0&#8243; z_index=&#8221;0&#8243;][vc_column width=&#8221;2\/3&#8243;][vc_column_text]T\u00e1rsas\u00e1gunk tev\u00e9kenys\u00e9g\u00e9ben egyre nagyobb szerepet kap az \u00e1ltalunk, vagy [&hellip;]<\/p>\n","protected":false},"author":2,"featured_media":82966,"parent":473,"menu_order":0,"comment_status":"closed","ping_status":"closed","template":"","meta":{"_acf_changed":false,"footnotes":""},"class_list":["post-477","page","type-page","status-publish","has-post-thumbnail","hentry","page_category-gyartasi-megoldasok","page_category-subpage"],"acf":[],"yoast_head":"<!-- This site is optimized with the Yoast SEO plugin v27.5 - https:\/\/yoast.com\/product\/yoast-seo-wordpress\/ -->\n<title>Ipari technol\u00f3gi\u00e1k szerel\u00e9se - Kontakt Elektro<\/title>\n<meta name=\"robots\" content=\"index, follow, max-snippet:-1, max-image-preview:large, max-video-preview:-1\" \/>\n<link rel=\"canonical\" href=\"https:\/\/www.kontakt-elektro.hu\/gyartasi-megoldasok\/ipari-technologiak-szerelese\/\" \/>\n<meta property=\"og:locale\" content=\"hu_HU\" \/>\n<meta property=\"og:type\" content=\"article\" \/>\n<meta property=\"og:title\" content=\"Ipari technol\u00f3gi\u00e1k szerel\u00e9se - Kontakt Elektro\" \/>\n<meta property=\"og:description\" content=\"[vc_row row_height_percent=&#8221;0&#8243; override_padding=&#8221;yes&#8221; h_padding=&#8221;2&#8243; top_padding=&#8221;2&#8243; bottom_padding=&#8221;2&#8243; overlay_alpha=&#8221;50&#8243; gutter_size=&#8221;3&#8243; column_width_percent=&#8221;100&#8243; shift_y=&#8221;0&#8243; z_index=&#8221;0&#8243;][vc_column width=&#8221;2\/3&#8243;][vc_column_text]T\u00e1rsas\u00e1gunk tev\u00e9kenys\u00e9g\u00e9ben egyre nagyobb szerepet kap az \u00e1ltalunk, vagy [&hellip;]\" \/>\n<meta property=\"og:url\" content=\"https:\/\/www.kontakt-elektro.hu\/gyartasi-megoldasok\/ipari-technologiak-szerelese\/\" \/>\n<meta property=\"og:site_name\" content=\"Kontakt Elektro\" \/>\n<meta property=\"article:publisher\" content=\"https:\/\/www.facebook.com\/KONTAKT.Elektro.Kft\/\" \/>\n<meta property=\"article:modified_time\" content=\"2021-05-14T10:13:16+00:00\" \/>\n<meta property=\"og:image\" content=\"https:\/\/www.kontakt-elektro.hu\/wp-content\/uploads\/2020\/08\/Ipari-technologiak-szerelese-1.jpg\" \/>\n\t<meta property=\"og:image:width\" content=\"1065\" \/>\n\t<meta property=\"og:image:height\" content=\"799\" \/>\n\t<meta property=\"og:image:type\" content=\"image\/jpeg\" \/>\n<meta name=\"twitter:card\" content=\"summary_large_image\" \/>\n<meta name=\"twitter:label1\" content=\"Becs\u00fclt olvas\u00e1si id\u0151\" \/>\n\t<meta name=\"twitter:data1\" content=\"2 perc\" \/>\n<script type=\"application\/ld+json\" class=\"yoast-schema-graph\">{\"@context\":\"https:\\\/\\\/schema.org\",\"@graph\":[{\"@type\":\"WebPage\",\"@id\":\"https:\\\/\\\/www.kontakt-elektro.hu\\\/gyartasi-megoldasok\\\/ipari-technologiak-szerelese\\\/\",\"url\":\"https:\\\/\\\/www.kontakt-elektro.hu\\\/gyartasi-megoldasok\\\/ipari-technologiak-szerelese\\\/\",\"name\":\"Ipari technol\u00f3gi\u00e1k szerel\u00e9se - Kontakt Elektro\",\"isPartOf\":{\"@id\":\"https:\\\/\\\/www.kontakt-elektro.hu\\\/#website\"},\"primaryImageOfPage\":{\"@id\":\"https:\\\/\\\/www.kontakt-elektro.hu\\\/gyartasi-megoldasok\\\/ipari-technologiak-szerelese\\\/#primaryimage\"},\"image\":{\"@id\":\"https:\\\/\\\/www.kontakt-elektro.hu\\\/gyartasi-megoldasok\\\/ipari-technologiak-szerelese\\\/#primaryimage\"},\"thumbnailUrl\":\"https:\\\/\\\/www.kontakt-elektro.hu\\\/wp-content\\\/uploads\\\/2020\\\/08\\\/Ipari-technologiak-szerelese-1.jpg\",\"datePublished\":\"2020-07-01T09:50:59+00:00\",\"dateModified\":\"2021-05-14T10:13:16+00:00\",\"breadcrumb\":{\"@id\":\"https:\\\/\\\/www.kontakt-elektro.hu\\\/gyartasi-megoldasok\\\/ipari-technologiak-szerelese\\\/#breadcrumb\"},\"inLanguage\":\"hu\",\"potentialAction\":[{\"@type\":\"ReadAction\",\"target\":[\"https:\\\/\\\/www.kontakt-elektro.hu\\\/gyartasi-megoldasok\\\/ipari-technologiak-szerelese\\\/\"]}]},{\"@type\":\"ImageObject\",\"inLanguage\":\"hu\",\"@id\":\"https:\\\/\\\/www.kontakt-elektro.hu\\\/gyartasi-megoldasok\\\/ipari-technologiak-szerelese\\\/#primaryimage\",\"url\":\"https:\\\/\\\/www.kontakt-elektro.hu\\\/wp-content\\\/uploads\\\/2020\\\/08\\\/Ipari-technologiak-szerelese-1.jpg\",\"contentUrl\":\"https:\\\/\\\/www.kontakt-elektro.hu\\\/wp-content\\\/uploads\\\/2020\\\/08\\\/Ipari-technologiak-szerelese-1.jpg\",\"width\":1065,\"height\":799},{\"@type\":\"BreadcrumbList\",\"@id\":\"https:\\\/\\\/www.kontakt-elektro.hu\\\/gyartasi-megoldasok\\\/ipari-technologiak-szerelese\\\/#breadcrumb\",\"itemListElement\":[{\"@type\":\"ListItem\",\"position\":1,\"name\":\"kezd\u0151lap\",\"item\":\"https:\\\/\\\/www.kontakt-elektro.hu\\\/\"},{\"@type\":\"ListItem\",\"position\":2,\"name\":\"Gy\u00e1rt\u00e1si megold\u00e1sok\",\"item\":\"https:\\\/\\\/www.kontakt-elektro.hu\\\/gyartasi-megoldasok\\\/\"},{\"@type\":\"ListItem\",\"position\":3,\"name\":\"Ipari technol\u00f3gi\u00e1k szerel\u00e9se\"}]},{\"@type\":\"WebSite\",\"@id\":\"https:\\\/\\\/www.kontakt-elektro.hu\\\/#website\",\"url\":\"https:\\\/\\\/www.kontakt-elektro.hu\\\/\",\"name\":\"Kontakt Elektro\",\"description\":\"\",\"publisher\":{\"@id\":\"https:\\\/\\\/www.kontakt-elektro.hu\\\/#organization\"},\"potentialAction\":[{\"@type\":\"SearchAction\",\"target\":{\"@type\":\"EntryPoint\",\"urlTemplate\":\"https:\\\/\\\/www.kontakt-elektro.hu\\\/?s={search_term_string}\"},\"query-input\":{\"@type\":\"PropertyValueSpecification\",\"valueRequired\":true,\"valueName\":\"search_term_string\"}}],\"inLanguage\":\"hu\"},{\"@type\":\"Organization\",\"@id\":\"https:\\\/\\\/www.kontakt-elektro.hu\\\/#organization\",\"name\":\"Kontakt Elektro\",\"url\":\"https:\\\/\\\/www.kontakt-elektro.hu\\\/\",\"logo\":{\"@type\":\"ImageObject\",\"inLanguage\":\"hu\",\"@id\":\"https:\\\/\\\/www.kontakt-elektro.hu\\\/#\\\/schema\\\/logo\\\/image\\\/\",\"url\":\"https:\\\/\\\/www.kontakt-elektro.hu\\\/wp-content\\\/uploads\\\/2021\\\/05\\\/Kontakt-Elektro.jpg\",\"contentUrl\":\"https:\\\/\\\/www.kontakt-elektro.hu\\\/wp-content\\\/uploads\\\/2021\\\/05\\\/Kontakt-Elektro.jpg\",\"width\":1200,\"height\":630,\"caption\":\"Kontakt Elektro\"},\"image\":{\"@id\":\"https:\\\/\\\/www.kontakt-elektro.hu\\\/#\\\/schema\\\/logo\\\/image\\\/\"},\"sameAs\":[\"https:\\\/\\\/www.facebook.com\\\/KONTAKT.Elektro.Kft\\\/\",\"https:\\\/\\\/www.linkedin.com\\\/company\\\/kontakt-elektro-ltd.\"]}]}<\/script>\n<!-- \/ Yoast SEO plugin. -->","yoast_head_json":{"title":"Ipari technol\u00f3gi\u00e1k szerel\u00e9se - Kontakt Elektro","robots":{"index":"index","follow":"follow","max-snippet":"max-snippet:-1","max-image-preview":"max-image-preview:large","max-video-preview":"max-video-preview:-1"},"canonical":"https:\/\/www.kontakt-elektro.hu\/gyartasi-megoldasok\/ipari-technologiak-szerelese\/","og_locale":"hu_HU","og_type":"article","og_title":"Ipari technol\u00f3gi\u00e1k szerel\u00e9se - Kontakt Elektro","og_description":"[vc_row row_height_percent=&#8221;0&#8243; override_padding=&#8221;yes&#8221; h_padding=&#8221;2&#8243; top_padding=&#8221;2&#8243; bottom_padding=&#8221;2&#8243; overlay_alpha=&#8221;50&#8243; gutter_size=&#8221;3&#8243; column_width_percent=&#8221;100&#8243; shift_y=&#8221;0&#8243; z_index=&#8221;0&#8243;][vc_column width=&#8221;2\/3&#8243;][vc_column_text]T\u00e1rsas\u00e1gunk tev\u00e9kenys\u00e9g\u00e9ben egyre nagyobb szerepet kap az \u00e1ltalunk, vagy [&hellip;]","og_url":"https:\/\/www.kontakt-elektro.hu\/gyartasi-megoldasok\/ipari-technologiak-szerelese\/","og_site_name":"Kontakt Elektro","article_publisher":"https:\/\/www.facebook.com\/KONTAKT.Elektro.Kft\/","article_modified_time":"2021-05-14T10:13:16+00:00","og_image":[{"width":1065,"height":799,"url":"https:\/\/www.kontakt-elektro.hu\/wp-content\/uploads\/2020\/08\/Ipari-technologiak-szerelese-1.jpg","type":"image\/jpeg"}],"twitter_card":"summary_large_image","twitter_misc":{"Becs\u00fclt olvas\u00e1si id\u0151":"2 perc"},"schema":{"@context":"https:\/\/schema.org","@graph":[{"@type":"WebPage","@id":"https:\/\/www.kontakt-elektro.hu\/gyartasi-megoldasok\/ipari-technologiak-szerelese\/","url":"https:\/\/www.kontakt-elektro.hu\/gyartasi-megoldasok\/ipari-technologiak-szerelese\/","name":"Ipari technol\u00f3gi\u00e1k szerel\u00e9se - Kontakt Elektro","isPartOf":{"@id":"https:\/\/www.kontakt-elektro.hu\/#website"},"primaryImageOfPage":{"@id":"https:\/\/www.kontakt-elektro.hu\/gyartasi-megoldasok\/ipari-technologiak-szerelese\/#primaryimage"},"image":{"@id":"https:\/\/www.kontakt-elektro.hu\/gyartasi-megoldasok\/ipari-technologiak-szerelese\/#primaryimage"},"thumbnailUrl":"https:\/\/www.kontakt-elektro.hu\/wp-content\/uploads\/2020\/08\/Ipari-technologiak-szerelese-1.jpg","datePublished":"2020-07-01T09:50:59+00:00","dateModified":"2021-05-14T10:13:16+00:00","breadcrumb":{"@id":"https:\/\/www.kontakt-elektro.hu\/gyartasi-megoldasok\/ipari-technologiak-szerelese\/#breadcrumb"},"inLanguage":"hu","potentialAction":[{"@type":"ReadAction","target":["https:\/\/www.kontakt-elektro.hu\/gyartasi-megoldasok\/ipari-technologiak-szerelese\/"]}]},{"@type":"ImageObject","inLanguage":"hu","@id":"https:\/\/www.kontakt-elektro.hu\/gyartasi-megoldasok\/ipari-technologiak-szerelese\/#primaryimage","url":"https:\/\/www.kontakt-elektro.hu\/wp-content\/uploads\/2020\/08\/Ipari-technologiak-szerelese-1.jpg","contentUrl":"https:\/\/www.kontakt-elektro.hu\/wp-content\/uploads\/2020\/08\/Ipari-technologiak-szerelese-1.jpg","width":1065,"height":799},{"@type":"BreadcrumbList","@id":"https:\/\/www.kontakt-elektro.hu\/gyartasi-megoldasok\/ipari-technologiak-szerelese\/#breadcrumb","itemListElement":[{"@type":"ListItem","position":1,"name":"kezd\u0151lap","item":"https:\/\/www.kontakt-elektro.hu\/"},{"@type":"ListItem","position":2,"name":"Gy\u00e1rt\u00e1si megold\u00e1sok","item":"https:\/\/www.kontakt-elektro.hu\/gyartasi-megoldasok\/"},{"@type":"ListItem","position":3,"name":"Ipari technol\u00f3gi\u00e1k szerel\u00e9se"}]},{"@type":"WebSite","@id":"https:\/\/www.kontakt-elektro.hu\/#website","url":"https:\/\/www.kontakt-elektro.hu\/","name":"Kontakt Elektro","description":"","publisher":{"@id":"https:\/\/www.kontakt-elektro.hu\/#organization"},"potentialAction":[{"@type":"SearchAction","target":{"@type":"EntryPoint","urlTemplate":"https:\/\/www.kontakt-elektro.hu\/?s={search_term_string}"},"query-input":{"@type":"PropertyValueSpecification","valueRequired":true,"valueName":"search_term_string"}}],"inLanguage":"hu"},{"@type":"Organization","@id":"https:\/\/www.kontakt-elektro.hu\/#organization","name":"Kontakt Elektro","url":"https:\/\/www.kontakt-elektro.hu\/","logo":{"@type":"ImageObject","inLanguage":"hu","@id":"https:\/\/www.kontakt-elektro.hu\/#\/schema\/logo\/image\/","url":"https:\/\/www.kontakt-elektro.hu\/wp-content\/uploads\/2021\/05\/Kontakt-Elektro.jpg","contentUrl":"https:\/\/www.kontakt-elektro.hu\/wp-content\/uploads\/2021\/05\/Kontakt-Elektro.jpg","width":1200,"height":630,"caption":"Kontakt Elektro"},"image":{"@id":"https:\/\/www.kontakt-elektro.hu\/#\/schema\/logo\/image\/"},"sameAs":["https:\/\/www.facebook.com\/KONTAKT.Elektro.Kft\/","https:\/\/www.linkedin.com\/company\/kontakt-elektro-ltd."]}]}},"_links":{"self":[{"href":"https:\/\/www.kontakt-elektro.hu\/hu\/wp-json\/wp\/v2\/pages\/477","targetHints":{"allow":["GET"]}}],"collection":[{"href":"https:\/\/www.kontakt-elektro.hu\/hu\/wp-json\/wp\/v2\/pages"}],"about":[{"href":"https:\/\/www.kontakt-elektro.hu\/hu\/wp-json\/wp\/v2\/types\/page"}],"author":[{"embeddable":true,"href":"https:\/\/www.kontakt-elektro.hu\/hu\/wp-json\/wp\/v2\/users\/2"}],"replies":[{"embeddable":true,"href":"https:\/\/www.kontakt-elektro.hu\/hu\/wp-json\/wp\/v2\/comments?post=477"}],"version-history":[{"count":0,"href":"https:\/\/www.kontakt-elektro.hu\/hu\/wp-json\/wp\/v2\/pages\/477\/revisions"}],"up":[{"embeddable":true,"href":"https:\/\/www.kontakt-elektro.hu\/hu\/wp-json\/wp\/v2\/pages\/473"}],"wp:featuredmedia":[{"embeddable":true,"href":"https:\/\/www.kontakt-elektro.hu\/hu\/wp-json\/wp\/v2\/media\/82966"}],"wp:attachment":[{"href":"https:\/\/www.kontakt-elektro.hu\/hu\/wp-json\/wp\/v2\/media?parent=477"}],"curies":[{"name":"wp","href":"https:\/\/api.w.org\/{rel}","templated":true}]}}