{"id":469,"date":"2020-07-01T11:39:27","date_gmt":"2020-07-01T09:39:27","guid":{"rendered":"http:\/\/www.kontakt-elektro.hu\/?page_id=469"},"modified":"2020-10-27T10:02:03","modified_gmt":"2020-10-27T09:02:03","slug":"rendszertamogatas","status":"publish","type":"page","link":"https:\/\/www.kontakt-elektro.hu\/hu\/ipari-automatizalas\/rendszertamogatas\/","title":{"rendered":"Rendszert\u00e1mogat\u00e1s"},"content":{"rendered":"<div class=\"wpb-content-wrapper\"><p>[vc_row row_height_percent=&#8221;0&#8243; override_padding=&#8221;yes&#8221; h_padding=&#8221;2&#8243; top_padding=&#8221;2&#8243; bottom_padding=&#8221;3&#8243; overlay_alpha=&#8221;50&#8243; gutter_size=&#8221;3&#8243; column_width_percent=&#8221;100&#8243; shift_y=&#8221;0&#8243; z_index=&#8221;0&#8243;][vc_column width=&#8221;2\/3&#8243;][vc_column_text]V\u00e1llaljuk a c\u00e9g portfoli\u00f3j\u00e1ba, tapasztalat\u00e1ba illeszked\u0151 PLC-s folyamatir\u00e1ny\u00edt\u00f3 vez\u00e9rl\u00e9si rendszerek, rendszerelemek fejleszt\u00e9si, diagnosztiz\u00e1l\u00e1si, hibaelh\u00e1r\u00edt\u00e1si feladatait, vagy azok t\u00e1mogat\u00e1s\u00e1t, monitoroz\u00e1s\u00e1t. \u00a0A t\u00e1mogat\u00e1si szolg\u00e1ltat\u00e1sba bevont szakembereink nem csup\u00e1n programoz\u00f3i, hanem jelent\u0151s projekt tapasztalatokkal is b\u00edrnak, ez\u00e1ltal kimagasl\u00f3 hat\u00e9konys\u00e1ggal v\u00e9gzik feladataikat.[\/vc_column_text][vc_row_inner row_inner_height_percent=&#8221;0&#8243; overlay_alpha=&#8221;50&#8243; gutter_size=&#8221;0&#8243; shift_y=&#8221;0&#8243; z_index=&#8221;0&#8243; limit_content=&#8221;&#8221;][vc_column_inner width=&#8221;1\/1&#8243;][uncode_list icon=&#8221;fa fa-circle&#8221; icon_color=&#8221;color-775258&#8243; el_class=&#8221;text&#8211;listing&#8221;]<strong>Szolg\u00e1ltat\u00e1saink:<\/strong><\/p>\n<ul>\n<li>PLC vez\u00e9relt termel\u0151 berendez\u00e9sek vez\u00e9rl\u00e9s\u00e9nek, hajt\u00e1sainak \u00e9s kommunik\u00e1ci\u00f3s h\u00e1l\u00f3zatainak diagnosztiz\u00e1l\u00e1sa, hibaelh\u00e1r\u00edt\u00e1sa<\/li>\n<li>Robot alkalmaz\u00e1sok \u00fczemeltet\u00e9s\u00e9nek t\u00e1mogat\u00e1sa, diagnosztiz\u00e1l\u00e1sa \u00e9s hibaelh\u00e1r\u00edt\u00e1sa<\/li>\n<li>PLC vez\u00e9relt termel\u0151 berendez\u00e9sek fejleszt\u00e9se, kieg\u00e9sz\u00edt\u0151 funkci\u00f3k kialak\u00edt\u00e1sa<\/li>\n<li>C\u00e9lg\u00e9pek vez\u00e9rl\u00e9stechnikai koncepci\u00f3j\u00e1nak kialak\u00edt\u00e1sa, vez\u00e9rl\u0151programjainak k\u00e9sz\u00edt\u00e9se, fejleszt\u00e9se (PLC, HMI)<\/li>\n<li>Manu\u00e1lis kiszolg\u00e1l\u00e1si feladatok ipari robotokkal t\u00f6rt\u00e9n\u0151 automatiz\u00e1l\u00e1si lehet\u0151s\u00e9geinek felt\u00e1r\u00e1sa, c\u00e9lg\u00e9pekbe t\u00f6rt\u00e9n\u0151 integr\u00e1l\u00e1sa<\/li>\n<li>PLC-k, mikroprocesszoros vez\u00e9rl\u00e9sek rendszerfel\u00fcgyelete<\/li>\n<li>Ir\u00e1ny\u00edt\u00e1stechnikai rendszerek t\u00e1vfel\u00fcgyelet\u00e9nek ki\u00e9p\u00edt\u00e9se, \u00fczemeltet\u00e9se,<\/li>\n<li>7\/24 PLC hibaelh\u00e1r\u00edt\u00e1si \u00fcgyelet biztos\u00edt\u00e1sa<\/li>\n<\/ul>\n<p>[\/uncode_list][\/vc_column_inner][\/vc_row_inner][\/vc_column][vc_column column_width_percent=&#8221;100&#8243; gutter_size=&#8221;3&#8243; overlay_alpha=&#8221;50&#8243; shift_x=&#8221;0&#8243; shift_y=&#8221;0&#8243; shift_y_down=&#8221;0&#8243; z_index=&#8221;0&#8243; medium_width=&#8221;0&#8243; mobile_width=&#8221;0&#8243; width=&#8221;1\/3&#8243; css=&#8221;.vc_custom_1601056825619{padding-top: 80px !important;}&#8221;][vc_single_image media=&#8221;82954&#8243; media_lightbox=&#8221;yes&#8221; media_width_percent=&#8221;100&#8243;][\/vc_column][\/vc_row]<\/p>\n<\/div>","protected":false},"excerpt":{"rendered":"<p>[vc_row row_height_percent=&#8221;0&#8243; override_padding=&#8221;yes&#8221; h_padding=&#8221;2&#8243; top_padding=&#8221;2&#8243; bottom_padding=&#8221;3&#8243; overlay_alpha=&#8221;50&#8243; gutter_size=&#8221;3&#8243; column_width_percent=&#8221;100&#8243; shift_y=&#8221;0&#8243; z_index=&#8221;0&#8243;][vc_column width=&#8221;2\/3&#8243;][vc_column_text]V\u00e1llaljuk a c\u00e9g portfoli\u00f3j\u00e1ba, tapasztalat\u00e1ba illeszked\u0151 PLC-s folyamatir\u00e1ny\u00edt\u00f3 vez\u00e9rl\u00e9si [&hellip;]<\/p>\n","protected":false},"author":2,"featured_media":83363,"parent":459,"menu_order":0,"comment_status":"closed","ping_status":"closed","template":"","meta":{"_acf_changed":false,"footnotes":""},"class_list":["post-469","page","type-page","status-publish","has-post-thumbnail","hentry","page_category-ipari-automatizalas","page_category-subpage"],"acf":[],"yoast_head":"<!-- This site is optimized with the Yoast SEO plugin v27.5 - https:\/\/yoast.com\/product\/yoast-seo-wordpress\/ -->\n<title>Rendszert\u00e1mogat\u00e1s - Kontakt Elektro<\/title>\n<meta name=\"robots\" content=\"index, follow, max-snippet:-1, max-image-preview:large, max-video-preview:-1\" \/>\n<link rel=\"canonical\" href=\"https:\/\/www.kontakt-elektro.hu\/ipari-automatizalas\/rendszertamogatas\/\" \/>\n<meta property=\"og:locale\" content=\"hu_HU\" \/>\n<meta property=\"og:type\" content=\"article\" \/>\n<meta property=\"og:title\" content=\"Rendszert\u00e1mogat\u00e1s - Kontakt Elektro\" \/>\n<meta property=\"og:description\" content=\"[vc_row row_height_percent=&#8221;0&#8243; override_padding=&#8221;yes&#8221; h_padding=&#8221;2&#8243; top_padding=&#8221;2&#8243; bottom_padding=&#8221;3&#8243; overlay_alpha=&#8221;50&#8243; gutter_size=&#8221;3&#8243; column_width_percent=&#8221;100&#8243; shift_y=&#8221;0&#8243; z_index=&#8221;0&#8243;][vc_column width=&#8221;2\/3&#8243;][vc_column_text]V\u00e1llaljuk a c\u00e9g portfoli\u00f3j\u00e1ba, tapasztalat\u00e1ba illeszked\u0151 PLC-s folyamatir\u00e1ny\u00edt\u00f3 vez\u00e9rl\u00e9si [&hellip;]\" \/>\n<meta property=\"og:url\" content=\"https:\/\/www.kontakt-elektro.hu\/ipari-automatizalas\/rendszertamogatas\/\" \/>\n<meta property=\"og:site_name\" content=\"Kontakt Elektro\" \/>\n<meta property=\"article:publisher\" content=\"https:\/\/www.facebook.com\/KONTAKT.Elektro.Kft\/\" \/>\n<meta property=\"article:modified_time\" content=\"2020-10-27T09:02:03+00:00\" \/>\n<meta property=\"og:image\" content=\"https:\/\/www.kontakt-elektro.hu\/wp-content\/uploads\/2020\/09\/ipari-automatizalas-6.jpeg\" \/>\n\t<meta property=\"og:image:width\" content=\"510\" \/>\n\t<meta property=\"og:image:height\" content=\"340\" \/>\n\t<meta property=\"og:image:type\" content=\"image\/jpeg\" \/>\n<meta name=\"twitter:card\" content=\"summary_large_image\" \/>\n<meta name=\"twitter:label1\" content=\"Becs\u00fclt olvas\u00e1si id\u0151\" \/>\n\t<meta name=\"twitter:data1\" content=\"2 perc\" \/>\n<script type=\"application\/ld+json\" class=\"yoast-schema-graph\">{\"@context\":\"https:\\\/\\\/schema.org\",\"@graph\":[{\"@type\":\"WebPage\",\"@id\":\"https:\\\/\\\/www.kontakt-elektro.hu\\\/ipari-automatizalas\\\/rendszertamogatas\\\/\",\"url\":\"https:\\\/\\\/www.kontakt-elektro.hu\\\/ipari-automatizalas\\\/rendszertamogatas\\\/\",\"name\":\"Rendszert\u00e1mogat\u00e1s - Kontakt Elektro\",\"isPartOf\":{\"@id\":\"https:\\\/\\\/www.kontakt-elektro.hu\\\/#website\"},\"primaryImageOfPage\":{\"@id\":\"https:\\\/\\\/www.kontakt-elektro.hu\\\/ipari-automatizalas\\\/rendszertamogatas\\\/#primaryimage\"},\"image\":{\"@id\":\"https:\\\/\\\/www.kontakt-elektro.hu\\\/ipari-automatizalas\\\/rendszertamogatas\\\/#primaryimage\"},\"thumbnailUrl\":\"https:\\\/\\\/www.kontakt-elektro.hu\\\/wp-content\\\/uploads\\\/2020\\\/09\\\/ipari-automatizalas-6.jpeg\",\"datePublished\":\"2020-07-01T09:39:27+00:00\",\"dateModified\":\"2020-10-27T09:02:03+00:00\",\"breadcrumb\":{\"@id\":\"https:\\\/\\\/www.kontakt-elektro.hu\\\/ipari-automatizalas\\\/rendszertamogatas\\\/#breadcrumb\"},\"inLanguage\":\"hu\",\"potentialAction\":[{\"@type\":\"ReadAction\",\"target\":[\"https:\\\/\\\/www.kontakt-elektro.hu\\\/ipari-automatizalas\\\/rendszertamogatas\\\/\"]}]},{\"@type\":\"ImageObject\",\"inLanguage\":\"hu\",\"@id\":\"https:\\\/\\\/www.kontakt-elektro.hu\\\/ipari-automatizalas\\\/rendszertamogatas\\\/#primaryimage\",\"url\":\"https:\\\/\\\/www.kontakt-elektro.hu\\\/wp-content\\\/uploads\\\/2020\\\/09\\\/ipari-automatizalas-6.jpeg\",\"contentUrl\":\"https:\\\/\\\/www.kontakt-elektro.hu\\\/wp-content\\\/uploads\\\/2020\\\/09\\\/ipari-automatizalas-6.jpeg\",\"width\":510,\"height\":340},{\"@type\":\"BreadcrumbList\",\"@id\":\"https:\\\/\\\/www.kontakt-elektro.hu\\\/ipari-automatizalas\\\/rendszertamogatas\\\/#breadcrumb\",\"itemListElement\":[{\"@type\":\"ListItem\",\"position\":1,\"name\":\"kezd\u0151lap\",\"item\":\"https:\\\/\\\/www.kontakt-elektro.hu\\\/\"},{\"@type\":\"ListItem\",\"position\":2,\"name\":\"Ipari automatiz\u00e1l\u00e1s\",\"item\":\"https:\\\/\\\/www.kontakt-elektro.hu\\\/ipari-automatizalas\\\/\"},{\"@type\":\"ListItem\",\"position\":3,\"name\":\"Rendszert\u00e1mogat\u00e1s\"}]},{\"@type\":\"WebSite\",\"@id\":\"https:\\\/\\\/www.kontakt-elektro.hu\\\/#website\",\"url\":\"https:\\\/\\\/www.kontakt-elektro.hu\\\/\",\"name\":\"Kontakt Elektro\",\"description\":\"\",\"publisher\":{\"@id\":\"https:\\\/\\\/www.kontakt-elektro.hu\\\/#organization\"},\"potentialAction\":[{\"@type\":\"SearchAction\",\"target\":{\"@type\":\"EntryPoint\",\"urlTemplate\":\"https:\\\/\\\/www.kontakt-elektro.hu\\\/?s={search_term_string}\"},\"query-input\":{\"@type\":\"PropertyValueSpecification\",\"valueRequired\":true,\"valueName\":\"search_term_string\"}}],\"inLanguage\":\"hu\"},{\"@type\":\"Organization\",\"@id\":\"https:\\\/\\\/www.kontakt-elektro.hu\\\/#organization\",\"name\":\"Kontakt Elektro\",\"url\":\"https:\\\/\\\/www.kontakt-elektro.hu\\\/\",\"logo\":{\"@type\":\"ImageObject\",\"inLanguage\":\"hu\",\"@id\":\"https:\\\/\\\/www.kontakt-elektro.hu\\\/#\\\/schema\\\/logo\\\/image\\\/\",\"url\":\"https:\\\/\\\/www.kontakt-elektro.hu\\\/wp-content\\\/uploads\\\/2021\\\/05\\\/Kontakt-Elektro.jpg\",\"contentUrl\":\"https:\\\/\\\/www.kontakt-elektro.hu\\\/wp-content\\\/uploads\\\/2021\\\/05\\\/Kontakt-Elektro.jpg\",\"width\":1200,\"height\":630,\"caption\":\"Kontakt Elektro\"},\"image\":{\"@id\":\"https:\\\/\\\/www.kontakt-elektro.hu\\\/#\\\/schema\\\/logo\\\/image\\\/\"},\"sameAs\":[\"https:\\\/\\\/www.facebook.com\\\/KONTAKT.Elektro.Kft\\\/\",\"https:\\\/\\\/www.linkedin.com\\\/company\\\/kontakt-elektro-ltd.\"]}]}<\/script>\n<!-- \/ Yoast SEO plugin. -->","yoast_head_json":{"title":"Rendszert\u00e1mogat\u00e1s - Kontakt Elektro","robots":{"index":"index","follow":"follow","max-snippet":"max-snippet:-1","max-image-preview":"max-image-preview:large","max-video-preview":"max-video-preview:-1"},"canonical":"https:\/\/www.kontakt-elektro.hu\/ipari-automatizalas\/rendszertamogatas\/","og_locale":"hu_HU","og_type":"article","og_title":"Rendszert\u00e1mogat\u00e1s - Kontakt Elektro","og_description":"[vc_row row_height_percent=&#8221;0&#8243; override_padding=&#8221;yes&#8221; h_padding=&#8221;2&#8243; top_padding=&#8221;2&#8243; bottom_padding=&#8221;3&#8243; overlay_alpha=&#8221;50&#8243; gutter_size=&#8221;3&#8243; column_width_percent=&#8221;100&#8243; shift_y=&#8221;0&#8243; z_index=&#8221;0&#8243;][vc_column width=&#8221;2\/3&#8243;][vc_column_text]V\u00e1llaljuk a c\u00e9g portfoli\u00f3j\u00e1ba, tapasztalat\u00e1ba illeszked\u0151 PLC-s folyamatir\u00e1ny\u00edt\u00f3 vez\u00e9rl\u00e9si [&hellip;]","og_url":"https:\/\/www.kontakt-elektro.hu\/ipari-automatizalas\/rendszertamogatas\/","og_site_name":"Kontakt Elektro","article_publisher":"https:\/\/www.facebook.com\/KONTAKT.Elektro.Kft\/","article_modified_time":"2020-10-27T09:02:03+00:00","og_image":[{"width":510,"height":340,"url":"https:\/\/www.kontakt-elektro.hu\/wp-content\/uploads\/2020\/09\/ipari-automatizalas-6.jpeg","type":"image\/jpeg"}],"twitter_card":"summary_large_image","twitter_misc":{"Becs\u00fclt olvas\u00e1si id\u0151":"2 perc"},"schema":{"@context":"https:\/\/schema.org","@graph":[{"@type":"WebPage","@id":"https:\/\/www.kontakt-elektro.hu\/ipari-automatizalas\/rendszertamogatas\/","url":"https:\/\/www.kontakt-elektro.hu\/ipari-automatizalas\/rendszertamogatas\/","name":"Rendszert\u00e1mogat\u00e1s - Kontakt Elektro","isPartOf":{"@id":"https:\/\/www.kontakt-elektro.hu\/#website"},"primaryImageOfPage":{"@id":"https:\/\/www.kontakt-elektro.hu\/ipari-automatizalas\/rendszertamogatas\/#primaryimage"},"image":{"@id":"https:\/\/www.kontakt-elektro.hu\/ipari-automatizalas\/rendszertamogatas\/#primaryimage"},"thumbnailUrl":"https:\/\/www.kontakt-elektro.hu\/wp-content\/uploads\/2020\/09\/ipari-automatizalas-6.jpeg","datePublished":"2020-07-01T09:39:27+00:00","dateModified":"2020-10-27T09:02:03+00:00","breadcrumb":{"@id":"https:\/\/www.kontakt-elektro.hu\/ipari-automatizalas\/rendszertamogatas\/#breadcrumb"},"inLanguage":"hu","potentialAction":[{"@type":"ReadAction","target":["https:\/\/www.kontakt-elektro.hu\/ipari-automatizalas\/rendszertamogatas\/"]}]},{"@type":"ImageObject","inLanguage":"hu","@id":"https:\/\/www.kontakt-elektro.hu\/ipari-automatizalas\/rendszertamogatas\/#primaryimage","url":"https:\/\/www.kontakt-elektro.hu\/wp-content\/uploads\/2020\/09\/ipari-automatizalas-6.jpeg","contentUrl":"https:\/\/www.kontakt-elektro.hu\/wp-content\/uploads\/2020\/09\/ipari-automatizalas-6.jpeg","width":510,"height":340},{"@type":"BreadcrumbList","@id":"https:\/\/www.kontakt-elektro.hu\/ipari-automatizalas\/rendszertamogatas\/#breadcrumb","itemListElement":[{"@type":"ListItem","position":1,"name":"kezd\u0151lap","item":"https:\/\/www.kontakt-elektro.hu\/"},{"@type":"ListItem","position":2,"name":"Ipari automatiz\u00e1l\u00e1s","item":"https:\/\/www.kontakt-elektro.hu\/ipari-automatizalas\/"},{"@type":"ListItem","position":3,"name":"Rendszert\u00e1mogat\u00e1s"}]},{"@type":"WebSite","@id":"https:\/\/www.kontakt-elektro.hu\/#website","url":"https:\/\/www.kontakt-elektro.hu\/","name":"Kontakt Elektro","description":"","publisher":{"@id":"https:\/\/www.kontakt-elektro.hu\/#organization"},"potentialAction":[{"@type":"SearchAction","target":{"@type":"EntryPoint","urlTemplate":"https:\/\/www.kontakt-elektro.hu\/?s={search_term_string}"},"query-input":{"@type":"PropertyValueSpecification","valueRequired":true,"valueName":"search_term_string"}}],"inLanguage":"hu"},{"@type":"Organization","@id":"https:\/\/www.kontakt-elektro.hu\/#organization","name":"Kontakt Elektro","url":"https:\/\/www.kontakt-elektro.hu\/","logo":{"@type":"ImageObject","inLanguage":"hu","@id":"https:\/\/www.kontakt-elektro.hu\/#\/schema\/logo\/image\/","url":"https:\/\/www.kontakt-elektro.hu\/wp-content\/uploads\/2021\/05\/Kontakt-Elektro.jpg","contentUrl":"https:\/\/www.kontakt-elektro.hu\/wp-content\/uploads\/2021\/05\/Kontakt-Elektro.jpg","width":1200,"height":630,"caption":"Kontakt Elektro"},"image":{"@id":"https:\/\/www.kontakt-elektro.hu\/#\/schema\/logo\/image\/"},"sameAs":["https:\/\/www.facebook.com\/KONTAKT.Elektro.Kft\/","https:\/\/www.linkedin.com\/company\/kontakt-elektro-ltd."]}]}},"_links":{"self":[{"href":"https:\/\/www.kontakt-elektro.hu\/hu\/wp-json\/wp\/v2\/pages\/469","targetHints":{"allow":["GET"]}}],"collection":[{"href":"https:\/\/www.kontakt-elektro.hu\/hu\/wp-json\/wp\/v2\/pages"}],"about":[{"href":"https:\/\/www.kontakt-elektro.hu\/hu\/wp-json\/wp\/v2\/types\/page"}],"author":[{"embeddable":true,"href":"https:\/\/www.kontakt-elektro.hu\/hu\/wp-json\/wp\/v2\/users\/2"}],"replies":[{"embeddable":true,"href":"https:\/\/www.kontakt-elektro.hu\/hu\/wp-json\/wp\/v2\/comments?post=469"}],"version-history":[{"count":0,"href":"https:\/\/www.kontakt-elektro.hu\/hu\/wp-json\/wp\/v2\/pages\/469\/revisions"}],"up":[{"embeddable":true,"href":"https:\/\/www.kontakt-elektro.hu\/hu\/wp-json\/wp\/v2\/pages\/459"}],"wp:featuredmedia":[{"embeddable":true,"href":"https:\/\/www.kontakt-elektro.hu\/hu\/wp-json\/wp\/v2\/media\/83363"}],"wp:attachment":[{"href":"https:\/\/www.kontakt-elektro.hu\/hu\/wp-json\/wp\/v2\/media?parent=469"}],"curies":[{"name":"wp","href":"https:\/\/api.w.org\/{rel}","templated":true}]}}