{"id":461,"date":"2020-07-01T11:37:14","date_gmt":"2020-07-01T09:37:14","guid":{"rendered":"http:\/\/www.kontakt-elektro.hu\/?page_id=461"},"modified":"2021-05-14T12:06:15","modified_gmt":"2021-05-14T10:06:15","slug":"villamos-tervezes","status":"publish","type":"page","link":"https:\/\/www.kontakt-elektro.hu\/hu\/ipari-automatizalas\/villamos-tervezes\/","title":{"rendered":"Villamos tervez\u00e9s"},"content":{"rendered":"<div class=\"wpb-content-wrapper\"><p>[vc_row row_height_percent=&#8221;0&#8243; override_padding=&#8221;yes&#8221; h_padding=&#8221;2&#8243; top_padding=&#8221;2&#8243; bottom_padding=&#8221;3&#8243; overlay_alpha=&#8221;50&#8243; equal_height=&#8221;yes&#8221; gutter_size=&#8221;3&#8243; column_width_percent=&#8221;100&#8243; shift_y=&#8221;0&#8243; z_index=&#8221;0&#8243;][vc_column width=&#8221;2\/3&#8243;][vc_column_text]T\u00f6bb \u00e9vtizedes tapasztalattal rendelkez\u00fcnk az ir\u00e1ny\u00edt\u00e1stechnika\/automatiz\u00e1l\u00e1s, ipari folyamatir\u00e1ny\u00edt\u00e1s, villamos tervez\u00e9s, valamint g\u00e9pgy\u00e1rt\u00e1s ter\u00fclet\u00e9n. Alkalmazott tervez\u0151i szoftvereink: Eplan Electrical P8 + ProPanel (3D-s berendez\u00e9s tervez\u00e9s)[\/vc_column_text][vc_row_inner row_inner_height_percent=&#8221;0&#8243; overlay_alpha=&#8221;50&#8243; gutter_size=&#8221;0&#8243; shift_y=&#8221;0&#8243; z_index=&#8221;0&#8243; limit_content=&#8221;&#8221;][vc_column_inner width=&#8221;1\/2&#8243;][uncode_list icon=&#8221;fa fa-circle&#8221; icon_color=&#8221;color-692919&#8243; el_class=&#8221;text&#8211;listing&#8221;]<strong>Tervez\u00e9si ter\u00fcleteink:<\/strong><\/p>\n<ul>\n<li>Energiaeloszt\u00e1s<\/li>\n<li>Hajt\u00e1sszab\u00e1lyoz\u00e1s<\/li>\n<li>Folyamatszab\u00e1lyoz\u00e1s<\/li>\n<li>Robotika<\/li>\n<li>M\u0171szerez\u00e9s<\/li>\n<li>PLC-s rendszerek<\/li>\n<li>Adatgy\u0171jt\u0151 rendszerek<\/li>\n<li>Safety kialak\u00edt\u00e1s<\/li>\n<li>Robban\u00e1sbiztos (ATEX-es) rendszerek<\/li>\n<li>Magyar, n\u00e9met, angol nyelv\u0171 dokument\u00e1ci\u00f3k k\u00e9sz\u00edt\u00e9se<\/li>\n<\/ul>\n<p>[\/uncode_list][\/vc_column_inner][vc_column_inner width=&#8221;1\/2&#8243;][uncode_list icon=&#8221;fa fa-circle&#8221; icon_color=&#8221;color-692919&#8243; el_class=&#8221;text&#8211;listing&#8221;]<strong>\u00c1gazatok<\/strong><\/p>\n<ul>\n<li>cementipar<\/li>\n<li>vegyipar<\/li>\n<li>logisztika<\/li>\n<li>aut\u00f3ipar<\/li>\n<li>v\u00edzgazd\u00e1lkod\u00e1s<\/li>\n<li>g\u00e9pgy\u00e1rt\u00e1s<\/li>\n<li>\u00e9lelmiszeripar<\/li>\n<\/ul>\n<p>[\/uncode_list][\/vc_column_inner][\/vc_row_inner][vc_column_text]<strong>M\u00e9rn\u00f6k kamarai tags\u00e1g, tervez\u0151i jogosults\u00e1g<\/strong>[\/vc_column_text][\/vc_column][vc_column column_width_percent=&#8221;100&#8243; position_vertical=&#8221;middle&#8221; gutter_size=&#8221;3&#8243; overlay_alpha=&#8221;50&#8243; shift_x=&#8221;0&#8243; shift_y=&#8221;0&#8243; shift_y_down=&#8221;0&#8243; z_index=&#8221;0&#8243; medium_width=&#8221;0&#8243; mobile_width=&#8221;0&#8243; width=&#8221;1\/3&#8243; css=&#8221;.vc_custom_1603788898233{padding-top: 90px !important;}&#8221;][vc_single_image media=&#8221;82915&#8243; media_lightbox=&#8221;yes&#8221; media_width_percent=&#8221;100&#8243;][\/vc_column][\/vc_row]<\/p>\n<\/div>","protected":false},"excerpt":{"rendered":"<p>[vc_row row_height_percent=&#8221;0&#8243; override_padding=&#8221;yes&#8221; h_padding=&#8221;2&#8243; top_padding=&#8221;2&#8243; bottom_padding=&#8221;3&#8243; overlay_alpha=&#8221;50&#8243; equal_height=&#8221;yes&#8221; gutter_size=&#8221;3&#8243; column_width_percent=&#8221;100&#8243; shift_y=&#8221;0&#8243; z_index=&#8221;0&#8243;][vc_column width=&#8221;2\/3&#8243;][vc_column_text]T\u00f6bb \u00e9vtizedes tapasztalattal rendelkez\u00fcnk az ir\u00e1ny\u00edt\u00e1stechnika\/automatiz\u00e1l\u00e1s, ipari folyamatir\u00e1ny\u00edt\u00e1s, [&hellip;]<\/p>\n","protected":false},"author":2,"featured_media":83362,"parent":459,"menu_order":0,"comment_status":"closed","ping_status":"closed","template":"","meta":{"_acf_changed":false,"footnotes":""},"class_list":["post-461","page","type-page","status-publish","has-post-thumbnail","hentry","page_category-ipari-automatizalas","page_category-subpage"],"acf":[],"yoast_head":"<!-- This site is optimized with the Yoast SEO plugin v27.5 - https:\/\/yoast.com\/product\/yoast-seo-wordpress\/ -->\n<title>Villamos tervez\u00e9s - Kontakt Elektro<\/title>\n<meta name=\"robots\" content=\"index, follow, max-snippet:-1, max-image-preview:large, max-video-preview:-1\" \/>\n<link rel=\"canonical\" href=\"https:\/\/www.kontakt-elektro.hu\/ipari-automatizalas\/villamos-tervezes\/\" \/>\n<meta property=\"og:locale\" content=\"hu_HU\" \/>\n<meta property=\"og:type\" content=\"article\" \/>\n<meta property=\"og:title\" content=\"Villamos tervez\u00e9s - Kontakt Elektro\" \/>\n<meta property=\"og:description\" content=\"[vc_row row_height_percent=&#8221;0&#8243; override_padding=&#8221;yes&#8221; h_padding=&#8221;2&#8243; top_padding=&#8221;2&#8243; bottom_padding=&#8221;3&#8243; overlay_alpha=&#8221;50&#8243; equal_height=&#8221;yes&#8221; gutter_size=&#8221;3&#8243; column_width_percent=&#8221;100&#8243; shift_y=&#8221;0&#8243; z_index=&#8221;0&#8243;][vc_column width=&#8221;2\/3&#8243;][vc_column_text]T\u00f6bb \u00e9vtizedes tapasztalattal rendelkez\u00fcnk az ir\u00e1ny\u00edt\u00e1stechnika\/automatiz\u00e1l\u00e1s, ipari folyamatir\u00e1ny\u00edt\u00e1s, [&hellip;]\" \/>\n<meta property=\"og:url\" content=\"https:\/\/www.kontakt-elektro.hu\/ipari-automatizalas\/villamos-tervezes\/\" \/>\n<meta property=\"og:site_name\" content=\"Kontakt Elektro\" \/>\n<meta property=\"article:publisher\" content=\"https:\/\/www.facebook.com\/KONTAKT.Elektro.Kft\/\" \/>\n<meta property=\"article:modified_time\" content=\"2021-05-14T10:06:15+00:00\" \/>\n<meta property=\"og:image\" content=\"https:\/\/www.kontakt-elektro.hu\/wp-content\/uploads\/2020\/09\/ipari-automatizalas-5.jpeg\" \/>\n\t<meta property=\"og:image:width\" content=\"476\" \/>\n\t<meta property=\"og:image:height\" content=\"317\" \/>\n\t<meta property=\"og:image:type\" content=\"image\/jpeg\" \/>\n<meta name=\"twitter:card\" content=\"summary_large_image\" \/>\n<meta name=\"twitter:label1\" content=\"Becs\u00fclt olvas\u00e1si id\u0151\" \/>\n\t<meta name=\"twitter:data1\" content=\"1 perc\" \/>\n<script type=\"application\/ld+json\" class=\"yoast-schema-graph\">{\"@context\":\"https:\\\/\\\/schema.org\",\"@graph\":[{\"@type\":\"WebPage\",\"@id\":\"https:\\\/\\\/www.kontakt-elektro.hu\\\/ipari-automatizalas\\\/villamos-tervezes\\\/\",\"url\":\"https:\\\/\\\/www.kontakt-elektro.hu\\\/ipari-automatizalas\\\/villamos-tervezes\\\/\",\"name\":\"Villamos tervez\u00e9s - Kontakt Elektro\",\"isPartOf\":{\"@id\":\"https:\\\/\\\/www.kontakt-elektro.hu\\\/#website\"},\"primaryImageOfPage\":{\"@id\":\"https:\\\/\\\/www.kontakt-elektro.hu\\\/ipari-automatizalas\\\/villamos-tervezes\\\/#primaryimage\"},\"image\":{\"@id\":\"https:\\\/\\\/www.kontakt-elektro.hu\\\/ipari-automatizalas\\\/villamos-tervezes\\\/#primaryimage\"},\"thumbnailUrl\":\"https:\\\/\\\/www.kontakt-elektro.hu\\\/wp-content\\\/uploads\\\/2020\\\/09\\\/ipari-automatizalas-5.jpeg\",\"datePublished\":\"2020-07-01T09:37:14+00:00\",\"dateModified\":\"2021-05-14T10:06:15+00:00\",\"breadcrumb\":{\"@id\":\"https:\\\/\\\/www.kontakt-elektro.hu\\\/ipari-automatizalas\\\/villamos-tervezes\\\/#breadcrumb\"},\"inLanguage\":\"hu\",\"potentialAction\":[{\"@type\":\"ReadAction\",\"target\":[\"https:\\\/\\\/www.kontakt-elektro.hu\\\/ipari-automatizalas\\\/villamos-tervezes\\\/\"]}]},{\"@type\":\"ImageObject\",\"inLanguage\":\"hu\",\"@id\":\"https:\\\/\\\/www.kontakt-elektro.hu\\\/ipari-automatizalas\\\/villamos-tervezes\\\/#primaryimage\",\"url\":\"https:\\\/\\\/www.kontakt-elektro.hu\\\/wp-content\\\/uploads\\\/2020\\\/09\\\/ipari-automatizalas-5.jpeg\",\"contentUrl\":\"https:\\\/\\\/www.kontakt-elektro.hu\\\/wp-content\\\/uploads\\\/2020\\\/09\\\/ipari-automatizalas-5.jpeg\",\"width\":476,\"height\":317},{\"@type\":\"BreadcrumbList\",\"@id\":\"https:\\\/\\\/www.kontakt-elektro.hu\\\/ipari-automatizalas\\\/villamos-tervezes\\\/#breadcrumb\",\"itemListElement\":[{\"@type\":\"ListItem\",\"position\":1,\"name\":\"kezd\u0151lap\",\"item\":\"https:\\\/\\\/www.kontakt-elektro.hu\\\/\"},{\"@type\":\"ListItem\",\"position\":2,\"name\":\"Ipari automatiz\u00e1l\u00e1s\",\"item\":\"https:\\\/\\\/www.kontakt-elektro.hu\\\/ipari-automatizalas\\\/\"},{\"@type\":\"ListItem\",\"position\":3,\"name\":\"Villamos tervez\u00e9s\"}]},{\"@type\":\"WebSite\",\"@id\":\"https:\\\/\\\/www.kontakt-elektro.hu\\\/#website\",\"url\":\"https:\\\/\\\/www.kontakt-elektro.hu\\\/\",\"name\":\"Kontakt Elektro\",\"description\":\"\",\"publisher\":{\"@id\":\"https:\\\/\\\/www.kontakt-elektro.hu\\\/#organization\"},\"potentialAction\":[{\"@type\":\"SearchAction\",\"target\":{\"@type\":\"EntryPoint\",\"urlTemplate\":\"https:\\\/\\\/www.kontakt-elektro.hu\\\/?s={search_term_string}\"},\"query-input\":{\"@type\":\"PropertyValueSpecification\",\"valueRequired\":true,\"valueName\":\"search_term_string\"}}],\"inLanguage\":\"hu\"},{\"@type\":\"Organization\",\"@id\":\"https:\\\/\\\/www.kontakt-elektro.hu\\\/#organization\",\"name\":\"Kontakt Elektro\",\"url\":\"https:\\\/\\\/www.kontakt-elektro.hu\\\/\",\"logo\":{\"@type\":\"ImageObject\",\"inLanguage\":\"hu\",\"@id\":\"https:\\\/\\\/www.kontakt-elektro.hu\\\/#\\\/schema\\\/logo\\\/image\\\/\",\"url\":\"https:\\\/\\\/www.kontakt-elektro.hu\\\/wp-content\\\/uploads\\\/2021\\\/05\\\/Kontakt-Elektro.jpg\",\"contentUrl\":\"https:\\\/\\\/www.kontakt-elektro.hu\\\/wp-content\\\/uploads\\\/2021\\\/05\\\/Kontakt-Elektro.jpg\",\"width\":1200,\"height\":630,\"caption\":\"Kontakt Elektro\"},\"image\":{\"@id\":\"https:\\\/\\\/www.kontakt-elektro.hu\\\/#\\\/schema\\\/logo\\\/image\\\/\"},\"sameAs\":[\"https:\\\/\\\/www.facebook.com\\\/KONTAKT.Elektro.Kft\\\/\",\"https:\\\/\\\/www.linkedin.com\\\/company\\\/kontakt-elektro-ltd.\"]}]}<\/script>\n<!-- \/ Yoast SEO plugin. -->","yoast_head_json":{"title":"Villamos tervez\u00e9s - Kontakt Elektro","robots":{"index":"index","follow":"follow","max-snippet":"max-snippet:-1","max-image-preview":"max-image-preview:large","max-video-preview":"max-video-preview:-1"},"canonical":"https:\/\/www.kontakt-elektro.hu\/ipari-automatizalas\/villamos-tervezes\/","og_locale":"hu_HU","og_type":"article","og_title":"Villamos tervez\u00e9s - Kontakt Elektro","og_description":"[vc_row row_height_percent=&#8221;0&#8243; override_padding=&#8221;yes&#8221; h_padding=&#8221;2&#8243; top_padding=&#8221;2&#8243; bottom_padding=&#8221;3&#8243; overlay_alpha=&#8221;50&#8243; equal_height=&#8221;yes&#8221; gutter_size=&#8221;3&#8243; column_width_percent=&#8221;100&#8243; shift_y=&#8221;0&#8243; z_index=&#8221;0&#8243;][vc_column width=&#8221;2\/3&#8243;][vc_column_text]T\u00f6bb \u00e9vtizedes tapasztalattal rendelkez\u00fcnk az ir\u00e1ny\u00edt\u00e1stechnika\/automatiz\u00e1l\u00e1s, ipari folyamatir\u00e1ny\u00edt\u00e1s, [&hellip;]","og_url":"https:\/\/www.kontakt-elektro.hu\/ipari-automatizalas\/villamos-tervezes\/","og_site_name":"Kontakt Elektro","article_publisher":"https:\/\/www.facebook.com\/KONTAKT.Elektro.Kft\/","article_modified_time":"2021-05-14T10:06:15+00:00","og_image":[{"width":476,"height":317,"url":"https:\/\/www.kontakt-elektro.hu\/wp-content\/uploads\/2020\/09\/ipari-automatizalas-5.jpeg","type":"image\/jpeg"}],"twitter_card":"summary_large_image","twitter_misc":{"Becs\u00fclt olvas\u00e1si id\u0151":"1 perc"},"schema":{"@context":"https:\/\/schema.org","@graph":[{"@type":"WebPage","@id":"https:\/\/www.kontakt-elektro.hu\/ipari-automatizalas\/villamos-tervezes\/","url":"https:\/\/www.kontakt-elektro.hu\/ipari-automatizalas\/villamos-tervezes\/","name":"Villamos tervez\u00e9s - Kontakt Elektro","isPartOf":{"@id":"https:\/\/www.kontakt-elektro.hu\/#website"},"primaryImageOfPage":{"@id":"https:\/\/www.kontakt-elektro.hu\/ipari-automatizalas\/villamos-tervezes\/#primaryimage"},"image":{"@id":"https:\/\/www.kontakt-elektro.hu\/ipari-automatizalas\/villamos-tervezes\/#primaryimage"},"thumbnailUrl":"https:\/\/www.kontakt-elektro.hu\/wp-content\/uploads\/2020\/09\/ipari-automatizalas-5.jpeg","datePublished":"2020-07-01T09:37:14+00:00","dateModified":"2021-05-14T10:06:15+00:00","breadcrumb":{"@id":"https:\/\/www.kontakt-elektro.hu\/ipari-automatizalas\/villamos-tervezes\/#breadcrumb"},"inLanguage":"hu","potentialAction":[{"@type":"ReadAction","target":["https:\/\/www.kontakt-elektro.hu\/ipari-automatizalas\/villamos-tervezes\/"]}]},{"@type":"ImageObject","inLanguage":"hu","@id":"https:\/\/www.kontakt-elektro.hu\/ipari-automatizalas\/villamos-tervezes\/#primaryimage","url":"https:\/\/www.kontakt-elektro.hu\/wp-content\/uploads\/2020\/09\/ipari-automatizalas-5.jpeg","contentUrl":"https:\/\/www.kontakt-elektro.hu\/wp-content\/uploads\/2020\/09\/ipari-automatizalas-5.jpeg","width":476,"height":317},{"@type":"BreadcrumbList","@id":"https:\/\/www.kontakt-elektro.hu\/ipari-automatizalas\/villamos-tervezes\/#breadcrumb","itemListElement":[{"@type":"ListItem","position":1,"name":"kezd\u0151lap","item":"https:\/\/www.kontakt-elektro.hu\/"},{"@type":"ListItem","position":2,"name":"Ipari automatiz\u00e1l\u00e1s","item":"https:\/\/www.kontakt-elektro.hu\/ipari-automatizalas\/"},{"@type":"ListItem","position":3,"name":"Villamos tervez\u00e9s"}]},{"@type":"WebSite","@id":"https:\/\/www.kontakt-elektro.hu\/#website","url":"https:\/\/www.kontakt-elektro.hu\/","name":"Kontakt Elektro","description":"","publisher":{"@id":"https:\/\/www.kontakt-elektro.hu\/#organization"},"potentialAction":[{"@type":"SearchAction","target":{"@type":"EntryPoint","urlTemplate":"https:\/\/www.kontakt-elektro.hu\/?s={search_term_string}"},"query-input":{"@type":"PropertyValueSpecification","valueRequired":true,"valueName":"search_term_string"}}],"inLanguage":"hu"},{"@type":"Organization","@id":"https:\/\/www.kontakt-elektro.hu\/#organization","name":"Kontakt Elektro","url":"https:\/\/www.kontakt-elektro.hu\/","logo":{"@type":"ImageObject","inLanguage":"hu","@id":"https:\/\/www.kontakt-elektro.hu\/#\/schema\/logo\/image\/","url":"https:\/\/www.kontakt-elektro.hu\/wp-content\/uploads\/2021\/05\/Kontakt-Elektro.jpg","contentUrl":"https:\/\/www.kontakt-elektro.hu\/wp-content\/uploads\/2021\/05\/Kontakt-Elektro.jpg","width":1200,"height":630,"caption":"Kontakt Elektro"},"image":{"@id":"https:\/\/www.kontakt-elektro.hu\/#\/schema\/logo\/image\/"},"sameAs":["https:\/\/www.facebook.com\/KONTAKT.Elektro.Kft\/","https:\/\/www.linkedin.com\/company\/kontakt-elektro-ltd."]}]}},"_links":{"self":[{"href":"https:\/\/www.kontakt-elektro.hu\/hu\/wp-json\/wp\/v2\/pages\/461","targetHints":{"allow":["GET"]}}],"collection":[{"href":"https:\/\/www.kontakt-elektro.hu\/hu\/wp-json\/wp\/v2\/pages"}],"about":[{"href":"https:\/\/www.kontakt-elektro.hu\/hu\/wp-json\/wp\/v2\/types\/page"}],"author":[{"embeddable":true,"href":"https:\/\/www.kontakt-elektro.hu\/hu\/wp-json\/wp\/v2\/users\/2"}],"replies":[{"embeddable":true,"href":"https:\/\/www.kontakt-elektro.hu\/hu\/wp-json\/wp\/v2\/comments?post=461"}],"version-history":[{"count":0,"href":"https:\/\/www.kontakt-elektro.hu\/hu\/wp-json\/wp\/v2\/pages\/461\/revisions"}],"up":[{"embeddable":true,"href":"https:\/\/www.kontakt-elektro.hu\/hu\/wp-json\/wp\/v2\/pages\/459"}],"wp:featuredmedia":[{"embeddable":true,"href":"https:\/\/www.kontakt-elektro.hu\/hu\/wp-json\/wp\/v2\/media\/83362"}],"wp:attachment":[{"href":"https:\/\/www.kontakt-elektro.hu\/hu\/wp-json\/wp\/v2\/media?parent=461"}],"curies":[{"name":"wp","href":"https:\/\/api.w.org\/{rel}","templated":true}]}}