{"id":459,"date":"2020-07-01T11:36:22","date_gmt":"2020-07-01T09:36:22","guid":{"rendered":"http:\/\/www.kontakt-elektro.hu\/?page_id=459"},"modified":"2020-11-25T14:04:31","modified_gmt":"2020-11-25T13:04:31","slug":"ipari-automatizalas","status":"publish","type":"page","link":"https:\/\/www.kontakt-elektro.hu\/hu\/ipari-automatizalas\/","title":{"rendered":"Ipari automatiz\u00e1l\u00e1s"},"content":{"rendered":"<div class=\"wpb-content-wrapper\"><p>[vc_row row_height_percent=&#8221;0&#8243; override_padding=&#8221;yes&#8221; h_padding=&#8221;2&#8243; top_padding=&#8221;2&#8243; bottom_padding=&#8221;2&#8243; overlay_alpha=&#8221;50&#8243; gutter_size=&#8221;3&#8243; column_width_percent=&#8221;100&#8243; shift_y=&#8221;0&#8243; z_index=&#8221;0&#8243;][vc_column width=&#8221;2\/3&#8243;][vc_column_text]C\u00e9g\u00fcnk tev\u00e9kenys\u00e9g\u00e9nek strat\u00e9giai ter\u00fclete az ipari l\u00e9tes\u00edtm\u00e9nyek, technol\u00f3gi\u00e1k, g\u00e9pek \u00e9s berendez\u00e9sek villamos automatiz\u00e1l\u00e1s\u00e1hoz sz\u00fcks\u00e9ges k\u00e9sz\u00fcl\u00e9kek \u00e9s berendez\u00e9sek tervez\u00e9se, \u00e9s az ezekhez kapcsol\u00f3d\u00f3 egy\u00e9b m\u00e9rn\u00f6ki szolg\u00e1ltat\u00e1sok biztos\u00edt\u00e1sa.[\/vc_column_text][uncode_list icon=&#8221;fa fa-circle&#8221; icon_color=&#8221;color-775258&#8243;]<\/p>\n<ul>\n<li>Villamos kapcsol\u00f3 \u00e9s vez\u00e9rl\u0151szekr\u00e9nyek, egyedi \u00e9s sorozatgy\u00e1rt\u00e1s\u00fa villamos berendez\u00e9sek tervez\u00e9se<\/li>\n<li>Villamos tervez\u00e9s az ir\u00e1ny\u00edt\u00e1stechnika\/automatiz\u00e1l\u00e1s, ipari folyamatir\u00e1ny\u00edt\u00e1s \u00e9s a g\u00e9pgy\u00e1rt\u00e1s ter\u00fcleten<\/li>\n<li>PLC-k, mikroprocesszoros vez\u00e9rl\u00e9sek\u00a0 programoz\u00e1sa, rendszerfel\u00fcgyelete, 24 \u00f3r\u00e1s t\u00e1vfel\u00fcgyelet.<\/li>\n<li>Industry 4.0 megold\u00e1sok a termel\u0151ipar \u00e9s ipari l\u00e9tes\u00edtm\u00e9nyek sz\u00e1m\u00e1ra<\/li>\n<li>Ipari automatiz\u00e1l\u00e1s, robotiz\u00e1l\u00e1s, robot programoz\u00e1s<\/li>\n<li>Ipari elektronikai term\u00e9kek tervez\u00e9se<\/li>\n<li>PLC-s folyamatir\u00e1ny\u00edt\u00f3 vez\u00e9rl\u00e9si rendszerek, hibaelh\u00e1r\u00edt\u00e1si t\u00e1mogat\u00e1sa, monitoroz\u00e1sa<\/li>\n<li>Villamosm\u00e9rn\u00f6ki tan\u00e1csad\u00e1s, koncepci\u00f3 k\u00e9sz\u00edt\u00e9s, tervdokument\u00e1ci\u00f3k k\u00e9sz\u00edt\u00e9se<\/li>\n<\/ul>\n<p>[\/uncode_list][\/vc_column][vc_column column_width_percent=&#8221;100&#8243; gutter_size=&#8221;3&#8243; overlay_alpha=&#8221;50&#8243; shift_x=&#8221;0&#8243; shift_y=&#8221;0&#8243; shift_y_down=&#8221;0&#8243; z_index=&#8221;0&#8243; medium_width=&#8221;0&#8243; mobile_width=&#8221;0&#8243; width=&#8221;1\/3&#8243; css=&#8221;.vc_custom_1601056406007{padding-top: 25px !important;}&#8221;][vc_single_image media=&#8221;83230&#8243; media_width_percent=&#8221;100&#8243; alignment=&#8221;center&#8221;][\/vc_column][\/vc_row][vc_row row_height_percent=&#8221;0&#8243; override_padding=&#8221;yes&#8221; h_padding=&#8221;2&#8243; top_padding=&#8221;2&#8243; bottom_padding=&#8221;3&#8243; overlay_alpha=&#8221;50&#8243; gutter_size=&#8221;3&#8243; column_width_percent=&#8221;100&#8243; shift_y=&#8221;0&#8243; z_index=&#8221;0&#8243;][vc_column width=&#8221;1\/1&#8243;][uncode_index el_id=&#8221;index-821440-715&#8243; loop=&#8221;size:6|order_by:date|post_type:page|tax_query:51|taxonomy_count:10&#8243; style_preset=&#8221;metro&#8221; single_height_viewport=&#8221;yes&#8221; single_height_viewport_minus=&#8221;yes&#8221; gutter_size=&#8221;3&#8243; page_items=&#8221;media|featured|onpost|original,title&#8221; screen_lg=&#8221;1000&#8243; screen_md=&#8221;600&#8243; screen_sm=&#8221;480&#8243; single_text=&#8221;overlay&#8221; single_fluid_height=&#8221;40&#8243; single_overlay_opacity=&#8221;30&#8243; single_overlay_visible=&#8221;yes&#8221; single_overlay_anim=&#8221;no&#8221; single_text_visible=&#8221;yes&#8221; single_text_anim=&#8221;no&#8221; single_image_anim=&#8221;no&#8221; single_v_position=&#8221;bottom&#8221; single_padding=&#8221;2&#8243; single_title_dimension=&#8221;h3&#8243; single_title_weight=&#8221;700&#8243; items=&#8221;eyI0NzFfaSI6eyJzaW5nbGVfbGluayI6InVybDolMkZpcGFyaS1hdXRvbWF0aXphbGFzJTJGbWVybm9raS10YW5hY3NhZGFzJTJGfHx8In0sIjQ2OV9pIjp7InNpbmdsZV9saW5rIjoidXJsOiUyRmlwYXJpLWF1dG9tYXRpemFsYXMlMkZyZW5kc3plcnRhbW9nYXRhcyUyRnx8fCJ9LCI0NjdfaSI6eyJzaW5nbGVfbGluayI6InVybDolMkZpcGFyaS1hdXRvbWF0aXphbGFzJTJGZWxla3Ryb25pa2FpLWZlamxlc3p0ZXMlMkZ8dGl0bGU6RWxla3Ryb25pa2FpJTIwZmVqbGVzenQlQzMlODMlQzIlQTlzIn0sIjQ2NV9pIjp7InNpbmdsZV9saW5rIjoidXJsOiUyRmlwYXJpLWF1dG9tYXRpemFsYXMlMkZyb2JvdGlrYSUyRnx0aXRsZTpSb2JvdGlrYSJ9LCI0NjNfaSI6eyJzaW5nbGVfbGluayI6InVybDolMkZpcGFyaS1hdXRvbWF0aXphbGFzJTJGcGxjLXByb2dyYW1vemFzJTJGfHRpdGxlOlBMQyUyMHByb2dyYW1veiVDMyU4MyVDMiVBMXMifSwiNDYxX2kiOnsic2luZ2xlX2xpbmsiOiJ1cmw6JTJGaXBhcmktYXV0b21hdGl6YWxhcyUyRnZpbGxhbW9zLXRlcnZlemVzJTJGfHRpdGxlOlZpbGxhbW9zJTIwdGVydmV6JUMzJTgzJUMyJUE5cyJ9fQ==&#8221;][\/vc_column][\/vc_row][vc_row unlock_row_content=&#8221;yes&#8221; row_height_percent=&#8221;0&#8243; override_padding=&#8221;yes&#8221; h_padding=&#8221;0&#8243; top_padding=&#8221;2&#8243; bottom_padding=&#8221;2&#8243; overlay_alpha=&#8221;50&#8243; gutter_size=&#8221;3&#8243; column_width_percent=&#8221;100&#8243; shift_y=&#8221;0&#8243; z_index=&#8221;0&#8243;][vc_column width=&#8221;1\/1&#8243;][uncode_block id=&#8221;83020&#8243;][\/vc_column][\/vc_row]<\/p>\n<\/div>","protected":false},"excerpt":{"rendered":"<p>[vc_row row_height_percent=&#8221;0&#8243; override_padding=&#8221;yes&#8221; h_padding=&#8221;2&#8243; top_padding=&#8221;2&#8243; bottom_padding=&#8221;2&#8243; overlay_alpha=&#8221;50&#8243; gutter_size=&#8221;3&#8243; column_width_percent=&#8221;100&#8243; shift_y=&#8221;0&#8243; z_index=&#8221;0&#8243;][vc_column width=&#8221;2\/3&#8243;][vc_column_text]C\u00e9g\u00fcnk tev\u00e9kenys\u00e9g\u00e9nek strat\u00e9giai ter\u00fclete az ipari l\u00e9tes\u00edtm\u00e9nyek, technol\u00f3gi\u00e1k, g\u00e9pek [&hellip;]<\/p>\n","protected":false},"author":2,"featured_media":0,"parent":0,"menu_order":0,"comment_status":"closed","ping_status":"closed","template":"","meta":{"_acf_changed":false,"footnotes":""},"class_list":["post-459","page","type-page","status-publish","hentry","page_category-ipari-automatizalas","page_category-subpage"],"acf":[],"yoast_head":"<!-- This site is optimized with the Yoast SEO plugin v27.5 - https:\/\/yoast.com\/product\/yoast-seo-wordpress\/ -->\n<title>Ipari automatiz\u00e1l\u00e1s - Kontakt Elektro<\/title>\n<meta name=\"robots\" content=\"index, follow, max-snippet:-1, max-image-preview:large, max-video-preview:-1\" \/>\n<link rel=\"canonical\" href=\"https:\/\/www.kontakt-elektro.hu\/ipari-automatizalas\/\" \/>\n<meta property=\"og:locale\" content=\"hu_HU\" \/>\n<meta property=\"og:type\" content=\"article\" \/>\n<meta property=\"og:title\" content=\"Ipari automatiz\u00e1l\u00e1s - Kontakt Elektro\" \/>\n<meta property=\"og:description\" content=\"[vc_row row_height_percent=&#8221;0&#8243; override_padding=&#8221;yes&#8221; h_padding=&#8221;2&#8243; top_padding=&#8221;2&#8243; bottom_padding=&#8221;2&#8243; overlay_alpha=&#8221;50&#8243; gutter_size=&#8221;3&#8243; column_width_percent=&#8221;100&#8243; shift_y=&#8221;0&#8243; z_index=&#8221;0&#8243;][vc_column width=&#8221;2\/3&#8243;][vc_column_text]C\u00e9g\u00fcnk tev\u00e9kenys\u00e9g\u00e9nek strat\u00e9giai ter\u00fclete az ipari l\u00e9tes\u00edtm\u00e9nyek, technol\u00f3gi\u00e1k, g\u00e9pek [&hellip;]\" \/>\n<meta property=\"og:url\" content=\"https:\/\/www.kontakt-elektro.hu\/ipari-automatizalas\/\" \/>\n<meta property=\"og:site_name\" content=\"Kontakt Elektro\" \/>\n<meta property=\"article:publisher\" content=\"https:\/\/www.facebook.com\/KONTAKT.Elektro.Kft\/\" \/>\n<meta property=\"article:modified_time\" content=\"2020-11-25T13:04:31+00:00\" \/>\n<meta property=\"og:image\" content=\"https:\/\/www.kontakt-elektro.hu\/wp-content\/uploads\/2021\/05\/Kontakt-Elektro.jpg\" \/>\n\t<meta property=\"og:image:width\" content=\"1200\" \/>\n\t<meta property=\"og:image:height\" content=\"630\" \/>\n\t<meta property=\"og:image:type\" content=\"image\/jpeg\" \/>\n<meta name=\"twitter:card\" content=\"summary_large_image\" \/>\n<meta name=\"twitter:label1\" content=\"Becs\u00fclt olvas\u00e1si id\u0151\" \/>\n\t<meta name=\"twitter:data1\" content=\"3 perc\" \/>\n<script type=\"application\/ld+json\" class=\"yoast-schema-graph\">{\"@context\":\"https:\\\/\\\/schema.org\",\"@graph\":[{\"@type\":\"WebPage\",\"@id\":\"https:\\\/\\\/www.kontakt-elektro.hu\\\/ipari-automatizalas\\\/\",\"url\":\"https:\\\/\\\/www.kontakt-elektro.hu\\\/ipari-automatizalas\\\/\",\"name\":\"Ipari automatiz\u00e1l\u00e1s - Kontakt Elektro\",\"isPartOf\":{\"@id\":\"https:\\\/\\\/www.kontakt-elektro.hu\\\/#website\"},\"datePublished\":\"2020-07-01T09:36:22+00:00\",\"dateModified\":\"2020-11-25T13:04:31+00:00\",\"breadcrumb\":{\"@id\":\"https:\\\/\\\/www.kontakt-elektro.hu\\\/ipari-automatizalas\\\/#breadcrumb\"},\"inLanguage\":\"hu\",\"potentialAction\":[{\"@type\":\"ReadAction\",\"target\":[\"https:\\\/\\\/www.kontakt-elektro.hu\\\/ipari-automatizalas\\\/\"]}]},{\"@type\":\"BreadcrumbList\",\"@id\":\"https:\\\/\\\/www.kontakt-elektro.hu\\\/ipari-automatizalas\\\/#breadcrumb\",\"itemListElement\":[{\"@type\":\"ListItem\",\"position\":1,\"name\":\"kezd\u0151lap\",\"item\":\"https:\\\/\\\/www.kontakt-elektro.hu\\\/\"},{\"@type\":\"ListItem\",\"position\":2,\"name\":\"Ipari automatiz\u00e1l\u00e1s\"}]},{\"@type\":\"WebSite\",\"@id\":\"https:\\\/\\\/www.kontakt-elektro.hu\\\/#website\",\"url\":\"https:\\\/\\\/www.kontakt-elektro.hu\\\/\",\"name\":\"Kontakt Elektro\",\"description\":\"\",\"publisher\":{\"@id\":\"https:\\\/\\\/www.kontakt-elektro.hu\\\/#organization\"},\"potentialAction\":[{\"@type\":\"SearchAction\",\"target\":{\"@type\":\"EntryPoint\",\"urlTemplate\":\"https:\\\/\\\/www.kontakt-elektro.hu\\\/?s={search_term_string}\"},\"query-input\":{\"@type\":\"PropertyValueSpecification\",\"valueRequired\":true,\"valueName\":\"search_term_string\"}}],\"inLanguage\":\"hu\"},{\"@type\":\"Organization\",\"@id\":\"https:\\\/\\\/www.kontakt-elektro.hu\\\/#organization\",\"name\":\"Kontakt Elektro\",\"url\":\"https:\\\/\\\/www.kontakt-elektro.hu\\\/\",\"logo\":{\"@type\":\"ImageObject\",\"inLanguage\":\"hu\",\"@id\":\"https:\\\/\\\/www.kontakt-elektro.hu\\\/#\\\/schema\\\/logo\\\/image\\\/\",\"url\":\"https:\\\/\\\/www.kontakt-elektro.hu\\\/wp-content\\\/uploads\\\/2021\\\/05\\\/Kontakt-Elektro.jpg\",\"contentUrl\":\"https:\\\/\\\/www.kontakt-elektro.hu\\\/wp-content\\\/uploads\\\/2021\\\/05\\\/Kontakt-Elektro.jpg\",\"width\":1200,\"height\":630,\"caption\":\"Kontakt Elektro\"},\"image\":{\"@id\":\"https:\\\/\\\/www.kontakt-elektro.hu\\\/#\\\/schema\\\/logo\\\/image\\\/\"},\"sameAs\":[\"https:\\\/\\\/www.facebook.com\\\/KONTAKT.Elektro.Kft\\\/\",\"https:\\\/\\\/www.linkedin.com\\\/company\\\/kontakt-elektro-ltd.\"]}]}<\/script>\n<!-- \/ Yoast SEO plugin. -->","yoast_head_json":{"title":"Ipari automatiz\u00e1l\u00e1s - Kontakt Elektro","robots":{"index":"index","follow":"follow","max-snippet":"max-snippet:-1","max-image-preview":"max-image-preview:large","max-video-preview":"max-video-preview:-1"},"canonical":"https:\/\/www.kontakt-elektro.hu\/ipari-automatizalas\/","og_locale":"hu_HU","og_type":"article","og_title":"Ipari automatiz\u00e1l\u00e1s - Kontakt Elektro","og_description":"[vc_row row_height_percent=&#8221;0&#8243; override_padding=&#8221;yes&#8221; h_padding=&#8221;2&#8243; top_padding=&#8221;2&#8243; bottom_padding=&#8221;2&#8243; overlay_alpha=&#8221;50&#8243; gutter_size=&#8221;3&#8243; column_width_percent=&#8221;100&#8243; shift_y=&#8221;0&#8243; z_index=&#8221;0&#8243;][vc_column width=&#8221;2\/3&#8243;][vc_column_text]C\u00e9g\u00fcnk tev\u00e9kenys\u00e9g\u00e9nek strat\u00e9giai ter\u00fclete az ipari l\u00e9tes\u00edtm\u00e9nyek, technol\u00f3gi\u00e1k, g\u00e9pek [&hellip;]","og_url":"https:\/\/www.kontakt-elektro.hu\/ipari-automatizalas\/","og_site_name":"Kontakt Elektro","article_publisher":"https:\/\/www.facebook.com\/KONTAKT.Elektro.Kft\/","article_modified_time":"2020-11-25T13:04:31+00:00","og_image":[{"width":1200,"height":630,"url":"https:\/\/www.kontakt-elektro.hu\/wp-content\/uploads\/2021\/05\/Kontakt-Elektro.jpg","type":"image\/jpeg"}],"twitter_card":"summary_large_image","twitter_misc":{"Becs\u00fclt olvas\u00e1si id\u0151":"3 perc"},"schema":{"@context":"https:\/\/schema.org","@graph":[{"@type":"WebPage","@id":"https:\/\/www.kontakt-elektro.hu\/ipari-automatizalas\/","url":"https:\/\/www.kontakt-elektro.hu\/ipari-automatizalas\/","name":"Ipari automatiz\u00e1l\u00e1s - Kontakt Elektro","isPartOf":{"@id":"https:\/\/www.kontakt-elektro.hu\/#website"},"datePublished":"2020-07-01T09:36:22+00:00","dateModified":"2020-11-25T13:04:31+00:00","breadcrumb":{"@id":"https:\/\/www.kontakt-elektro.hu\/ipari-automatizalas\/#breadcrumb"},"inLanguage":"hu","potentialAction":[{"@type":"ReadAction","target":["https:\/\/www.kontakt-elektro.hu\/ipari-automatizalas\/"]}]},{"@type":"BreadcrumbList","@id":"https:\/\/www.kontakt-elektro.hu\/ipari-automatizalas\/#breadcrumb","itemListElement":[{"@type":"ListItem","position":1,"name":"kezd\u0151lap","item":"https:\/\/www.kontakt-elektro.hu\/"},{"@type":"ListItem","position":2,"name":"Ipari automatiz\u00e1l\u00e1s"}]},{"@type":"WebSite","@id":"https:\/\/www.kontakt-elektro.hu\/#website","url":"https:\/\/www.kontakt-elektro.hu\/","name":"Kontakt Elektro","description":"","publisher":{"@id":"https:\/\/www.kontakt-elektro.hu\/#organization"},"potentialAction":[{"@type":"SearchAction","target":{"@type":"EntryPoint","urlTemplate":"https:\/\/www.kontakt-elektro.hu\/?s={search_term_string}"},"query-input":{"@type":"PropertyValueSpecification","valueRequired":true,"valueName":"search_term_string"}}],"inLanguage":"hu"},{"@type":"Organization","@id":"https:\/\/www.kontakt-elektro.hu\/#organization","name":"Kontakt Elektro","url":"https:\/\/www.kontakt-elektro.hu\/","logo":{"@type":"ImageObject","inLanguage":"hu","@id":"https:\/\/www.kontakt-elektro.hu\/#\/schema\/logo\/image\/","url":"https:\/\/www.kontakt-elektro.hu\/wp-content\/uploads\/2021\/05\/Kontakt-Elektro.jpg","contentUrl":"https:\/\/www.kontakt-elektro.hu\/wp-content\/uploads\/2021\/05\/Kontakt-Elektro.jpg","width":1200,"height":630,"caption":"Kontakt Elektro"},"image":{"@id":"https:\/\/www.kontakt-elektro.hu\/#\/schema\/logo\/image\/"},"sameAs":["https:\/\/www.facebook.com\/KONTAKT.Elektro.Kft\/","https:\/\/www.linkedin.com\/company\/kontakt-elektro-ltd."]}]}},"_links":{"self":[{"href":"https:\/\/www.kontakt-elektro.hu\/hu\/wp-json\/wp\/v2\/pages\/459","targetHints":{"allow":["GET"]}}],"collection":[{"href":"https:\/\/www.kontakt-elektro.hu\/hu\/wp-json\/wp\/v2\/pages"}],"about":[{"href":"https:\/\/www.kontakt-elektro.hu\/hu\/wp-json\/wp\/v2\/types\/page"}],"author":[{"embeddable":true,"href":"https:\/\/www.kontakt-elektro.hu\/hu\/wp-json\/wp\/v2\/users\/2"}],"replies":[{"embeddable":true,"href":"https:\/\/www.kontakt-elektro.hu\/hu\/wp-json\/wp\/v2\/comments?post=459"}],"version-history":[{"count":0,"href":"https:\/\/www.kontakt-elektro.hu\/hu\/wp-json\/wp\/v2\/pages\/459\/revisions"}],"wp:attachment":[{"href":"https:\/\/www.kontakt-elektro.hu\/hu\/wp-json\/wp\/v2\/media?parent=459"}],"curies":[{"name":"wp","href":"https:\/\/api.w.org\/{rel}","templated":true}]}}