{"id":306,"date":"2020-06-30T11:05:02","date_gmt":"2020-06-30T09:05:02","guid":{"rendered":"http:\/\/www.kontakt-elektro.hu\/?page_id=306"},"modified":"2021-08-04T10:53:45","modified_gmt":"2021-08-04T08:53:45","slug":"cegportre","status":"publish","type":"page","link":"https:\/\/www.kontakt-elektro.hu\/hu\/magunkrol\/cegportre\/","title":{"rendered":"C\u00e9gportr\u00e9"},"content":{"rendered":"<div class=\"wpb-content-wrapper\"><p>[vc_row row_height_percent=&#8221;0&#8243; override_padding=&#8221;yes&#8221; h_padding=&#8221;2&#8243; top_padding=&#8221;0&#8243; bottom_padding=&#8221;0&#8243; overlay_alpha=&#8221;50&#8243; gutter_size=&#8221;3&#8243; column_width_percent=&#8221;100&#8243; shift_y=&#8221;0&#8243; z_index=&#8221;0&#8243;][vc_column width=&#8221;1\/1&#8243;][vc_custom_heading heading_semantic=&#8221;h1&#8243; text_size=&#8221;h1&#8243; text_weight=&#8221;700&#8243;]KONTAKT-Elektro Kft.[\/vc_custom_heading][\/vc_column][\/vc_row][vc_row row_height_percent=&#8221;0&#8243; override_padding=&#8221;yes&#8221; h_padding=&#8221;2&#8243; top_padding=&#8221;2&#8243; bottom_padding=&#8221;2&#8243; overlay_alpha=&#8221;50&#8243; gutter_size=&#8221;3&#8243; column_width_percent=&#8221;100&#8243; shift_y=&#8221;0&#8243; z_index=&#8221;0&#8243; css=&#8221;.vc_custom_1603719442509{margin-bottom: -40px !important;}&#8221;][vc_column width=&#8221;2\/3&#8243;][vc_column_text uncode_shortcode_id=&#8221;200175&#8243;]1982-ben alap\u00edtott c\u00e9g\u00fcnk ismert iparv\u00e1llalatok besz\u00e1ll\u00edt\u00f3ja az ipari villamos vez\u00e9rl\u00e9s, automatiz\u00e1l\u00e1s, elektro- \u00e9s szenzortechnika ter\u00fcletein. A folyamatos beruh\u00e1z\u00e1sok k\u00f6vetkezt\u00e9ben Jelenleg m\u00e1r 16 000 m\u00b2-es telephelyen 6 000 m\u00b2 korszer\u0171 m\u0171helycsarnokokban termel\u00fcnk, v\u00e9gezz\u00fck \u00e1lland\u00f3 jelleggel term\u00e9k- \u00e9s technol\u00f3gia fejleszt\u00e9seinket. Tev\u00e9kenys\u00e9geink f\u0151 strat\u00e9giai ter\u00fclete az ipari l\u00e9tes\u00edtm\u00e9nyek \u00e9s berendez\u00e9sek villamos automatiz\u00e1l\u00e1s\u00e1hoz sz\u00fcks\u00e9ges k\u00e9sz\u00fcl\u00e9kek \u00e9s berendez\u00e9sek tervez\u00e9se, gy\u00e1rt\u00e1sa \u00e9s helysz\u00edni szerel\u00e9se.<\/p>\n<p>C\u00e9g\u00fcnk legnagyobb er\u0151ss\u00e9gei k\u00f6z\u00e9 a kulcsrak\u00e9sz \u00e9s komplett megold\u00e1sok sz\u00e1ll\u00edt\u00e1s\u00e1ra val\u00f3 k\u00e9pess\u00e9g, a hat\u00e1rid\u0151k betart\u00e1sa, illetve a min\u0151s\u00e9g melletti kompromisszummentes elk\u00f6telez\u0151d\u00e9s tartoznak.[\/vc_column_text][vc_column_text]<strong>Tev\u00e9kenys\u00e9geink:<\/strong>[\/vc_column_text][uncode_list icon=&#8221;fa fa-circle&#8221; icon_color=&#8221;color-692919&#8243; el_class=&#8221;text&#8211;listing&#8221;]<\/p>\n<ul>\n<li>Egyedi \u00e9s sorozatgy\u00e1rt\u00e1s\u00fa villamos berendez\u00e9sek, villamos kapcsol\u00f3- \u00e9s vez\u00e9rl\u0151szekr\u00e9nyek, \u00a0vez\u00e9rl\u0151pultok, fogyaszt\u00e1sm\u00e9r\u0151 szekr\u00e9nyek tervez\u00e9se, gy\u00e1rt\u00e1sa, helysz\u00edni \u00fczembe helyez\u00e9se<\/li>\n<li>Ipari l\u00e9tes\u00edtm\u00e9nyek technol\u00f3gi\u00e1inak helysz\u00edni villanyszerel\u00e9si munk\u00e1i<\/li>\n<li>Ipari elektronikai term\u00e9kek, \u00e9rz\u00e9kel\u0151k, mikroprocesszoros vez\u00e9rl\u00e9sek, egyedi m\u00e9r\u00e9stechnika<\/li>\n<li>Vezet\u0151 automatiz\u00e1l\u00e1si \u00e9s szenzortechnikai m\u00e1rk\u00e1k kereskedelme \u00e9s k\u00e9pviselete<\/li>\n<li>Industry 4.0 megold\u00e1sok a termel\u0151ipar \u00e9s ipari l\u00e9tes\u00edtm\u00e9nyek sz\u00e1m\u00e1ra<\/li>\n<li>Ipari automatiz\u00e1l\u00e1si tev\u00e9kenys\u00e9g<\/li>\n<li>Robotiz\u00e1lt (Fanuc, ABB) gy\u00e1rt\u00e1stechnikai alkalmaz\u00e1sok fejleszt\u00e9se, tervez\u00e9se<\/li>\n<li>Automatiz\u00e1lt intralogisztikai megold\u00e1sok<\/li>\n<li>Hidrog\u00e9n\u00fczem\u0171, PEM t\u00edpus\u00fa t\u00fczel\u0151anyag-cell\u00e1s berendez\u00e9sek fejleszt\u00e9se stacion\u00e1rius \u00e9s mobil alkalmaz\u00e1sokra, 1-5 kW teljes\u00edtm\u00e9nytartom\u00e1nyban<\/li>\n<\/ul>\n<p>[\/uncode_list][vc_button button_color=&#8221;color-775258&#8243; radius=&#8221;btn-circle&#8221; border_width=&#8221;0&#8243; icon_position=&#8221;right&#8221; icon=&#8221;fa fa-open&#8221; link=&#8221;url:%2Fwp-content%2Fuploads%2F2020%2F09%2Fkontaktelektro_A4_cegportre_v06.pdf||target:%20_blank|&#8221; el_class=&#8221;btn&#8211;primary&#8221;]C\u00e9gportr\u00e9 let\u00f6lt\u00e9se[\/vc_button][\/vc_column][vc_column column_width_percent=&#8221;100&#8243; gutter_size=&#8221;3&#8243; overlay_alpha=&#8221;50&#8243; shift_x=&#8221;0&#8243; shift_y=&#8221;0&#8243; shift_y_down=&#8221;0&#8243; z_index=&#8221;0&#8243; medium_width=&#8221;0&#8243; mobile_width=&#8221;0&#8243; width=&#8221;1\/3&#8243;][vc_gallery el_id=&#8221;gallery-269766&#8243; type=&#8221;justified&#8221; medias=&#8221;83351,83347,83364,83345,84059,83344&#8243; justify_row_height=&#8221;250&#8243; gutter_size=&#8221;2&#8243; single_overlay_color=&#8221;color-jevc&#8221; single_overlay_coloration=&#8221;bottom_gradient&#8221; single_overlay_opacity=&#8221;50&#8243; single_h_align=&#8221;center&#8221; single_v_position=&#8221;bottom&#8221; single_padding=&#8221;1&#8243; single_title_dimension=&#8221;&#8221; single_icon=&#8221;fa fa-zoom-in&#8221; single_border=&#8221;yes&#8221;][\/vc_column][\/vc_row][vc_row row_height_percent=&#8221;0&#8243; override_padding=&#8221;yes&#8221; h_padding=&#8221;2&#8243; top_padding=&#8221;3&#8243; bottom_padding=&#8221;2&#8243; overlay_alpha=&#8221;50&#8243; gutter_size=&#8221;3&#8243; column_width_percent=&#8221;100&#8243; shift_y=&#8221;0&#8243; z_index=&#8221;0&#8243; el_class=&#8221;contact-section&#8221;][vc_column column_width_percent=&#8221;100&#8243; gutter_size=&#8221;3&#8243; overlay_alpha=&#8221;50&#8243; shift_x=&#8221;0&#8243; shift_y=&#8221;0&#8243; shift_y_down=&#8221;0&#8243; z_index=&#8221;0&#8243; medium_width=&#8221;3&#8243; mobile_width=&#8221;0&#8243; width=&#8221;1\/6&#8243;][vc_column_text]<\/p>\n<h4>C\u00edm<\/h4>\n<p>H-7630 Hungary P\u00e9cs, Moh\u00e1csi u.79[\/vc_column_text][\/vc_column][vc_column column_width_percent=&#8221;100&#8243; gutter_size=&#8221;3&#8243; overlay_alpha=&#8221;50&#8243; shift_x=&#8221;0&#8243; shift_y=&#8221;0&#8243; shift_y_down=&#8221;0&#8243; z_index=&#8221;0&#8243; medium_width=&#8221;3&#8243; mobile_width=&#8221;0&#8243; width=&#8221;1\/6&#8243;][vc_column_text]<\/p>\n<h4>Tel.<\/h4>\n<p>+ 36-72-324-038[\/vc_column_text][\/vc_column][vc_column column_width_percent=&#8221;100&#8243; gutter_size=&#8221;3&#8243; overlay_alpha=&#8221;50&#8243; shift_x=&#8221;0&#8243; shift_y=&#8221;0&#8243; shift_y_down=&#8221;0&#8243; z_index=&#8221;0&#8243; medium_width=&#8221;3&#8243; mobile_width=&#8221;0&#8243; width=&#8221;1\/6&#8243;][vc_column_text]<\/p>\n<h4>Fax<\/h4>\n<p>+ 36-72-516-069[\/vc_column_text][\/vc_column][vc_column column_width_percent=&#8221;100&#8243; gutter_size=&#8221;3&#8243; overlay_alpha=&#8221;50&#8243; shift_x=&#8221;0&#8243; shift_y=&#8221;0&#8243; shift_y_down=&#8221;0&#8243; z_index=&#8221;0&#8243; medium_width=&#8221;3&#8243; mobile_width=&#8221;0&#8243; width=&#8221;1\/6&#8243;][vc_column_text]<\/p>\n<h4>Mail<\/h4>\n<p><a href=\"mailto:kontakt@kontakt-elektro.hu\">kontakt@kontakt-elektro.hu<\/a>[\/vc_column_text][\/vc_column][vc_column column_width_percent=&#8221;100&#8243; gutter_size=&#8221;3&#8243; overlay_alpha=&#8221;50&#8243; shift_x=&#8221;0&#8243; shift_y=&#8221;0&#8243; shift_y_down=&#8221;0&#8243; z_index=&#8221;0&#8243; medium_width=&#8221;3&#8243; mobile_width=&#8221;0&#8243; width=&#8221;1\/6&#8243;][vc_column_text]<\/p>\n<h4>Banksz\u00e1mlasz\u00e1m<\/h4>\n<p>11731001-20713034<br \/>\n<strong>OTP Bank Nyrt<\/strong>[\/vc_column_text][\/vc_column][vc_column column_width_percent=&#8221;100&#8243; gutter_size=&#8221;3&#8243; overlay_alpha=&#8221;50&#8243; shift_x=&#8221;0&#8243; shift_y=&#8221;0&#8243; shift_y_down=&#8221;0&#8243; z_index=&#8221;0&#8243; medium_width=&#8221;3&#8243; mobile_width=&#8221;0&#8243; width=&#8221;1\/6&#8243;][vc_column_text]<\/p>\n<h4>Ad\u00f3sz\u00e1m<\/h4>\n<p>10713033-2-02[\/vc_column_text][\/vc_column][\/vc_row][vc_row row_height_percent=&#8221;0&#8243; override_padding=&#8221;yes&#8221; h_padding=&#8221;2&#8243; top_padding=&#8221;0&#8243; bottom_padding=&#8221;3&#8243; overlay_alpha=&#8221;50&#8243; gutter_size=&#8221;3&#8243; column_width_percent=&#8221;100&#8243; shift_y=&#8221;0&#8243; z_index=&#8221;0&#8243; el_class=&#8221;contact-section&#8221;][vc_column column_width_percent=&#8221;100&#8243; gutter_size=&#8221;3&#8243; overlay_alpha=&#8221;50&#8243; shift_x=&#8221;0&#8243; shift_y=&#8221;0&#8243; shift_y_down=&#8221;0&#8243; z_index=&#8221;0&#8243; medium_width=&#8221;0&#8243; mobile_width=&#8221;0&#8243; width=&#8221;1\/6&#8243;][vc_column_text]<\/p>\n<h4>VAT, EU Ad\u00f3sz\u00e1m<\/h4>\n<p>HU10713033[\/vc_column_text][\/vc_column][vc_column column_width_percent=&#8221;100&#8243; gutter_size=&#8221;3&#8243; overlay_alpha=&#8221;50&#8243; shift_x=&#8221;0&#8243; shift_y=&#8221;0&#8243; shift_y_down=&#8221;0&#8243; z_index=&#8221;0&#8243; medium_width=&#8221;0&#8243; mobile_width=&#8221;0&#8243; width=&#8221;1\/6&#8243;][vc_column_text]<\/p>\n<h4>C\u00e9gjegyz\u00e9ksz\u00e1m<\/h4>\n<p>02-09-061299[\/vc_column_text][\/vc_column][vc_column column_width_percent=&#8221;100&#8243; gutter_size=&#8221;3&#8243; overlay_alpha=&#8221;50&#8243; shift_x=&#8221;0&#8243; shift_y=&#8221;0&#8243; shift_y_down=&#8221;0&#8243; z_index=&#8221;0&#8243; medium_width=&#8221;0&#8243; mobile_width=&#8221;0&#8243; width=&#8221;1\/6&#8243;][vc_column_text]<\/p>\n<h4>Stat. Sz\u00e1mjel<\/h4>\n<p>10713033-2712-113-02[\/vc_column_text][\/vc_column][vc_column column_width_percent=&#8221;100&#8243; gutter_size=&#8221;3&#8243; overlay_alpha=&#8221;50&#8243; shift_x=&#8221;0&#8243; shift_y=&#8221;0&#8243; shift_y_down=&#8221;0&#8243; z_index=&#8221;0&#8243; medium_width=&#8221;0&#8243; mobile_width=&#8221;0&#8243; width=&#8221;1\/6&#8243;][vc_column_text]<\/p>\n<h4>Min\u0151s\u00e9gbiztos\u00edt\u00e1s<\/h4>\n<p>ISO 9001:2015[\/vc_column_text][\/vc_column][vc_column column_width_percent=&#8221;100&#8243; position_vertical=&#8221;bottom&#8221; gutter_size=&#8221;3&#8243; overlay_alpha=&#8221;50&#8243; shift_x=&#8221;0&#8243; shift_y=&#8221;0&#8243; shift_y_down=&#8221;0&#8243; z_index=&#8221;0&#8243; medium_width=&#8221;0&#8243; mobile_width=&#8221;0&#8243; width=&#8221;1\/6&#8243;][\/vc_column][vc_column width=&#8221;1\/6&#8243;][\/vc_column][\/vc_row]<\/p>\n<\/div>","protected":false},"excerpt":{"rendered":"<p>[vc_row row_height_percent=&#8221;0&#8243; override_padding=&#8221;yes&#8221; h_padding=&#8221;2&#8243; top_padding=&#8221;0&#8243; bottom_padding=&#8221;0&#8243; overlay_alpha=&#8221;50&#8243; gutter_size=&#8221;3&#8243; column_width_percent=&#8221;100&#8243; shift_y=&#8221;0&#8243; z_index=&#8221;0&#8243;][vc_column width=&#8221;1\/1&#8243;][vc_custom_heading heading_semantic=&#8221;h1&#8243; text_size=&#8221;h1&#8243; text_weight=&#8221;700&#8243;]KONTAKT-Elektro Kft.[\/vc_custom_heading][\/vc_column][\/vc_row][vc_row row_height_percent=&#8221;0&#8243; override_padding=&#8221;yes&#8221; h_padding=&#8221;2&#8243; top_padding=&#8221;2&#8243; [&hellip;]<\/p>\n","protected":false},"author":2,"featured_media":82843,"parent":285,"menu_order":0,"comment_status":"closed","ping_status":"closed","template":"","meta":{"_acf_changed":false,"footnotes":""},"class_list":["post-306","page","type-page","status-publish","has-post-thumbnail","hentry","page_category-cegunkrol","page_category-subpage"],"acf":[],"yoast_head":"<!-- This site is optimized with the Yoast SEO plugin v27.5 - https:\/\/yoast.com\/product\/yoast-seo-wordpress\/ -->\n<title>C\u00e9gportr\u00e9 - Kontakt Elektro<\/title>\n<meta name=\"description\" content=\"Ipari villamos vez\u00e9rl\u00e9sek tervez\u00e9se, gy\u00e1rt\u00e1sa, helysz\u00edni szerel\u00e9se\" \/>\n<meta name=\"robots\" content=\"index, follow, max-snippet:-1, max-image-preview:large, max-video-preview:-1\" \/>\n<link rel=\"canonical\" href=\"https:\/\/www.kontakt-elektro.hu\/magunkrol\/cegportre\/\" \/>\n<meta property=\"og:locale\" content=\"hu_HU\" \/>\n<meta property=\"og:type\" content=\"article\" \/>\n<meta property=\"og:title\" content=\"C\u00e9gportr\u00e9 - Kontakt Elektro\" \/>\n<meta property=\"og:description\" content=\"Ipari villamos vez\u00e9rl\u00e9sek tervez\u00e9se, gy\u00e1rt\u00e1sa, helysz\u00edni szerel\u00e9se\" \/>\n<meta property=\"og:url\" content=\"https:\/\/www.kontakt-elektro.hu\/magunkrol\/cegportre\/\" \/>\n<meta property=\"og:site_name\" content=\"Kontakt Elektro\" \/>\n<meta property=\"article:publisher\" content=\"https:\/\/www.facebook.com\/KONTAKT.Elektro.Kft\/\" \/>\n<meta property=\"article:modified_time\" content=\"2021-08-04T08:53:45+00:00\" \/>\n<meta property=\"og:image\" content=\"https:\/\/www.kontakt-elektro.hu\/wp-content\/uploads\/2020\/08\/Kontakt-Elektro.jpg\" \/>\n\t<meta property=\"og:image:width\" content=\"2142\" \/>\n\t<meta property=\"og:image:height\" content=\"1209\" \/>\n\t<meta property=\"og:image:type\" content=\"image\/jpeg\" \/>\n<meta name=\"twitter:card\" content=\"summary_large_image\" \/>\n<meta name=\"twitter:label1\" content=\"Becs\u00fclt olvas\u00e1si id\u0151\" \/>\n\t<meta name=\"twitter:data1\" content=\"2 perc\" \/>\n<script type=\"application\/ld+json\" class=\"yoast-schema-graph\">{\"@context\":\"https:\\\/\\\/schema.org\",\"@graph\":[{\"@type\":\"WebPage\",\"@id\":\"https:\\\/\\\/www.kontakt-elektro.hu\\\/magunkrol\\\/cegportre\\\/\",\"url\":\"https:\\\/\\\/www.kontakt-elektro.hu\\\/magunkrol\\\/cegportre\\\/\",\"name\":\"C\u00e9gportr\u00e9 - Kontakt Elektro\",\"isPartOf\":{\"@id\":\"https:\\\/\\\/www.kontakt-elektro.hu\\\/#website\"},\"primaryImageOfPage\":{\"@id\":\"https:\\\/\\\/www.kontakt-elektro.hu\\\/magunkrol\\\/cegportre\\\/#primaryimage\"},\"image\":{\"@id\":\"https:\\\/\\\/www.kontakt-elektro.hu\\\/magunkrol\\\/cegportre\\\/#primaryimage\"},\"thumbnailUrl\":\"https:\\\/\\\/www.kontakt-elektro.hu\\\/wp-content\\\/uploads\\\/2020\\\/08\\\/Kontakt-Elektro.jpg\",\"datePublished\":\"2020-06-30T09:05:02+00:00\",\"dateModified\":\"2021-08-04T08:53:45+00:00\",\"description\":\"Ipari villamos vez\u00e9rl\u00e9sek tervez\u00e9se, gy\u00e1rt\u00e1sa, helysz\u00edni szerel\u00e9se\",\"breadcrumb\":{\"@id\":\"https:\\\/\\\/www.kontakt-elektro.hu\\\/magunkrol\\\/cegportre\\\/#breadcrumb\"},\"inLanguage\":\"hu\",\"potentialAction\":[{\"@type\":\"ReadAction\",\"target\":[\"https:\\\/\\\/www.kontakt-elektro.hu\\\/magunkrol\\\/cegportre\\\/\"]}]},{\"@type\":\"ImageObject\",\"inLanguage\":\"hu\",\"@id\":\"https:\\\/\\\/www.kontakt-elektro.hu\\\/magunkrol\\\/cegportre\\\/#primaryimage\",\"url\":\"https:\\\/\\\/www.kontakt-elektro.hu\\\/wp-content\\\/uploads\\\/2020\\\/08\\\/Kontakt-Elektro.jpg\",\"contentUrl\":\"https:\\\/\\\/www.kontakt-elektro.hu\\\/wp-content\\\/uploads\\\/2020\\\/08\\\/Kontakt-Elektro.jpg\",\"width\":2142,\"height\":1209,\"caption\":\"Kontakt-Elektro Kft. KONTAKT-Elektro Kft. Kontakt Elektro Kontakt-Elektro\"},{\"@type\":\"BreadcrumbList\",\"@id\":\"https:\\\/\\\/www.kontakt-elektro.hu\\\/magunkrol\\\/cegportre\\\/#breadcrumb\",\"itemListElement\":[{\"@type\":\"ListItem\",\"position\":1,\"name\":\"kezd\u0151lap\",\"item\":\"https:\\\/\\\/www.kontakt-elektro.hu\\\/\"},{\"@type\":\"ListItem\",\"position\":2,\"name\":\"Magunkr\u00f3l\",\"item\":\"https:\\\/\\\/www.kontakt-elektro.hu\\\/magunkrol\\\/\"},{\"@type\":\"ListItem\",\"position\":3,\"name\":\"C\u00e9gportr\u00e9\"}]},{\"@type\":\"WebSite\",\"@id\":\"https:\\\/\\\/www.kontakt-elektro.hu\\\/#website\",\"url\":\"https:\\\/\\\/www.kontakt-elektro.hu\\\/\",\"name\":\"Kontakt Elektro\",\"description\":\"\",\"publisher\":{\"@id\":\"https:\\\/\\\/www.kontakt-elektro.hu\\\/#organization\"},\"potentialAction\":[{\"@type\":\"SearchAction\",\"target\":{\"@type\":\"EntryPoint\",\"urlTemplate\":\"https:\\\/\\\/www.kontakt-elektro.hu\\\/?s={search_term_string}\"},\"query-input\":{\"@type\":\"PropertyValueSpecification\",\"valueRequired\":true,\"valueName\":\"search_term_string\"}}],\"inLanguage\":\"hu\"},{\"@type\":\"Organization\",\"@id\":\"https:\\\/\\\/www.kontakt-elektro.hu\\\/#organization\",\"name\":\"Kontakt Elektro\",\"url\":\"https:\\\/\\\/www.kontakt-elektro.hu\\\/\",\"logo\":{\"@type\":\"ImageObject\",\"inLanguage\":\"hu\",\"@id\":\"https:\\\/\\\/www.kontakt-elektro.hu\\\/#\\\/schema\\\/logo\\\/image\\\/\",\"url\":\"https:\\\/\\\/www.kontakt-elektro.hu\\\/wp-content\\\/uploads\\\/2021\\\/05\\\/Kontakt-Elektro.jpg\",\"contentUrl\":\"https:\\\/\\\/www.kontakt-elektro.hu\\\/wp-content\\\/uploads\\\/2021\\\/05\\\/Kontakt-Elektro.jpg\",\"width\":1200,\"height\":630,\"caption\":\"Kontakt Elektro\"},\"image\":{\"@id\":\"https:\\\/\\\/www.kontakt-elektro.hu\\\/#\\\/schema\\\/logo\\\/image\\\/\"},\"sameAs\":[\"https:\\\/\\\/www.facebook.com\\\/KONTAKT.Elektro.Kft\\\/\",\"https:\\\/\\\/www.linkedin.com\\\/company\\\/kontakt-elektro-ltd.\"]}]}<\/script>\n<!-- \/ Yoast SEO plugin. -->","yoast_head_json":{"title":"C\u00e9gportr\u00e9 - Kontakt Elektro","description":"Ipari villamos vez\u00e9rl\u00e9sek tervez\u00e9se, gy\u00e1rt\u00e1sa, helysz\u00edni szerel\u00e9se","robots":{"index":"index","follow":"follow","max-snippet":"max-snippet:-1","max-image-preview":"max-image-preview:large","max-video-preview":"max-video-preview:-1"},"canonical":"https:\/\/www.kontakt-elektro.hu\/magunkrol\/cegportre\/","og_locale":"hu_HU","og_type":"article","og_title":"C\u00e9gportr\u00e9 - Kontakt Elektro","og_description":"Ipari villamos vez\u00e9rl\u00e9sek tervez\u00e9se, gy\u00e1rt\u00e1sa, helysz\u00edni szerel\u00e9se","og_url":"https:\/\/www.kontakt-elektro.hu\/magunkrol\/cegportre\/","og_site_name":"Kontakt Elektro","article_publisher":"https:\/\/www.facebook.com\/KONTAKT.Elektro.Kft\/","article_modified_time":"2021-08-04T08:53:45+00:00","og_image":[{"width":2142,"height":1209,"url":"https:\/\/www.kontakt-elektro.hu\/wp-content\/uploads\/2020\/08\/Kontakt-Elektro.jpg","type":"image\/jpeg"}],"twitter_card":"summary_large_image","twitter_misc":{"Becs\u00fclt olvas\u00e1si id\u0151":"2 perc"},"schema":{"@context":"https:\/\/schema.org","@graph":[{"@type":"WebPage","@id":"https:\/\/www.kontakt-elektro.hu\/magunkrol\/cegportre\/","url":"https:\/\/www.kontakt-elektro.hu\/magunkrol\/cegportre\/","name":"C\u00e9gportr\u00e9 - Kontakt Elektro","isPartOf":{"@id":"https:\/\/www.kontakt-elektro.hu\/#website"},"primaryImageOfPage":{"@id":"https:\/\/www.kontakt-elektro.hu\/magunkrol\/cegportre\/#primaryimage"},"image":{"@id":"https:\/\/www.kontakt-elektro.hu\/magunkrol\/cegportre\/#primaryimage"},"thumbnailUrl":"https:\/\/www.kontakt-elektro.hu\/wp-content\/uploads\/2020\/08\/Kontakt-Elektro.jpg","datePublished":"2020-06-30T09:05:02+00:00","dateModified":"2021-08-04T08:53:45+00:00","description":"Ipari villamos vez\u00e9rl\u00e9sek tervez\u00e9se, gy\u00e1rt\u00e1sa, helysz\u00edni szerel\u00e9se","breadcrumb":{"@id":"https:\/\/www.kontakt-elektro.hu\/magunkrol\/cegportre\/#breadcrumb"},"inLanguage":"hu","potentialAction":[{"@type":"ReadAction","target":["https:\/\/www.kontakt-elektro.hu\/magunkrol\/cegportre\/"]}]},{"@type":"ImageObject","inLanguage":"hu","@id":"https:\/\/www.kontakt-elektro.hu\/magunkrol\/cegportre\/#primaryimage","url":"https:\/\/www.kontakt-elektro.hu\/wp-content\/uploads\/2020\/08\/Kontakt-Elektro.jpg","contentUrl":"https:\/\/www.kontakt-elektro.hu\/wp-content\/uploads\/2020\/08\/Kontakt-Elektro.jpg","width":2142,"height":1209,"caption":"Kontakt-Elektro Kft. KONTAKT-Elektro Kft. Kontakt Elektro Kontakt-Elektro"},{"@type":"BreadcrumbList","@id":"https:\/\/www.kontakt-elektro.hu\/magunkrol\/cegportre\/#breadcrumb","itemListElement":[{"@type":"ListItem","position":1,"name":"kezd\u0151lap","item":"https:\/\/www.kontakt-elektro.hu\/"},{"@type":"ListItem","position":2,"name":"Magunkr\u00f3l","item":"https:\/\/www.kontakt-elektro.hu\/magunkrol\/"},{"@type":"ListItem","position":3,"name":"C\u00e9gportr\u00e9"}]},{"@type":"WebSite","@id":"https:\/\/www.kontakt-elektro.hu\/#website","url":"https:\/\/www.kontakt-elektro.hu\/","name":"Kontakt Elektro","description":"","publisher":{"@id":"https:\/\/www.kontakt-elektro.hu\/#organization"},"potentialAction":[{"@type":"SearchAction","target":{"@type":"EntryPoint","urlTemplate":"https:\/\/www.kontakt-elektro.hu\/?s={search_term_string}"},"query-input":{"@type":"PropertyValueSpecification","valueRequired":true,"valueName":"search_term_string"}}],"inLanguage":"hu"},{"@type":"Organization","@id":"https:\/\/www.kontakt-elektro.hu\/#organization","name":"Kontakt Elektro","url":"https:\/\/www.kontakt-elektro.hu\/","logo":{"@type":"ImageObject","inLanguage":"hu","@id":"https:\/\/www.kontakt-elektro.hu\/#\/schema\/logo\/image\/","url":"https:\/\/www.kontakt-elektro.hu\/wp-content\/uploads\/2021\/05\/Kontakt-Elektro.jpg","contentUrl":"https:\/\/www.kontakt-elektro.hu\/wp-content\/uploads\/2021\/05\/Kontakt-Elektro.jpg","width":1200,"height":630,"caption":"Kontakt Elektro"},"image":{"@id":"https:\/\/www.kontakt-elektro.hu\/#\/schema\/logo\/image\/"},"sameAs":["https:\/\/www.facebook.com\/KONTAKT.Elektro.Kft\/","https:\/\/www.linkedin.com\/company\/kontakt-elektro-ltd."]}]}},"_links":{"self":[{"href":"https:\/\/www.kontakt-elektro.hu\/hu\/wp-json\/wp\/v2\/pages\/306","targetHints":{"allow":["GET"]}}],"collection":[{"href":"https:\/\/www.kontakt-elektro.hu\/hu\/wp-json\/wp\/v2\/pages"}],"about":[{"href":"https:\/\/www.kontakt-elektro.hu\/hu\/wp-json\/wp\/v2\/types\/page"}],"author":[{"embeddable":true,"href":"https:\/\/www.kontakt-elektro.hu\/hu\/wp-json\/wp\/v2\/users\/2"}],"replies":[{"embeddable":true,"href":"https:\/\/www.kontakt-elektro.hu\/hu\/wp-json\/wp\/v2\/comments?post=306"}],"version-history":[{"count":0,"href":"https:\/\/www.kontakt-elektro.hu\/hu\/wp-json\/wp\/v2\/pages\/306\/revisions"}],"up":[{"embeddable":true,"href":"https:\/\/www.kontakt-elektro.hu\/hu\/wp-json\/wp\/v2\/pages\/285"}],"wp:featuredmedia":[{"embeddable":true,"href":"https:\/\/www.kontakt-elektro.hu\/hu\/wp-json\/wp\/v2\/media\/82843"}],"wp:attachment":[{"href":"https:\/\/www.kontakt-elektro.hu\/hu\/wp-json\/wp\/v2\/media?parent=306"}],"curies":[{"name":"wp","href":"https:\/\/api.w.org\/{rel}","templated":true}]}}